{"id":1108,"date":"2013-04-04T23:13:40","date_gmt":"2013-04-04T23:13:40","guid":{"rendered":"http:\/\/www.kriesi.at\/themes\/enfold\/?page_id=1108"},"modified":"2022-08-16T16:40:02","modified_gmt":"2022-08-16T14:40:02","slug":"home-v2-3-col-images-contact","status":"publish","type":"page","link":"https:\/\/www.kahrglas.at\/","title":{"rendered":"Home v2: 3 Col Images + Contact"},"content":{"rendered":"<div id='layer_slider_1'  class='avia-layerslider main_color avia-shadow  avia-builder-el-0  el_before_av_section  avia-builder-el-first  container_wrap sidebar_right'  style='height: 401px;'  ><\/div>\n\n<style type=\"text\/css\" data-created_by=\"avia_inline_auto\" id=\"style-css-av-av_section-4311b736d5b7321739f9cb27be51a8d4\">\n.avia-section.av-av_section-4311b736d5b7321739f9cb27be51a8d4{\nbackground-color:#3a3a3a;\nbackground-image:unset;\n}\n<\/style>\n<div id='av_section_1'  class='avia-section av-av_section-4311b736d5b7321739f9cb27be51a8d4 alternate_color avia-section-default avia-shadow  avia-builder-el-1  el_after_av_layerslider  el_before_av_one_third  avia-bg-style-scroll container_wrap sidebar_right'  ><div class='container av-section-cont-open' ><div class='template-page content  av-content-small alpha units'><div class='post-entry post-entry-type-page post-entry-1108'><div class='entry-content-wrapper clearfix'>\n<div  class='flex_column av-av_one_fourth-2a9015ff38129c418a3f2eafba3e9512 av_one_fourth  avia-builder-el-2  el_before_av_one_fourth  avia-builder-el-first  first flex_column_div  '     ><p><article  class='iconbox iconbox_left av-av_icon_box-1518a6b256e3678a076c526dc56e75c9  avia-builder-el-3  el_before_av_button  avia-builder-el-first '  itemscope=\"itemscope\" itemtype=\"https:\/\/schema.org\/CreativeWork\" ><div class=\"iconbox_content\"><header class=\"entry-content-header\"><a href='https:\/\/www.kahrglas.at\/?page_id=3120' title='INNENAUSSTATTUNG'  class=\"iconbox_icon heading-color\" aria-hidden='true' data-av_icon='\ue85c' data-av_iconfont='entypo-fontello'><\/a><h3 class='iconbox_content_title '  itemprop=\"headline\" ><a href='https:\/\/www.kahrglas.at\/?page_id=3120' title='INNENAUSSTATTUNG' >INNENAUSSTATTUNG<\/a><\/h3><\/header><div class='iconbox_content_container '  itemprop=\"text\" ><p>Individuelles im Wohn- &amp; Arbeitsbereich<\/p>\n<\/div><\/div><footer class=\"entry-footer\"><\/footer><\/article><br \/>\n<div  class='avia-button-wrap av-av_button-59d4c6d803e1ad7d4802edd97413f836-wrap avia-button-center  avia-builder-el-4  el_after_av_icon_box  avia-builder-el-last '><a href='https:\/\/www.kahrglas.at\/?page_id=3120'  class='avia-button av-av_button-59d4c6d803e1ad7d4802edd97413f836 avia-icon_select-yes-left-icon avia-size-small avia-position-center avia-color-theme-color-subtle'  ><span class='avia_button_icon avia_button_icon_left' aria-hidden='true' data-av_icon='\ue885' data-av_iconfont='entypo-fontello'><\/span><span class='avia_iconbox_title' >mehr<\/span><\/a><\/div><\/p><\/div><div  class='flex_column av-av_one_fourth-5c3bdd854542bbc70d067b1f6b1f9883 av_one_fourth  avia-builder-el-5  el_after_av_one_fourth  el_before_av_one_fourth  flex_column_div  '     ><p><article  class='iconbox iconbox_left av-av_icon_box-d04c1478ebbc3d5a28db2eb1a1100a16  avia-builder-el-6  el_before_av_button  avia-builder-el-first '  itemscope=\"itemscope\" itemtype=\"https:\/\/schema.org\/CreativeWork\" ><div class=\"iconbox_content\"><header class=\"entry-content-header\"><a href='https:\/\/www.kahrglas.at\/?page_id=3130' title='AUSSENANLAGEN'  class=\"iconbox_icon heading-color\" aria-hidden='true' data-av_icon='\ue85d' data-av_iconfont='entypo-fontello'><\/a><h3 class='iconbox_content_title '  itemprop=\"headline\" ><a href='https:\/\/www.kahrglas.at\/?page_id=3130' title='AUSSENANLAGEN' >AUSSENANLAGEN<\/a><\/h3><\/header><div class='iconbox_content_container '  itemprop=\"text\" ><p>Individuelles im Garten- &amp; Eingangsbereich<\/p>\n<\/div><\/div><footer class=\"entry-footer\"><\/footer><\/article><br \/>\n<div  class='avia-button-wrap av-av_button-6997b0e47afc88740639449e3e20f837-wrap avia-button-center  avia-builder-el-7  el_after_av_icon_box  avia-builder-el-last '><a href='https:\/\/www.kahrglas.at\/?page_id=3130'  class='avia-button av-av_button-6997b0e47afc88740639449e3e20f837 avia-icon_select-yes-left-icon avia-size-small avia-position-center avia-color-theme-color-subtle'  ><span class='avia_button_icon avia_button_icon_left' aria-hidden='true' data-av_icon='\ue885' data-av_iconfont='entypo-fontello'><\/span><span class='avia_iconbox_title' >mehr<\/span><\/a><\/div><\/p><\/div><div  class='flex_column av-av_one_fourth-5c3bdd854542bbc70d067b1f6b1f9883 av_one_fourth  avia-builder-el-8  el_after_av_one_fourth  el_before_av_one_fourth  flex_column_div  '     ><p><article  class='iconbox iconbox_left av-av_icon_box-9a7d0828609269bcaa26a60257527a2a  avia-builder-el-9  el_before_av_button  avia-builder-el-first '  itemscope=\"itemscope\" itemtype=\"https:\/\/schema.org\/CreativeWork\" ><div class=\"iconbox_content\"><header class=\"entry-content-header\"><a href='https:\/\/www.kahrglas.at\/?page_id=3132' title='SONDERANFERTIGUNG'  class=\"iconbox_icon heading-color\" aria-hidden='true' data-av_icon='\ue812' data-av_iconfont='entypo-fontello'><\/a><h3 class='iconbox_content_title '  itemprop=\"headline\" ><a href='https:\/\/www.kahrglas.at\/?page_id=3132' title='SONDERANFERTIGUNG' >SONDERANFERTIGUNG<\/a><\/h3><\/header><div class='iconbox_content_container '  itemprop=\"text\" ><p>M\u00f6bel &amp; Interior aus Glas mit innovativer Technik<\/p>\n<\/div><\/div><footer class=\"entry-footer\"><\/footer><\/article><br \/>\n<div  class='avia-button-wrap av-av_button-4fcb8bb06f1ca4175aed0726dbca80ae-wrap avia-button-center  avia-builder-el-10  el_after_av_icon_box  avia-builder-el-last '><a href='https:\/\/www.kahrglas.at\/?page_id=3132'  class='avia-button av-av_button-4fcb8bb06f1ca4175aed0726dbca80ae avia-icon_select-yes-left-icon avia-size-small avia-position-center avia-color-theme-color-subtle'  ><span class='avia_button_icon avia_button_icon_left' aria-hidden='true' data-av_icon='\ue885' data-av_iconfont='entypo-fontello'><\/span><span class='avia_iconbox_title' >mehr<\/span><\/a><\/div><\/p><\/div><div  class='flex_column av-av_one_fourth-5c3bdd854542bbc70d067b1f6b1f9883 av_one_fourth  avia-builder-el-11  el_after_av_one_fourth  el_before_av_one_fourth  flex_column_div  '     ><p><article  class='iconbox iconbox_left av-av_icon_box-b35b675d58da14eb7494b07460a43bb4  avia-builder-el-12  el_before_av_button  avia-builder-el-first '  itemscope=\"itemscope\" itemtype=\"https:\/\/schema.org\/CreativeWork\" ><div class=\"iconbox_content\"><header class=\"entry-content-header\"><div class=\"iconbox_icon heading-color\" aria-hidden='true' data-av_icon='\ue856' data-av_iconfont='entypo-fontello'><\/div><h3 class='iconbox_content_title '  itemprop=\"headline\" >REPARATUREN<\/h3><\/header><div class='iconbox_content_container '  itemprop=\"text\" ><p>Direktabwicklung von Versicherungsf\u00e4llen<\/p>\n<\/div><\/div><footer class=\"entry-footer\"><\/footer><\/article><br \/>\n<div  class='avia-button-wrap av-av_button-64fbef77a392ae08fef7f9dbb5a0a0bc-wrap avia-button-center  avia-builder-el-13  el_after_av_icon_box  avia-builder-el-last '><a href='https:\/\/www.kahrglas.at\/?page_id=1236'  class='avia-button av-av_button-64fbef77a392ae08fef7f9dbb5a0a0bc avia-icon_select-yes-left-icon avia-size-small avia-position-center avia-color-theme-color-subtle'  ><span class='avia_button_icon avia_button_icon_left' aria-hidden='true' data-av_icon='\ue885' data-av_iconfont='entypo-fontello'><\/span><span class='avia_iconbox_title' >Versicherungsformular <\/span><\/a><\/div><\/p><\/div><div  class='flex_column av-av_one_fourth-2a9015ff38129c418a3f2eafba3e9512 av_one_fourth  avia-builder-el-14  el_after_av_one_fourth  avia-builder-el-last  first flex_column_div  column-top-margin'     ><article  class='iconbox iconbox_top av-av_icon_box-eecd1934a580055a33d38034e6980a51  avia-builder-el-15  avia-builder-el-no-sibling  main_color'  itemscope=\"itemscope\" itemtype=\"https:\/\/schema.org\/CreativeWork\" ><div class=\"iconbox_content\"><header class=\"entry-content-header\"><div class=\"iconbox_icon heading-color\" aria-hidden='true' data-av_icon='\ue80a' data-av_iconfont='entypo-fontello'><\/div><h3 class='iconbox_content_title '  itemprop=\"headline\" >INFORMATION B\u00dcROBETRIEB<\/h3><\/header><div class='iconbox_content_container '  itemprop=\"text\" ><p align=\"center\">Liebe Kunden!<\/p>\n<p>Wir sind f\u00fcr<b> Anfragen und Bestellungen ausschlie\u00dflich per Telefon: 02249\/28 5 28 <\/b>und<b> per E-Mail: office@kahrglas.at <\/b>zu unseren <strong>\u00d6ffnungszeiten f\u00fcr Sie erreichbar.\u00a0<\/strong>F\u00fcr <strong>Besprechungstermine<\/strong> und <b>Abholungen\u00a0<\/b>bitten wir Sie vorab einen <strong>Termin<\/strong>\u00a0<strong>telefonisch<\/strong> mit uns zu <strong>vereinbaren<\/strong>.<\/p>\n<p><strong>Ihr Kahrglas Team<\/strong><\/p>\n<\/div><\/div><footer class=\"entry-footer\"><\/footer><\/article><\/div><\/div><\/div><\/div><!-- close content main div --><\/div><\/div><div id='after_section_1'  class='main_color av_default_container_wrap container_wrap sidebar_right'  ><div class='container av-section-cont-open' ><div class='template-page content  av-content-small alpha units'><div class='post-entry post-entry-type-page post-entry-1108'><div class='entry-content-wrapper clearfix'><div  class='flex_column av-av_one_third-2a9015ff38129c418a3f2eafba3e9512 av_one_third  avia-builder-el-16  el_after_av_section  el_before_av_one_third  avia-builder-el-first  first flex_column_div  '     ><p>\n<style type=\"text\/css\" data-created_by=\"avia_inline_auto\" id=\"style-css-av-av_image-1476a8748db27d8c1e3dcec2d4de396d\">\n.avia-image-container.av-av_image-1476a8748db27d8c1e3dcec2d4de396d img.avia_image{\nbox-shadow:none;\n}\n.avia-image-container.av-av_image-1476a8748db27d8c1e3dcec2d4de396d .av-image-caption-overlay-center{\ncolor:#ffffff;\n}\n<\/style>\n<div  class='avia-image-container av-av_image-1476a8748db27d8c1e3dcec2d4de396d av-styling- avia-align-center  avia-builder-el-17  el_before_av_textblock  avia-builder-el-first '   itemprop=\"image\" itemscope=\"itemscope\" itemtype=\"https:\/\/schema.org\/ImageObject\" ><div class=\"avia-image-container-inner\"><div class=\"avia-image-overlay-wrap\"><a href=\"http:\/\/www.kahrglas.at\/?page_id=992\" class='avia_image' ><img decoding=\"async\" width=\"300\" height=\"200\" class='wp-image-3000 avia-img-lazy-loading-not-3000 avia_image ' src=\"http:\/\/www.kahrglas.at\/wp-content\/uploads\/2013\/04\/arbeiten-300x200.jpg\" alt='' title='arbeiten'   itemprop=\"thumbnailUrl\" srcset=\"https:\/\/www.kahrglas.at\/wp-content\/uploads\/2013\/04\/arbeiten-300x200.jpg 300w, https:\/\/www.kahrglas.at\/wp-content\/uploads\/2013\/04\/arbeiten.jpg 400w\" sizes=\"(max-width: 300px) 100vw, 300px\" \/><\/a><\/div><\/div><\/div><br \/>\n<section  class='av_textblock_section av-av_textblock-aaf3a53f7e22769a7798f31e42769683 '   itemscope=\"itemscope\" itemtype=\"https:\/\/schema.org\/CreativeWork\" ><div class='avia_textblock'  itemprop=\"text\" ><h3 style=\"text-align: center;\">UNSERE ARBEITEN<\/h3>\n<p style=\"text-align: center;\">Wir sind Komplettanbieter mit Spezialisierung auf Sonderanfertigungen<br \/>\nin den Bereichen Glas &amp; Metall<strong><a title=\"Portfolio\" href=\"http:\/\/www.kahrglas.at\/?page_id=2270\"><br \/>\n<\/a><\/strong><\/p>\n<\/div><\/section><br \/>\n<div  class='avia-button-wrap av-av_button-a44d6ef7fde109e3b6db87cf921d8de9-wrap avia-button-center  avia-builder-el-19  el_after_av_textblock  avia-builder-el-last '><a href='https:\/\/www.kahrglas.at\/?page_id=992'  class='avia-button av-av_button-a44d6ef7fde109e3b6db87cf921d8de9 avia-icon_select-yes-left-icon avia-size-small avia-position-center avia-color-theme-color-subtle'  ><span class='avia_button_icon avia_button_icon_left' aria-hidden='true' data-av_icon='\ue885' data-av_iconfont='entypo-fontello'><\/span><span class='avia_iconbox_title' >mehr<\/span><\/a><\/div><\/p><\/div><\/p>\n<div  class='flex_column av-av_one_third-5c3bdd854542bbc70d067b1f6b1f9883 av_one_third  avia-builder-el-20  el_after_av_one_third  el_before_av_one_third  flex_column_div  '     ><style type=\"text\/css\" data-created_by=\"avia_inline_auto\" id=\"style-css-av-av_image-bee910620e842135f756fbddffb7e444\">\n.avia-image-container.av-av_image-bee910620e842135f756fbddffb7e444 img.avia_image{\nbox-shadow:none;\n}\n.avia-image-container.av-av_image-bee910620e842135f756fbddffb7e444 .av-image-caption-overlay-center{\ncolor:#ffffff;\n}\n<\/style>\n<div  class='avia-image-container av-av_image-bee910620e842135f756fbddffb7e444 av-styling- avia-align-center  avia-builder-el-21  el_before_av_textblock  avia-builder-el-first '   itemprop=\"image\" itemscope=\"itemscope\" itemtype=\"https:\/\/schema.org\/ImageObject\" ><div class=\"avia-image-container-inner\"><div class=\"avia-image-overlay-wrap\"><img decoding=\"async\" width=\"300\" height=\"200\" class='wp-image-2998 avia-img-lazy-loading-not-2998 avia_image ' src=\"http:\/\/www.kahrglas.at\/wp-content\/uploads\/2013\/04\/rep-300x200.jpg\" alt='' title='rep'   itemprop=\"thumbnailUrl\" srcset=\"https:\/\/www.kahrglas.at\/wp-content\/uploads\/2013\/04\/rep-300x200.jpg 300w, https:\/\/www.kahrglas.at\/wp-content\/uploads\/2013\/04\/rep.jpg 400w\" sizes=\"(max-width: 300px) 100vw, 300px\" \/><\/div><\/div><\/div>\n<section  class='av_textblock_section av-av_textblock-aaf3a53f7e22769a7798f31e42769683 '   itemscope=\"itemscope\" itemtype=\"https:\/\/schema.org\/CreativeWork\" ><div class='avia_textblock'  itemprop=\"text\" ><h3 style=\"text-align: center;\">REPARATUREN<\/h3>\n<p dir=\"ltr\" style=\"text-align: center;\">Wir wickeln Reparaturarbeiten<br \/>\ngerne auch direkt mit Ihrer Versicherung ab.<\/p>\n<p style=\"text-align: center;\"><strong>\u00a0<\/strong><\/p>\n<\/div><\/section><br \/>\n<div  class='avia-button-wrap av-av_button-85ebba3fbaedadce746400475e9c7f93-wrap avia-button-center  avia-builder-el-23  el_after_av_textblock  avia-builder-el-last '><a href='https:\/\/www.kahrglas.at\/?page_id=1236'  class='avia-button av-av_button-85ebba3fbaedadce746400475e9c7f93 avia-icon_select-yes-left-icon avia-size-small avia-position-center avia-color-theme-color-subtle'  ><span class='avia_button_icon avia_button_icon_left' aria-hidden='true' data-av_icon='\ue885' data-av_iconfont='entypo-fontello'><\/span><span class='avia_iconbox_title' >Versicherungsformular<\/span><\/a><\/div><\/p><\/div>\n<div  class='flex_column av-av_one_third-5c3bdd854542bbc70d067b1f6b1f9883 av_one_third  avia-builder-el-24  el_after_av_one_third  el_before_av_section  avia-builder-el-last  flex_column_div  '     ><style type=\"text\/css\" data-created_by=\"avia_inline_auto\" id=\"style-css-av-av_image-82b7f67d4b1a3f96ebc06789199abffe\">\n.avia-image-container.av-av_image-82b7f67d4b1a3f96ebc06789199abffe img.avia_image{\nbox-shadow:none;\n}\n.avia-image-container.av-av_image-82b7f67d4b1a3f96ebc06789199abffe .av-image-caption-overlay-center{\ncolor:#ffffff;\n}\n<\/style>\n<div  class='avia-image-container av-av_image-82b7f67d4b1a3f96ebc06789199abffe av-styling- avia-align-center  avia-builder-el-25  el_before_av_textblock  avia-builder-el-first '   itemprop=\"image\" itemscope=\"itemscope\" itemtype=\"https:\/\/schema.org\/ImageObject\" ><div class=\"avia-image-container-inner\"><div class=\"avia-image-overlay-wrap\"><a href=\"https:\/\/www.kahrglas.at\/?page_id=1167\" class='avia_image' ><img decoding=\"async\" width=\"300\" height=\"200\" class='wp-image-3002 avia-img-lazy-loading-not-3002 avia_image ' src=\"http:\/\/www.kahrglas.at\/wp-content\/uploads\/2013\/04\/kontakt-300x200.jpg\" alt='' title='kontakt'   itemprop=\"thumbnailUrl\" srcset=\"https:\/\/www.kahrglas.at\/wp-content\/uploads\/2013\/04\/kontakt-300x200.jpg 300w, https:\/\/www.kahrglas.at\/wp-content\/uploads\/2013\/04\/kontakt.jpg 400w\" sizes=\"(max-width: 300px) 100vw, 300px\" \/><\/a><\/div><\/div><\/div>\n<section  class='av_textblock_section av-av_textblock-aaf3a53f7e22769a7798f31e42769683 '   itemscope=\"itemscope\" itemtype=\"https:\/\/schema.org\/CreativeWork\" ><div class='avia_textblock'  itemprop=\"text\" ><h3 style=\"text-align: center;\">KONTAKT<\/h3>\n<p style=\"text-align: center;\">Wir stehen Ihnen jederzeit\u00a0gerne f\u00fcr ein Informationsgespr\u00e4ch zur Verf\u00fcgung<a title=\"Kontakt\" href=\"http:\/\/www.kahrglas.at\/?page_id=1167\"><strong><br \/>\n<\/strong><\/a><\/p>\n<\/div><\/section><br \/>\n<div  class='avia-button-wrap av-av_button-17219df33d20b0e319bd84c3d22cfff7-wrap avia-button-center  avia-builder-el-27  el_after_av_textblock  avia-builder-el-last '><a href='https:\/\/www.kahrglas.at\/?page_id=1167'  class='avia-button av-av_button-17219df33d20b0e319bd84c3d22cfff7 avia-icon_select-yes-left-icon avia-size-small avia-position-center avia-color-theme-color-subtle'  ><span class='avia_button_icon avia_button_icon_left' aria-hidden='true' data-av_icon='\ue885' data-av_iconfont='entypo-fontello'><\/span><span class='avia_iconbox_title' >mehr<\/span><\/a><\/div><\/p><\/div>\n<\/div><\/div><\/div><!-- close content main div --><\/div><\/div>\n<style type=\"text\/css\" data-created_by=\"avia_inline_auto\" id=\"style-css-av-av_section-2b12040cb1dc291b3953a7389c842b28\">\n.avia-section.av-av_section-2b12040cb1dc291b3953a7389c842b28{\nbackground-color:#020202;\nbackground-image:unset;\n}\n<\/style>\n<div id='av_section_2'  class='avia-section av-av_section-2b12040cb1dc291b3953a7389c842b28 main_color avia-section-small avia-no-shadow  avia-builder-el-28  el_after_av_one_third  avia-builder-el-last  avia-bg-style-scroll container_wrap sidebar_right'  ><div class='container av-section-cont-open' ><div class='template-page content  av-content-small alpha units'><div class='post-entry post-entry-type-page post-entry-1108'><div class='entry-content-wrapper clearfix'>\n<div  class='avia-testimonial-wrapper av-av_testimonials-c2dd5a314159863f1a000ada814a49f0 avia-grid-testimonials avia-grid-1-testimonials avia_animate_when_almost_visible' >\n<section class=\"avia-testimonial-row\"><div class='avia-testimonial av-av_testimonial_single-b5d8f541211b3b6f163d799249acd0b0 avia-testimonial-row-1 avia-first-testimonial flex_column no_margin av_one_full'><div class='avia-testimonial_inner'  itemscope=\"itemscope\" itemtype=\"https:\/\/schema.org\/CreativeWork\" ><div class='avia-testimonial-content '><div class='avia-testimonial-markup-entry-content'  itemprop=\"text\" ><h2 style=\"text-align: center;\"><span style=\"color: #ffffff;\"><em>Wir freuen uns darauf, anspruchsvolle, individuelle L\u00f6sungen f\u00fcr Sie zu fertigen.<\/em><\/span><\/h2>\n<address style=\"text-align: center;\"><span style=\"color: #ffffff;\"><em>Nikolaus Kahr<\/em><\/span><\/address>\n<address style=\"text-align: center;\"><span style=\"color: #ffffff;\"><em>Gesch\u00e4ftsf\u00fchrer<\/em><\/span><\/address>\n<\/div><\/div><div class=\"avia-testimonial-meta\"><div class=\"avia-testimonial-arrow-wrap\"><div class=\"avia-arrow\"><\/div><\/div><div class='avia-testimonial-meta-mini'  itemprop=\"author\" itemscope=\"itemscope\" itemtype=\"https:\/\/schema.org\/Person\" ><\/div><\/div><\/div><\/div><\/section>\n<\/div>\n<\/div><\/div><\/div><!-- close content main div --><\/div><\/div><div id='after_section_2'  class='main_color av_default_container_wrap container_wrap sidebar_right'  ><div class='container av-section-cont-open' ><div class='template-page content  av-content-small alpha units'><div class='post-entry post-entry-type-page post-entry-1108'><div class='entry-content-wrapper clearfix'>\n","protected":false},"excerpt":{"rendered":"<p>This is a Page excerpt. It will be displayed for search results<\/p>\n","protected":false},"author":1,"featured_media":0,"parent":734,"menu_order":0,"comment_status":"open","ping_status":"closed","template":"","meta":{"footnotes":""},"_links":{"self":[{"href":"https:\/\/www.kahrglas.at\/index.php?rest_route=\/wp\/v2\/pages\/1108"}],"collection":[{"href":"https:\/\/www.kahrglas.at\/index.php?rest_route=\/wp\/v2\/pages"}],"about":[{"href":"https:\/\/www.kahrglas.at\/index.php?rest_route=\/wp\/v2\/types\/page"}],"author":[{"embeddable":true,"href":"https:\/\/www.kahrglas.at\/index.php?rest_route=\/wp\/v2\/users\/1"}],"replies":[{"embeddable":true,"href":"https:\/\/www.kahrglas.at\/index.php?rest_route=%2Fwp%2Fv2%2Fcomments&post=1108"}],"version-history":[{"count":117,"href":"https:\/\/www.kahrglas.at\/index.php?rest_route=\/wp\/v2\/pages\/1108\/revisions"}],"predecessor-version":[{"id":3796,"href":"https:\/\/www.kahrglas.at\/index.php?rest_route=\/wp\/v2\/pages\/1108\/revisions\/3796"}],"up":[{"embeddable":true,"href":"https:\/\/www.kahrglas.at\/index.php?rest_route=\/wp\/v2\/pages\/734"}],"wp:attachment":[{"href":"https:\/\/www.kahrglas.at\/index.php?rest_route=%2Fwp%2Fv2%2Fmedia&parent=1108"}],"curies":[{"name":"wp","href":"https:\/\/api.w.org\/{rel}","templated":true}]}}