{"id":2270,"date":"2013-04-01T20:49:40","date_gmt":"2013-04-01T20:49:40","guid":{"rendered":"http:\/\/www.kriesi.at\/themes\/enfold\/?page_id=755"},"modified":"2013-04-01T20:49:40","modified_gmt":"2013-04-01T20:49:40","slug":"portfolio","status":"publish","type":"page","link":"https:\/\/www.kahrglas.at\/?page_id=2270","title":{"rendered":"Portfolio"},"content":{"rendered":"<div  id=\"av-sc-portfolio-1\"  class=\"av-portfolio-grid-sorting-container\"><div class='sort_width_container  av-sort-yes' data-portfolio-id='1' ><div id='js_sort_items' ><div class='sort_by_cat '><a href=\"#\" data-filter=\"all_sort\" class=\"all_sort_button active_sort\"><span class=\"inner_sort_button\"><span>Alle<\/span><small class=\"av-cat-count\"> 12 <\/small><\/span><\/a><span class=\"text-sep css_sort_sep\">\/<\/span><a href=\"#\" data-filter=\"css_sort\" class=\"css_sort_button\" ><span class=\"inner_sort_button\"><span>B\u00e4der<\/span><small class=\"av-cat-count\"> 1 <\/small><\/span><\/a><span class=\"text-sep schilder_sort_sep\">\/<\/span><a href=\"#\" data-filter=\"schilder_sort\" class=\"schilder_sort_button\" ><span class=\"inner_sort_button\"><span>Franz\u00f6siche Balkone<\/span><small class=\"av-cat-count\"> 1 <\/small><\/span><\/a><span class=\"text-sep gelaender-aussen_sort_sep\">\/<\/span><a href=\"#\" data-filter=\"gelaender-aussen_sort\" class=\"gelaender-aussen_sort_button\" ><span class=\"inner_sort_button\"><span>Gel\u00e4nder Aussen<\/span><small class=\"av-cat-count\"> 1 <\/small><\/span><\/a><span class=\"text-sep gelaender_sort_sep\">\/<\/span><a href=\"#\" data-filter=\"gelaender_sort\" class=\"gelaender_sort_button\" ><span class=\"inner_sort_button\"><span>Gel\u00e4nder Innenraum<\/span><small class=\"av-cat-count\"> 1 <\/small><\/span><\/a><span class=\"text-sep geschenkideen_sort_sep\">\/<\/span><a href=\"#\" data-filter=\"geschenkideen_sort\" class=\"geschenkideen_sort_button\" ><span class=\"inner_sort_button\"><span>Geschenkideen<\/span><small class=\"av-cat-count\"> 1 <\/small><\/span><\/a><span class=\"text-sep kuechen_sort_sep\">\/<\/span><a href=\"#\" data-filter=\"kuechen_sort\" class=\"kuechen_sort_button\" ><span class=\"inner_sort_button\"><span>K\u00fcchen<\/span><small class=\"av-cat-count\"> 1 <\/small><\/span><\/a><span class=\"text-sep objekt-projekte_sort_sep\">\/<\/span><a href=\"#\" data-filter=\"objekt-projekte_sort\" class=\"objekt-projekte_sort_button\" ><span class=\"inner_sort_button\"><span>Objekt Projekte<\/span><small class=\"av-cat-count\"> 1 <\/small><\/span><\/a><span class=\"text-sep portal-verglasung_sort_sep\">\/<\/span><a href=\"#\" data-filter=\"portal-verglasung_sort\" class=\"portal-verglasung_sort_button\" ><span class=\"inner_sort_button\"><span>Portal Verglasung<\/span><small class=\"av-cat-count\"> 1 <\/small><\/span><\/a><span class=\"text-sep spiegel-ausgefallenes_sort_sep\">\/<\/span><a href=\"#\" data-filter=\"spiegel-ausgefallenes_sort\" class=\"spiegel-ausgefallenes_sort_button\" ><span class=\"inner_sort_button\"><span>Spiegel &amp; Ausgefallenes<\/span><small class=\"av-cat-count\"> 1 <\/small><\/span><\/a><span class=\"text-sep tuerenwaende_sort_sep\">\/<\/span><a href=\"#\" data-filter=\"tuerenwaende_sort\" class=\"tuerenwaende_sort_button\" ><span class=\"inner_sort_button\"><span>T\u00fcren\/W\u00e4nde<\/span><small class=\"av-cat-count\"> 1 <\/small><\/span><\/a><span class=\"text-sep vordaecher_sort_sep\">\/<\/span><a href=\"#\" data-filter=\"vordaecher_sort\" class=\"vordaecher_sort_button\" ><span class=\"inner_sort_button\"><span>Vord\u00e4cher<\/span><small class=\"av-cat-count\"> 1 <\/small><\/span><\/a><span class=\"text-sep wendeltreppen_sort_sep\">\/<\/span><a href=\"#\" data-filter=\"wendeltreppen_sort\" class=\"wendeltreppen_sort_button\" ><span class=\"inner_sort_button\"><span>Wendeltreppen<\/span><small class=\"av-cat-count\"> 1 <\/small><\/span><\/a><\/div><\/div><\/div><div  class=' grid-sort-container isotope   no_margin-container with-title-container grid-total-even grid-col-4 grid-links-' data-portfolio-id='1'><div data-ajax-id='3279' class=' grid-entry flex_column isotope-item all_sort no_margin post-entry post-entry-3279 grid-entry-overview grid-loop-1 grid-parity-odd  gelaender-aussen_sort  av_one_fourth first default_av_fullwidth '><article class='main_color inner-entry'  itemscope=\"itemscope\" itemtype=\"https:\/\/schema.org\/CreativeWork\" ><a href=\"https:\/\/www.kahrglas.at\/?portfolio=gelaender-aussenbereich\" title='Gel\u00e4nder Au\u00dfenbereich'  data-rel='grid-1' class='grid-image avia-hover-fx'> <img decoding=\"async\" width=\"260\" height=\"185\" src=\"https:\/\/www.kahrglas.at\/wp-content\/uploads\/2014\/05\/geland_22-260x185.jpg\" class=\"wp-image-3286 avia-img-lazy-loading-not-3286 attachment-portfolio_small size-portfolio_small wp-post-image\" alt=\"\" \/><\/a><div class='grid-content'><div class='avia-arrow'><\/div><header class=\"entry-content-header\"><h3 class='grid-entry-title entry-title '  itemprop=\"headline\" ><a href='https:\/\/www.kahrglas.at\/?portfolio=gelaender-aussenbereich' title='Gel\u00e4nder Au\u00dfenbereich'>Gel\u00e4nder Au\u00dfenbereich<\/a><\/h3><\/header><\/div><footer class=\"entry-footer\"><\/footer><\/article><\/div><div data-ajax-id='3210' class=' grid-entry flex_column isotope-item all_sort no_margin post-entry post-entry-3210 grid-entry-overview grid-loop-2 grid-parity-even  wendeltreppen_sort  av_one_fourth  default_av_fullwidth '><article class='main_color inner-entry'  itemscope=\"itemscope\" itemtype=\"https:\/\/schema.org\/CreativeWork\" ><a href=\"https:\/\/www.kahrglas.at\/?portfolio=wendeltreppen\" title='Wendeltreppen'  data-rel='grid-1' class='grid-image avia-hover-fx'> <img decoding=\"async\" width=\"260\" height=\"185\" src=\"https:\/\/www.kahrglas.at\/wp-content\/uploads\/2014\/04\/wendel2-260x185.jpg\" class=\"wp-image-3231 avia-img-lazy-loading-not-3231 attachment-portfolio_small size-portfolio_small wp-post-image\" alt=\"\" \/><\/a><div class='grid-content'><div class='avia-arrow'><\/div><header class=\"entry-content-header\"><h3 class='grid-entry-title entry-title '  itemprop=\"headline\" ><a href='https:\/\/www.kahrglas.at\/?portfolio=wendeltreppen' title='Wendeltreppen'>Wendeltreppen<\/a><\/h3><\/header><\/div><footer class=\"entry-footer\"><\/footer><\/article><\/div><div data-ajax-id='3207' class=' grid-entry flex_column isotope-item all_sort no_margin post-entry post-entry-3207 grid-entry-overview grid-loop-3 grid-parity-odd  portal-verglasung_sort  av_one_fourth  default_av_fullwidth '><article class='main_color inner-entry'  itemscope=\"itemscope\" itemtype=\"https:\/\/schema.org\/CreativeWork\" ><a href=\"https:\/\/www.kahrglas.at\/?portfolio=portal-verglasung\" title='Glasz\u00e4une'  data-rel='grid-1' class='grid-image avia-hover-fx'> <img decoding=\"async\" width=\"260\" height=\"185\" src=\"https:\/\/www.kahrglas.at\/wp-content\/uploads\/2014\/04\/por7-260x185.jpg\" class=\"wp-image-3252 avia-img-lazy-loading-not-3252 attachment-portfolio_small size-portfolio_small wp-post-image\" alt=\"\" \/><\/a><div class='grid-content'><div class='avia-arrow'><\/div><header class=\"entry-content-header\"><h3 class='grid-entry-title entry-title '  itemprop=\"headline\" ><a href='https:\/\/www.kahrglas.at\/?portfolio=portal-verglasung' title='Glasz\u00e4une'>Glasz\u00e4une<\/a><\/h3><\/header><\/div><footer class=\"entry-footer\"><\/footer><\/article><\/div><div data-ajax-id='3206' class=' grid-entry flex_column isotope-item all_sort no_margin post-entry post-entry-3206 grid-entry-overview grid-loop-4 grid-parity-even  schilder_sort  av_one_fourth  default_av_fullwidth '><article class='main_color inner-entry'  itemscope=\"itemscope\" itemtype=\"https:\/\/schema.org\/CreativeWork\" ><a href=\"https:\/\/www.kahrglas.at\/?portfolio=franzoesische-balkone\" title='Franz\u00f6sische Balkone'  data-rel='grid-1' class='grid-image avia-hover-fx'> <img decoding=\"async\" width=\"260\" height=\"185\" src=\"https:\/\/www.kahrglas.at\/wp-content\/uploads\/2014\/04\/franzbalk1-260x185.jpg\" class=\"wp-image-3314 avia-img-lazy-loading-not-3314 attachment-portfolio_small size-portfolio_small wp-post-image\" alt=\"\" \/><\/a><div class='grid-content'><div class='avia-arrow'><\/div><header class=\"entry-content-header\"><h3 class='grid-entry-title entry-title '  itemprop=\"headline\" ><a href='https:\/\/www.kahrglas.at\/?portfolio=franzoesische-balkone' title='Franz\u00f6sische Balkone'>Franz\u00f6sische Balkone<\/a><\/h3><\/header><\/div><footer class=\"entry-footer\"><\/footer><\/article><\/div><div data-ajax-id='3204' class=' grid-entry flex_column isotope-item all_sort no_margin post-entry post-entry-3204 grid-entry-overview grid-loop-5 grid-parity-odd  vordaecher_sort  av_one_fourth first default_av_fullwidth '><article class='main_color inner-entry'  itemscope=\"itemscope\" itemtype=\"https:\/\/schema.org\/CreativeWork\" ><a href=\"https:\/\/www.kahrglas.at\/?portfolio=vordaecher\" title='Vord\u00e4cher'  data-rel='grid-1' class='grid-image avia-hover-fx'> <img decoding=\"async\" width=\"260\" height=\"185\" src=\"https:\/\/www.kahrglas.at\/wp-content\/uploads\/2014\/04\/vordach4-260x185.jpg\" class=\"wp-image-3322 avia-img-lazy-loading-not-3322 attachment-portfolio_small size-portfolio_small wp-post-image\" alt=\"\" \/><\/a><div class='grid-content'><div class='avia-arrow'><\/div><header class=\"entry-content-header\"><h3 class='grid-entry-title entry-title '  itemprop=\"headline\" ><a href='https:\/\/www.kahrglas.at\/?portfolio=vordaecher' title='Vord\u00e4cher'>Vord\u00e4cher<\/a><\/h3><\/header><\/div><footer class=\"entry-footer\"><\/footer><\/article><\/div><div data-ajax-id='41' class=' grid-entry flex_column isotope-item all_sort no_margin post-entry post-entry-41 grid-entry-overview grid-loop-6 grid-parity-even  css_sort  av_one_fourth  default_av_fullwidth '><article class='main_color inner-entry'  itemscope=\"itemscope\" itemtype=\"https:\/\/schema.org\/CreativeWork\" ><a href=\"https:\/\/www.kahrglas.at\/?portfolio=portfolio-big\" title='B\u00e4der'  data-rel='grid-1' class='grid-image avia-hover-fx'> <img decoding=\"async\" width=\"260\" height=\"185\" src=\"https:\/\/www.kahrglas.at\/wp-content\/uploads\/2011\/12\/IMG_0842-260x185.jpg\" class=\"wp-image-3159 avia-img-lazy-loading-not-3159 attachment-portfolio_small size-portfolio_small wp-post-image\" alt=\"\" \/><\/a><div class='grid-content'><div class='avia-arrow'><\/div><header class=\"entry-content-header\"><h3 class='grid-entry-title entry-title '  itemprop=\"headline\" ><a href='https:\/\/www.kahrglas.at\/?portfolio=portfolio-big' title='B\u00e4der'>B\u00e4der<\/a><\/h3><\/header><\/div><footer class=\"entry-footer\"><\/footer><\/article><\/div><div data-ajax-id='3163' class=' grid-entry flex_column isotope-item all_sort no_margin post-entry post-entry-3163 grid-entry-overview grid-loop-7 grid-parity-odd  kuechen_sort  av_one_fourth  default_av_fullwidth '><article class='main_color inner-entry'  itemscope=\"itemscope\" itemtype=\"https:\/\/schema.org\/CreativeWork\" ><a href=\"https:\/\/www.kahrglas.at\/?portfolio=kuechen\" title='K\u00fcchen'  data-rel='grid-1' class='grid-image avia-hover-fx'> <img decoding=\"async\" width=\"260\" height=\"185\" src=\"https:\/\/www.kahrglas.at\/wp-content\/uploads\/2014\/04\/kuche3-260x185.jpg\" class=\"wp-image-3263 avia-img-lazy-loading-not-3263 attachment-portfolio_small size-portfolio_small wp-post-image\" alt=\"\" \/><\/a><div class='grid-content'><div class='avia-arrow'><\/div><header class=\"entry-content-header\"><h3 class='grid-entry-title entry-title '  itemprop=\"headline\" ><a href='https:\/\/www.kahrglas.at\/?portfolio=kuechen' title='K\u00fcchen'>K\u00fcchen<\/a><\/h3><\/header><\/div><footer class=\"entry-footer\"><\/footer><\/article><\/div><div data-ajax-id='3165' class=' grid-entry flex_column isotope-item all_sort no_margin post-entry post-entry-3165 grid-entry-overview grid-loop-8 grid-parity-even  spiegel-ausgefallenes_sort  av_one_fourth  default_av_fullwidth '><article class='main_color inner-entry'  itemscope=\"itemscope\" itemtype=\"https:\/\/schema.org\/CreativeWork\" ><a href=\"https:\/\/www.kahrglas.at\/?portfolio=spiegel-ausgefallenes\" title='Spiegel &#038; Ausgefallenes'  data-rel='grid-1' class='grid-image avia-hover-fx'> <img decoding=\"async\" width=\"260\" height=\"185\" src=\"https:\/\/www.kahrglas.at\/wp-content\/uploads\/2014\/04\/spiegel1-260x185.jpg\" class=\"wp-image-3190 avia-img-lazy-loading-not-3190 attachment-portfolio_small size-portfolio_small wp-post-image\" alt=\"\" \/><\/a><div class='grid-content'><div class='avia-arrow'><\/div><header class=\"entry-content-header\"><h3 class='grid-entry-title entry-title '  itemprop=\"headline\" ><a href='https:\/\/www.kahrglas.at\/?portfolio=spiegel-ausgefallenes' title='Spiegel &#038; Ausgefallenes'>Spiegel &#038; Ausgefallenes<\/a><\/h3><\/header><\/div><footer class=\"entry-footer\"><\/footer><\/article><\/div><div data-ajax-id='3164' class=' grid-entry flex_column isotope-item all_sort no_margin post-entry post-entry-3164 grid-entry-overview grid-loop-9 grid-parity-odd  tuerenwaende_sort  av_one_fourth first default_av_fullwidth '><article class='main_color inner-entry'  itemscope=\"itemscope\" itemtype=\"https:\/\/schema.org\/CreativeWork\" ><a href=\"https:\/\/www.kahrglas.at\/?portfolio=trennwaende\" title='T\u00fcren\/W\u00e4nde'  data-rel='grid-1' class='grid-image avia-hover-fx'> <img decoding=\"async\" width=\"260\" height=\"185\" src=\"https:\/\/www.kahrglas.at\/wp-content\/uploads\/2014\/03\/turwand1-260x185.jpg\" class=\"wp-image-3223 avia-img-lazy-loading-not-3223 attachment-portfolio_small size-portfolio_small wp-post-image\" alt=\"\" \/><\/a><div class='grid-content'><div class='avia-arrow'><\/div><header class=\"entry-content-header\"><h3 class='grid-entry-title entry-title '  itemprop=\"headline\" ><a href='https:\/\/www.kahrglas.at\/?portfolio=trennwaende' title='T\u00fcren\/W\u00e4nde'>T\u00fcren\/W\u00e4nde<\/a><\/h3><\/header><\/div><footer class=\"entry-footer\"><\/footer><\/article><\/div><div data-ajax-id='3211' class=' grid-entry flex_column isotope-item all_sort no_margin post-entry post-entry-3211 grid-entry-overview grid-loop-10 grid-parity-even  objekt-projekte_sort  av_one_fourth  default_av_fullwidth '><article class='main_color inner-entry'  itemscope=\"itemscope\" itemtype=\"https:\/\/schema.org\/CreativeWork\" ><a href=\"https:\/\/www.kahrglas.at\/?portfolio=objekt-projekte\" title='Objekt-Projekte'  data-rel='grid-1' class='grid-image avia-hover-fx'> <img decoding=\"async\" width=\"260\" height=\"185\" src=\"https:\/\/www.kahrglas.at\/wp-content\/uploads\/2014\/03\/schrank1-260x185.jpg\" class=\"wp-image-3315 avia-img-lazy-loading-not-3315 attachment-portfolio_small size-portfolio_small wp-post-image\" alt=\"\" \/><\/a><div class='grid-content'><div class='avia-arrow'><\/div><header class=\"entry-content-header\"><h3 class='grid-entry-title entry-title '  itemprop=\"headline\" ><a href='https:\/\/www.kahrglas.at\/?portfolio=objekt-projekte' title='Objekt-Projekte'>Objekt-Projekte<\/a><\/h3><\/header><\/div><footer class=\"entry-footer\"><\/footer><\/article><\/div><div data-ajax-id='3205' class=' grid-entry flex_column isotope-item all_sort no_margin post-entry post-entry-3205 grid-entry-overview grid-loop-11 grid-parity-odd  gelaender_sort  av_one_fourth  default_av_fullwidth '><article class='main_color inner-entry'  itemscope=\"itemscope\" itemtype=\"https:\/\/schema.org\/CreativeWork\" ><a href=\"https:\/\/www.kahrglas.at\/?portfolio=gelaender-2\" title='Gel\u00e4nder Innenraum'  data-rel='grid-1' class='grid-image avia-hover-fx'> <img decoding=\"async\" width=\"260\" height=\"185\" src=\"https:\/\/www.kahrglas.at\/wp-content\/uploads\/2014\/03\/geland9-260x185.jpg\" class=\"wp-image-3249 avia-img-lazy-loading-not-3249 attachment-portfolio_small size-portfolio_small wp-post-image\" alt=\"\" \/><\/a><div class='grid-content'><div class='avia-arrow'><\/div><header class=\"entry-content-header\"><h3 class='grid-entry-title entry-title '  itemprop=\"headline\" ><a href='https:\/\/www.kahrglas.at\/?portfolio=gelaender-2' title='Gel\u00e4nder Innenraum'>Gel\u00e4nder Innenraum<\/a><\/h3><\/header><\/div><footer class=\"entry-footer\"><\/footer><\/article><\/div><div data-ajax-id='3212' class=' grid-entry flex_column isotope-item all_sort no_margin post-entry post-entry-3212 grid-entry-overview grid-loop-12 grid-parity-even  post-entry-last  geschenkideen_sort  av_one_fourth  default_av_fullwidth '><article class='main_color inner-entry'  itemscope=\"itemscope\" itemtype=\"https:\/\/schema.org\/CreativeWork\" ><a href=\"https:\/\/www.kahrglas.at\/?portfolio=geschenkideen\" title='Geschenkideen'  data-rel='grid-1' class='grid-image avia-hover-fx'> <img decoding=\"async\" width=\"260\" height=\"185\" src=\"https:\/\/www.kahrglas.at\/wp-content\/uploads\/2014\/02\/Vase6-260x185.jpg\" class=\"wp-image-3362 avia-img-lazy-loading-not-3362 attachment-portfolio_small size-portfolio_small wp-post-image\" alt=\"\" \/><\/a><div class='grid-content'><div class='avia-arrow'><\/div><header class=\"entry-content-header\"><h3 class='grid-entry-title entry-title '  itemprop=\"headline\" ><a href='https:\/\/www.kahrglas.at\/?portfolio=geschenkideen' title='Geschenkideen'>Geschenkideen<\/a><\/h3><\/header><\/div><footer class=\"entry-footer\"><\/footer><\/article><\/div><\/div><\/div>   <!--   class=\"av-portfolio-grid-sorting-container\"  -->\n<div  class='hr av-av_hr-4a566f4a73ae78223e1997276585dc3a hr-short  avia-builder-el-1  el_after_av_portfolio  el_before_av_textblock  avia-builder-el-first  hr-center'><span class='hr-inner '><span class=\"hr-inner-style\"><\/span><\/span><\/div>\n<section  class='av_textblock_section av-av_textblock-aaf3a53f7e22769a7798f31e42769683 '   itemscope=\"itemscope\" itemtype=\"https:\/\/schema.org\/CreativeWork\" ><div class='avia_textblock'  itemprop=\"text\" ><p>This is an example of a sortable, 4 Column Portfolio.<br \/>\nFor each Portfolio Page you create (any number possible) you can set column count, \u00a0pagination and item count, as well if its sortable or not.<\/p>\n<p>You can add Portfolio Grids to every Page you want or need, with the help of the fantastic and easy to use template builder that is built right into the theme.<\/p>\n<\/div><\/section>\n","protected":false},"excerpt":{"rendered":"","protected":false},"author":1,"featured_media":0,"parent":0,"menu_order":0,"comment_status":"open","ping_status":"closed","template":"","meta":{"footnotes":""},"_links":{"self":[{"href":"https:\/\/www.kahrglas.at\/index.php?rest_route=\/wp\/v2\/pages\/2270"}],"collection":[{"href":"https:\/\/www.kahrglas.at\/index.php?rest_route=\/wp\/v2\/pages"}],"about":[{"href":"https:\/\/www.kahrglas.at\/index.php?rest_route=\/wp\/v2\/types\/page"}],"author":[{"embeddable":true,"href":"https:\/\/www.kahrglas.at\/index.php?rest_route=\/wp\/v2\/users\/1"}],"replies":[{"embeddable":true,"href":"https:\/\/www.kahrglas.at\/index.php?rest_route=%2Fwp%2Fv2%2Fcomments&post=2270"}],"version-history":[{"count":0,"href":"https:\/\/www.kahrglas.at\/index.php?rest_route=\/wp\/v2\/pages\/2270\/revisions"}],"wp:attachment":[{"href":"https:\/\/www.kahrglas.at\/index.php?rest_route=%2Fwp%2Fv2%2Fmedia&parent=2270"}],"curies":[{"name":"wp","href":"https:\/\/api.w.org\/{rel}","templated":true}]}}