{"id":3164,"date":"2014-03-27T15:44:47","date_gmt":"2014-03-27T13:44:47","guid":{"rendered":"http:\/\/www.kahrglas.at\/?post_type=portfolio&#038;p=3164"},"modified":"2023-01-11T15:29:11","modified_gmt":"2023-01-11T13:29:11","slug":"trennwaende","status":"publish","type":"portfolio","link":"https:\/\/www.kahrglas.at\/?portfolio=trennwaende","title":{"rendered":"T\u00fcren\/W\u00e4nde"},"content":{"rendered":"<div  class='flex_column av-av_two_third-2a9015ff38129c418a3f2eafba3e9512 av_two_third  avia-builder-el-0  el_before_av_one_third  avia-builder-el-first  first flex_column_div  '     ><div  class='avia-slideshow av-av_slideshow-b4a859125b03d5790d483de55e22cd6a avia-slideshow-no scaling av_slideshow avia-fade-slider  avia-builder-el-1  avia-builder-el-no-sibling  av-slideshow-ui av-control-default av-slideshow-autoplay av-loop-endless av-loop-manual-endless av-default-height-applied avia-slideshow-1' data-slideshow-options=\"{&quot;animation&quot;:&quot;fade&quot;,&quot;autoplay&quot;:true,&quot;loop_autoplay&quot;:&quot;endless&quot;,&quot;interval&quot;:5,&quot;loop_manual&quot;:&quot;manual-endless&quot;,&quot;autoplay_stopper&quot;:false,&quot;noNavigation&quot;:false,&quot;bg_slider&quot;:false,&quot;keep_padding&quot;:false,&quot;hoverpause&quot;:false,&quot;show_slide_delay&quot;:0}\"  itemprop=\"image\" itemscope=\"itemscope\" itemtype=\"https:\/\/schema.org\/ImageObject\" ><ul class='avia-slideshow-inner ' style='padding-bottom: 74.7%;'><li  class='avia-slideshow-slide av-av_slideshow-b4a859125b03d5790d483de55e22cd6a__0  slide-1 slide-odd'><div data-rel='slideshow-1' class='avia-slide-wrap '   ><div class='av-slideshow-caption av-av_slideshow-b4a859125b03d5790d483de55e22cd6a__0 avia-caption'><div class=\"avia-inner-caption\"><div class='avia-caption-content '  itemprop=\"description\" ><p>Glast\u00fcren\/Glasw\u00e4nde<\/p>\n<\/div><\/div><\/div><img decoding=\"async\" class=\"wp-image-3223 avia-img-lazy-loading-not-3223\"  src=\"https:\/\/www.kahrglas.at\/wp-content\/uploads\/2014\/03\/turwand1.jpg\" width=\"1000\" height=\"747\" title='turwand1' alt=''  itemprop=\"thumbnailUrl\" srcset=\"https:\/\/www.kahrglas.at\/wp-content\/uploads\/2014\/03\/turwand1.jpg 1000w, https:\/\/www.kahrglas.at\/wp-content\/uploads\/2014\/03\/turwand1-300x224.jpg 300w, https:\/\/www.kahrglas.at\/wp-content\/uploads\/2014\/03\/turwand1-705x526.jpg 705w, https:\/\/www.kahrglas.at\/wp-content\/uploads\/2014\/03\/turwand1-450x336.jpg 450w\" sizes=\"(max-width: 1000px) 100vw, 1000px\" \/><\/div><\/li><li  class='avia-slideshow-slide av-av_slideshow-b4a859125b03d5790d483de55e22cd6a__1  slide-2 slide-even'><div data-rel='slideshow-1' class='avia-slide-wrap '   ><div class='av-slideshow-caption av-av_slideshow-b4a859125b03d5790d483de55e22cd6a__1 avia-caption'><div class=\"avia-inner-caption\"><div class='avia-caption-content '  itemprop=\"description\" ><p>Glast\u00fcren\/Glasw\u00e4nde<\/p>\n<\/div><\/div><\/div><img decoding=\"async\" class=\"wp-image-3224 avia-img-lazy-loading-not-3224\"  src=\"https:\/\/www.kahrglas.at\/wp-content\/uploads\/2014\/03\/turwand2.jpg\" width=\"1000\" height=\"666\" title='turwand2' alt=''  itemprop=\"thumbnailUrl\" srcset=\"https:\/\/www.kahrglas.at\/wp-content\/uploads\/2014\/03\/turwand2.jpg 1000w, https:\/\/www.kahrglas.at\/wp-content\/uploads\/2014\/03\/turwand2-300x199.jpg 300w, https:\/\/www.kahrglas.at\/wp-content\/uploads\/2014\/03\/turwand2-705x469.jpg 705w, https:\/\/www.kahrglas.at\/wp-content\/uploads\/2014\/03\/turwand2-450x299.jpg 450w\" sizes=\"(max-width: 1000px) 100vw, 1000px\" \/><\/div><\/li><li  class='avia-slideshow-slide av-av_slideshow-b4a859125b03d5790d483de55e22cd6a__2  slide-3 slide-odd'><div data-rel='slideshow-1' class='avia-slide-wrap '   ><div class='av-slideshow-caption av-av_slideshow-b4a859125b03d5790d483de55e22cd6a__2 avia-caption'><div class=\"avia-inner-caption\"><div class='avia-caption-content '  itemprop=\"description\" ><p>Glast\u00fcren\/Glasw\u00e4nde<\/p>\n<\/div><\/div><\/div><img decoding=\"async\" class=\"wp-image-3225 avia-img-lazy-loading-not-3225\"  src=\"https:\/\/www.kahrglas.at\/wp-content\/uploads\/2014\/03\/turwand3.jpg\" width=\"666\" height=\"1000\" title='turwand3' alt=''  itemprop=\"thumbnailUrl\" srcset=\"https:\/\/www.kahrglas.at\/wp-content\/uploads\/2014\/03\/turwand3.jpg 666w, https:\/\/www.kahrglas.at\/wp-content\/uploads\/2014\/03\/turwand3-199x300.jpg 199w, https:\/\/www.kahrglas.at\/wp-content\/uploads\/2014\/03\/turwand3-469x705.jpg 469w, https:\/\/www.kahrglas.at\/wp-content\/uploads\/2014\/03\/turwand3-450x675.jpg 450w\" sizes=\"(max-width: 666px) 100vw, 666px\" \/><\/div><\/li><li  class='avia-slideshow-slide av-av_slideshow-b4a859125b03d5790d483de55e22cd6a__3  slide-4 slide-even'><div data-rel='slideshow-1' class='avia-slide-wrap '   ><div class='av-slideshow-caption av-av_slideshow-b4a859125b03d5790d483de55e22cd6a__3 avia-caption'><div class=\"avia-inner-caption\"><div class='avia-caption-content '  itemprop=\"description\" ><p>Glast\u00fcren\/Glasw\u00e4nde<\/p>\n<\/div><\/div><\/div><img decoding=\"async\" class=\"wp-image-3226 avia-img-lazy-loading-not-3226\"  src=\"https:\/\/www.kahrglas.at\/wp-content\/uploads\/2014\/03\/turwand4.jpg\" width=\"1000\" height=\"666\" title='turwand4' alt=''  itemprop=\"thumbnailUrl\" srcset=\"https:\/\/www.kahrglas.at\/wp-content\/uploads\/2014\/03\/turwand4.jpg 1000w, https:\/\/www.kahrglas.at\/wp-content\/uploads\/2014\/03\/turwand4-300x199.jpg 300w, https:\/\/www.kahrglas.at\/wp-content\/uploads\/2014\/03\/turwand4-705x469.jpg 705w, https:\/\/www.kahrglas.at\/wp-content\/uploads\/2014\/03\/turwand4-450x299.jpg 450w\" sizes=\"(max-width: 1000px) 100vw, 1000px\" \/><\/div><\/li><li  class='avia-slideshow-slide av-av_slideshow-b4a859125b03d5790d483de55e22cd6a__4  slide-5 slide-odd'><div data-rel='slideshow-1' class='avia-slide-wrap '   ><div class='av-slideshow-caption av-av_slideshow-b4a859125b03d5790d483de55e22cd6a__4 avia-caption'><div class=\"avia-inner-caption\"><div class='avia-caption-content '  itemprop=\"description\" ><p>Glast\u00fcren\/Glasw\u00e4nde<\/p>\n<\/div><\/div><\/div><img decoding=\"async\" class=\"wp-image-3228 avia-img-lazy-loading-not-3228\"  src=\"https:\/\/www.kahrglas.at\/wp-content\/uploads\/2014\/03\/turwand6.jpg\" width=\"747\" height=\"1000\" title='turwand6' alt=''  itemprop=\"thumbnailUrl\" srcset=\"https:\/\/www.kahrglas.at\/wp-content\/uploads\/2014\/03\/turwand6.jpg 747w, https:\/\/www.kahrglas.at\/wp-content\/uploads\/2014\/03\/turwand6-224x300.jpg 224w, https:\/\/www.kahrglas.at\/wp-content\/uploads\/2014\/03\/turwand6-526x705.jpg 526w, https:\/\/www.kahrglas.at\/wp-content\/uploads\/2014\/03\/turwand6-450x602.jpg 450w\" sizes=\"(max-width: 747px) 100vw, 747px\" \/><\/div><\/li><li  class='avia-slideshow-slide av-av_slideshow-b4a859125b03d5790d483de55e22cd6a__5  slide-6 slide-even'><div data-rel='slideshow-1' class='avia-slide-wrap '   ><div class='av-slideshow-caption av-av_slideshow-b4a859125b03d5790d483de55e22cd6a__5 avia-caption'><div class=\"avia-inner-caption\"><div class='avia-caption-content '  itemprop=\"description\" ><p>Glast\u00fcren\/Glasw\u00e4nde<\/p>\n<\/div><\/div><\/div><img decoding=\"async\" class=\"wp-image-3227 avia-img-lazy-loading-not-3227\"  src=\"https:\/\/www.kahrglas.at\/wp-content\/uploads\/2014\/03\/turwand5.jpg\" width=\"747\" height=\"1000\" title='turwand5' alt=''  itemprop=\"thumbnailUrl\" srcset=\"https:\/\/www.kahrglas.at\/wp-content\/uploads\/2014\/03\/turwand5.jpg 747w, https:\/\/www.kahrglas.at\/wp-content\/uploads\/2014\/03\/turwand5-224x300.jpg 224w, https:\/\/www.kahrglas.at\/wp-content\/uploads\/2014\/03\/turwand5-526x705.jpg 526w, https:\/\/www.kahrglas.at\/wp-content\/uploads\/2014\/03\/turwand5-450x602.jpg 450w\" sizes=\"(max-width: 747px) 100vw, 747px\" \/><\/div><\/li><li  class='avia-slideshow-slide av-av_slideshow-b4a859125b03d5790d483de55e22cd6a__6  slide-7 slide-odd'><div data-rel='slideshow-1' class='avia-slide-wrap '   ><div class='av-slideshow-caption av-av_slideshow-b4a859125b03d5790d483de55e22cd6a__6 avia-caption'><div class=\"avia-inner-caption\"><div class='avia-caption-content '  itemprop=\"description\" ><p>Schiebet\u00fcre<\/p>\n<\/div><\/div><\/div><img decoding=\"async\" class=\"wp-image-3214 avia-img-lazy-loading-not-3214\"  src=\"https:\/\/www.kahrglas.at\/wp-content\/uploads\/2014\/03\/schiebetur.jpg\" width=\"747\" height=\"1000\" title='schiebetur' alt=''  itemprop=\"thumbnailUrl\" srcset=\"https:\/\/www.kahrglas.at\/wp-content\/uploads\/2014\/03\/schiebetur.jpg 747w, https:\/\/www.kahrglas.at\/wp-content\/uploads\/2014\/03\/schiebetur-224x300.jpg 224w, https:\/\/www.kahrglas.at\/wp-content\/uploads\/2014\/03\/schiebetur-526x705.jpg 526w, https:\/\/www.kahrglas.at\/wp-content\/uploads\/2014\/03\/schiebetur-450x602.jpg 450w\" sizes=\"(max-width: 747px) 100vw, 747px\" \/><\/div><\/li><li  class='avia-slideshow-slide av-av_slideshow-b4a859125b03d5790d483de55e22cd6a__7  slide-8 slide-even'><div data-rel='slideshow-1' class='avia-slide-wrap '   ><div class='av-slideshow-caption av-av_slideshow-b4a859125b03d5790d483de55e22cd6a__7 avia-caption'><div class=\"avia-inner-caption\"><div class='avia-caption-content '  itemprop=\"description\" ><p>Schiebet\u00fcre<\/p>\n<\/div><\/div><\/div><img decoding=\"async\" class=\"wp-image-3215 avia-img-lazy-loading-not-3215\"  src=\"https:\/\/www.kahrglas.at\/wp-content\/uploads\/2014\/03\/schiebetur2.jpg\" width=\"747\" height=\"1000\" title='schiebetur2' alt=''  itemprop=\"thumbnailUrl\" srcset=\"https:\/\/www.kahrglas.at\/wp-content\/uploads\/2014\/03\/schiebetur2.jpg 747w, https:\/\/www.kahrglas.at\/wp-content\/uploads\/2014\/03\/schiebetur2-224x300.jpg 224w, https:\/\/www.kahrglas.at\/wp-content\/uploads\/2014\/03\/schiebetur2-526x705.jpg 526w, https:\/\/www.kahrglas.at\/wp-content\/uploads\/2014\/03\/schiebetur2-450x602.jpg 450w\" sizes=\"(max-width: 747px) 100vw, 747px\" \/><\/div><\/li><li  class='avia-slideshow-slide av-av_slideshow-b4a859125b03d5790d483de55e22cd6a__8  slide-9 slide-odd'><div data-rel='slideshow-1' class='avia-slide-wrap '   ><div class='av-slideshow-caption av-av_slideshow-b4a859125b03d5790d483de55e22cd6a__8 avia-caption'><div class=\"avia-inner-caption\"><div class='avia-caption-content '  itemprop=\"description\" ><p>Glast\u00fcren\/Glasw\u00e4nde<\/p>\n<\/div><\/div><\/div><img decoding=\"async\" class=\"wp-image-3216 avia-img-lazy-loading-not-3216\"  src=\"https:\/\/www.kahrglas.at\/wp-content\/uploads\/2014\/03\/tur1.jpg\" width=\"750\" height=\"1000\" title='tur1' alt=''  itemprop=\"thumbnailUrl\" srcset=\"https:\/\/www.kahrglas.at\/wp-content\/uploads\/2014\/03\/tur1.jpg 750w, https:\/\/www.kahrglas.at\/wp-content\/uploads\/2014\/03\/tur1-225x300.jpg 225w, https:\/\/www.kahrglas.at\/wp-content\/uploads\/2014\/03\/tur1-528x705.jpg 528w, https:\/\/www.kahrglas.at\/wp-content\/uploads\/2014\/03\/tur1-450x600.jpg 450w\" sizes=\"(max-width: 750px) 100vw, 750px\" \/><\/div><\/li><li  class='avia-slideshow-slide av-av_slideshow-b4a859125b03d5790d483de55e22cd6a__9  slide-10 slide-even'><div data-rel='slideshow-1' class='avia-slide-wrap '   ><div class='av-slideshow-caption av-av_slideshow-b4a859125b03d5790d483de55e22cd6a__9 avia-caption'><div class=\"avia-inner-caption\"><div class='avia-caption-content '  itemprop=\"description\" ><p>Glast\u00fcren\/Glasw\u00e4nde<\/p>\n<\/div><\/div><\/div><img decoding=\"async\" class=\"wp-image-3217 avia-img-lazy-loading-not-3217\"  src=\"https:\/\/www.kahrglas.at\/wp-content\/uploads\/2014\/03\/tur2.jpg\" width=\"750\" height=\"1000\" title='tur2' alt=''  itemprop=\"thumbnailUrl\" srcset=\"https:\/\/www.kahrglas.at\/wp-content\/uploads\/2014\/03\/tur2.jpg 750w, https:\/\/www.kahrglas.at\/wp-content\/uploads\/2014\/03\/tur2-225x300.jpg 225w, https:\/\/www.kahrglas.at\/wp-content\/uploads\/2014\/03\/tur2-528x705.jpg 528w, https:\/\/www.kahrglas.at\/wp-content\/uploads\/2014\/03\/tur2-450x600.jpg 450w\" sizes=\"(max-width: 750px) 100vw, 750px\" \/><\/div><\/li><li  class='avia-slideshow-slide av-av_slideshow-b4a859125b03d5790d483de55e22cd6a__10  slide-11 slide-odd'><div data-rel='slideshow-1' class='avia-slide-wrap '   ><div class='av-slideshow-caption av-av_slideshow-b4a859125b03d5790d483de55e22cd6a__10 avia-caption'><div class=\"avia-inner-caption\"><div class='avia-caption-content '  itemprop=\"description\" ><p>Glast\u00fcren\/Glasw\u00e4nde<\/p>\n<\/div><\/div><\/div><img decoding=\"async\" class=\"wp-image-3218 avia-img-lazy-loading-not-3218\"  src=\"https:\/\/www.kahrglas.at\/wp-content\/uploads\/2014\/03\/tur3.jpg\" width=\"750\" height=\"1000\" title='tur3' alt=''  itemprop=\"thumbnailUrl\" srcset=\"https:\/\/www.kahrglas.at\/wp-content\/uploads\/2014\/03\/tur3.jpg 750w, https:\/\/www.kahrglas.at\/wp-content\/uploads\/2014\/03\/tur3-225x300.jpg 225w, https:\/\/www.kahrglas.at\/wp-content\/uploads\/2014\/03\/tur3-528x705.jpg 528w, https:\/\/www.kahrglas.at\/wp-content\/uploads\/2014\/03\/tur3-450x600.jpg 450w\" sizes=\"(max-width: 750px) 100vw, 750px\" \/><\/div><\/li><li  class='avia-slideshow-slide av-av_slideshow-b4a859125b03d5790d483de55e22cd6a__11  slide-12 slide-even'><div data-rel='slideshow-1' class='avia-slide-wrap '   ><div class='av-slideshow-caption av-av_slideshow-b4a859125b03d5790d483de55e22cd6a__11 avia-caption'><div class=\"avia-inner-caption\"><div class='avia-caption-content '  itemprop=\"description\" ><p>Schiebet\u00fcre\/Glaswand<\/p>\n<\/div><\/div><\/div><img decoding=\"async\" class=\"wp-image-3219 avia-img-lazy-loading-not-3219\"  src=\"https:\/\/www.kahrglas.at\/wp-content\/uploads\/2014\/03\/tur4.jpg\" width=\"1000\" height=\"747\" title='tur4' alt=''  itemprop=\"thumbnailUrl\" srcset=\"https:\/\/www.kahrglas.at\/wp-content\/uploads\/2014\/03\/tur4.jpg 1000w, https:\/\/www.kahrglas.at\/wp-content\/uploads\/2014\/03\/tur4-300x224.jpg 300w, https:\/\/www.kahrglas.at\/wp-content\/uploads\/2014\/03\/tur4-705x526.jpg 705w, https:\/\/www.kahrglas.at\/wp-content\/uploads\/2014\/03\/tur4-450x336.jpg 450w\" sizes=\"(max-width: 1000px) 100vw, 1000px\" \/><\/div><\/li><li  class='avia-slideshow-slide av-av_slideshow-b4a859125b03d5790d483de55e22cd6a__12  slide-13 slide-odd'><div data-rel='slideshow-1' class='avia-slide-wrap '   ><div class='av-slideshow-caption av-av_slideshow-b4a859125b03d5790d483de55e22cd6a__12 avia-caption'><div class=\"avia-inner-caption\"><div class='avia-caption-content '  itemprop=\"description\" ><p>Schiebet\u00fcre\/Glaswand<\/p>\n<\/div><\/div><\/div><img decoding=\"async\" class=\"wp-image-3220 avia-img-lazy-loading-not-3220\"  src=\"https:\/\/www.kahrglas.at\/wp-content\/uploads\/2014\/03\/tur5.jpg\" width=\"1000\" height=\"747\" title='tur5' alt=''  itemprop=\"thumbnailUrl\" srcset=\"https:\/\/www.kahrglas.at\/wp-content\/uploads\/2014\/03\/tur5.jpg 1000w, https:\/\/www.kahrglas.at\/wp-content\/uploads\/2014\/03\/tur5-300x224.jpg 300w, https:\/\/www.kahrglas.at\/wp-content\/uploads\/2014\/03\/tur5-705x526.jpg 705w, https:\/\/www.kahrglas.at\/wp-content\/uploads\/2014\/03\/tur5-450x336.jpg 450w\" sizes=\"(max-width: 1000px) 100vw, 1000px\" \/><\/div><\/li><li  class='avia-slideshow-slide av-av_slideshow-b4a859125b03d5790d483de55e22cd6a__13  slide-14 slide-even'><div data-rel='slideshow-1' class='avia-slide-wrap '   ><div class='av-slideshow-caption av-av_slideshow-b4a859125b03d5790d483de55e22cd6a__13 avia-caption'><div class=\"avia-inner-caption\"><div class='avia-caption-content '  itemprop=\"description\" ><p>Glast\u00fcren\/Glasw\u00e4nde<\/p>\n<\/div><\/div><\/div><img decoding=\"async\" class=\"wp-image-3221 avia-img-lazy-loading-not-3221\"  src=\"https:\/\/www.kahrglas.at\/wp-content\/uploads\/2014\/03\/tur6.jpg\" width=\"750\" height=\"1000\" title='tur6' alt=''  itemprop=\"thumbnailUrl\" srcset=\"https:\/\/www.kahrglas.at\/wp-content\/uploads\/2014\/03\/tur6.jpg 750w, https:\/\/www.kahrglas.at\/wp-content\/uploads\/2014\/03\/tur6-225x300.jpg 225w, https:\/\/www.kahrglas.at\/wp-content\/uploads\/2014\/03\/tur6-528x705.jpg 528w, https:\/\/www.kahrglas.at\/wp-content\/uploads\/2014\/03\/tur6-450x600.jpg 450w\" sizes=\"(max-width: 750px) 100vw, 750px\" \/><\/div><\/li><li  class='avia-slideshow-slide av-av_slideshow-b4a859125b03d5790d483de55e22cd6a__14  slide-15 slide-odd'><div data-rel='slideshow-1' class='avia-slide-wrap '   ><div class='av-slideshow-caption av-av_slideshow-b4a859125b03d5790d483de55e22cd6a__14 avia-caption'><div class=\"avia-inner-caption\"><div class='avia-caption-content '  itemprop=\"description\" ><p>Glast\u00fcren\/Glasw\u00e4nde<\/p>\n<\/div><\/div><\/div><img decoding=\"async\" class=\"wp-image-3222 avia-img-lazy-loading-not-3222\"  src=\"https:\/\/www.kahrglas.at\/wp-content\/uploads\/2014\/03\/tur7.jpg\" width=\"1000\" height=\"750\" title='tur7' alt=''  itemprop=\"thumbnailUrl\" srcset=\"https:\/\/www.kahrglas.at\/wp-content\/uploads\/2014\/03\/tur7.jpg 1000w, https:\/\/www.kahrglas.at\/wp-content\/uploads\/2014\/03\/tur7-300x225.jpg 300w, https:\/\/www.kahrglas.at\/wp-content\/uploads\/2014\/03\/tur7-705x528.jpg 705w, https:\/\/www.kahrglas.at\/wp-content\/uploads\/2014\/03\/tur7-450x337.jpg 450w\" sizes=\"(max-width: 1000px) 100vw, 1000px\" \/><\/div><\/li><li  class='avia-slideshow-slide av-av_slideshow-b4a859125b03d5790d483de55e22cd6a__15  slide-16 slide-even'><div data-rel='slideshow-1' class='avia-slide-wrap '   ><div class='av-slideshow-caption av-av_slideshow-b4a859125b03d5790d483de55e22cd6a__15 avia-caption'><div class=\"avia-inner-caption\"><div class='avia-caption-content '  itemprop=\"description\" ><p>Glast\u00fcren\/Glasw\u00e4nde<\/p>\n<\/div><\/div><\/div><img decoding=\"async\" class=\"wp-image-3229 avia-img-lazy-loading-not-3229\"  src=\"https:\/\/www.kahrglas.at\/wp-content\/uploads\/2014\/03\/turwand7.jpg\" width=\"747\" height=\"1000\" title='turwand7' alt=''  itemprop=\"thumbnailUrl\" srcset=\"https:\/\/www.kahrglas.at\/wp-content\/uploads\/2014\/03\/turwand7.jpg 747w, https:\/\/www.kahrglas.at\/wp-content\/uploads\/2014\/03\/turwand7-224x300.jpg 224w, https:\/\/www.kahrglas.at\/wp-content\/uploads\/2014\/03\/turwand7-526x705.jpg 526w, https:\/\/www.kahrglas.at\/wp-content\/uploads\/2014\/03\/turwand7-450x602.jpg 450w\" sizes=\"(max-width: 747px) 100vw, 747px\" \/><\/div><\/li><li  class='avia-slideshow-slide av-av_slideshow-b4a859125b03d5790d483de55e22cd6a__16  slide-17 slide-odd'><div data-rel='slideshow-1' class='avia-slide-wrap '   ><div class='av-slideshow-caption av-av_slideshow-b4a859125b03d5790d483de55e22cd6a__16 avia-caption'><div class=\"avia-inner-caption\"><div class='avia-caption-content '  itemprop=\"description\" ><p>Glasw\u00e4nde<\/p>\n<\/div><\/div><\/div><img decoding=\"async\" class=\"wp-image-3174 avia-img-lazy-loading-not-3174\"  src=\"https:\/\/www.kahrglas.at\/wp-content\/uploads\/2014\/04\/wand4.jpg\" width=\"750\" height=\"1000\" title='wand4' alt=''  itemprop=\"thumbnailUrl\" srcset=\"https:\/\/www.kahrglas.at\/wp-content\/uploads\/2014\/04\/wand4.jpg 750w, https:\/\/www.kahrglas.at\/wp-content\/uploads\/2014\/04\/wand4-225x300.jpg 225w, https:\/\/www.kahrglas.at\/wp-content\/uploads\/2014\/04\/wand4-528x705.jpg 528w, https:\/\/www.kahrglas.at\/wp-content\/uploads\/2014\/04\/wand4-450x600.jpg 450w\" sizes=\"(max-width: 750px) 100vw, 750px\" \/><\/div><\/li><li  class='avia-slideshow-slide av-av_slideshow-b4a859125b03d5790d483de55e22cd6a__17  slide-18 slide-even'><div data-rel='slideshow-1' class='avia-slide-wrap '   ><div class='av-slideshow-caption av-av_slideshow-b4a859125b03d5790d483de55e22cd6a__17 avia-caption'><div class=\"avia-inner-caption\"><div class='avia-caption-content '  itemprop=\"description\" ><p>Glasw\u00e4nde<\/p>\n<\/div><\/div><\/div><img decoding=\"async\" class=\"wp-image-3173 avia-img-lazy-loading-not-3173\"  src=\"https:\/\/www.kahrglas.at\/wp-content\/uploads\/2014\/04\/wand3.jpg\" width=\"750\" height=\"1000\" title='wand3' alt=''  itemprop=\"thumbnailUrl\" srcset=\"https:\/\/www.kahrglas.at\/wp-content\/uploads\/2014\/04\/wand3.jpg 750w, https:\/\/www.kahrglas.at\/wp-content\/uploads\/2014\/04\/wand3-225x300.jpg 225w, https:\/\/www.kahrglas.at\/wp-content\/uploads\/2014\/04\/wand3-528x705.jpg 528w, https:\/\/www.kahrglas.at\/wp-content\/uploads\/2014\/04\/wand3-450x600.jpg 450w\" sizes=\"(max-width: 750px) 100vw, 750px\" \/><\/div><\/li><li  class='avia-slideshow-slide av-av_slideshow-b4a859125b03d5790d483de55e22cd6a__18  slide-19 slide-odd'><div data-rel='slideshow-1' class='avia-slide-wrap '   ><div class='av-slideshow-caption av-av_slideshow-b4a859125b03d5790d483de55e22cd6a__18 avia-caption'><div class=\"avia-inner-caption\"><div class='avia-caption-content '  itemprop=\"description\" ><p>Glasw\u00e4nde<\/p>\n<\/div><\/div><\/div><img decoding=\"async\" class=\"wp-image-3176 avia-img-lazy-loading-not-3176\"  src=\"https:\/\/www.kahrglas.at\/wp-content\/uploads\/2014\/04\/wand6.jpg\" width=\"884\" height=\"1000\" title='wand6' alt=''  itemprop=\"thumbnailUrl\" srcset=\"https:\/\/www.kahrglas.at\/wp-content\/uploads\/2014\/04\/wand6.jpg 884w, https:\/\/www.kahrglas.at\/wp-content\/uploads\/2014\/04\/wand6-265x300.jpg 265w, https:\/\/www.kahrglas.at\/wp-content\/uploads\/2014\/04\/wand6-623x705.jpg 623w, https:\/\/www.kahrglas.at\/wp-content\/uploads\/2014\/04\/wand6-450x509.jpg 450w\" sizes=\"(max-width: 884px) 100vw, 884px\" \/><\/div><\/li><li  class='avia-slideshow-slide av-av_slideshow-b4a859125b03d5790d483de55e22cd6a__19  slide-20 slide-even'><div data-rel='slideshow-1' class='avia-slide-wrap '   ><div class='av-slideshow-caption av-av_slideshow-b4a859125b03d5790d483de55e22cd6a__19 avia-caption'><div class=\"avia-inner-caption\"><div class='avia-caption-content '  itemprop=\"description\" ><p>Glasw\u00e4nde<\/p>\n<\/div><\/div><\/div><img decoding=\"async\" class=\"wp-image-3172 avia-img-lazy-loading-not-3172\"  src=\"https:\/\/www.kahrglas.at\/wp-content\/uploads\/2014\/04\/wand2.jpg\" width=\"750\" height=\"1000\" title='wand2' alt=''  itemprop=\"thumbnailUrl\" srcset=\"https:\/\/www.kahrglas.at\/wp-content\/uploads\/2014\/04\/wand2.jpg 750w, https:\/\/www.kahrglas.at\/wp-content\/uploads\/2014\/04\/wand2-225x300.jpg 225w, https:\/\/www.kahrglas.at\/wp-content\/uploads\/2014\/04\/wand2-528x705.jpg 528w, https:\/\/www.kahrglas.at\/wp-content\/uploads\/2014\/04\/wand2-450x600.jpg 450w\" sizes=\"(max-width: 750px) 100vw, 750px\" \/><\/div><\/li><li  class='avia-slideshow-slide av-av_slideshow-b4a859125b03d5790d483de55e22cd6a__20  slide-21 slide-odd'><div data-rel='slideshow-1' class='avia-slide-wrap '   ><div class='av-slideshow-caption av-av_slideshow-b4a859125b03d5790d483de55e22cd6a__20 avia-caption'><div class=\"avia-inner-caption\"><div class='avia-caption-content '  itemprop=\"description\" ><p>Glasw\u00e4nde<\/p>\n<\/div><\/div><\/div><img decoding=\"async\" class=\"wp-image-3178 avia-img-lazy-loading-not-3178\"  src=\"https:\/\/www.kahrglas.at\/wp-content\/uploads\/2014\/04\/wand0.jpg\" width=\"750\" height=\"1000\" title='wand0' alt=''  itemprop=\"thumbnailUrl\" srcset=\"https:\/\/www.kahrglas.at\/wp-content\/uploads\/2014\/04\/wand0.jpg 750w, https:\/\/www.kahrglas.at\/wp-content\/uploads\/2014\/04\/wand0-225x300.jpg 225w, https:\/\/www.kahrglas.at\/wp-content\/uploads\/2014\/04\/wand0-528x705.jpg 528w, https:\/\/www.kahrglas.at\/wp-content\/uploads\/2014\/04\/wand0-450x600.jpg 450w\" sizes=\"(max-width: 750px) 100vw, 750px\" \/><\/div><\/li><li  class='avia-slideshow-slide av-av_slideshow-b4a859125b03d5790d483de55e22cd6a__21  slide-22 slide-even'><div data-rel='slideshow-1' class='avia-slide-wrap '   ><div class='av-slideshow-caption av-av_slideshow-b4a859125b03d5790d483de55e22cd6a__21 avia-caption'><div class=\"avia-inner-caption\"><div class='avia-caption-content '  itemprop=\"description\" ><p>Glasw\u00e4nde<\/p>\n<\/div><\/div><\/div><img decoding=\"async\" class=\"wp-image-3171 avia-img-lazy-loading-not-3171\"  src=\"https:\/\/www.kahrglas.at\/wp-content\/uploads\/2014\/04\/wand1.jpg\" width=\"1000\" height=\"750\" title='wand1' alt=''  itemprop=\"thumbnailUrl\" srcset=\"https:\/\/www.kahrglas.at\/wp-content\/uploads\/2014\/04\/wand1.jpg 1000w, https:\/\/www.kahrglas.at\/wp-content\/uploads\/2014\/04\/wand1-300x225.jpg 300w, https:\/\/www.kahrglas.at\/wp-content\/uploads\/2014\/04\/wand1-705x528.jpg 705w, https:\/\/www.kahrglas.at\/wp-content\/uploads\/2014\/04\/wand1-450x337.jpg 450w\" sizes=\"(max-width: 1000px) 100vw, 1000px\" \/><\/div><\/li><li  class='avia-slideshow-slide av-av_slideshow-b4a859125b03d5790d483de55e22cd6a__22  slide-23 slide-odd'><div data-rel='slideshow-1' class='avia-slide-wrap '   ><img decoding=\"async\" class=\"wp-image-3726 avia-img-lazy-loading-not-3726\"  src=\"https:\/\/www.kahrglas.at\/wp-content\/uploads\/2014\/03\/Glast\u00fcre.jpg\" width=\"1536\" height=\"2048\" title='Glast\u00fcre' alt=''  itemprop=\"thumbnailUrl\" srcset=\"https:\/\/www.kahrglas.at\/wp-content\/uploads\/2014\/03\/Glast\u00fcre.jpg 1536w, https:\/\/www.kahrglas.at\/wp-content\/uploads\/2014\/03\/Glast\u00fcre-225x300.jpg 225w, https:\/\/www.kahrglas.at\/wp-content\/uploads\/2014\/03\/Glast\u00fcre-772x1030.jpg 772w, https:\/\/www.kahrglas.at\/wp-content\/uploads\/2014\/03\/Glast\u00fcre-1125x1500.jpg 1125w, https:\/\/www.kahrglas.at\/wp-content\/uploads\/2014\/03\/Glast\u00fcre-528x705.jpg 528w, https:\/\/www.kahrglas.at\/wp-content\/uploads\/2014\/03\/Glast\u00fcre-450x600.jpg 450w\" sizes=\"(max-width: 1536px) 100vw, 1536px\" \/><\/div><\/li><li  class='avia-slideshow-slide av-av_slideshow-b4a859125b03d5790d483de55e22cd6a__23  slide-24 slide-even'><div data-rel='slideshow-1' class='avia-slide-wrap '   ><img decoding=\"async\" class=\"wp-image-3727 avia-img-lazy-loading-not-3727\"  src=\"https:\/\/www.kahrglas.at\/wp-content\/uploads\/2014\/03\/Glast\u00fcre_B\u00f6hmischer-Prater.jpg\" width=\"1536\" height=\"2048\" title='Glast\u00fcre_B\u00f6hmischer Prater' alt=''  itemprop=\"thumbnailUrl\" srcset=\"https:\/\/www.kahrglas.at\/wp-content\/uploads\/2014\/03\/Glast\u00fcre_B\u00f6hmischer-Prater.jpg 1536w, https:\/\/www.kahrglas.at\/wp-content\/uploads\/2014\/03\/Glast\u00fcre_B\u00f6hmischer-Prater-225x300.jpg 225w, https:\/\/www.kahrglas.at\/wp-content\/uploads\/2014\/03\/Glast\u00fcre_B\u00f6hmischer-Prater-772x1030.jpg 772w, https:\/\/www.kahrglas.at\/wp-content\/uploads\/2014\/03\/Glast\u00fcre_B\u00f6hmischer-Prater-1125x1500.jpg 1125w, https:\/\/www.kahrglas.at\/wp-content\/uploads\/2014\/03\/Glast\u00fcre_B\u00f6hmischer-Prater-528x705.jpg 528w, https:\/\/www.kahrglas.at\/wp-content\/uploads\/2014\/03\/Glast\u00fcre_B\u00f6hmischer-Prater-450x600.jpg 450w\" sizes=\"(max-width: 1536px) 100vw, 1536px\" \/><\/div><\/li><li  class='avia-slideshow-slide av-av_slideshow-b4a859125b03d5790d483de55e22cd6a__24  slide-25 slide-odd'><div data-rel='slideshow-1' class='avia-slide-wrap '   ><img decoding=\"async\" class=\"wp-image-3728 avia-img-lazy-loading-not-3728\"  src=\"https:\/\/www.kahrglas.at\/wp-content\/uploads\/2014\/03\/Glast\u00fcre_B\u00f6hmischer-Prater1.jpg\" width=\"1536\" height=\"2048\" title='Glast\u00fcre_B\u00f6hmischer Prater1' alt=''  itemprop=\"thumbnailUrl\" srcset=\"https:\/\/www.kahrglas.at\/wp-content\/uploads\/2014\/03\/Glast\u00fcre_B\u00f6hmischer-Prater1.jpg 1536w, https:\/\/www.kahrglas.at\/wp-content\/uploads\/2014\/03\/Glast\u00fcre_B\u00f6hmischer-Prater1-225x300.jpg 225w, https:\/\/www.kahrglas.at\/wp-content\/uploads\/2014\/03\/Glast\u00fcre_B\u00f6hmischer-Prater1-772x1030.jpg 772w, https:\/\/www.kahrglas.at\/wp-content\/uploads\/2014\/03\/Glast\u00fcre_B\u00f6hmischer-Prater1-1125x1500.jpg 1125w, https:\/\/www.kahrglas.at\/wp-content\/uploads\/2014\/03\/Glast\u00fcre_B\u00f6hmischer-Prater1-528x705.jpg 528w, https:\/\/www.kahrglas.at\/wp-content\/uploads\/2014\/03\/Glast\u00fcre_B\u00f6hmischer-Prater1-450x600.jpg 450w\" sizes=\"(max-width: 1536px) 100vw, 1536px\" \/><\/div><\/li><li  class='avia-slideshow-slide av-av_slideshow-b4a859125b03d5790d483de55e22cd6a__25  slide-26 slide-even'><div data-rel='slideshow-1' class='avia-slide-wrap '   ><img decoding=\"async\" class=\"wp-image-3729 avia-img-lazy-loading-not-3729\"  src=\"https:\/\/www.kahrglas.at\/wp-content\/uploads\/2014\/03\/Glast\u00fcre1_B\u00f6hmischer-Prater.jpg\" width=\"1536\" height=\"2048\" title='Glast\u00fcre1_B\u00f6hmischer Prater' alt=''  itemprop=\"thumbnailUrl\" srcset=\"https:\/\/www.kahrglas.at\/wp-content\/uploads\/2014\/03\/Glast\u00fcre1_B\u00f6hmischer-Prater.jpg 1536w, https:\/\/www.kahrglas.at\/wp-content\/uploads\/2014\/03\/Glast\u00fcre1_B\u00f6hmischer-Prater-225x300.jpg 225w, https:\/\/www.kahrglas.at\/wp-content\/uploads\/2014\/03\/Glast\u00fcre1_B\u00f6hmischer-Prater-772x1030.jpg 772w, https:\/\/www.kahrglas.at\/wp-content\/uploads\/2014\/03\/Glast\u00fcre1_B\u00f6hmischer-Prater-1125x1500.jpg 1125w, https:\/\/www.kahrglas.at\/wp-content\/uploads\/2014\/03\/Glast\u00fcre1_B\u00f6hmischer-Prater-528x705.jpg 528w, https:\/\/www.kahrglas.at\/wp-content\/uploads\/2014\/03\/Glast\u00fcre1_B\u00f6hmischer-Prater-450x600.jpg 450w\" sizes=\"(max-width: 1536px) 100vw, 1536px\" \/><\/div><\/li><li  class='avia-slideshow-slide av-av_slideshow-b4a859125b03d5790d483de55e22cd6a__26  slide-27 slide-odd'><div data-rel='slideshow-1' class='avia-slide-wrap '   ><img decoding=\"async\" class=\"wp-image-3730 avia-img-lazy-loading-not-3730\"  src=\"https:\/\/www.kahrglas.at\/wp-content\/uploads\/2014\/03\/Glaswand.jpg\" width=\"768\" height=\"1024\" title='Glaswand' alt=''  itemprop=\"thumbnailUrl\" srcset=\"https:\/\/www.kahrglas.at\/wp-content\/uploads\/2014\/03\/Glaswand.jpg 768w, https:\/\/www.kahrglas.at\/wp-content\/uploads\/2014\/03\/Glaswand-225x300.jpg 225w, https:\/\/www.kahrglas.at\/wp-content\/uploads\/2014\/03\/Glaswand-528x705.jpg 528w, https:\/\/www.kahrglas.at\/wp-content\/uploads\/2014\/03\/Glaswand-450x600.jpg 450w\" sizes=\"(max-width: 768px) 100vw, 768px\" \/><\/div><\/li><li  class='avia-slideshow-slide av-av_slideshow-b4a859125b03d5790d483de55e22cd6a__27  slide-28 slide-even'><div data-rel='slideshow-1' class='avia-slide-wrap '   ><img decoding=\"async\" class=\"wp-image-3731 avia-img-lazy-loading-not-3731\"  src=\"https:\/\/www.kahrglas.at\/wp-content\/uploads\/2014\/03\/Glaswand1.jpg\" width=\"768\" height=\"1024\" title='Glaswand1' alt=''  itemprop=\"thumbnailUrl\" srcset=\"https:\/\/www.kahrglas.at\/wp-content\/uploads\/2014\/03\/Glaswand1.jpg 768w, https:\/\/www.kahrglas.at\/wp-content\/uploads\/2014\/03\/Glaswand1-225x300.jpg 225w, https:\/\/www.kahrglas.at\/wp-content\/uploads\/2014\/03\/Glaswand1-528x705.jpg 528w, https:\/\/www.kahrglas.at\/wp-content\/uploads\/2014\/03\/Glaswand1-450x600.jpg 450w\" sizes=\"(max-width: 768px) 100vw, 768px\" \/><\/div><\/li><li  class='avia-slideshow-slide av-av_slideshow-b4a859125b03d5790d483de55e22cd6a__28  slide-29 slide-odd'><div data-rel='slideshow-1' class='avia-slide-wrap '   ><img decoding=\"async\" class=\"wp-image-3732 avia-img-lazy-loading-not-3732\"  src=\"https:\/\/www.kahrglas.at\/wp-content\/uploads\/2014\/03\/Glaswand2.jpg\" width=\"1024\" height=\"768\" title='Glaswand2' alt=''  itemprop=\"thumbnailUrl\" srcset=\"https:\/\/www.kahrglas.at\/wp-content\/uploads\/2014\/03\/Glaswand2.jpg 1024w, https:\/\/www.kahrglas.at\/wp-content\/uploads\/2014\/03\/Glaswand2-300x225.jpg 300w, https:\/\/www.kahrglas.at\/wp-content\/uploads\/2014\/03\/Glaswand2-705x528.jpg 705w, https:\/\/www.kahrglas.at\/wp-content\/uploads\/2014\/03\/Glaswand2-450x337.jpg 450w\" sizes=\"(max-width: 1024px) 100vw, 1024px\" \/><\/div><\/li><li  class='avia-slideshow-slide av-av_slideshow-b4a859125b03d5790d483de55e22cd6a__29  slide-30 slide-even'><div data-rel='slideshow-1' class='avia-slide-wrap '   ><img decoding=\"async\" class=\"wp-image-3733 avia-img-lazy-loading-not-3733\"  src=\"https:\/\/www.kahrglas.at\/wp-content\/uploads\/2014\/03\/Glaswand3.jpg\" width=\"768\" height=\"1024\" title='Glaswand3' alt=''  itemprop=\"thumbnailUrl\" srcset=\"https:\/\/www.kahrglas.at\/wp-content\/uploads\/2014\/03\/Glaswand3.jpg 768w, https:\/\/www.kahrglas.at\/wp-content\/uploads\/2014\/03\/Glaswand3-225x300.jpg 225w, https:\/\/www.kahrglas.at\/wp-content\/uploads\/2014\/03\/Glaswand3-528x705.jpg 528w, https:\/\/www.kahrglas.at\/wp-content\/uploads\/2014\/03\/Glaswand3-450x600.jpg 450w\" sizes=\"(max-width: 768px) 100vw, 768px\" \/><\/div><\/li><li  class='avia-slideshow-slide av-av_slideshow-b4a859125b03d5790d483de55e22cd6a__30  slide-31 slide-odd'><div data-rel='slideshow-1' class='avia-slide-wrap '   ><img decoding=\"async\" class=\"wp-image-3734 avia-img-lazy-loading-not-3734\"  src=\"https:\/\/www.kahrglas.at\/wp-content\/uploads\/2014\/03\/IMG_1176.jpg\" width=\"2448\" height=\"3264\" title='IMG_1176' alt=''  itemprop=\"thumbnailUrl\" srcset=\"https:\/\/www.kahrglas.at\/wp-content\/uploads\/2014\/03\/IMG_1176.jpg 2448w, https:\/\/www.kahrglas.at\/wp-content\/uploads\/2014\/03\/IMG_1176-225x300.jpg 225w, https:\/\/www.kahrglas.at\/wp-content\/uploads\/2014\/03\/IMG_1176-772x1030.jpg 772w, https:\/\/www.kahrglas.at\/wp-content\/uploads\/2014\/03\/IMG_1176-1125x1500.jpg 1125w, https:\/\/www.kahrglas.at\/wp-content\/uploads\/2014\/03\/IMG_1176-528x705.jpg 528w, https:\/\/www.kahrglas.at\/wp-content\/uploads\/2014\/03\/IMG_1176-450x600.jpg 450w\" sizes=\"(max-width: 2448px) 100vw, 2448px\" \/><\/div><\/li><li  class='avia-slideshow-slide av-av_slideshow-b4a859125b03d5790d483de55e22cd6a__31  slide-32 slide-even'><div data-rel='slideshow-1' class='avia-slide-wrap '   ><img decoding=\"async\" class=\"wp-image-3735 avia-img-lazy-loading-not-3735\"  src=\"https:\/\/www.kahrglas.at\/wp-content\/uploads\/2014\/03\/Kastent\u00fcren1.jpg\" width=\"4032\" height=\"3024\" title='Kastent\u00fcren1' alt=''  itemprop=\"thumbnailUrl\" srcset=\"https:\/\/www.kahrglas.at\/wp-content\/uploads\/2014\/03\/Kastent\u00fcren1.jpg 4032w, https:\/\/www.kahrglas.at\/wp-content\/uploads\/2014\/03\/Kastent\u00fcren1-300x225.jpg 300w, https:\/\/www.kahrglas.at\/wp-content\/uploads\/2014\/03\/Kastent\u00fcren1-1030x772.jpg 1030w, https:\/\/www.kahrglas.at\/wp-content\/uploads\/2014\/03\/Kastent\u00fcren1-1500x1125.jpg 1500w, https:\/\/www.kahrglas.at\/wp-content\/uploads\/2014\/03\/Kastent\u00fcren1-705x528.jpg 705w, https:\/\/www.kahrglas.at\/wp-content\/uploads\/2014\/03\/Kastent\u00fcren1-450x337.jpg 450w\" sizes=\"(max-width: 4032px) 100vw, 4032px\" \/><\/div><\/li><li  class='avia-slideshow-slide av-av_slideshow-b4a859125b03d5790d483de55e22cd6a__32  slide-33 slide-odd'><div data-rel='slideshow-1' class='avia-slide-wrap '   ><img decoding=\"async\" class=\"wp-image-3736 avia-img-lazy-loading-not-3736\"  src=\"https:\/\/www.kahrglas.at\/wp-content\/uploads\/2014\/03\/Kastent\u00fcren2.jpg\" width=\"4032\" height=\"3024\" title='Kastent\u00fcren2' alt=''  itemprop=\"thumbnailUrl\" srcset=\"https:\/\/www.kahrglas.at\/wp-content\/uploads\/2014\/03\/Kastent\u00fcren2.jpg 4032w, https:\/\/www.kahrglas.at\/wp-content\/uploads\/2014\/03\/Kastent\u00fcren2-300x225.jpg 300w, https:\/\/www.kahrglas.at\/wp-content\/uploads\/2014\/03\/Kastent\u00fcren2-1030x772.jpg 1030w, https:\/\/www.kahrglas.at\/wp-content\/uploads\/2014\/03\/Kastent\u00fcren2-1500x1125.jpg 1500w, https:\/\/www.kahrglas.at\/wp-content\/uploads\/2014\/03\/Kastent\u00fcren2-705x528.jpg 705w, https:\/\/www.kahrglas.at\/wp-content\/uploads\/2014\/03\/Kastent\u00fcren2-450x337.jpg 450w\" sizes=\"(max-width: 4032px) 100vw, 4032px\" \/><\/div><\/li><li  class='avia-slideshow-slide av-av_slideshow-b4a859125b03d5790d483de55e22cd6a__33  slide-34 slide-even'><div data-rel='slideshow-1' class='avia-slide-wrap '   ><img decoding=\"async\" class=\"wp-image-3737 avia-img-lazy-loading-not-3737\"  src=\"https:\/\/www.kahrglas.at\/wp-content\/uploads\/2014\/03\/Kastent\u00fcren3.jpg\" width=\"4032\" height=\"3024\" title='Kastent\u00fcren3' alt=''  itemprop=\"thumbnailUrl\" srcset=\"https:\/\/www.kahrglas.at\/wp-content\/uploads\/2014\/03\/Kastent\u00fcren3.jpg 4032w, https:\/\/www.kahrglas.at\/wp-content\/uploads\/2014\/03\/Kastent\u00fcren3-300x225.jpg 300w, https:\/\/www.kahrglas.at\/wp-content\/uploads\/2014\/03\/Kastent\u00fcren3-1030x772.jpg 1030w, https:\/\/www.kahrglas.at\/wp-content\/uploads\/2014\/03\/Kastent\u00fcren3-1500x1125.jpg 1500w, https:\/\/www.kahrglas.at\/wp-content\/uploads\/2014\/03\/Kastent\u00fcren3-705x528.jpg 705w, https:\/\/www.kahrglas.at\/wp-content\/uploads\/2014\/03\/Kastent\u00fcren3-450x337.jpg 450w\" sizes=\"(max-width: 4032px) 100vw, 4032px\" \/><\/div><\/li><li  class='avia-slideshow-slide av-av_slideshow-b4a859125b03d5790d483de55e22cd6a__34  slide-35 slide-odd'><div data-rel='slideshow-1' class='avia-slide-wrap '   ><img decoding=\"async\" class=\"wp-image-3738 avia-img-lazy-loading-not-3738\"  src=\"https:\/\/www.kahrglas.at\/wp-content\/uploads\/2014\/03\/PfarreOrth.jpg\" width=\"4032\" height=\"3024\" title='PfarreOrth' alt=''  itemprop=\"thumbnailUrl\" srcset=\"https:\/\/www.kahrglas.at\/wp-content\/uploads\/2014\/03\/PfarreOrth.jpg 4032w, https:\/\/www.kahrglas.at\/wp-content\/uploads\/2014\/03\/PfarreOrth-300x225.jpg 300w, https:\/\/www.kahrglas.at\/wp-content\/uploads\/2014\/03\/PfarreOrth-1030x772.jpg 1030w, https:\/\/www.kahrglas.at\/wp-content\/uploads\/2014\/03\/PfarreOrth-1500x1125.jpg 1500w, https:\/\/www.kahrglas.at\/wp-content\/uploads\/2014\/03\/PfarreOrth-705x528.jpg 705w, https:\/\/www.kahrglas.at\/wp-content\/uploads\/2014\/03\/PfarreOrth-450x337.jpg 450w\" sizes=\"(max-width: 4032px) 100vw, 4032px\" \/><\/div><\/li><li  class='avia-slideshow-slide av-av_slideshow-b4a859125b03d5790d483de55e22cd6a__35  slide-36 slide-even'><div data-rel='slideshow-1' class='avia-slide-wrap '   ><img decoding=\"async\" class=\"wp-image-3739 avia-img-lazy-loading-not-3739\"  src=\"https:\/\/www.kahrglas.at\/wp-content\/uploads\/2014\/03\/PfarreOrth1.jpg\" width=\"4032\" height=\"3024\" title='PfarreOrth1' alt=''  itemprop=\"thumbnailUrl\" srcset=\"https:\/\/www.kahrglas.at\/wp-content\/uploads\/2014\/03\/PfarreOrth1.jpg 4032w, https:\/\/www.kahrglas.at\/wp-content\/uploads\/2014\/03\/PfarreOrth1-300x225.jpg 300w, https:\/\/www.kahrglas.at\/wp-content\/uploads\/2014\/03\/PfarreOrth1-1030x772.jpg 1030w, https:\/\/www.kahrglas.at\/wp-content\/uploads\/2014\/03\/PfarreOrth1-1500x1125.jpg 1500w, https:\/\/www.kahrglas.at\/wp-content\/uploads\/2014\/03\/PfarreOrth1-705x528.jpg 705w, https:\/\/www.kahrglas.at\/wp-content\/uploads\/2014\/03\/PfarreOrth1-450x337.jpg 450w\" sizes=\"(max-width: 4032px) 100vw, 4032px\" \/><\/div><\/li><li  class='avia-slideshow-slide av-av_slideshow-b4a859125b03d5790d483de55e22cd6a__36  slide-37 slide-odd'><div data-rel='slideshow-1' class='avia-slide-wrap '   ><img decoding=\"async\" class=\"wp-image-3740 avia-img-lazy-loading-not-3740\"  src=\"https:\/\/www.kahrglas.at\/wp-content\/uploads\/2014\/03\/PfarreOrth2.jpg\" width=\"4032\" height=\"3024\" title='PfarreOrth2' alt=''  itemprop=\"thumbnailUrl\" srcset=\"https:\/\/www.kahrglas.at\/wp-content\/uploads\/2014\/03\/PfarreOrth2.jpg 4032w, https:\/\/www.kahrglas.at\/wp-content\/uploads\/2014\/03\/PfarreOrth2-300x225.jpg 300w, https:\/\/www.kahrglas.at\/wp-content\/uploads\/2014\/03\/PfarreOrth2-1030x772.jpg 1030w, https:\/\/www.kahrglas.at\/wp-content\/uploads\/2014\/03\/PfarreOrth2-1500x1125.jpg 1500w, https:\/\/www.kahrglas.at\/wp-content\/uploads\/2014\/03\/PfarreOrth2-705x528.jpg 705w, https:\/\/www.kahrglas.at\/wp-content\/uploads\/2014\/03\/PfarreOrth2-450x337.jpg 450w\" sizes=\"(max-width: 4032px) 100vw, 4032px\" \/><\/div><\/li><li  class='avia-slideshow-slide av-av_slideshow-b4a859125b03d5790d483de55e22cd6a__37  slide-38 slide-even'><div data-rel='slideshow-1' class='avia-slide-wrap '   ><img decoding=\"async\" class=\"wp-image-3741 avia-img-lazy-loading-not-3741\"  src=\"https:\/\/www.kahrglas.at\/wp-content\/uploads\/2014\/03\/PfarreOrth3.jpg\" width=\"4032\" height=\"3024\" title='PfarreOrth3' alt=''  itemprop=\"thumbnailUrl\" srcset=\"https:\/\/www.kahrglas.at\/wp-content\/uploads\/2014\/03\/PfarreOrth3.jpg 4032w, https:\/\/www.kahrglas.at\/wp-content\/uploads\/2014\/03\/PfarreOrth3-300x225.jpg 300w, https:\/\/www.kahrglas.at\/wp-content\/uploads\/2014\/03\/PfarreOrth3-1030x772.jpg 1030w, https:\/\/www.kahrglas.at\/wp-content\/uploads\/2014\/03\/PfarreOrth3-1500x1125.jpg 1500w, https:\/\/www.kahrglas.at\/wp-content\/uploads\/2014\/03\/PfarreOrth3-705x528.jpg 705w, https:\/\/www.kahrglas.at\/wp-content\/uploads\/2014\/03\/PfarreOrth3-450x337.jpg 450w\" sizes=\"(max-width: 4032px) 100vw, 4032px\" \/><\/div><\/li><li  class='avia-slideshow-slide av-av_slideshow-b4a859125b03d5790d483de55e22cd6a__38  slide-39 slide-odd'><div data-rel='slideshow-1' class='avia-slide-wrap '   ><img decoding=\"async\" class=\"wp-image-3742 avia-img-lazy-loading-not-3742\"  src=\"https:\/\/www.kahrglas.at\/wp-content\/uploads\/2014\/03\/Raumteil.jpg\" width=\"4032\" height=\"3024\" title='Raumteil' alt=''  itemprop=\"thumbnailUrl\" srcset=\"https:\/\/www.kahrglas.at\/wp-content\/uploads\/2014\/03\/Raumteil.jpg 4032w, https:\/\/www.kahrglas.at\/wp-content\/uploads\/2014\/03\/Raumteil-300x225.jpg 300w, https:\/\/www.kahrglas.at\/wp-content\/uploads\/2014\/03\/Raumteil-1030x772.jpg 1030w, https:\/\/www.kahrglas.at\/wp-content\/uploads\/2014\/03\/Raumteil-1500x1125.jpg 1500w, https:\/\/www.kahrglas.at\/wp-content\/uploads\/2014\/03\/Raumteil-705x528.jpg 705w, https:\/\/www.kahrglas.at\/wp-content\/uploads\/2014\/03\/Raumteil-450x337.jpg 450w\" sizes=\"(max-width: 4032px) 100vw, 4032px\" \/><\/div><\/li><li  class='avia-slideshow-slide av-av_slideshow-b4a859125b03d5790d483de55e22cd6a__39  slide-40 slide-even'><div data-rel='slideshow-1' class='avia-slide-wrap '   ><img decoding=\"async\" class=\"wp-image-3744 avia-img-lazy-loading-not-3744\"  src=\"https:\/\/www.kahrglas.at\/wp-content\/uploads\/2014\/03\/Raumteiler1.jpg\" width=\"4032\" height=\"3024\" title='Raumteiler' alt=''  itemprop=\"thumbnailUrl\" srcset=\"https:\/\/www.kahrglas.at\/wp-content\/uploads\/2014\/03\/Raumteiler1.jpg 4032w, https:\/\/www.kahrglas.at\/wp-content\/uploads\/2014\/03\/Raumteiler1-300x225.jpg 300w, https:\/\/www.kahrglas.at\/wp-content\/uploads\/2014\/03\/Raumteiler1-1030x772.jpg 1030w, https:\/\/www.kahrglas.at\/wp-content\/uploads\/2014\/03\/Raumteiler1-1500x1125.jpg 1500w, https:\/\/www.kahrglas.at\/wp-content\/uploads\/2014\/03\/Raumteiler1-705x528.jpg 705w, https:\/\/www.kahrglas.at\/wp-content\/uploads\/2014\/03\/Raumteiler1-450x337.jpg 450w\" sizes=\"(max-width: 4032px) 100vw, 4032px\" \/><\/div><\/li><li  class='avia-slideshow-slide av-av_slideshow-b4a859125b03d5790d483de55e22cd6a__40  slide-41 slide-odd'><div data-rel='slideshow-1' class='avia-slide-wrap '   ><img decoding=\"async\" class=\"wp-image-3745 avia-img-lazy-loading-not-3745\"  src=\"https:\/\/www.kahrglas.at\/wp-content\/uploads\/2014\/03\/Raumteiler11.jpg\" width=\"1536\" height=\"2048\" title='Raumteiler1' alt=''  itemprop=\"thumbnailUrl\" srcset=\"https:\/\/www.kahrglas.at\/wp-content\/uploads\/2014\/03\/Raumteiler11.jpg 1536w, https:\/\/www.kahrglas.at\/wp-content\/uploads\/2014\/03\/Raumteiler11-225x300.jpg 225w, https:\/\/www.kahrglas.at\/wp-content\/uploads\/2014\/03\/Raumteiler11-772x1030.jpg 772w, https:\/\/www.kahrglas.at\/wp-content\/uploads\/2014\/03\/Raumteiler11-1125x1500.jpg 1125w, https:\/\/www.kahrglas.at\/wp-content\/uploads\/2014\/03\/Raumteiler11-528x705.jpg 528w, https:\/\/www.kahrglas.at\/wp-content\/uploads\/2014\/03\/Raumteiler11-450x600.jpg 450w\" sizes=\"(max-width: 1536px) 100vw, 1536px\" \/><\/div><\/li><li  class='avia-slideshow-slide av-av_slideshow-b4a859125b03d5790d483de55e22cd6a__41  slide-42 slide-even'><div data-rel='slideshow-1' class='avia-slide-wrap '   ><img decoding=\"async\" class=\"wp-image-3746 avia-img-lazy-loading-not-3746\"  src=\"https:\/\/www.kahrglas.at\/wp-content\/uploads\/2014\/03\/Raumteiler2.jpg\" width=\"1536\" height=\"2048\" title='Raumteiler2' alt=''  itemprop=\"thumbnailUrl\" srcset=\"https:\/\/www.kahrglas.at\/wp-content\/uploads\/2014\/03\/Raumteiler2.jpg 1536w, https:\/\/www.kahrglas.at\/wp-content\/uploads\/2014\/03\/Raumteiler2-225x300.jpg 225w, https:\/\/www.kahrglas.at\/wp-content\/uploads\/2014\/03\/Raumteiler2-772x1030.jpg 772w, https:\/\/www.kahrglas.at\/wp-content\/uploads\/2014\/03\/Raumteiler2-1125x1500.jpg 1125w, https:\/\/www.kahrglas.at\/wp-content\/uploads\/2014\/03\/Raumteiler2-528x705.jpg 528w, https:\/\/www.kahrglas.at\/wp-content\/uploads\/2014\/03\/Raumteiler2-450x600.jpg 450w\" sizes=\"(max-width: 1536px) 100vw, 1536px\" \/><\/div><\/li><li  class='avia-slideshow-slide av-av_slideshow-b4a859125b03d5790d483de55e22cd6a__42  slide-43 slide-odd'><div data-rel='slideshow-1' class='avia-slide-wrap '   ><img decoding=\"async\" class=\"wp-image-3748 avia-img-lazy-loading-not-3748\"  src=\"https:\/\/www.kahrglas.at\/wp-content\/uploads\/2014\/03\/Riesent\u00fcre1.jpg\" width=\"4032\" height=\"3024\" title='Riesent\u00fcre1' alt=''  itemprop=\"thumbnailUrl\" srcset=\"https:\/\/www.kahrglas.at\/wp-content\/uploads\/2014\/03\/Riesent\u00fcre1.jpg 4032w, https:\/\/www.kahrglas.at\/wp-content\/uploads\/2014\/03\/Riesent\u00fcre1-300x225.jpg 300w, https:\/\/www.kahrglas.at\/wp-content\/uploads\/2014\/03\/Riesent\u00fcre1-1030x772.jpg 1030w, https:\/\/www.kahrglas.at\/wp-content\/uploads\/2014\/03\/Riesent\u00fcre1-1500x1125.jpg 1500w, https:\/\/www.kahrglas.at\/wp-content\/uploads\/2014\/03\/Riesent\u00fcre1-705x528.jpg 705w, https:\/\/www.kahrglas.at\/wp-content\/uploads\/2014\/03\/Riesent\u00fcre1-450x337.jpg 450w\" sizes=\"(max-width: 4032px) 100vw, 4032px\" \/><\/div><\/li><li  class='avia-slideshow-slide av-av_slideshow-b4a859125b03d5790d483de55e22cd6a__43  slide-44 slide-even'><div data-rel='slideshow-1' class='avia-slide-wrap '   ><img decoding=\"async\" class=\"wp-image-3749 avia-img-lazy-loading-not-3749\"  src=\"https:\/\/www.kahrglas.at\/wp-content\/uploads\/2014\/03\/Schibt\u00fcr.jpg\" width=\"4032\" height=\"3024\" title='Schibt\u00fcr' alt=''  itemprop=\"thumbnailUrl\" srcset=\"https:\/\/www.kahrglas.at\/wp-content\/uploads\/2014\/03\/Schibt\u00fcr.jpg 4032w, https:\/\/www.kahrglas.at\/wp-content\/uploads\/2014\/03\/Schibt\u00fcr-300x225.jpg 300w, https:\/\/www.kahrglas.at\/wp-content\/uploads\/2014\/03\/Schibt\u00fcr-1030x772.jpg 1030w, https:\/\/www.kahrglas.at\/wp-content\/uploads\/2014\/03\/Schibt\u00fcr-1500x1125.jpg 1500w, https:\/\/www.kahrglas.at\/wp-content\/uploads\/2014\/03\/Schibt\u00fcr-705x528.jpg 705w, https:\/\/www.kahrglas.at\/wp-content\/uploads\/2014\/03\/Schibt\u00fcr-450x337.jpg 450w\" sizes=\"(max-width: 4032px) 100vw, 4032px\" \/><\/div><\/li><li  class='avia-slideshow-slide av-av_slideshow-b4a859125b03d5790d483de55e22cd6a__44  slide-45 slide-odd'><div data-rel='slideshow-1' class='avia-slide-wrap '   ><img decoding=\"async\" class=\"wp-image-3750 avia-img-lazy-loading-not-3750\"  src=\"https:\/\/www.kahrglas.at\/wp-content\/uploads\/2014\/03\/Schibt\u00fcr1.jpg\" width=\"4032\" height=\"3024\" title='Schibt\u00fcr1' alt=''  itemprop=\"thumbnailUrl\" srcset=\"https:\/\/www.kahrglas.at\/wp-content\/uploads\/2014\/03\/Schibt\u00fcr1.jpg 4032w, https:\/\/www.kahrglas.at\/wp-content\/uploads\/2014\/03\/Schibt\u00fcr1-300x225.jpg 300w, https:\/\/www.kahrglas.at\/wp-content\/uploads\/2014\/03\/Schibt\u00fcr1-1030x772.jpg 1030w, https:\/\/www.kahrglas.at\/wp-content\/uploads\/2014\/03\/Schibt\u00fcr1-1500x1125.jpg 1500w, https:\/\/www.kahrglas.at\/wp-content\/uploads\/2014\/03\/Schibt\u00fcr1-705x528.jpg 705w, https:\/\/www.kahrglas.at\/wp-content\/uploads\/2014\/03\/Schibt\u00fcr1-450x337.jpg 450w\" sizes=\"(max-width: 4032px) 100vw, 4032px\" \/><\/div><\/li><li  class='avia-slideshow-slide av-av_slideshow-b4a859125b03d5790d483de55e22cd6a__45  slide-46 slide-even'><div data-rel='slideshow-1' class='avia-slide-wrap '   ><img decoding=\"async\" class=\"wp-image-3751 avia-img-lazy-loading-not-3751\"  src=\"https:\/\/www.kahrglas.at\/wp-content\/uploads\/2014\/03\/Schibt\u00fcr2.jpg\" width=\"4032\" height=\"3024\" title='Schibt\u00fcr2' alt=''  itemprop=\"thumbnailUrl\" srcset=\"https:\/\/www.kahrglas.at\/wp-content\/uploads\/2014\/03\/Schibt\u00fcr2.jpg 4032w, https:\/\/www.kahrglas.at\/wp-content\/uploads\/2014\/03\/Schibt\u00fcr2-300x225.jpg 300w, https:\/\/www.kahrglas.at\/wp-content\/uploads\/2014\/03\/Schibt\u00fcr2-1030x772.jpg 1030w, https:\/\/www.kahrglas.at\/wp-content\/uploads\/2014\/03\/Schibt\u00fcr2-1500x1125.jpg 1500w, https:\/\/www.kahrglas.at\/wp-content\/uploads\/2014\/03\/Schibt\u00fcr2-705x528.jpg 705w, https:\/\/www.kahrglas.at\/wp-content\/uploads\/2014\/03\/Schibt\u00fcr2-450x337.jpg 450w\" sizes=\"(max-width: 4032px) 100vw, 4032px\" \/><\/div><\/li><li  class='avia-slideshow-slide av-av_slideshow-b4a859125b03d5790d483de55e22cd6a__46  slide-47 slide-odd'><div data-rel='slideshow-1' class='avia-slide-wrap '   ><img decoding=\"async\" class=\"wp-image-3752 avia-img-lazy-loading-not-3752\"  src=\"https:\/\/www.kahrglas.at\/wp-content\/uploads\/2014\/03\/Schiebt\u00fcr.jpg\" width=\"4032\" height=\"3024\" title='Schiebt\u00fcr' alt=''  itemprop=\"thumbnailUrl\" srcset=\"https:\/\/www.kahrglas.at\/wp-content\/uploads\/2014\/03\/Schiebt\u00fcr.jpg 4032w, https:\/\/www.kahrglas.at\/wp-content\/uploads\/2014\/03\/Schiebt\u00fcr-300x225.jpg 300w, https:\/\/www.kahrglas.at\/wp-content\/uploads\/2014\/03\/Schiebt\u00fcr-1030x772.jpg 1030w, https:\/\/www.kahrglas.at\/wp-content\/uploads\/2014\/03\/Schiebt\u00fcr-1500x1125.jpg 1500w, https:\/\/www.kahrglas.at\/wp-content\/uploads\/2014\/03\/Schiebt\u00fcr-705x528.jpg 705w, https:\/\/www.kahrglas.at\/wp-content\/uploads\/2014\/03\/Schiebt\u00fcr-450x337.jpg 450w\" sizes=\"(max-width: 4032px) 100vw, 4032px\" \/><\/div><\/li><li  class='avia-slideshow-slide av-av_slideshow-b4a859125b03d5790d483de55e22cd6a__47  slide-48 slide-even'><div data-rel='slideshow-1' class='avia-slide-wrap '   ><img decoding=\"async\" class=\"wp-image-3753 avia-img-lazy-loading-not-3753\"  src=\"https:\/\/www.kahrglas.at\/wp-content\/uploads\/2014\/03\/Schiebt\u00fcre1.jpg\" width=\"4032\" height=\"3024\" title='Schiebt\u00fcre1' alt=''  itemprop=\"thumbnailUrl\" srcset=\"https:\/\/www.kahrglas.at\/wp-content\/uploads\/2014\/03\/Schiebt\u00fcre1.jpg 4032w, https:\/\/www.kahrglas.at\/wp-content\/uploads\/2014\/03\/Schiebt\u00fcre1-300x225.jpg 300w, https:\/\/www.kahrglas.at\/wp-content\/uploads\/2014\/03\/Schiebt\u00fcre1-1030x772.jpg 1030w, https:\/\/www.kahrglas.at\/wp-content\/uploads\/2014\/03\/Schiebt\u00fcre1-1500x1125.jpg 1500w, https:\/\/www.kahrglas.at\/wp-content\/uploads\/2014\/03\/Schiebt\u00fcre1-705x528.jpg 705w, https:\/\/www.kahrglas.at\/wp-content\/uploads\/2014\/03\/Schiebt\u00fcre1-450x337.jpg 450w\" sizes=\"(max-width: 4032px) 100vw, 4032px\" \/><\/div><\/li><li  class='avia-slideshow-slide av-av_slideshow-b4a859125b03d5790d483de55e22cd6a__48  slide-49 slide-odd'><div data-rel='slideshow-1' class='avia-slide-wrap '   ><img decoding=\"async\" class=\"wp-image-3754 avia-img-lazy-loading-not-3754\"  src=\"https:\/\/www.kahrglas.at\/wp-content\/uploads\/2014\/03\/SpiegelBAD.jpg\" width=\"4032\" height=\"3024\" title='SpiegelBAD' alt=''  itemprop=\"thumbnailUrl\" srcset=\"https:\/\/www.kahrglas.at\/wp-content\/uploads\/2014\/03\/SpiegelBAD.jpg 4032w, https:\/\/www.kahrglas.at\/wp-content\/uploads\/2014\/03\/SpiegelBAD-300x225.jpg 300w, https:\/\/www.kahrglas.at\/wp-content\/uploads\/2014\/03\/SpiegelBAD-1030x772.jpg 1030w, https:\/\/www.kahrglas.at\/wp-content\/uploads\/2014\/03\/SpiegelBAD-1500x1125.jpg 1500w, https:\/\/www.kahrglas.at\/wp-content\/uploads\/2014\/03\/SpiegelBAD-705x528.jpg 705w, https:\/\/www.kahrglas.at\/wp-content\/uploads\/2014\/03\/SpiegelBAD-450x337.jpg 450w\" sizes=\"(max-width: 4032px) 100vw, 4032px\" \/><\/div><\/li><li  class='avia-slideshow-slide av-av_slideshow-b4a859125b03d5790d483de55e22cd6a__49  slide-50 slide-even'><div data-rel='slideshow-1' class='avia-slide-wrap '   ><img decoding=\"async\" class=\"wp-image-3756 avia-img-lazy-loading-not-3756\"  src=\"https:\/\/www.kahrglas.at\/wp-content\/uploads\/2014\/03\/T\u00fcre1.jpg\" width=\"4032\" height=\"3024\" title='T\u00fcre1' alt=''  itemprop=\"thumbnailUrl\" srcset=\"https:\/\/www.kahrglas.at\/wp-content\/uploads\/2014\/03\/T\u00fcre1.jpg 4032w, https:\/\/www.kahrglas.at\/wp-content\/uploads\/2014\/03\/T\u00fcre1-300x225.jpg 300w, https:\/\/www.kahrglas.at\/wp-content\/uploads\/2014\/03\/T\u00fcre1-1030x772.jpg 1030w, https:\/\/www.kahrglas.at\/wp-content\/uploads\/2014\/03\/T\u00fcre1-1500x1125.jpg 1500w, https:\/\/www.kahrglas.at\/wp-content\/uploads\/2014\/03\/T\u00fcre1-705x528.jpg 705w, https:\/\/www.kahrglas.at\/wp-content\/uploads\/2014\/03\/T\u00fcre1-450x337.jpg 450w\" sizes=\"(max-width: 4032px) 100vw, 4032px\" \/><\/div><\/li><li  class='avia-slideshow-slide av-av_slideshow-b4a859125b03d5790d483de55e22cd6a__50  slide-51 slide-odd'><div data-rel='slideshow-1' class='avia-slide-wrap '   ><img decoding=\"async\" class=\"wp-image-3757 avia-img-lazy-loading-not-3757\"  src=\"https:\/\/www.kahrglas.at\/wp-content\/uploads\/2014\/03\/T\u00fcre2.jpg\" width=\"4032\" height=\"3024\" title='T\u00fcre2' alt=''  itemprop=\"thumbnailUrl\" srcset=\"https:\/\/www.kahrglas.at\/wp-content\/uploads\/2014\/03\/T\u00fcre2.jpg 4032w, https:\/\/www.kahrglas.at\/wp-content\/uploads\/2014\/03\/T\u00fcre2-300x225.jpg 300w, https:\/\/www.kahrglas.at\/wp-content\/uploads\/2014\/03\/T\u00fcre2-1030x772.jpg 1030w, https:\/\/www.kahrglas.at\/wp-content\/uploads\/2014\/03\/T\u00fcre2-1500x1125.jpg 1500w, https:\/\/www.kahrglas.at\/wp-content\/uploads\/2014\/03\/T\u00fcre2-705x528.jpg 705w, https:\/\/www.kahrglas.at\/wp-content\/uploads\/2014\/03\/T\u00fcre2-450x337.jpg 450w\" sizes=\"(max-width: 4032px) 100vw, 4032px\" \/><\/div><\/li><li  class='avia-slideshow-slide av-av_slideshow-b4a859125b03d5790d483de55e22cd6a__51  slide-52 slide-even'><div data-rel='slideshow-1' class='avia-slide-wrap '   ><img decoding=\"async\" class=\"wp-image-3758 avia-img-lazy-loading-not-3758\"  src=\"https:\/\/www.kahrglas.at\/wp-content\/uploads\/2014\/03\/T\u00fcre3.jpg\" width=\"4032\" height=\"3024\" title='T\u00fcre3' alt=''  itemprop=\"thumbnailUrl\" srcset=\"https:\/\/www.kahrglas.at\/wp-content\/uploads\/2014\/03\/T\u00fcre3.jpg 4032w, https:\/\/www.kahrglas.at\/wp-content\/uploads\/2014\/03\/T\u00fcre3-300x225.jpg 300w, https:\/\/www.kahrglas.at\/wp-content\/uploads\/2014\/03\/T\u00fcre3-1030x772.jpg 1030w, https:\/\/www.kahrglas.at\/wp-content\/uploads\/2014\/03\/T\u00fcre3-1500x1125.jpg 1500w, https:\/\/www.kahrglas.at\/wp-content\/uploads\/2014\/03\/T\u00fcre3-705x528.jpg 705w, https:\/\/www.kahrglas.at\/wp-content\/uploads\/2014\/03\/T\u00fcre3-450x337.jpg 450w\" sizes=\"(max-width: 4032px) 100vw, 4032px\" \/><\/div><\/li><li  class='avia-slideshow-slide av-av_slideshow-b4a859125b03d5790d483de55e22cd6a__52  slide-53 slide-odd'><div data-rel='slideshow-1' class='avia-slide-wrap '   ><img decoding=\"async\" class=\"wp-image-3759 avia-img-lazy-loading-not-3759\"  src=\"https:\/\/www.kahrglas.at\/wp-content\/uploads\/2014\/03\/T\u00fcregebogen.jpg\" width=\"3264\" height=\"2448\" title='T\u00fcregebogen' alt=''  itemprop=\"thumbnailUrl\" srcset=\"https:\/\/www.kahrglas.at\/wp-content\/uploads\/2014\/03\/T\u00fcregebogen.jpg 3264w, https:\/\/www.kahrglas.at\/wp-content\/uploads\/2014\/03\/T\u00fcregebogen-300x225.jpg 300w, https:\/\/www.kahrglas.at\/wp-content\/uploads\/2014\/03\/T\u00fcregebogen-1030x772.jpg 1030w, https:\/\/www.kahrglas.at\/wp-content\/uploads\/2014\/03\/T\u00fcregebogen-1500x1125.jpg 1500w, https:\/\/www.kahrglas.at\/wp-content\/uploads\/2014\/03\/T\u00fcregebogen-705x528.jpg 705w, https:\/\/www.kahrglas.at\/wp-content\/uploads\/2014\/03\/T\u00fcregebogen-450x337.jpg 450w\" sizes=\"(max-width: 3264px) 100vw, 3264px\" \/><\/div><\/li><li  class='avia-slideshow-slide av-av_slideshow-b4a859125b03d5790d483de55e22cd6a__53  slide-54 slide-even'><div data-rel='slideshow-1' class='avia-slide-wrap '   ><img decoding=\"async\" class=\"wp-image-3761 avia-img-lazy-loading-not-3761\"  src=\"https:\/\/www.kahrglas.at\/wp-content\/uploads\/2014\/03\/T\u00fcreInnen.jpg\" width=\"4032\" height=\"3024\" title='T\u00fcreInnen' alt=''  itemprop=\"thumbnailUrl\" srcset=\"https:\/\/www.kahrglas.at\/wp-content\/uploads\/2014\/03\/T\u00fcreInnen.jpg 4032w, https:\/\/www.kahrglas.at\/wp-content\/uploads\/2014\/03\/T\u00fcreInnen-300x225.jpg 300w, https:\/\/www.kahrglas.at\/wp-content\/uploads\/2014\/03\/T\u00fcreInnen-1030x772.jpg 1030w, https:\/\/www.kahrglas.at\/wp-content\/uploads\/2014\/03\/T\u00fcreInnen-1500x1125.jpg 1500w, https:\/\/www.kahrglas.at\/wp-content\/uploads\/2014\/03\/T\u00fcreInnen-705x528.jpg 705w, https:\/\/www.kahrglas.at\/wp-content\/uploads\/2014\/03\/T\u00fcreInnen-450x337.jpg 450w\" sizes=\"(max-width: 4032px) 100vw, 4032px\" \/><\/div><\/li><li  class='avia-slideshow-slide av-av_slideshow-b4a859125b03d5790d483de55e22cd6a__54  slide-55 slide-odd'><div data-rel='slideshow-1' class='avia-slide-wrap '   ><img decoding=\"async\" class=\"wp-image-3762 avia-img-lazy-loading-not-3762\"  src=\"https:\/\/www.kahrglas.at\/wp-content\/uploads\/2014\/03\/T\u00fcreInnen1.jpg\" width=\"4032\" height=\"3024\" title='T\u00fcreInnen1' alt=''  itemprop=\"thumbnailUrl\" srcset=\"https:\/\/www.kahrglas.at\/wp-content\/uploads\/2014\/03\/T\u00fcreInnen1.jpg 4032w, https:\/\/www.kahrglas.at\/wp-content\/uploads\/2014\/03\/T\u00fcreInnen1-300x225.jpg 300w, https:\/\/www.kahrglas.at\/wp-content\/uploads\/2014\/03\/T\u00fcreInnen1-1030x772.jpg 1030w, https:\/\/www.kahrglas.at\/wp-content\/uploads\/2014\/03\/T\u00fcreInnen1-1500x1125.jpg 1500w, https:\/\/www.kahrglas.at\/wp-content\/uploads\/2014\/03\/T\u00fcreInnen1-705x528.jpg 705w, https:\/\/www.kahrglas.at\/wp-content\/uploads\/2014\/03\/T\u00fcreInnen1-450x337.jpg 450w\" sizes=\"(max-width: 4032px) 100vw, 4032px\" \/><\/div><\/li><li  class='avia-slideshow-slide av-av_slideshow-b4a859125b03d5790d483de55e22cd6a__55  slide-56 slide-even'><div data-rel='slideshow-1' class='avia-slide-wrap '   ><img decoding=\"async\" class=\"wp-image-3764 avia-img-lazy-loading-not-3764\"  src=\"https:\/\/www.kahrglas.at\/wp-content\/uploads\/2014\/03\/T\u00fcrwand1.jpg\" width=\"4032\" height=\"3024\" title='T\u00fcrwand1' alt=''  itemprop=\"thumbnailUrl\" srcset=\"https:\/\/www.kahrglas.at\/wp-content\/uploads\/2014\/03\/T\u00fcrwand1.jpg 4032w, https:\/\/www.kahrglas.at\/wp-content\/uploads\/2014\/03\/T\u00fcrwand1-300x225.jpg 300w, https:\/\/www.kahrglas.at\/wp-content\/uploads\/2014\/03\/T\u00fcrwand1-1030x772.jpg 1030w, https:\/\/www.kahrglas.at\/wp-content\/uploads\/2014\/03\/T\u00fcrwand1-1500x1125.jpg 1500w, https:\/\/www.kahrglas.at\/wp-content\/uploads\/2014\/03\/T\u00fcrwand1-705x528.jpg 705w, https:\/\/www.kahrglas.at\/wp-content\/uploads\/2014\/03\/T\u00fcrwand1-450x337.jpg 450w\" sizes=\"(max-width: 4032px) 100vw, 4032px\" \/><\/div><\/li><\/ul><div class='avia-slideshow-arrows avia-slideshow-controls' ><a href='#prev' class='prev-slide ' aria-hidden='true' data-av_icon='\ue87c' data-av_iconfont='entypo-fontello'  tabindex='-1'>Zur\u00fcck<\/a><a href='#next' class='next-slide ' aria-hidden='true' data-av_icon='\ue87d' data-av_iconfont='entypo-fontello'  tabindex='-1'>Weiter<\/a><\/div><div class='avia-slideshow-dots avia-slideshow-controls'><a href='#1' class='goto-slide active' >1<\/a><a href='#2' class='goto-slide ' >2<\/a><a href='#3' class='goto-slide ' >3<\/a><a href='#4' class='goto-slide ' >4<\/a><a href='#5' class='goto-slide ' >5<\/a><a href='#6' class='goto-slide ' >6<\/a><a href='#7' class='goto-slide ' >7<\/a><a href='#8' class='goto-slide ' >8<\/a><a href='#9' class='goto-slide ' >9<\/a><a href='#10' class='goto-slide ' >10<\/a><a href='#11' class='goto-slide ' >11<\/a><a href='#12' class='goto-slide ' >12<\/a><a href='#13' class='goto-slide ' >13<\/a><a href='#14' class='goto-slide ' >14<\/a><a href='#15' class='goto-slide ' >15<\/a><a href='#16' class='goto-slide ' >16<\/a><a href='#17' class='goto-slide ' >17<\/a><a href='#18' class='goto-slide ' >18<\/a><a href='#19' class='goto-slide ' >19<\/a><a href='#20' class='goto-slide ' >20<\/a><a href='#21' class='goto-slide ' >21<\/a><a href='#22' class='goto-slide ' >22<\/a><a href='#23' class='goto-slide ' >23<\/a><a href='#24' class='goto-slide ' >24<\/a><a href='#25' class='goto-slide ' >25<\/a><a href='#26' class='goto-slide ' >26<\/a><a href='#27' class='goto-slide ' >27<\/a><a href='#28' class='goto-slide ' >28<\/a><a href='#29' class='goto-slide ' >29<\/a><a href='#30' class='goto-slide ' >30<\/a><a href='#31' class='goto-slide ' >31<\/a><a href='#32' class='goto-slide ' >32<\/a><a href='#33' class='goto-slide ' >33<\/a><a href='#34' class='goto-slide ' >34<\/a><a href='#35' class='goto-slide ' >35<\/a><a href='#36' class='goto-slide ' >36<\/a><a href='#37' class='goto-slide ' >37<\/a><a href='#38' class='goto-slide ' >38<\/a><a href='#39' class='goto-slide ' >39<\/a><a href='#40' class='goto-slide ' >40<\/a><a href='#41' class='goto-slide ' >41<\/a><a href='#42' class='goto-slide ' >42<\/a><a href='#43' class='goto-slide ' >43<\/a><a href='#44' class='goto-slide ' >44<\/a><a href='#45' class='goto-slide ' >45<\/a><a href='#46' class='goto-slide ' >46<\/a><a href='#47' class='goto-slide ' >47<\/a><a href='#48' class='goto-slide ' >48<\/a><a href='#49' class='goto-slide ' >49<\/a><a href='#50' class='goto-slide ' >50<\/a><a href='#51' class='goto-slide ' >51<\/a><a href='#52' class='goto-slide ' >52<\/a><a href='#53' class='goto-slide ' >53<\/a><a href='#54' class='goto-slide ' >54<\/a><a href='#55' class='goto-slide ' >55<\/a><a href='#56' class='goto-slide ' >56<\/a><\/div><\/div><\/div><div  class='flex_column av-av_one_third-5c3bdd854542bbc70d067b1f6b1f9883 av_one_third  avia-builder-el-2  el_after_av_two_third  el_before_av_one_full  flex_column_div  '     ><section  class='av_textblock_section av-av_textblock-aaf3a53f7e22769a7798f31e42769683 '   itemscope=\"itemscope\" itemtype=\"https:\/\/schema.org\/CreativeWork\" ><div class='avia_textblock'  itemprop=\"text\" ><h1><strong>Verglasung von W\u00e4nden &amp; T\u00fcren<\/strong><\/h1>\n<p>Egal, ob Sie R\u00e4ume abtrennen, einen repr\u00e4sentativen Eingangsbereich schaffen oder Farbakzente in Sanit\u00e4rr\u00e4umen setzen m\u00f6chten, mit unseren eleganten L\u00f6sungen und unterschiedlichen Techniken haben wir sicherlich die beste L\u00f6sung f\u00fcr Ihr Gesch\u00e4ftslokal oder Eigenheim.<\/p>\n<ul>\n<li>Schiebet\u00fcren<\/li>\n<li>Dreht\u00fcren<\/li>\n<li>Ganzglas-Anlagen<\/li>\n<li>W\u00e4nde<\/li>\n<\/ul>\n<\/div><\/section><\/div><\/p>\n<div  class='flex_column av-av_one_full-2a9015ff38129c418a3f2eafba3e9512 av_one_full  avia-builder-el-4  el_after_av_one_third  el_before_av_hr  first flex_column_div  column-top-margin'     ><form action=\"https:\/\/www.kahrglas.at\/?portfolio=trennwaende\" method=\"post\" data-fields-with-error=\"Found errors in the following field(s):\" class=\"avia_ajax_form av-form-labels-visible   avia-builder-el-5  avia-builder-el-no-sibling   \" data-avia-form-id=\"1\" data-avia-redirect='' ><h3 class=''>Sie haben eine Frage zu unseren Arbeiten?<\/h3><fieldset><p class='  first_form  form_element form_fullwidth' id='element_avia_1_1'><label for=\"avia_1_1\">Name <abbr class=\"required\" title=\"ben\u00f6tigt\">*<\/abbr><\/label> <input name=\"avia_1_1\" class=\"text_input is_empty\" type=\"text\" id=\"avia_1_1\" value=\"\" \/><\/p><p class='  first_form  form_element form_fullwidth' id='element_avia_2_1'><label for=\"avia_2_1\">E-Mail <abbr class=\"required\" title=\"ben\u00f6tigt\">*<\/abbr><\/label> <input name=\"avia_2_1\" class=\"text_input is_email\" type=\"text\" id=\"avia_2_1\" value=\"\" \/><\/p><p class='  first_form  form_element form_fullwidth av-last-visible-form-element' id='element_avia_3_1'><label for=\"avia_3_1\" class=\"textare_label hidden textare_label_avia_3_1\">Nachricht <abbr class=\"required\" title=\"ben\u00f6tigt\">*<\/abbr><\/label><textarea  name=\"avia_3_1\" class=\"text_area is_empty\" cols=\"40\" rows=\"7\" id=\"avia_3_1\" ><\/textarea><\/p><p class=\"hidden\"><input type=\"text\" name=\"avia_4_1\" class=\"hidden \" id=\"avia_4_1\" value=\"\" \/><\/p><p class=\"form_element \"><input type=\"hidden\" value=\"1\" name=\"avia_generated_form1\" \/><input type=\"submit\" value=\"Anfragen\" class=\"button\"  data-sending-label=\"Sende\"\/><\/p><\/fieldset><\/form><div id=\"ajaxresponse_1\" class=\"ajaxresponse ajaxresponse_1 hidden\"><\/div><\/div>\n\n<style type=\"text\/css\" data-created_by=\"avia_inline_auto\" id=\"style-css-av-av_hr-a1c243cf92197389409c1f0baee7f17b\">\n#top .hr.hr-invisible.av-av_hr-a1c243cf92197389409c1f0baee7f17b{\nheight:30px;\n}\n<\/style>\n<div  class='hr av-av_hr-a1c243cf92197389409c1f0baee7f17b hr-invisible  avia-builder-el-6  el_after_av_one_full  el_before_av_textblock '><span class='hr-inner '><span class=\"hr-inner-style\"><\/span><\/span><\/div>\n<section  class='av_textblock_section av-av_textblock-aaf3a53f7e22769a7798f31e42769683 '   itemscope=\"itemscope\" itemtype=\"https:\/\/schema.org\/CreativeWork\" ><div class='avia_textblock'  itemprop=\"text\" ><h4 style=\"text-align: center;\">Weitere Arbeiten<\/h4>\n<\/div><\/section>\n<div  class='hr av-av_hr-4a566f4a73ae78223e1997276585dc3a hr-short  avia-builder-el-8  el_after_av_textblock  el_before_av_portfolio  avia-builder-el-last  hr-center'><span class='hr-inner '><span class=\"hr-inner-style\"><\/span><\/span><\/div>\n<div  id=\"av-sc-portfolio-1\"  class=' grid-sort-container isotope   no_margin-container with-excerpt-container grid-total-odd grid-col-4 grid-links-' data-portfolio-id='1'><div data-ajax-id='3279' class=' grid-entry flex_column isotope-item all_sort no_margin post-entry post-entry-3279 grid-entry-overview grid-loop-1 grid-parity-odd  gelaender-aussen_sort  av_one_fourth first default_av_fullwidth '><article class='main_color inner-entry'  itemscope=\"itemscope\" itemtype=\"https:\/\/schema.org\/CreativeWork\" ><a href=\"https:\/\/www.kahrglas.at\/?portfolio=gelaender-aussenbereich\" title='Gel\u00e4nder Au\u00dfenbereich'  data-rel='grid-1' class='grid-image avia-hover-fx'> <img decoding=\"async\" width=\"260\" height=\"185\" src=\"https:\/\/www.kahrglas.at\/wp-content\/uploads\/2014\/05\/geland_22-260x185.jpg\" class=\"wp-image-3286 avia-img-lazy-loading-not-3286 attachment-portfolio_small size-portfolio_small wp-post-image\" alt=\"\" \/><\/a><div class='grid-content'><div class='avia-arrow'><\/div><header class=\"entry-content-header\"><h3 class='grid-entry-title entry-title '  itemprop=\"headline\" ><a href='https:\/\/www.kahrglas.at\/?portfolio=gelaender-aussenbereich' title='Gel\u00e4nder Au\u00dfenbereich'>Gel\u00e4nder Au\u00dfenbereich<\/a><\/h3><\/header><\/div><footer class=\"entry-footer\"><\/footer><\/article><\/div><div data-ajax-id='3205' class=' grid-entry flex_column isotope-item all_sort no_margin post-entry post-entry-3205 grid-entry-overview grid-loop-2 grid-parity-even  gelaender_sort  av_one_fourth  default_av_fullwidth '><article class='main_color inner-entry'  itemscope=\"itemscope\" itemtype=\"https:\/\/schema.org\/CreativeWork\" ><a href=\"https:\/\/www.kahrglas.at\/?portfolio=gelaender-2\" title='Gel\u00e4nder Innenraum'  data-rel='grid-1' class='grid-image avia-hover-fx'> <img decoding=\"async\" width=\"260\" height=\"185\" src=\"https:\/\/www.kahrglas.at\/wp-content\/uploads\/2014\/03\/geland9-260x185.jpg\" class=\"wp-image-3249 avia-img-lazy-loading-not-3249 attachment-portfolio_small size-portfolio_small wp-post-image\" alt=\"\" \/><\/a><div class='grid-content'><div class='avia-arrow'><\/div><header class=\"entry-content-header\"><h3 class='grid-entry-title entry-title '  itemprop=\"headline\" ><a href='https:\/\/www.kahrglas.at\/?portfolio=gelaender-2' title='Gel\u00e4nder Innenraum'>Gel\u00e4nder Innenraum<\/a><\/h3><\/header><\/div><footer class=\"entry-footer\"><\/footer><\/article><\/div><div data-ajax-id='3212' class=' grid-entry flex_column isotope-item all_sort no_margin post-entry post-entry-3212 grid-entry-overview grid-loop-3 grid-parity-odd  post-entry-last  geschenkideen_sort  av_one_fourth  default_av_fullwidth '><article class='main_color inner-entry'  itemscope=\"itemscope\" itemtype=\"https:\/\/schema.org\/CreativeWork\" ><a href=\"https:\/\/www.kahrglas.at\/?portfolio=geschenkideen\" title='Geschenkideen'  data-rel='grid-1' class='grid-image avia-hover-fx'> <img decoding=\"async\" width=\"260\" height=\"185\" src=\"https:\/\/www.kahrglas.at\/wp-content\/uploads\/2014\/02\/Vase6-260x185.jpg\" class=\"wp-image-3362 avia-img-lazy-loading-not-3362 attachment-portfolio_small size-portfolio_small wp-post-image\" alt=\"\" \/><\/a><div class='grid-content'><div class='avia-arrow'><\/div><header class=\"entry-content-header\"><h3 class='grid-entry-title entry-title '  itemprop=\"headline\" ><a href='https:\/\/www.kahrglas.at\/?portfolio=geschenkideen' title='Geschenkideen'>Geschenkideen<\/a><\/h3><\/header><\/div><footer class=\"entry-footer\"><\/footer><\/article><\/div><\/div>\n","protected":false},"excerpt":{"rendered":"","protected":false},"featured_media":3223,"comment_status":"open","ping_status":"closed","template":"","tags":[],"portfolio_entries":[25],"_links":{"self":[{"href":"https:\/\/www.kahrglas.at\/index.php?rest_route=\/wp\/v2\/portfolio\/3164"}],"collection":[{"href":"https:\/\/www.kahrglas.at\/index.php?rest_route=\/wp\/v2\/portfolio"}],"about":[{"href":"https:\/\/www.kahrglas.at\/index.php?rest_route=\/wp\/v2\/types\/portfolio"}],"replies":[{"embeddable":true,"href":"https:\/\/www.kahrglas.at\/index.php?rest_route=%2Fwp%2Fv2%2Fcomments&post=3164"}],"version-history":[{"count":1,"href":"https:\/\/www.kahrglas.at\/index.php?rest_route=\/wp\/v2\/portfolio\/3164\/revisions"}],"predecessor-version":[{"id":3177,"href":"https:\/\/www.kahrglas.at\/index.php?rest_route=\/wp\/v2\/portfolio\/3164\/revisions\/3177"}],"wp:featuredmedia":[{"embeddable":true,"href":"https:\/\/www.kahrglas.at\/index.php?rest_route=\/wp\/v2\/media\/3223"}],"wp:attachment":[{"href":"https:\/\/www.kahrglas.at\/index.php?rest_route=%2Fwp%2Fv2%2Fmedia&parent=3164"}],"wp:term":[{"taxonomy":"post_tag","embeddable":true,"href":"https:\/\/www.kahrglas.at\/index.php?rest_route=%2Fwp%2Fv2%2Ftags&post=3164"},{"taxonomy":"portfolio_entries","embeddable":true,"href":"https:\/\/www.kahrglas.at\/index.php?rest_route=%2Fwp%2Fv2%2Fportfolio_entries&post=3164"}],"curies":[{"name":"wp","href":"https:\/\/api.w.org\/{rel}","templated":true}]}}