{"id":3165,"date":"2014-03-28T15:46:31","date_gmt":"2014-03-28T13:46:31","guid":{"rendered":"http:\/\/www.kahrglas.at\/?post_type=portfolio&#038;p=3165"},"modified":"2023-01-11T15:30:33","modified_gmt":"2023-01-11T13:30:33","slug":"spiegel-ausgefallenes","status":"publish","type":"portfolio","link":"https:\/\/www.kahrglas.at\/?portfolio=spiegel-ausgefallenes","title":{"rendered":"Spiegel &#038; Ausgefallenes"},"content":{"rendered":"<div  class='flex_column av-av_two_third-2a9015ff38129c418a3f2eafba3e9512 av_two_third  avia-builder-el-0  el_before_av_one_third  avia-builder-el-first  first flex_column_div  '     ><div  class='avia-slideshow av-av_slideshow-b9322e03a4210653058a8e24d6cb2194 avia-slideshow-shop_catalog av_slideshow avia-fade-slider  avia-builder-el-1  avia-builder-el-no-sibling  av-slideshow-ui av-control-default av-slideshow-autoplay av-loop-endless av-loop-manual-endless av-default-height-applied avia-slideshow-1' data-slideshow-options=\"{&quot;animation&quot;:&quot;fade&quot;,&quot;autoplay&quot;:true,&quot;loop_autoplay&quot;:&quot;endless&quot;,&quot;interval&quot;:5,&quot;loop_manual&quot;:&quot;manual-endless&quot;,&quot;autoplay_stopper&quot;:false,&quot;noNavigation&quot;:false,&quot;bg_slider&quot;:false,&quot;keep_padding&quot;:false,&quot;hoverpause&quot;:false,&quot;show_slide_delay&quot;:0}\"  itemprop=\"image\" itemscope=\"itemscope\" itemtype=\"https:\/\/schema.org\/ImageObject\" ><ul class='avia-slideshow-inner ' style='padding-bottom: 100%;'><li  class='avia-slideshow-slide av-av_slideshow-b9322e03a4210653058a8e24d6cb2194__0  slide-1 slide-odd'><div data-rel='slideshow-1' class='avia-slide-wrap '   ><div class='av-slideshow-caption av-av_slideshow-b9322e03a4210653058a8e24d6cb2194__0 avia-caption'><div class=\"avia-inner-caption\"><div class='avia-caption-content '  itemprop=\"description\" ><p>Spiegel<\/p>\n<\/div><\/div><\/div><img decoding=\"async\" class=\"wp-image-3190 avia-img-lazy-loading-not-3190\"  src=\"https:\/\/www.kahrglas.at\/wp-content\/uploads\/2014\/04\/spiegel1-450x450.jpg\" width=\"450\" height=\"450\" title='spiegel1' alt=''  itemprop=\"thumbnailUrl\" srcset=\"https:\/\/www.kahrglas.at\/wp-content\/uploads\/2014\/04\/spiegel1-450x450.jpg 450w, https:\/\/www.kahrglas.at\/wp-content\/uploads\/2014\/04\/spiegel1-80x80.jpg 80w, https:\/\/www.kahrglas.at\/wp-content\/uploads\/2014\/04\/spiegel1-36x36.jpg 36w, https:\/\/www.kahrglas.at\/wp-content\/uploads\/2014\/04\/spiegel1-180x180.jpg 180w, https:\/\/www.kahrglas.at\/wp-content\/uploads\/2014\/04\/spiegel1-120x120.jpg 120w\" sizes=\"(max-width: 450px) 100vw, 450px\" \/><\/div><\/li><li  class='avia-slideshow-slide av-av_slideshow-b9322e03a4210653058a8e24d6cb2194__1  slide-2 slide-even'><div data-rel='slideshow-1' class='avia-slide-wrap '   ><img decoding=\"async\" class=\"wp-image-3363 avia-img-lazy-loading-not-3363\"  src=\"https:\/\/www.kahrglas.at\/wp-content\/uploads\/2014\/03\/fb-450x450.jpg\" width=\"450\" height=\"450\" title='fb' alt=''  itemprop=\"thumbnailUrl\" srcset=\"https:\/\/www.kahrglas.at\/wp-content\/uploads\/2014\/03\/fb-450x450.jpg 450w, https:\/\/www.kahrglas.at\/wp-content\/uploads\/2014\/03\/fb-80x80.jpg 80w, https:\/\/www.kahrglas.at\/wp-content\/uploads\/2014\/03\/fb-36x36.jpg 36w, https:\/\/www.kahrglas.at\/wp-content\/uploads\/2014\/03\/fb-180x180.jpg 180w, https:\/\/www.kahrglas.at\/wp-content\/uploads\/2014\/03\/fb-120x120.jpg 120w\" sizes=\"(max-width: 450px) 100vw, 450px\" \/><\/div><\/li><li  class='avia-slideshow-slide av-av_slideshow-b9322e03a4210653058a8e24d6cb2194__2  slide-3 slide-odd'><div data-rel='slideshow-1' class='avia-slide-wrap '   ><img decoding=\"async\" class=\"wp-image-3347 avia-img-lazy-loading-not-3347\"  src=\"https:\/\/www.kahrglas.at\/wp-content\/uploads\/2014\/02\/Handtuchspender-450x450.jpg\" width=\"450\" height=\"450\" title='Handtuchspender' alt=''  itemprop=\"thumbnailUrl\" srcset=\"https:\/\/www.kahrglas.at\/wp-content\/uploads\/2014\/02\/Handtuchspender-450x450.jpg 450w, https:\/\/www.kahrglas.at\/wp-content\/uploads\/2014\/02\/Handtuchspender-80x80.jpg 80w, https:\/\/www.kahrglas.at\/wp-content\/uploads\/2014\/02\/Handtuchspender-36x36.jpg 36w, https:\/\/www.kahrglas.at\/wp-content\/uploads\/2014\/02\/Handtuchspender-180x180.jpg 180w, https:\/\/www.kahrglas.at\/wp-content\/uploads\/2014\/02\/Handtuchspender-120x120.jpg 120w\" sizes=\"(max-width: 450px) 100vw, 450px\" \/><\/div><\/li><li  class='avia-slideshow-slide av-av_slideshow-b9322e03a4210653058a8e24d6cb2194__3  slide-4 slide-even'><div data-rel='slideshow-1' class='avia-slide-wrap '   ><img decoding=\"async\" class=\"wp-image-3348 avia-img-lazy-loading-not-3348\"  src=\"https:\/\/www.kahrglas.at\/wp-content\/uploads\/2014\/02\/objekt2-450x450.jpg\" width=\"450\" height=\"450\" title='objekt2' alt=''  itemprop=\"thumbnailUrl\" srcset=\"https:\/\/www.kahrglas.at\/wp-content\/uploads\/2014\/02\/objekt2-450x450.jpg 450w, https:\/\/www.kahrglas.at\/wp-content\/uploads\/2014\/02\/objekt2-80x80.jpg 80w, https:\/\/www.kahrglas.at\/wp-content\/uploads\/2014\/02\/objekt2-36x36.jpg 36w, https:\/\/www.kahrglas.at\/wp-content\/uploads\/2014\/02\/objekt2-180x180.jpg 180w, https:\/\/www.kahrglas.at\/wp-content\/uploads\/2014\/02\/objekt2-120x120.jpg 120w\" sizes=\"(max-width: 450px) 100vw, 450px\" \/><\/div><\/li><li  class='avia-slideshow-slide av-av_slideshow-b9322e03a4210653058a8e24d6cb2194__4  slide-5 slide-odd'><div data-rel='slideshow-1' class='avia-slide-wrap '   ><img decoding=\"async\" class=\"wp-image-3349 avia-img-lazy-loading-not-3349\"  src=\"https:\/\/www.kahrglas.at\/wp-content\/uploads\/2014\/02\/pokal-450x450.jpg\" width=\"450\" height=\"450\" title='pokal' alt=''  itemprop=\"thumbnailUrl\" srcset=\"https:\/\/www.kahrglas.at\/wp-content\/uploads\/2014\/02\/pokal-450x450.jpg 450w, https:\/\/www.kahrglas.at\/wp-content\/uploads\/2014\/02\/pokal-80x80.jpg 80w, https:\/\/www.kahrglas.at\/wp-content\/uploads\/2014\/02\/pokal-36x36.jpg 36w, https:\/\/www.kahrglas.at\/wp-content\/uploads\/2014\/02\/pokal-180x180.jpg 180w, https:\/\/www.kahrglas.at\/wp-content\/uploads\/2014\/02\/pokal-120x120.jpg 120w\" sizes=\"(max-width: 450px) 100vw, 450px\" \/><\/div><\/li><li  class='avia-slideshow-slide av-av_slideshow-b9322e03a4210653058a8e24d6cb2194__5  slide-6 slide-even'><div data-rel='slideshow-1' class='avia-slide-wrap '   ><img decoding=\"async\" class=\"wp-image-3352 avia-img-lazy-loading-not-3352\"  src=\"https:\/\/www.kahrglas.at\/wp-content\/uploads\/2014\/02\/tischdeko3-450x450.jpg\" width=\"450\" height=\"450\" title='tischdeko3' alt=''  itemprop=\"thumbnailUrl\" srcset=\"https:\/\/www.kahrglas.at\/wp-content\/uploads\/2014\/02\/tischdeko3-450x450.jpg 450w, https:\/\/www.kahrglas.at\/wp-content\/uploads\/2014\/02\/tischdeko3-80x80.jpg 80w, https:\/\/www.kahrglas.at\/wp-content\/uploads\/2014\/02\/tischdeko3-36x36.jpg 36w, https:\/\/www.kahrglas.at\/wp-content\/uploads\/2014\/02\/tischdeko3-180x180.jpg 180w, https:\/\/www.kahrglas.at\/wp-content\/uploads\/2014\/02\/tischdeko3-120x120.jpg 120w\" sizes=\"(max-width: 450px) 100vw, 450px\" \/><\/div><\/li><li  class='avia-slideshow-slide av-av_slideshow-b9322e03a4210653058a8e24d6cb2194__6  slide-7 slide-odd'><div data-rel='slideshow-1' class='avia-slide-wrap '   ><img decoding=\"async\" class=\"wp-image-3765 avia-img-lazy-loading-not-3765\"  src=\"https:\/\/www.kahrglas.at\/wp-content\/uploads\/2014\/03\/Spiegel-450x450.jpg\" width=\"450\" height=\"450\" title='Spiegel' alt=''  itemprop=\"thumbnailUrl\" srcset=\"https:\/\/www.kahrglas.at\/wp-content\/uploads\/2014\/03\/Spiegel-450x450.jpg 450w, https:\/\/www.kahrglas.at\/wp-content\/uploads\/2014\/03\/Spiegel-80x80.jpg 80w, https:\/\/www.kahrglas.at\/wp-content\/uploads\/2014\/03\/Spiegel-36x36.jpg 36w, https:\/\/www.kahrglas.at\/wp-content\/uploads\/2014\/03\/Spiegel-180x180.jpg 180w, https:\/\/www.kahrglas.at\/wp-content\/uploads\/2014\/03\/Spiegel-120x120.jpg 120w\" sizes=\"(max-width: 450px) 100vw, 450px\" \/><\/div><\/li><\/ul><div class='avia-slideshow-arrows avia-slideshow-controls' ><a href='#prev' class='prev-slide ' aria-hidden='true' data-av_icon='\ue87c' data-av_iconfont='entypo-fontello'  tabindex='-1'>Zur\u00fcck<\/a><a href='#next' class='next-slide ' aria-hidden='true' data-av_icon='\ue87d' data-av_iconfont='entypo-fontello'  tabindex='-1'>Weiter<\/a><\/div><div class='avia-slideshow-dots avia-slideshow-controls'><a href='#1' class='goto-slide active' >1<\/a><a href='#2' class='goto-slide ' >2<\/a><a href='#3' class='goto-slide ' >3<\/a><a href='#4' class='goto-slide ' >4<\/a><a href='#5' class='goto-slide ' >5<\/a><a href='#6' class='goto-slide ' >6<\/a><a href='#7' class='goto-slide ' >7<\/a><\/div><\/div><\/div><div  class='flex_column av-av_one_third-5c3bdd854542bbc70d067b1f6b1f9883 av_one_third  avia-builder-el-2  el_after_av_two_third  el_before_av_one_full  flex_column_div  '     ><section  class='av_textblock_section av-av_textblock-aaf3a53f7e22769a7798f31e42769683 '   itemscope=\"itemscope\" itemtype=\"https:\/\/schema.org\/CreativeWork\" ><div class='avia_textblock'  itemprop=\"text\" ><h1><strong>Spiegel &amp; Ausgefallenes<\/strong><\/h1>\n<p>Verspiegelungen sind fast in jeder Abmessung m\u00f6glich und vergr\u00f6\u00dfern optisch Ihre R\u00e4ume. Individuelle Zuschnitte, zum Beispiel bei Dachschr\u00e4gen, stellen kein Hinternis dar. Die Montage erfolgt durch Verklebung mit der Wand. \u00dcber zweckm\u00e4\u00dfige L\u00f6sungen hinaus bieten wir auch ausgefallene Geschenkideen an. Lassen Sie sich beraten.<\/p>\n<ul>\n<li>Spiegel<\/li>\n<li>Spiegelw\u00e4nde<\/li>\n<li>Ausgefallenes<\/li>\n<\/ul>\n<\/div><\/section><\/div><\/p>\n<div  class='flex_column av-av_one_full-2a9015ff38129c418a3f2eafba3e9512 av_one_full  avia-builder-el-4  el_after_av_one_third  el_before_av_hr  first flex_column_div  column-top-margin'     ><form action=\"https:\/\/www.kahrglas.at\/?portfolio=spiegel-ausgefallenes\" method=\"post\" data-fields-with-error=\"Found errors in the following field(s):\" class=\"avia_ajax_form av-form-labels-visible   avia-builder-el-5  avia-builder-el-no-sibling   \" data-avia-form-id=\"1\" data-avia-redirect='' ><h3 class=''>Sie haben eine Frage zu unseren Arbeiten?<\/h3><fieldset><p class='  first_form  form_element form_fullwidth' id='element_avia_1_1'><label for=\"avia_1_1\">Name <abbr class=\"required\" title=\"ben\u00f6tigt\">*<\/abbr><\/label> <input name=\"avia_1_1\" class=\"text_input is_empty\" type=\"text\" id=\"avia_1_1\" value=\"\" \/><\/p><p class='  first_form  form_element form_fullwidth' id='element_avia_2_1'><label for=\"avia_2_1\">E-Mail <abbr class=\"required\" title=\"ben\u00f6tigt\">*<\/abbr><\/label> <input name=\"avia_2_1\" class=\"text_input is_email\" type=\"text\" id=\"avia_2_1\" value=\"\" \/><\/p><p class='  first_form  form_element form_fullwidth av-last-visible-form-element' id='element_avia_3_1'><label for=\"avia_3_1\" class=\"textare_label hidden textare_label_avia_3_1\">Nachricht <abbr class=\"required\" title=\"ben\u00f6tigt\">*<\/abbr><\/label><textarea  name=\"avia_3_1\" class=\"text_area is_empty\" cols=\"40\" rows=\"7\" id=\"avia_3_1\" ><\/textarea><\/p><p class=\"hidden\"><input type=\"text\" name=\"avia_4_1\" class=\"hidden \" id=\"avia_4_1\" value=\"\" \/><\/p><p class=\"form_element \"><input type=\"hidden\" value=\"1\" name=\"avia_generated_form1\" \/><input type=\"submit\" value=\"Anfragen\" class=\"button\"  data-sending-label=\"Sende\"\/><\/p><\/fieldset><\/form><div id=\"ajaxresponse_1\" class=\"ajaxresponse ajaxresponse_1 hidden\"><\/div><\/div>\n\n<style type=\"text\/css\" data-created_by=\"avia_inline_auto\" id=\"style-css-av-av_hr-a1c243cf92197389409c1f0baee7f17b\">\n#top .hr.hr-invisible.av-av_hr-a1c243cf92197389409c1f0baee7f17b{\nheight:30px;\n}\n<\/style>\n<div  class='hr av-av_hr-a1c243cf92197389409c1f0baee7f17b hr-invisible  avia-builder-el-6  el_after_av_one_full  el_before_av_textblock '><span class='hr-inner '><span class=\"hr-inner-style\"><\/span><\/span><\/div>\n<section  class='av_textblock_section av-av_textblock-aaf3a53f7e22769a7798f31e42769683 '   itemscope=\"itemscope\" itemtype=\"https:\/\/schema.org\/CreativeWork\" ><div class='avia_textblock'  itemprop=\"text\" ><h4 style=\"text-align: center;\">Weitere Arbeiten<\/h4>\n<\/div><\/section>\n<div  class='hr av-av_hr-4a566f4a73ae78223e1997276585dc3a hr-short  avia-builder-el-8  el_after_av_textblock  el_before_av_portfolio  avia-builder-el-last  hr-center'><span class='hr-inner '><span class=\"hr-inner-style\"><\/span><\/span><\/div>\n<div  id=\"av-sc-portfolio-1\"  class=' grid-sort-container isotope   no_margin-container with-excerpt-container grid-total-odd grid-col-4 grid-links-' data-portfolio-id='1'><div data-ajax-id='3279' class=' grid-entry flex_column isotope-item all_sort no_margin post-entry post-entry-3279 grid-entry-overview grid-loop-1 grid-parity-odd  gelaender-aussen_sort  av_one_fourth first default_av_fullwidth '><article class='main_color inner-entry'  itemscope=\"itemscope\" itemtype=\"https:\/\/schema.org\/CreativeWork\" ><a href=\"https:\/\/www.kahrglas.at\/?portfolio=gelaender-aussenbereich\" title='Gel\u00e4nder Au\u00dfenbereich'  data-rel='grid-1' class='grid-image avia-hover-fx'> <img decoding=\"async\" width=\"260\" height=\"185\" src=\"https:\/\/www.kahrglas.at\/wp-content\/uploads\/2014\/05\/geland_22-260x185.jpg\" class=\"wp-image-3286 avia-img-lazy-loading-not-3286 attachment-portfolio_small size-portfolio_small wp-post-image\" alt=\"\" \/><\/a><div class='grid-content'><div class='avia-arrow'><\/div><header class=\"entry-content-header\"><h3 class='grid-entry-title entry-title '  itemprop=\"headline\" ><a href='https:\/\/www.kahrglas.at\/?portfolio=gelaender-aussenbereich' title='Gel\u00e4nder Au\u00dfenbereich'>Gel\u00e4nder Au\u00dfenbereich<\/a><\/h3><\/header><\/div><footer class=\"entry-footer\"><\/footer><\/article><\/div><div data-ajax-id='3205' class=' grid-entry flex_column isotope-item all_sort no_margin post-entry post-entry-3205 grid-entry-overview grid-loop-2 grid-parity-even  gelaender_sort  av_one_fourth  default_av_fullwidth '><article class='main_color inner-entry'  itemscope=\"itemscope\" itemtype=\"https:\/\/schema.org\/CreativeWork\" ><a href=\"https:\/\/www.kahrglas.at\/?portfolio=gelaender-2\" title='Gel\u00e4nder Innenraum'  data-rel='grid-1' class='grid-image avia-hover-fx'> <img decoding=\"async\" width=\"260\" height=\"185\" src=\"https:\/\/www.kahrglas.at\/wp-content\/uploads\/2014\/03\/geland9-260x185.jpg\" class=\"wp-image-3249 avia-img-lazy-loading-not-3249 attachment-portfolio_small size-portfolio_small wp-post-image\" alt=\"\" \/><\/a><div class='grid-content'><div class='avia-arrow'><\/div><header class=\"entry-content-header\"><h3 class='grid-entry-title entry-title '  itemprop=\"headline\" ><a href='https:\/\/www.kahrglas.at\/?portfolio=gelaender-2' title='Gel\u00e4nder Innenraum'>Gel\u00e4nder Innenraum<\/a><\/h3><\/header><\/div><footer class=\"entry-footer\"><\/footer><\/article><\/div><div data-ajax-id='3212' class=' grid-entry flex_column isotope-item all_sort no_margin post-entry post-entry-3212 grid-entry-overview grid-loop-3 grid-parity-odd  post-entry-last  geschenkideen_sort  av_one_fourth  default_av_fullwidth '><article class='main_color inner-entry'  itemscope=\"itemscope\" itemtype=\"https:\/\/schema.org\/CreativeWork\" ><a href=\"https:\/\/www.kahrglas.at\/?portfolio=geschenkideen\" title='Geschenkideen'  data-rel='grid-1' class='grid-image avia-hover-fx'> <img decoding=\"async\" width=\"260\" height=\"185\" src=\"https:\/\/www.kahrglas.at\/wp-content\/uploads\/2014\/02\/Vase6-260x185.jpg\" class=\"wp-image-3362 avia-img-lazy-loading-not-3362 attachment-portfolio_small size-portfolio_small wp-post-image\" alt=\"\" \/><\/a><div class='grid-content'><div class='avia-arrow'><\/div><header class=\"entry-content-header\"><h3 class='grid-entry-title entry-title '  itemprop=\"headline\" ><a href='https:\/\/www.kahrglas.at\/?portfolio=geschenkideen' title='Geschenkideen'>Geschenkideen<\/a><\/h3><\/header><\/div><footer class=\"entry-footer\"><\/footer><\/article><\/div><\/div>\n","protected":false},"excerpt":{"rendered":"","protected":false},"featured_media":3190,"comment_status":"open","ping_status":"closed","template":"","tags":[],"portfolio_entries":[42],"_links":{"self":[{"href":"https:\/\/www.kahrglas.at\/index.php?rest_route=\/wp\/v2\/portfolio\/3165"}],"collection":[{"href":"https:\/\/www.kahrglas.at\/index.php?rest_route=\/wp\/v2\/portfolio"}],"about":[{"href":"https:\/\/www.kahrglas.at\/index.php?rest_route=\/wp\/v2\/types\/portfolio"}],"replies":[{"embeddable":true,"href":"https:\/\/www.kahrglas.at\/index.php?rest_route=%2Fwp%2Fv2%2Fcomments&post=3165"}],"version-history":[{"count":1,"href":"https:\/\/www.kahrglas.at\/index.php?rest_route=\/wp\/v2\/portfolio\/3165\/revisions"}],"predecessor-version":[{"id":3364,"href":"https:\/\/www.kahrglas.at\/index.php?rest_route=\/wp\/v2\/portfolio\/3165\/revisions\/3364"}],"wp:featuredmedia":[{"embeddable":true,"href":"https:\/\/www.kahrglas.at\/index.php?rest_route=\/wp\/v2\/media\/3190"}],"wp:attachment":[{"href":"https:\/\/www.kahrglas.at\/index.php?rest_route=%2Fwp%2Fv2%2Fmedia&parent=3165"}],"wp:term":[{"taxonomy":"post_tag","embeddable":true,"href":"https:\/\/www.kahrglas.at\/index.php?rest_route=%2Fwp%2Fv2%2Ftags&post=3165"},{"taxonomy":"portfolio_entries","embeddable":true,"href":"https:\/\/www.kahrglas.at\/index.php?rest_route=%2Fwp%2Fv2%2Fportfolio_entries&post=3165"}],"curies":[{"name":"wp","href":"https:\/\/api.w.org\/{rel}","templated":true}]}}