{"id":3205,"date":"2014-03-03T09:14:26","date_gmt":"2014-03-03T07:14:26","guid":{"rendered":"http:\/\/www.kahrglas.at\/?post_type=portfolio&#038;p=3205"},"modified":"2023-01-11T15:15:57","modified_gmt":"2023-01-11T13:15:57","slug":"gelaender-2","status":"publish","type":"portfolio","link":"https:\/\/www.kahrglas.at\/?portfolio=gelaender-2","title":{"rendered":"Gel\u00e4nder Innenraum"},"content":{"rendered":"<div  class='flex_column av-av_two_third-2a9015ff38129c418a3f2eafba3e9512 av_two_third  avia-builder-el-0  el_before_av_one_third  avia-builder-el-first  first flex_column_div  '     ><div  class='avia-slideshow av-av_slideshow-b9322e03a4210653058a8e24d6cb2194 avia-slideshow-shop_catalog av_slideshow avia-fade-slider  avia-builder-el-1  avia-builder-el-no-sibling  av-slideshow-ui av-control-default av-slideshow-autoplay av-loop-endless av-loop-manual-endless av-default-height-applied avia-slideshow-1' data-slideshow-options=\"{&quot;animation&quot;:&quot;fade&quot;,&quot;autoplay&quot;:true,&quot;loop_autoplay&quot;:&quot;endless&quot;,&quot;interval&quot;:5,&quot;loop_manual&quot;:&quot;manual-endless&quot;,&quot;autoplay_stopper&quot;:false,&quot;noNavigation&quot;:false,&quot;bg_slider&quot;:false,&quot;keep_padding&quot;:false,&quot;hoverpause&quot;:false,&quot;show_slide_delay&quot;:0}\"  itemprop=\"image\" itemscope=\"itemscope\" itemtype=\"https:\/\/schema.org\/ImageObject\" ><ul class='avia-slideshow-inner ' style='padding-bottom: 100%;'><li  class='avia-slideshow-slide av-av_slideshow-b9322e03a4210653058a8e24d6cb2194__0  slide-1 slide-odd'><div data-rel='slideshow-1' class='avia-slide-wrap '   ><div class='av-slideshow-caption av-av_slideshow-b9322e03a4210653058a8e24d6cb2194__0 avia-caption'><div class=\"avia-inner-caption\"><div class='avia-caption-content '  itemprop=\"description\" ><p>Gel\u00e4nder innen<\/p>\n<\/div><\/div><\/div><img decoding=\"async\" class=\"wp-image-3249 avia-img-lazy-loading-not-3249\"  src=\"https:\/\/www.kahrglas.at\/wp-content\/uploads\/2014\/03\/geland9-450x450.jpg\" width=\"450\" height=\"450\" title='geland9' alt=''  itemprop=\"thumbnailUrl\" srcset=\"https:\/\/www.kahrglas.at\/wp-content\/uploads\/2014\/03\/geland9-450x450.jpg 450w, https:\/\/www.kahrglas.at\/wp-content\/uploads\/2014\/03\/geland9-80x80.jpg 80w, https:\/\/www.kahrglas.at\/wp-content\/uploads\/2014\/03\/geland9-36x36.jpg 36w, https:\/\/www.kahrglas.at\/wp-content\/uploads\/2014\/03\/geland9-180x180.jpg 180w, https:\/\/www.kahrglas.at\/wp-content\/uploads\/2014\/03\/geland9-120x120.jpg 120w\" sizes=\"(max-width: 450px) 100vw, 450px\" \/><\/div><\/li><li  class='avia-slideshow-slide av-av_slideshow-b9322e03a4210653058a8e24d6cb2194__1  slide-2 slide-even'><div data-rel='slideshow-1' class='avia-slide-wrap '   ><div class='av-slideshow-caption av-av_slideshow-b9322e03a4210653058a8e24d6cb2194__1 avia-caption'><div class=\"avia-inner-caption\"><div class='avia-caption-content '  itemprop=\"description\" ><p>Gel\u00e4nder innen<\/p>\n<\/div><\/div><\/div><img decoding=\"async\" class=\"wp-image-3234 avia-img-lazy-loading-not-3234\"  src=\"https:\/\/www.kahrglas.at\/wp-content\/uploads\/2014\/03\/geland_12-450x450.jpg\" width=\"450\" height=\"450\" title='geland_12' alt=''  itemprop=\"thumbnailUrl\" srcset=\"https:\/\/www.kahrglas.at\/wp-content\/uploads\/2014\/03\/geland_12-450x450.jpg 450w, https:\/\/www.kahrglas.at\/wp-content\/uploads\/2014\/03\/geland_12-80x80.jpg 80w, https:\/\/www.kahrglas.at\/wp-content\/uploads\/2014\/03\/geland_12-36x36.jpg 36w, https:\/\/www.kahrglas.at\/wp-content\/uploads\/2014\/03\/geland_12-180x180.jpg 180w, https:\/\/www.kahrglas.at\/wp-content\/uploads\/2014\/03\/geland_12-120x120.jpg 120w\" sizes=\"(max-width: 450px) 100vw, 450px\" \/><\/div><\/li><li  class='avia-slideshow-slide av-av_slideshow-b9322e03a4210653058a8e24d6cb2194__2  slide-3 slide-odd'><div data-rel='slideshow-1' class='avia-slide-wrap '   ><div class='av-slideshow-caption av-av_slideshow-b9322e03a4210653058a8e24d6cb2194__2 avia-caption'><div class=\"avia-inner-caption\"><div class='avia-caption-content '  itemprop=\"description\" ><p>Gel\u00e4nder innen<\/p>\n<\/div><\/div><\/div><img decoding=\"async\" class=\"wp-image-3244 avia-img-lazy-loading-not-3244\"  src=\"https:\/\/www.kahrglas.at\/wp-content\/uploads\/2014\/03\/geland2-450x450.jpg\" width=\"450\" height=\"450\" title='geland2' alt=''  itemprop=\"thumbnailUrl\" srcset=\"https:\/\/www.kahrglas.at\/wp-content\/uploads\/2014\/03\/geland2-450x450.jpg 450w, https:\/\/www.kahrglas.at\/wp-content\/uploads\/2014\/03\/geland2-80x80.jpg 80w, https:\/\/www.kahrglas.at\/wp-content\/uploads\/2014\/03\/geland2-36x36.jpg 36w, https:\/\/www.kahrglas.at\/wp-content\/uploads\/2014\/03\/geland2-180x180.jpg 180w, https:\/\/www.kahrglas.at\/wp-content\/uploads\/2014\/03\/geland2-120x120.jpg 120w\" sizes=\"(max-width: 450px) 100vw, 450px\" \/><\/div><\/li><li  class='avia-slideshow-slide av-av_slideshow-b9322e03a4210653058a8e24d6cb2194__3  slide-4 slide-even'><div data-rel='slideshow-1' class='avia-slide-wrap '   ><div class='av-slideshow-caption av-av_slideshow-b9322e03a4210653058a8e24d6cb2194__3 avia-caption'><div class=\"avia-inner-caption\"><div class='avia-caption-content '  itemprop=\"description\" ><p>Gel\u00e4nder innen<\/p>\n<\/div><\/div><\/div><img decoding=\"async\" class=\"wp-image-3243 avia-img-lazy-loading-not-3243\"  src=\"https:\/\/www.kahrglas.at\/wp-content\/uploads\/2014\/03\/geland1-450x450.jpg\" width=\"450\" height=\"450\" title='geland1' alt=''  itemprop=\"thumbnailUrl\" srcset=\"https:\/\/www.kahrglas.at\/wp-content\/uploads\/2014\/03\/geland1-450x450.jpg 450w, https:\/\/www.kahrglas.at\/wp-content\/uploads\/2014\/03\/geland1-80x80.jpg 80w, https:\/\/www.kahrglas.at\/wp-content\/uploads\/2014\/03\/geland1-36x36.jpg 36w, https:\/\/www.kahrglas.at\/wp-content\/uploads\/2014\/03\/geland1-180x180.jpg 180w, https:\/\/www.kahrglas.at\/wp-content\/uploads\/2014\/03\/geland1-120x120.jpg 120w\" sizes=\"(max-width: 450px) 100vw, 450px\" \/><\/div><\/li><li  class='avia-slideshow-slide av-av_slideshow-b9322e03a4210653058a8e24d6cb2194__4  slide-5 slide-odd'><div data-rel='slideshow-1' class='avia-slide-wrap '   ><div class='av-slideshow-caption av-av_slideshow-b9322e03a4210653058a8e24d6cb2194__4 avia-caption'><div class=\"avia-inner-caption\"><div class='avia-caption-content '  itemprop=\"description\" ><p>Gel\u00e4nder innen<\/p>\n<\/div><\/div><\/div><img decoding=\"async\" class=\"wp-image-3233 avia-img-lazy-loading-not-3233\"  src=\"https:\/\/www.kahrglas.at\/wp-content\/uploads\/2014\/03\/geland_11-450x450.jpg\" width=\"450\" height=\"450\" title='geland_11' alt=''  itemprop=\"thumbnailUrl\" srcset=\"https:\/\/www.kahrglas.at\/wp-content\/uploads\/2014\/03\/geland_11-450x450.jpg 450w, https:\/\/www.kahrglas.at\/wp-content\/uploads\/2014\/03\/geland_11-80x80.jpg 80w, https:\/\/www.kahrglas.at\/wp-content\/uploads\/2014\/03\/geland_11-36x36.jpg 36w, https:\/\/www.kahrglas.at\/wp-content\/uploads\/2014\/03\/geland_11-180x180.jpg 180w, https:\/\/www.kahrglas.at\/wp-content\/uploads\/2014\/03\/geland_11-120x120.jpg 120w\" sizes=\"(max-width: 450px) 100vw, 450px\" \/><\/div><\/li><li  class='avia-slideshow-slide av-av_slideshow-b9322e03a4210653058a8e24d6cb2194__5  slide-6 slide-even'><div data-rel='slideshow-1' class='avia-slide-wrap '   ><div class='av-slideshow-caption av-av_slideshow-b9322e03a4210653058a8e24d6cb2194__5 avia-caption'><div class=\"avia-inner-caption\"><div class='avia-caption-content '  itemprop=\"description\" ><p>Gel\u00e4nder innen<\/p>\n<\/div><\/div><\/div><img decoding=\"async\" class=\"wp-image-3235 avia-img-lazy-loading-not-3235\"  src=\"https:\/\/www.kahrglas.at\/wp-content\/uploads\/2014\/03\/geland_13-450x450.jpg\" width=\"450\" height=\"450\" title='geland_13' alt=''  itemprop=\"thumbnailUrl\" srcset=\"https:\/\/www.kahrglas.at\/wp-content\/uploads\/2014\/03\/geland_13-450x450.jpg 450w, https:\/\/www.kahrglas.at\/wp-content\/uploads\/2014\/03\/geland_13-80x80.jpg 80w, https:\/\/www.kahrglas.at\/wp-content\/uploads\/2014\/03\/geland_13-36x36.jpg 36w, https:\/\/www.kahrglas.at\/wp-content\/uploads\/2014\/03\/geland_13-180x180.jpg 180w, https:\/\/www.kahrglas.at\/wp-content\/uploads\/2014\/03\/geland_13-120x120.jpg 120w\" sizes=\"(max-width: 450px) 100vw, 450px\" \/><\/div><\/li><li  class='avia-slideshow-slide av-av_slideshow-b9322e03a4210653058a8e24d6cb2194__6  slide-7 slide-odd'><div data-rel='slideshow-1' class='avia-slide-wrap '   ><div class='av-slideshow-caption av-av_slideshow-b9322e03a4210653058a8e24d6cb2194__6 avia-caption'><div class=\"avia-inner-caption\"><div class='avia-caption-content '  itemprop=\"description\" ><p>Gel\u00e4nder innen<\/p>\n<\/div><\/div><\/div><img decoding=\"async\" class=\"wp-image-3236 avia-img-lazy-loading-not-3236\"  src=\"https:\/\/www.kahrglas.at\/wp-content\/uploads\/2014\/03\/geland_14-450x450.jpg\" width=\"450\" height=\"450\" title='geland_14' alt=''  itemprop=\"thumbnailUrl\" srcset=\"https:\/\/www.kahrglas.at\/wp-content\/uploads\/2014\/03\/geland_14-450x450.jpg 450w, https:\/\/www.kahrglas.at\/wp-content\/uploads\/2014\/03\/geland_14-80x80.jpg 80w, https:\/\/www.kahrglas.at\/wp-content\/uploads\/2014\/03\/geland_14-36x36.jpg 36w, https:\/\/www.kahrglas.at\/wp-content\/uploads\/2014\/03\/geland_14-180x180.jpg 180w, https:\/\/www.kahrglas.at\/wp-content\/uploads\/2014\/03\/geland_14-120x120.jpg 120w\" sizes=\"(max-width: 450px) 100vw, 450px\" \/><\/div><\/li><li  class='avia-slideshow-slide av-av_slideshow-b9322e03a4210653058a8e24d6cb2194__7  slide-8 slide-even'><div data-rel='slideshow-1' class='avia-slide-wrap '   ><div class='av-slideshow-caption av-av_slideshow-b9322e03a4210653058a8e24d6cb2194__7 avia-caption'><div class=\"avia-inner-caption\"><div class='avia-caption-content '  itemprop=\"description\" ><p>Gel\u00e4nder innen<\/p>\n<\/div><\/div><\/div><img decoding=\"async\" class=\"wp-image-3237 avia-img-lazy-loading-not-3237\"  src=\"https:\/\/www.kahrglas.at\/wp-content\/uploads\/2014\/03\/geland_15-450x450.jpg\" width=\"450\" height=\"450\" title='geland_15' alt=''  itemprop=\"thumbnailUrl\" srcset=\"https:\/\/www.kahrglas.at\/wp-content\/uploads\/2014\/03\/geland_15-450x450.jpg 450w, https:\/\/www.kahrglas.at\/wp-content\/uploads\/2014\/03\/geland_15-80x80.jpg 80w, https:\/\/www.kahrglas.at\/wp-content\/uploads\/2014\/03\/geland_15-36x36.jpg 36w, https:\/\/www.kahrglas.at\/wp-content\/uploads\/2014\/03\/geland_15-180x180.jpg 180w, https:\/\/www.kahrglas.at\/wp-content\/uploads\/2014\/03\/geland_15-120x120.jpg 120w\" sizes=\"(max-width: 450px) 100vw, 450px\" \/><\/div><\/li><li  class='avia-slideshow-slide av-av_slideshow-b9322e03a4210653058a8e24d6cb2194__8  slide-9 slide-odd'><div data-rel='slideshow-1' class='avia-slide-wrap '   ><div class='av-slideshow-caption av-av_slideshow-b9322e03a4210653058a8e24d6cb2194__8 avia-caption'><div class=\"avia-inner-caption\"><div class='avia-caption-content '  itemprop=\"description\" ><p>Gel\u00e4nder innen<\/p>\n<\/div><\/div><\/div><img decoding=\"async\" class=\"wp-image-3232 avia-img-lazy-loading-not-3232\"  src=\"https:\/\/www.kahrglas.at\/wp-content\/uploads\/2014\/03\/geland_10-450x450.jpg\" width=\"450\" height=\"450\" title='geland_10' alt=''  itemprop=\"thumbnailUrl\" srcset=\"https:\/\/www.kahrglas.at\/wp-content\/uploads\/2014\/03\/geland_10-450x450.jpg 450w, https:\/\/www.kahrglas.at\/wp-content\/uploads\/2014\/03\/geland_10-80x80.jpg 80w, https:\/\/www.kahrglas.at\/wp-content\/uploads\/2014\/03\/geland_10-36x36.jpg 36w, https:\/\/www.kahrglas.at\/wp-content\/uploads\/2014\/03\/geland_10-180x180.jpg 180w, https:\/\/www.kahrglas.at\/wp-content\/uploads\/2014\/03\/geland_10-120x120.jpg 120w\" sizes=\"(max-width: 450px) 100vw, 450px\" \/><\/div><\/li><li  class='avia-slideshow-slide av-av_slideshow-b9322e03a4210653058a8e24d6cb2194__9  slide-10 slide-even'><div data-rel='slideshow-1' class='avia-slide-wrap '   ><div class='av-slideshow-caption av-av_slideshow-b9322e03a4210653058a8e24d6cb2194__9 avia-caption'><div class=\"avia-inner-caption\"><div class='avia-caption-content '  itemprop=\"description\" ><p>Gel\u00e4nder innen<\/p>\n<\/div><\/div><\/div><img decoding=\"async\" class=\"wp-image-3245 avia-img-lazy-loading-not-3245\"  src=\"https:\/\/www.kahrglas.at\/wp-content\/uploads\/2014\/03\/geland5-450x450.jpg\" width=\"450\" height=\"450\" title='geland5' alt=''  itemprop=\"thumbnailUrl\" srcset=\"https:\/\/www.kahrglas.at\/wp-content\/uploads\/2014\/03\/geland5-450x450.jpg 450w, https:\/\/www.kahrglas.at\/wp-content\/uploads\/2014\/03\/geland5-80x80.jpg 80w, https:\/\/www.kahrglas.at\/wp-content\/uploads\/2014\/03\/geland5-36x36.jpg 36w, https:\/\/www.kahrglas.at\/wp-content\/uploads\/2014\/03\/geland5-180x180.jpg 180w, https:\/\/www.kahrglas.at\/wp-content\/uploads\/2014\/03\/geland5-120x120.jpg 120w\" sizes=\"(max-width: 450px) 100vw, 450px\" \/><\/div><\/li><li  class='avia-slideshow-slide av-av_slideshow-b9322e03a4210653058a8e24d6cb2194__10  slide-11 slide-odd'><div data-rel='slideshow-1' class='avia-slide-wrap '   ><div class='av-slideshow-caption av-av_slideshow-b9322e03a4210653058a8e24d6cb2194__10 avia-caption'><div class=\"avia-inner-caption\"><div class='avia-caption-content '  itemprop=\"description\" ><p>Gel\u00e4nder innen<\/p>\n<\/div><\/div><\/div><img decoding=\"async\" class=\"wp-image-3246 avia-img-lazy-loading-not-3246\"  src=\"https:\/\/www.kahrglas.at\/wp-content\/uploads\/2014\/03\/geland6-450x450.jpg\" width=\"450\" height=\"450\" title='geland6' alt=''  itemprop=\"thumbnailUrl\" srcset=\"https:\/\/www.kahrglas.at\/wp-content\/uploads\/2014\/03\/geland6-450x450.jpg 450w, https:\/\/www.kahrglas.at\/wp-content\/uploads\/2014\/03\/geland6-80x80.jpg 80w, https:\/\/www.kahrglas.at\/wp-content\/uploads\/2014\/03\/geland6-36x36.jpg 36w, https:\/\/www.kahrglas.at\/wp-content\/uploads\/2014\/03\/geland6-180x180.jpg 180w, https:\/\/www.kahrglas.at\/wp-content\/uploads\/2014\/03\/geland6-120x120.jpg 120w\" sizes=\"(max-width: 450px) 100vw, 450px\" \/><\/div><\/li><li  class='avia-slideshow-slide av-av_slideshow-b9322e03a4210653058a8e24d6cb2194__11  slide-12 slide-even'><div data-rel='slideshow-1' class='avia-slide-wrap '   ><div class='av-slideshow-caption av-av_slideshow-b9322e03a4210653058a8e24d6cb2194__11 avia-caption'><div class=\"avia-inner-caption\"><div class='avia-caption-content '  itemprop=\"description\" ><p>Gel\u00e4nder innen<\/p>\n<\/div><\/div><\/div><img decoding=\"async\" class=\"wp-image-3247 avia-img-lazy-loading-not-3247\"  src=\"https:\/\/www.kahrglas.at\/wp-content\/uploads\/2014\/03\/geland7-450x450.jpg\" width=\"450\" height=\"450\" title='geland7' alt=''  itemprop=\"thumbnailUrl\" srcset=\"https:\/\/www.kahrglas.at\/wp-content\/uploads\/2014\/03\/geland7-450x450.jpg 450w, https:\/\/www.kahrglas.at\/wp-content\/uploads\/2014\/03\/geland7-80x80.jpg 80w, https:\/\/www.kahrglas.at\/wp-content\/uploads\/2014\/03\/geland7-36x36.jpg 36w, https:\/\/www.kahrglas.at\/wp-content\/uploads\/2014\/03\/geland7-180x180.jpg 180w, https:\/\/www.kahrglas.at\/wp-content\/uploads\/2014\/03\/geland7-120x120.jpg 120w\" sizes=\"(max-width: 450px) 100vw, 450px\" \/><\/div><\/li><li  class='avia-slideshow-slide av-av_slideshow-b9322e03a4210653058a8e24d6cb2194__12  slide-13 slide-odd'><div data-rel='slideshow-1' class='avia-slide-wrap '   ><div class='av-slideshow-caption av-av_slideshow-b9322e03a4210653058a8e24d6cb2194__12 avia-caption'><div class=\"avia-inner-caption\"><div class='avia-caption-content '  itemprop=\"description\" ><p>Gel\u00e4nder innen<\/p>\n<\/div><\/div><\/div><img decoding=\"async\" class=\"wp-image-3248 avia-img-lazy-loading-not-3248\"  src=\"https:\/\/www.kahrglas.at\/wp-content\/uploads\/2014\/03\/geland8-450x450.jpg\" width=\"450\" height=\"450\" title='geland8' alt=''  itemprop=\"thumbnailUrl\" srcset=\"https:\/\/www.kahrglas.at\/wp-content\/uploads\/2014\/03\/geland8-450x450.jpg 450w, https:\/\/www.kahrglas.at\/wp-content\/uploads\/2014\/03\/geland8-80x80.jpg 80w, https:\/\/www.kahrglas.at\/wp-content\/uploads\/2014\/03\/geland8-36x36.jpg 36w, https:\/\/www.kahrglas.at\/wp-content\/uploads\/2014\/03\/geland8-180x180.jpg 180w, https:\/\/www.kahrglas.at\/wp-content\/uploads\/2014\/03\/geland8-120x120.jpg 120w\" sizes=\"(max-width: 450px) 100vw, 450px\" \/><\/div><\/li><li  class='avia-slideshow-slide av-av_slideshow-b9322e03a4210653058a8e24d6cb2194__13  slide-14 slide-even'><div data-rel='slideshow-1' class='avia-slide-wrap '   ><img decoding=\"async\" class=\"wp-image-3305 avia-img-lazy-loading-not-3305\"  src=\"https:\/\/www.kahrglas.at\/wp-content\/uploads\/2014\/03\/geland_151-450x450.jpg\" width=\"450\" height=\"450\" title='geland_15' alt=''  itemprop=\"thumbnailUrl\" srcset=\"https:\/\/www.kahrglas.at\/wp-content\/uploads\/2014\/03\/geland_151-450x450.jpg 450w, https:\/\/www.kahrglas.at\/wp-content\/uploads\/2014\/03\/geland_151-80x80.jpg 80w, https:\/\/www.kahrglas.at\/wp-content\/uploads\/2014\/03\/geland_151-36x36.jpg 36w, https:\/\/www.kahrglas.at\/wp-content\/uploads\/2014\/03\/geland_151-180x180.jpg 180w, https:\/\/www.kahrglas.at\/wp-content\/uploads\/2014\/03\/geland_151-120x120.jpg 120w\" sizes=\"(max-width: 450px) 100vw, 450px\" \/><\/div><\/li><li  class='avia-slideshow-slide av-av_slideshow-b9322e03a4210653058a8e24d6cb2194__14  slide-15 slide-odd'><div data-rel='slideshow-1' class='avia-slide-wrap '   ><img decoding=\"async\" class=\"wp-image-3308 avia-img-lazy-loading-not-3308\"  src=\"https:\/\/www.kahrglas.at\/wp-content\/uploads\/2014\/03\/geland_18-450x450.jpg\" width=\"450\" height=\"450\" title='geland_18' alt=''  itemprop=\"thumbnailUrl\" srcset=\"https:\/\/www.kahrglas.at\/wp-content\/uploads\/2014\/03\/geland_18-450x450.jpg 450w, https:\/\/www.kahrglas.at\/wp-content\/uploads\/2014\/03\/geland_18-80x80.jpg 80w, https:\/\/www.kahrglas.at\/wp-content\/uploads\/2014\/03\/geland_18-36x36.jpg 36w, https:\/\/www.kahrglas.at\/wp-content\/uploads\/2014\/03\/geland_18-180x180.jpg 180w, https:\/\/www.kahrglas.at\/wp-content\/uploads\/2014\/03\/geland_18-120x120.jpg 120w\" sizes=\"(max-width: 450px) 100vw, 450px\" \/><\/div><\/li><li  class='avia-slideshow-slide av-av_slideshow-b9322e03a4210653058a8e24d6cb2194__15  slide-16 slide-even'><div data-rel='slideshow-1' class='avia-slide-wrap '   ><img decoding=\"async\" class=\"wp-image-3306 avia-img-lazy-loading-not-3306\"  src=\"https:\/\/www.kahrglas.at\/wp-content\/uploads\/2014\/03\/geland_16-450x450.jpg\" width=\"450\" height=\"450\" title='geland_16' alt=''  itemprop=\"thumbnailUrl\" srcset=\"https:\/\/www.kahrglas.at\/wp-content\/uploads\/2014\/03\/geland_16-450x450.jpg 450w, https:\/\/www.kahrglas.at\/wp-content\/uploads\/2014\/03\/geland_16-80x80.jpg 80w, https:\/\/www.kahrglas.at\/wp-content\/uploads\/2014\/03\/geland_16-36x36.jpg 36w, https:\/\/www.kahrglas.at\/wp-content\/uploads\/2014\/03\/geland_16-180x180.jpg 180w, https:\/\/www.kahrglas.at\/wp-content\/uploads\/2014\/03\/geland_16-120x120.jpg 120w\" sizes=\"(max-width: 450px) 100vw, 450px\" \/><\/div><\/li><li  class='avia-slideshow-slide av-av_slideshow-b9322e03a4210653058a8e24d6cb2194__16  slide-17 slide-odd'><div data-rel='slideshow-1' class='avia-slide-wrap '   ><img decoding=\"async\" class=\"wp-image-3307 avia-img-lazy-loading-not-3307\"  src=\"https:\/\/www.kahrglas.at\/wp-content\/uploads\/2014\/03\/geland_17_niro-450x450.jpg\" width=\"450\" height=\"450\" title='geland_17_niro' alt=''  itemprop=\"thumbnailUrl\" srcset=\"https:\/\/www.kahrglas.at\/wp-content\/uploads\/2014\/03\/geland_17_niro-450x450.jpg 450w, https:\/\/www.kahrglas.at\/wp-content\/uploads\/2014\/03\/geland_17_niro-80x80.jpg 80w, https:\/\/www.kahrglas.at\/wp-content\/uploads\/2014\/03\/geland_17_niro-36x36.jpg 36w, https:\/\/www.kahrglas.at\/wp-content\/uploads\/2014\/03\/geland_17_niro-180x180.jpg 180w, https:\/\/www.kahrglas.at\/wp-content\/uploads\/2014\/03\/geland_17_niro-120x120.jpg 120w\" sizes=\"(max-width: 450px) 100vw, 450px\" \/><\/div><\/li><li  class='avia-slideshow-slide av-av_slideshow-b9322e03a4210653058a8e24d6cb2194__17  slide-18 slide-even'><div data-rel='slideshow-1' class='avia-slide-wrap '   ><img decoding=\"async\" class=\"wp-image-3309 avia-img-lazy-loading-not-3309\"  src=\"https:\/\/www.kahrglas.at\/wp-content\/uploads\/2014\/03\/geland_19-450x450.jpg\" width=\"450\" height=\"450\" title='geland_19' alt=''  itemprop=\"thumbnailUrl\" srcset=\"https:\/\/www.kahrglas.at\/wp-content\/uploads\/2014\/03\/geland_19-450x450.jpg 450w, https:\/\/www.kahrglas.at\/wp-content\/uploads\/2014\/03\/geland_19-80x80.jpg 80w, https:\/\/www.kahrglas.at\/wp-content\/uploads\/2014\/03\/geland_19-36x36.jpg 36w, https:\/\/www.kahrglas.at\/wp-content\/uploads\/2014\/03\/geland_19-180x180.jpg 180w, https:\/\/www.kahrglas.at\/wp-content\/uploads\/2014\/03\/geland_19-120x120.jpg 120w\" sizes=\"(max-width: 450px) 100vw, 450px\" \/><\/div><\/li><li  class='avia-slideshow-slide av-av_slideshow-b9322e03a4210653058a8e24d6cb2194__18  slide-19 slide-odd'><div data-rel='slideshow-1' class='avia-slide-wrap '   ><img decoding=\"async\" class=\"wp-image-3310 avia-img-lazy-loading-not-3310\"  src=\"https:\/\/www.kahrglas.at\/wp-content\/uploads\/2014\/03\/geland_20-450x450.jpg\" width=\"450\" height=\"450\" title='geland_20' alt=''  itemprop=\"thumbnailUrl\" srcset=\"https:\/\/www.kahrglas.at\/wp-content\/uploads\/2014\/03\/geland_20-450x450.jpg 450w, https:\/\/www.kahrglas.at\/wp-content\/uploads\/2014\/03\/geland_20-80x80.jpg 80w, https:\/\/www.kahrglas.at\/wp-content\/uploads\/2014\/03\/geland_20-36x36.jpg 36w, https:\/\/www.kahrglas.at\/wp-content\/uploads\/2014\/03\/geland_20-180x180.jpg 180w, https:\/\/www.kahrglas.at\/wp-content\/uploads\/2014\/03\/geland_20-120x120.jpg 120w\" sizes=\"(max-width: 450px) 100vw, 450px\" \/><\/div><\/li><li  class='avia-slideshow-slide av-av_slideshow-b9322e03a4210653058a8e24d6cb2194__19  slide-20 slide-even'><div data-rel='slideshow-1' class='avia-slide-wrap '   ><img decoding=\"async\" class=\"wp-image-3311 avia-img-lazy-loading-not-3311\"  src=\"https:\/\/www.kahrglas.at\/wp-content\/uploads\/2014\/03\/geland_21-450x450.jpg\" width=\"450\" height=\"450\" title='geland_21' alt=''  itemprop=\"thumbnailUrl\" srcset=\"https:\/\/www.kahrglas.at\/wp-content\/uploads\/2014\/03\/geland_21-450x450.jpg 450w, https:\/\/www.kahrglas.at\/wp-content\/uploads\/2014\/03\/geland_21-80x80.jpg 80w, https:\/\/www.kahrglas.at\/wp-content\/uploads\/2014\/03\/geland_21-36x36.jpg 36w, https:\/\/www.kahrglas.at\/wp-content\/uploads\/2014\/03\/geland_21-180x180.jpg 180w, https:\/\/www.kahrglas.at\/wp-content\/uploads\/2014\/03\/geland_21-120x120.jpg 120w\" sizes=\"(max-width: 450px) 100vw, 450px\" \/><\/div><\/li><li  class='avia-slideshow-slide av-av_slideshow-b9322e03a4210653058a8e24d6cb2194__20  slide-21 slide-odd'><div data-rel='slideshow-1' class='avia-slide-wrap '   ><img decoding=\"async\" class=\"wp-image-3312 avia-img-lazy-loading-not-3312\"  src=\"https:\/\/www.kahrglas.at\/wp-content\/uploads\/2014\/03\/geland_161-450x450.jpg\" width=\"450\" height=\"450\" title='geland_161' alt=''  itemprop=\"thumbnailUrl\" srcset=\"https:\/\/www.kahrglas.at\/wp-content\/uploads\/2014\/03\/geland_161-450x450.jpg 450w, https:\/\/www.kahrglas.at\/wp-content\/uploads\/2014\/03\/geland_161-80x80.jpg 80w, https:\/\/www.kahrglas.at\/wp-content\/uploads\/2014\/03\/geland_161-36x36.jpg 36w, https:\/\/www.kahrglas.at\/wp-content\/uploads\/2014\/03\/geland_161-180x180.jpg 180w, https:\/\/www.kahrglas.at\/wp-content\/uploads\/2014\/03\/geland_161-120x120.jpg 120w\" sizes=\"(max-width: 450px) 100vw, 450px\" \/><\/div><\/li><li  class='avia-slideshow-slide av-av_slideshow-b9322e03a4210653058a8e24d6cb2194__21  slide-22 slide-even'><div data-rel='slideshow-1' class='avia-slide-wrap '   ><img decoding=\"async\" class=\"wp-image-3313 avia-img-lazy-loading-not-3313\"  src=\"https:\/\/www.kahrglas.at\/wp-content\/uploads\/2014\/03\/geland_171_niro-450x450.jpg\" width=\"450\" height=\"450\" title='geland_171_niro' alt=''  itemprop=\"thumbnailUrl\" srcset=\"https:\/\/www.kahrglas.at\/wp-content\/uploads\/2014\/03\/geland_171_niro-450x450.jpg 450w, https:\/\/www.kahrglas.at\/wp-content\/uploads\/2014\/03\/geland_171_niro-80x80.jpg 80w, https:\/\/www.kahrglas.at\/wp-content\/uploads\/2014\/03\/geland_171_niro-36x36.jpg 36w, https:\/\/www.kahrglas.at\/wp-content\/uploads\/2014\/03\/geland_171_niro-180x180.jpg 180w, https:\/\/www.kahrglas.at\/wp-content\/uploads\/2014\/03\/geland_171_niro-120x120.jpg 120w\" sizes=\"(max-width: 450px) 100vw, 450px\" \/><\/div><\/li><li  class='avia-slideshow-slide av-av_slideshow-b9322e03a4210653058a8e24d6cb2194__22  slide-23 slide-odd'><div data-rel='slideshow-1' class='avia-slide-wrap '   ><img decoding=\"async\" class=\"wp-image-3508 avia-img-lazy-loading-not-3508\"  src=\"https:\/\/www.kahrglas.at\/wp-content\/uploads\/2014\/03\/Stiegenverglasung-450x450.jpg\" width=\"450\" height=\"450\" title='Stiegenverglasung' alt=''  itemprop=\"thumbnailUrl\" srcset=\"https:\/\/www.kahrglas.at\/wp-content\/uploads\/2014\/03\/Stiegenverglasung-450x450.jpg 450w, https:\/\/www.kahrglas.at\/wp-content\/uploads\/2014\/03\/Stiegenverglasung-80x80.jpg 80w, https:\/\/www.kahrglas.at\/wp-content\/uploads\/2014\/03\/Stiegenverglasung-36x36.jpg 36w, https:\/\/www.kahrglas.at\/wp-content\/uploads\/2014\/03\/Stiegenverglasung-180x180.jpg 180w, https:\/\/www.kahrglas.at\/wp-content\/uploads\/2014\/03\/Stiegenverglasung-120x120.jpg 120w\" sizes=\"(max-width: 450px) 100vw, 450px\" \/><\/div><\/li><li  class='avia-slideshow-slide av-av_slideshow-b9322e03a4210653058a8e24d6cb2194__23  slide-24 slide-even'><div data-rel='slideshow-1' class='avia-slide-wrap '   ><img decoding=\"async\" class=\"wp-image-3692 avia-img-lazy-loading-not-3692\"  src=\"https:\/\/www.kahrglas.at\/wp-content\/uploads\/2014\/03\/Gelbeige-450x450.jpg\" width=\"450\" height=\"450\" title='Gelbeige' alt=''  itemprop=\"thumbnailUrl\" srcset=\"https:\/\/www.kahrglas.at\/wp-content\/uploads\/2014\/03\/Gelbeige-450x450.jpg 450w, https:\/\/www.kahrglas.at\/wp-content\/uploads\/2014\/03\/Gelbeige-80x80.jpg 80w, https:\/\/www.kahrglas.at\/wp-content\/uploads\/2014\/03\/Gelbeige-36x36.jpg 36w, https:\/\/www.kahrglas.at\/wp-content\/uploads\/2014\/03\/Gelbeige-180x180.jpg 180w, https:\/\/www.kahrglas.at\/wp-content\/uploads\/2014\/03\/Gelbeige-120x120.jpg 120w\" sizes=\"(max-width: 450px) 100vw, 450px\" \/><\/div><\/li><li  class='avia-slideshow-slide av-av_slideshow-b9322e03a4210653058a8e24d6cb2194__24  slide-25 slide-odd'><div data-rel='slideshow-1' class='avia-slide-wrap '   ><img decoding=\"async\" class=\"wp-image-3693 avia-img-lazy-loading-not-3693\"  src=\"https:\/\/www.kahrglas.at\/wp-content\/uploads\/2014\/03\/Gelbeige3-450x450.jpg\" width=\"450\" height=\"450\" title='Gelbeige3' alt=''  itemprop=\"thumbnailUrl\" srcset=\"https:\/\/www.kahrglas.at\/wp-content\/uploads\/2014\/03\/Gelbeige3-450x450.jpg 450w, https:\/\/www.kahrglas.at\/wp-content\/uploads\/2014\/03\/Gelbeige3-80x80.jpg 80w, https:\/\/www.kahrglas.at\/wp-content\/uploads\/2014\/03\/Gelbeige3-36x36.jpg 36w, https:\/\/www.kahrglas.at\/wp-content\/uploads\/2014\/03\/Gelbeige3-180x180.jpg 180w, https:\/\/www.kahrglas.at\/wp-content\/uploads\/2014\/03\/Gelbeige3-120x120.jpg 120w\" sizes=\"(max-width: 450px) 100vw, 450px\" \/><\/div><\/li><li  class='avia-slideshow-slide av-av_slideshow-b9322e03a4210653058a8e24d6cb2194__25  slide-26 slide-even'><div data-rel='slideshow-1' class='avia-slide-wrap '   ><img decoding=\"async\" class=\"wp-image-3694 avia-img-lazy-loading-not-3694\"  src=\"https:\/\/www.kahrglas.at\/wp-content\/uploads\/2014\/03\/Gelbeige4-450x450.jpg\" width=\"450\" height=\"450\" title='Gelbeige4' alt=''  itemprop=\"thumbnailUrl\" srcset=\"https:\/\/www.kahrglas.at\/wp-content\/uploads\/2014\/03\/Gelbeige4-450x450.jpg 450w, https:\/\/www.kahrglas.at\/wp-content\/uploads\/2014\/03\/Gelbeige4-80x80.jpg 80w, https:\/\/www.kahrglas.at\/wp-content\/uploads\/2014\/03\/Gelbeige4-36x36.jpg 36w, https:\/\/www.kahrglas.at\/wp-content\/uploads\/2014\/03\/Gelbeige4-180x180.jpg 180w, https:\/\/www.kahrglas.at\/wp-content\/uploads\/2014\/03\/Gelbeige4-120x120.jpg 120w\" sizes=\"(max-width: 450px) 100vw, 450px\" \/><\/div><\/li><li  class='avia-slideshow-slide av-av_slideshow-b9322e03a4210653058a8e24d6cb2194__26  slide-27 slide-odd'><div data-rel='slideshow-1' class='avia-slide-wrap '   ><img decoding=\"async\" class=\"wp-image-3695 avia-img-lazy-loading-not-3695\"  src=\"https:\/\/www.kahrglas.at\/wp-content\/uploads\/2014\/03\/Gelin21B1-450x450.jpg\" width=\"450\" height=\"450\" title='Gelin21B1' alt=''  itemprop=\"thumbnailUrl\" srcset=\"https:\/\/www.kahrglas.at\/wp-content\/uploads\/2014\/03\/Gelin21B1-450x450.jpg 450w, https:\/\/www.kahrglas.at\/wp-content\/uploads\/2014\/03\/Gelin21B1-80x80.jpg 80w, https:\/\/www.kahrglas.at\/wp-content\/uploads\/2014\/03\/Gelin21B1-36x36.jpg 36w, https:\/\/www.kahrglas.at\/wp-content\/uploads\/2014\/03\/Gelin21B1-180x180.jpg 180w, https:\/\/www.kahrglas.at\/wp-content\/uploads\/2014\/03\/Gelin21B1-120x120.jpg 120w\" sizes=\"(max-width: 450px) 100vw, 450px\" \/><\/div><\/li><li  class='avia-slideshow-slide av-av_slideshow-b9322e03a4210653058a8e24d6cb2194__27  slide-28 slide-even'><div data-rel='slideshow-1' class='avia-slide-wrap '   ><img decoding=\"async\" class=\"wp-image-3696 avia-img-lazy-loading-not-3696\"  src=\"https:\/\/www.kahrglas.at\/wp-content\/uploads\/2014\/03\/GelINEssl-450x450.jpg\" width=\"450\" height=\"450\" title='GelINEssl' alt=''  itemprop=\"thumbnailUrl\" srcset=\"https:\/\/www.kahrglas.at\/wp-content\/uploads\/2014\/03\/GelINEssl-450x450.jpg 450w, https:\/\/www.kahrglas.at\/wp-content\/uploads\/2014\/03\/GelINEssl-80x80.jpg 80w, https:\/\/www.kahrglas.at\/wp-content\/uploads\/2014\/03\/GelINEssl-36x36.jpg 36w, https:\/\/www.kahrglas.at\/wp-content\/uploads\/2014\/03\/GelINEssl-180x180.jpg 180w, https:\/\/www.kahrglas.at\/wp-content\/uploads\/2014\/03\/GelINEssl-120x120.jpg 120w\" sizes=\"(max-width: 450px) 100vw, 450px\" \/><\/div><\/li><li  class='avia-slideshow-slide av-av_slideshow-b9322e03a4210653058a8e24d6cb2194__28  slide-29 slide-odd'><div data-rel='slideshow-1' class='avia-slide-wrap '   ><img decoding=\"async\" class=\"wp-image-3697 avia-img-lazy-loading-not-3697\"  src=\"https:\/\/www.kahrglas.at\/wp-content\/uploads\/2014\/03\/GelINEssl1-450x450.jpg\" width=\"450\" height=\"450\" title='GelINEssl1' alt=''  itemprop=\"thumbnailUrl\" srcset=\"https:\/\/www.kahrglas.at\/wp-content\/uploads\/2014\/03\/GelINEssl1-450x450.jpg 450w, https:\/\/www.kahrglas.at\/wp-content\/uploads\/2014\/03\/GelINEssl1-80x80.jpg 80w, https:\/\/www.kahrglas.at\/wp-content\/uploads\/2014\/03\/GelINEssl1-36x36.jpg 36w, https:\/\/www.kahrglas.at\/wp-content\/uploads\/2014\/03\/GelINEssl1-180x180.jpg 180w, https:\/\/www.kahrglas.at\/wp-content\/uploads\/2014\/03\/GelINEssl1-120x120.jpg 120w\" sizes=\"(max-width: 450px) 100vw, 450px\" \/><\/div><\/li><li  class='avia-slideshow-slide av-av_slideshow-b9322e03a4210653058a8e24d6cb2194__29  slide-30 slide-even'><div data-rel='slideshow-1' class='avia-slide-wrap '   ><img decoding=\"async\" class=\"wp-image-3698 avia-img-lazy-loading-not-3698\"  src=\"https:\/\/www.kahrglas.at\/wp-content\/uploads\/2014\/03\/GelINEssl2-450x450.jpg\" width=\"450\" height=\"450\" title='GelINEssl2' alt=''  itemprop=\"thumbnailUrl\" srcset=\"https:\/\/www.kahrglas.at\/wp-content\/uploads\/2014\/03\/GelINEssl2-450x450.jpg 450w, https:\/\/www.kahrglas.at\/wp-content\/uploads\/2014\/03\/GelINEssl2-80x80.jpg 80w, https:\/\/www.kahrglas.at\/wp-content\/uploads\/2014\/03\/GelINEssl2-36x36.jpg 36w, https:\/\/www.kahrglas.at\/wp-content\/uploads\/2014\/03\/GelINEssl2-180x180.jpg 180w, https:\/\/www.kahrglas.at\/wp-content\/uploads\/2014\/03\/GelINEssl2-120x120.jpg 120w\" sizes=\"(max-width: 450px) 100vw, 450px\" \/><\/div><\/li><li  class='avia-slideshow-slide av-av_slideshow-b9322e03a4210653058a8e24d6cb2194__30  slide-31 slide-odd'><div data-rel='slideshow-1' class='avia-slide-wrap '   ><img decoding=\"async\" class=\"wp-image-3699 avia-img-lazy-loading-not-3699\"  src=\"https:\/\/www.kahrglas.at\/wp-content\/uploads\/2014\/03\/GelINEssl3-450x450.jpg\" width=\"450\" height=\"450\" title='GelINEssl3' alt=''  itemprop=\"thumbnailUrl\" srcset=\"https:\/\/www.kahrglas.at\/wp-content\/uploads\/2014\/03\/GelINEssl3-450x450.jpg 450w, https:\/\/www.kahrglas.at\/wp-content\/uploads\/2014\/03\/GelINEssl3-80x80.jpg 80w, https:\/\/www.kahrglas.at\/wp-content\/uploads\/2014\/03\/GelINEssl3-36x36.jpg 36w, https:\/\/www.kahrglas.at\/wp-content\/uploads\/2014\/03\/GelINEssl3-180x180.jpg 180w, https:\/\/www.kahrglas.at\/wp-content\/uploads\/2014\/03\/GelINEssl3-120x120.jpg 120w\" sizes=\"(max-width: 450px) 100vw, 450px\" \/><\/div><\/li><li  class='avia-slideshow-slide av-av_slideshow-b9322e03a4210653058a8e24d6cb2194__31  slide-32 slide-even'><div data-rel='slideshow-1' class='avia-slide-wrap '   ><img decoding=\"async\" class=\"wp-image-3700 avia-img-lazy-loading-not-3700\"  src=\"https:\/\/www.kahrglas.at\/wp-content\/uploads\/2014\/03\/GelINEssl4-450x450.jpg\" width=\"450\" height=\"450\" title='GelINEssl4' alt=''  itemprop=\"thumbnailUrl\" srcset=\"https:\/\/www.kahrglas.at\/wp-content\/uploads\/2014\/03\/GelINEssl4-450x450.jpg 450w, https:\/\/www.kahrglas.at\/wp-content\/uploads\/2014\/03\/GelINEssl4-80x80.jpg 80w, https:\/\/www.kahrglas.at\/wp-content\/uploads\/2014\/03\/GelINEssl4-36x36.jpg 36w, https:\/\/www.kahrglas.at\/wp-content\/uploads\/2014\/03\/GelINEssl4-180x180.jpg 180w, https:\/\/www.kahrglas.at\/wp-content\/uploads\/2014\/03\/GelINEssl4-120x120.jpg 120w\" sizes=\"(max-width: 450px) 100vw, 450px\" \/><\/div><\/li><li  class='avia-slideshow-slide av-av_slideshow-b9322e03a4210653058a8e24d6cb2194__32  slide-33 slide-odd'><div data-rel='slideshow-1' class='avia-slide-wrap '   ><img decoding=\"async\" class=\"wp-image-3701 avia-img-lazy-loading-not-3701\"  src=\"https:\/\/www.kahrglas.at\/wp-content\/uploads\/2014\/03\/GelInnenIwer-450x450.jpg\" width=\"450\" height=\"450\" title='GelInnenIwer' alt=''  itemprop=\"thumbnailUrl\" srcset=\"https:\/\/www.kahrglas.at\/wp-content\/uploads\/2014\/03\/GelInnenIwer-450x450.jpg 450w, https:\/\/www.kahrglas.at\/wp-content\/uploads\/2014\/03\/GelInnenIwer-80x80.jpg 80w, https:\/\/www.kahrglas.at\/wp-content\/uploads\/2014\/03\/GelInnenIwer-36x36.jpg 36w, https:\/\/www.kahrglas.at\/wp-content\/uploads\/2014\/03\/GelInnenIwer-180x180.jpg 180w, https:\/\/www.kahrglas.at\/wp-content\/uploads\/2014\/03\/GelInnenIwer-120x120.jpg 120w\" sizes=\"(max-width: 450px) 100vw, 450px\" \/><\/div><\/li><li  class='avia-slideshow-slide av-av_slideshow-b9322e03a4210653058a8e24d6cb2194__33  slide-34 slide-even'><div data-rel='slideshow-1' class='avia-slide-wrap '   ><img decoding=\"async\" class=\"wp-image-3702 avia-img-lazy-loading-not-3702\"  src=\"https:\/\/www.kahrglas.at\/wp-content\/uploads\/2014\/03\/GelInnenIwer1-450x450.jpg\" width=\"450\" height=\"450\" title='GelInnenIwer1' alt=''  itemprop=\"thumbnailUrl\" srcset=\"https:\/\/www.kahrglas.at\/wp-content\/uploads\/2014\/03\/GelInnenIwer1-450x450.jpg 450w, https:\/\/www.kahrglas.at\/wp-content\/uploads\/2014\/03\/GelInnenIwer1-80x80.jpg 80w, https:\/\/www.kahrglas.at\/wp-content\/uploads\/2014\/03\/GelInnenIwer1-36x36.jpg 36w, https:\/\/www.kahrglas.at\/wp-content\/uploads\/2014\/03\/GelInnenIwer1-180x180.jpg 180w, https:\/\/www.kahrglas.at\/wp-content\/uploads\/2014\/03\/GelInnenIwer1-120x120.jpg 120w\" sizes=\"(max-width: 450px) 100vw, 450px\" \/><\/div><\/li><li  class='avia-slideshow-slide av-av_slideshow-b9322e03a4210653058a8e24d6cb2194__34  slide-35 slide-odd'><div data-rel='slideshow-1' class='avia-slide-wrap '   ><img decoding=\"async\" class=\"wp-image-3703 avia-img-lazy-loading-not-3703\"  src=\"https:\/\/www.kahrglas.at\/wp-content\/uploads\/2014\/03\/GelInnenIwer3-450x450.jpg\" width=\"450\" height=\"450\" title='GelInnenIwer3' alt=''  itemprop=\"thumbnailUrl\" srcset=\"https:\/\/www.kahrglas.at\/wp-content\/uploads\/2014\/03\/GelInnenIwer3-450x450.jpg 450w, https:\/\/www.kahrglas.at\/wp-content\/uploads\/2014\/03\/GelInnenIwer3-80x80.jpg 80w, https:\/\/www.kahrglas.at\/wp-content\/uploads\/2014\/03\/GelInnenIwer3-36x36.jpg 36w, https:\/\/www.kahrglas.at\/wp-content\/uploads\/2014\/03\/GelInnenIwer3-180x180.jpg 180w, https:\/\/www.kahrglas.at\/wp-content\/uploads\/2014\/03\/GelInnenIwer3-120x120.jpg 120w\" sizes=\"(max-width: 450px) 100vw, 450px\" \/><\/div><\/li><li  class='avia-slideshow-slide av-av_slideshow-b9322e03a4210653058a8e24d6cb2194__35  slide-36 slide-even'><div data-rel='slideshow-1' class='avia-slide-wrap '   ><img decoding=\"async\" class=\"wp-image-3704 avia-img-lazy-loading-not-3704\"  src=\"https:\/\/www.kahrglas.at\/wp-content\/uploads\/2014\/03\/GelInnenIwer4-450x450.jpg\" width=\"450\" height=\"450\" title='GelInnenIwer4' alt=''  itemprop=\"thumbnailUrl\" srcset=\"https:\/\/www.kahrglas.at\/wp-content\/uploads\/2014\/03\/GelInnenIwer4-450x450.jpg 450w, https:\/\/www.kahrglas.at\/wp-content\/uploads\/2014\/03\/GelInnenIwer4-80x80.jpg 80w, https:\/\/www.kahrglas.at\/wp-content\/uploads\/2014\/03\/GelInnenIwer4-36x36.jpg 36w, https:\/\/www.kahrglas.at\/wp-content\/uploads\/2014\/03\/GelInnenIwer4-180x180.jpg 180w, https:\/\/www.kahrglas.at\/wp-content\/uploads\/2014\/03\/GelInnenIwer4-120x120.jpg 120w\" sizes=\"(max-width: 450px) 100vw, 450px\" \/><\/div><\/li><li  class='avia-slideshow-slide av-av_slideshow-b9322e03a4210653058a8e24d6cb2194__36  slide-37 slide-odd'><div data-rel='slideshow-1' class='avia-slide-wrap '   ><img decoding=\"async\" class=\"wp-image-3705 avia-img-lazy-loading-not-3705\"  src=\"https:\/\/www.kahrglas.at\/wp-content\/uploads\/2014\/03\/GelInnenIwer5-450x450.jpg\" width=\"450\" height=\"450\" title='GelInnenIwer5' alt=''  itemprop=\"thumbnailUrl\" srcset=\"https:\/\/www.kahrglas.at\/wp-content\/uploads\/2014\/03\/GelInnenIwer5-450x450.jpg 450w, https:\/\/www.kahrglas.at\/wp-content\/uploads\/2014\/03\/GelInnenIwer5-80x80.jpg 80w, https:\/\/www.kahrglas.at\/wp-content\/uploads\/2014\/03\/GelInnenIwer5-36x36.jpg 36w, https:\/\/www.kahrglas.at\/wp-content\/uploads\/2014\/03\/GelInnenIwer5-180x180.jpg 180w, https:\/\/www.kahrglas.at\/wp-content\/uploads\/2014\/03\/GelInnenIwer5-120x120.jpg 120w\" sizes=\"(max-width: 450px) 100vw, 450px\" \/><\/div><\/li><li  class='avia-slideshow-slide av-av_slideshow-b9322e03a4210653058a8e24d6cb2194__37  slide-38 slide-even'><div data-rel='slideshow-1' class='avia-slide-wrap '   ><img decoding=\"async\" class=\"wp-image-3706 avia-img-lazy-loading-not-3706\"  src=\"https:\/\/www.kahrglas.at\/wp-content\/uploads\/2014\/03\/GelInnenIwer6-450x450.jpg\" width=\"450\" height=\"450\" title='GelInnenIwer6' alt=''  itemprop=\"thumbnailUrl\" srcset=\"https:\/\/www.kahrglas.at\/wp-content\/uploads\/2014\/03\/GelInnenIwer6-450x450.jpg 450w, https:\/\/www.kahrglas.at\/wp-content\/uploads\/2014\/03\/GelInnenIwer6-80x80.jpg 80w, https:\/\/www.kahrglas.at\/wp-content\/uploads\/2014\/03\/GelInnenIwer6-36x36.jpg 36w, https:\/\/www.kahrglas.at\/wp-content\/uploads\/2014\/03\/GelInnenIwer6-180x180.jpg 180w, https:\/\/www.kahrglas.at\/wp-content\/uploads\/2014\/03\/GelInnenIwer6-120x120.jpg 120w\" sizes=\"(max-width: 450px) 100vw, 450px\" \/><\/div><\/li><li  class='avia-slideshow-slide av-av_slideshow-b9322e03a4210653058a8e24d6cb2194__38  slide-39 slide-odd'><div data-rel='slideshow-1' class='avia-slide-wrap '   ><img decoding=\"async\" class=\"wp-image-3707 avia-img-lazy-loading-not-3707\"  src=\"https:\/\/www.kahrglas.at\/wp-content\/uploads\/2014\/03\/GelInnenIwer7-450x450.jpg\" width=\"450\" height=\"450\" title='GelInnenIwer7' alt=''  itemprop=\"thumbnailUrl\" srcset=\"https:\/\/www.kahrglas.at\/wp-content\/uploads\/2014\/03\/GelInnenIwer7-450x450.jpg 450w, https:\/\/www.kahrglas.at\/wp-content\/uploads\/2014\/03\/GelInnenIwer7-80x80.jpg 80w, https:\/\/www.kahrglas.at\/wp-content\/uploads\/2014\/03\/GelInnenIwer7-36x36.jpg 36w, https:\/\/www.kahrglas.at\/wp-content\/uploads\/2014\/03\/GelInnenIwer7-180x180.jpg 180w, https:\/\/www.kahrglas.at\/wp-content\/uploads\/2014\/03\/GelInnenIwer7-120x120.jpg 120w\" sizes=\"(max-width: 450px) 100vw, 450px\" \/><\/div><\/li><li  class='avia-slideshow-slide av-av_slideshow-b9322e03a4210653058a8e24d6cb2194__39  slide-40 slide-even'><div data-rel='slideshow-1' class='avia-slide-wrap '   ><img decoding=\"async\" class=\"wp-image-3708 avia-img-lazy-loading-not-3708\"  src=\"https:\/\/www.kahrglas.at\/wp-content\/uploads\/2014\/03\/GelJaschke2-450x450.jpg\" width=\"450\" height=\"450\" title='GelJaschke2' alt=''  itemprop=\"thumbnailUrl\" srcset=\"https:\/\/www.kahrglas.at\/wp-content\/uploads\/2014\/03\/GelJaschke2-450x450.jpg 450w, https:\/\/www.kahrglas.at\/wp-content\/uploads\/2014\/03\/GelJaschke2-80x80.jpg 80w, https:\/\/www.kahrglas.at\/wp-content\/uploads\/2014\/03\/GelJaschke2-36x36.jpg 36w, https:\/\/www.kahrglas.at\/wp-content\/uploads\/2014\/03\/GelJaschke2-180x180.jpg 180w, https:\/\/www.kahrglas.at\/wp-content\/uploads\/2014\/03\/GelJaschke2-120x120.jpg 120w\" sizes=\"(max-width: 450px) 100vw, 450px\" \/><\/div><\/li><li  class='avia-slideshow-slide av-av_slideshow-b9322e03a4210653058a8e24d6cb2194__40  slide-41 slide-odd'><div data-rel='slideshow-1' class='avia-slide-wrap '   ><img decoding=\"async\" class=\"wp-image-3709 avia-img-lazy-loading-not-3709\"  src=\"https:\/\/www.kahrglas.at\/wp-content\/uploads\/2014\/03\/gelLakos-450x450.jpg\" width=\"450\" height=\"450\" title='gelLakos' alt=''  itemprop=\"thumbnailUrl\" srcset=\"https:\/\/www.kahrglas.at\/wp-content\/uploads\/2014\/03\/gelLakos-450x450.jpg 450w, https:\/\/www.kahrglas.at\/wp-content\/uploads\/2014\/03\/gelLakos-80x80.jpg 80w, https:\/\/www.kahrglas.at\/wp-content\/uploads\/2014\/03\/gelLakos-36x36.jpg 36w, https:\/\/www.kahrglas.at\/wp-content\/uploads\/2014\/03\/gelLakos-180x180.jpg 180w, https:\/\/www.kahrglas.at\/wp-content\/uploads\/2014\/03\/gelLakos-120x120.jpg 120w\" sizes=\"(max-width: 450px) 100vw, 450px\" \/><\/div><\/li><li  class='avia-slideshow-slide av-av_slideshow-b9322e03a4210653058a8e24d6cb2194__41  slide-42 slide-even'><div data-rel='slideshow-1' class='avia-slide-wrap '   ><img decoding=\"async\" class=\"wp-image-3710 avia-img-lazy-loading-not-3710\"  src=\"https:\/\/www.kahrglas.at\/wp-content\/uploads\/2014\/03\/gelLakos1-450x450.jpg\" width=\"450\" height=\"450\" title='gelLakos1' alt=''  itemprop=\"thumbnailUrl\" srcset=\"https:\/\/www.kahrglas.at\/wp-content\/uploads\/2014\/03\/gelLakos1-450x450.jpg 450w, https:\/\/www.kahrglas.at\/wp-content\/uploads\/2014\/03\/gelLakos1-80x80.jpg 80w, https:\/\/www.kahrglas.at\/wp-content\/uploads\/2014\/03\/gelLakos1-36x36.jpg 36w, https:\/\/www.kahrglas.at\/wp-content\/uploads\/2014\/03\/gelLakos1-180x180.jpg 180w, https:\/\/www.kahrglas.at\/wp-content\/uploads\/2014\/03\/gelLakos1-120x120.jpg 120w\" sizes=\"(max-width: 450px) 100vw, 450px\" \/><\/div><\/li><li  class='avia-slideshow-slide av-av_slideshow-b9322e03a4210653058a8e24d6cb2194__42  slide-43 slide-odd'><div data-rel='slideshow-1' class='avia-slide-wrap '   ><img decoding=\"async\" class=\"wp-image-3711 avia-img-lazy-loading-not-3711\"  src=\"https:\/\/www.kahrglas.at\/wp-content\/uploads\/2014\/03\/IMG_0303-450x450.jpg\" width=\"450\" height=\"450\" title='IMG_0303' alt=''  itemprop=\"thumbnailUrl\" srcset=\"https:\/\/www.kahrglas.at\/wp-content\/uploads\/2014\/03\/IMG_0303-450x450.jpg 450w, https:\/\/www.kahrglas.at\/wp-content\/uploads\/2014\/03\/IMG_0303-80x80.jpg 80w, https:\/\/www.kahrglas.at\/wp-content\/uploads\/2014\/03\/IMG_0303-36x36.jpg 36w, https:\/\/www.kahrglas.at\/wp-content\/uploads\/2014\/03\/IMG_0303-180x180.jpg 180w, https:\/\/www.kahrglas.at\/wp-content\/uploads\/2014\/03\/IMG_0303-120x120.jpg 120w\" sizes=\"(max-width: 450px) 100vw, 450px\" \/><\/div><\/li><li  class='avia-slideshow-slide av-av_slideshow-b9322e03a4210653058a8e24d6cb2194__43  slide-44 slide-even'><div data-rel='slideshow-1' class='avia-slide-wrap '   ><img decoding=\"async\" class=\"wp-image-3712 avia-img-lazy-loading-not-3712\"  src=\"https:\/\/www.kahrglas.at\/wp-content\/uploads\/2014\/03\/IMG_1003-450x450.jpg\" width=\"450\" height=\"450\" title='IMG_1003' alt=''  itemprop=\"thumbnailUrl\" srcset=\"https:\/\/www.kahrglas.at\/wp-content\/uploads\/2014\/03\/IMG_1003-450x450.jpg 450w, https:\/\/www.kahrglas.at\/wp-content\/uploads\/2014\/03\/IMG_1003-80x80.jpg 80w, https:\/\/www.kahrglas.at\/wp-content\/uploads\/2014\/03\/IMG_1003-36x36.jpg 36w, https:\/\/www.kahrglas.at\/wp-content\/uploads\/2014\/03\/IMG_1003-180x180.jpg 180w, https:\/\/www.kahrglas.at\/wp-content\/uploads\/2014\/03\/IMG_1003-120x120.jpg 120w\" sizes=\"(max-width: 450px) 100vw, 450px\" \/><\/div><\/li><li  class='avia-slideshow-slide av-av_slideshow-b9322e03a4210653058a8e24d6cb2194__44  slide-45 slide-odd'><div data-rel='slideshow-1' class='avia-slide-wrap '   ><img decoding=\"async\" class=\"wp-image-3713 avia-img-lazy-loading-not-3713\"  src=\"https:\/\/www.kahrglas.at\/wp-content\/uploads\/2014\/03\/IMG_1014-450x450.jpg\" width=\"450\" height=\"450\" title='IMG_1014' alt=''  itemprop=\"thumbnailUrl\" srcset=\"https:\/\/www.kahrglas.at\/wp-content\/uploads\/2014\/03\/IMG_1014-450x450.jpg 450w, https:\/\/www.kahrglas.at\/wp-content\/uploads\/2014\/03\/IMG_1014-80x80.jpg 80w, https:\/\/www.kahrglas.at\/wp-content\/uploads\/2014\/03\/IMG_1014-36x36.jpg 36w, https:\/\/www.kahrglas.at\/wp-content\/uploads\/2014\/03\/IMG_1014-180x180.jpg 180w, https:\/\/www.kahrglas.at\/wp-content\/uploads\/2014\/03\/IMG_1014-120x120.jpg 120w\" sizes=\"(max-width: 450px) 100vw, 450px\" \/><\/div><\/li><li  class='avia-slideshow-slide av-av_slideshow-b9322e03a4210653058a8e24d6cb2194__45  slide-46 slide-even'><div data-rel='slideshow-1' class='avia-slide-wrap '   ><img decoding=\"async\" class=\"wp-image-3714 avia-img-lazy-loading-not-3714\"  src=\"https:\/\/www.kahrglas.at\/wp-content\/uploads\/2014\/03\/IMG_1031-450x450.jpg\" width=\"450\" height=\"450\" title='IMG_1031' alt=''  itemprop=\"thumbnailUrl\" srcset=\"https:\/\/www.kahrglas.at\/wp-content\/uploads\/2014\/03\/IMG_1031-450x450.jpg 450w, https:\/\/www.kahrglas.at\/wp-content\/uploads\/2014\/03\/IMG_1031-80x80.jpg 80w, https:\/\/www.kahrglas.at\/wp-content\/uploads\/2014\/03\/IMG_1031-36x36.jpg 36w, https:\/\/www.kahrglas.at\/wp-content\/uploads\/2014\/03\/IMG_1031-180x180.jpg 180w, https:\/\/www.kahrglas.at\/wp-content\/uploads\/2014\/03\/IMG_1031-120x120.jpg 120w\" sizes=\"(max-width: 450px) 100vw, 450px\" \/><\/div><\/li><li  class='avia-slideshow-slide av-av_slideshow-b9322e03a4210653058a8e24d6cb2194__46  slide-47 slide-odd'><div data-rel='slideshow-1' class='avia-slide-wrap '   ><img decoding=\"async\" class=\"wp-image-3715 avia-img-lazy-loading-not-3715\"  src=\"https:\/\/www.kahrglas.at\/wp-content\/uploads\/2014\/03\/M\u00fcller-450x450.jpg\" width=\"450\" height=\"450\" title='M\u00fcller' alt=''  itemprop=\"thumbnailUrl\" srcset=\"https:\/\/www.kahrglas.at\/wp-content\/uploads\/2014\/03\/M\u00fcller-450x450.jpg 450w, https:\/\/www.kahrglas.at\/wp-content\/uploads\/2014\/03\/M\u00fcller-80x80.jpg 80w, https:\/\/www.kahrglas.at\/wp-content\/uploads\/2014\/03\/M\u00fcller-36x36.jpg 36w, https:\/\/www.kahrglas.at\/wp-content\/uploads\/2014\/03\/M\u00fcller-180x180.jpg 180w, https:\/\/www.kahrglas.at\/wp-content\/uploads\/2014\/03\/M\u00fcller-120x120.jpg 120w\" sizes=\"(max-width: 450px) 100vw, 450px\" \/><\/div><\/li><li  class='avia-slideshow-slide av-av_slideshow-b9322e03a4210653058a8e24d6cb2194__47  slide-48 slide-even'><div data-rel='slideshow-1' class='avia-slide-wrap '   ><img decoding=\"async\" class=\"wp-image-3716 avia-img-lazy-loading-not-3716\"  src=\"https:\/\/www.kahrglas.at\/wp-content\/uploads\/2014\/03\/M\u00fcller1-450x450.jpg\" width=\"450\" height=\"450\" title='M\u00fcller1' alt=''  itemprop=\"thumbnailUrl\" srcset=\"https:\/\/www.kahrglas.at\/wp-content\/uploads\/2014\/03\/M\u00fcller1-450x450.jpg 450w, https:\/\/www.kahrglas.at\/wp-content\/uploads\/2014\/03\/M\u00fcller1-80x80.jpg 80w, https:\/\/www.kahrglas.at\/wp-content\/uploads\/2014\/03\/M\u00fcller1-36x36.jpg 36w, https:\/\/www.kahrglas.at\/wp-content\/uploads\/2014\/03\/M\u00fcller1-180x180.jpg 180w, https:\/\/www.kahrglas.at\/wp-content\/uploads\/2014\/03\/M\u00fcller1-120x120.jpg 120w\" sizes=\"(max-width: 450px) 100vw, 450px\" \/><\/div><\/li><li  class='avia-slideshow-slide av-av_slideshow-b9322e03a4210653058a8e24d6cb2194__48  slide-49 slide-odd'><div data-rel='slideshow-1' class='avia-slide-wrap '   ><img decoding=\"async\" class=\"wp-image-3717 avia-img-lazy-loading-not-3717\"  src=\"https:\/\/www.kahrglas.at\/wp-content\/uploads\/2014\/03\/Raumteiler-450x450.jpg\" width=\"450\" height=\"450\" title='Raumteiler' alt=''  itemprop=\"thumbnailUrl\" srcset=\"https:\/\/www.kahrglas.at\/wp-content\/uploads\/2014\/03\/Raumteiler-450x450.jpg 450w, https:\/\/www.kahrglas.at\/wp-content\/uploads\/2014\/03\/Raumteiler-80x80.jpg 80w, https:\/\/www.kahrglas.at\/wp-content\/uploads\/2014\/03\/Raumteiler-36x36.jpg 36w, https:\/\/www.kahrglas.at\/wp-content\/uploads\/2014\/03\/Raumteiler-180x180.jpg 180w, https:\/\/www.kahrglas.at\/wp-content\/uploads\/2014\/03\/Raumteiler-120x120.jpg 120w\" sizes=\"(max-width: 450px) 100vw, 450px\" \/><\/div><\/li><li  class='avia-slideshow-slide av-av_slideshow-b9322e03a4210653058a8e24d6cb2194__49  slide-50 slide-even'><div data-rel='slideshow-1' class='avia-slide-wrap '   ><img decoding=\"async\" class=\"wp-image-3718 avia-img-lazy-loading-not-3718\"  src=\"https:\/\/www.kahrglas.at\/wp-content\/uploads\/2014\/03\/Stiegengel\u00e4nder-450x450.jpg\" width=\"450\" height=\"450\" title='Stiegengel\u00e4nder' alt=''  itemprop=\"thumbnailUrl\" srcset=\"https:\/\/www.kahrglas.at\/wp-content\/uploads\/2014\/03\/Stiegengel\u00e4nder-450x450.jpg 450w, https:\/\/www.kahrglas.at\/wp-content\/uploads\/2014\/03\/Stiegengel\u00e4nder-80x80.jpg 80w, https:\/\/www.kahrglas.at\/wp-content\/uploads\/2014\/03\/Stiegengel\u00e4nder-36x36.jpg 36w, https:\/\/www.kahrglas.at\/wp-content\/uploads\/2014\/03\/Stiegengel\u00e4nder-180x180.jpg 180w, https:\/\/www.kahrglas.at\/wp-content\/uploads\/2014\/03\/Stiegengel\u00e4nder-120x120.jpg 120w\" sizes=\"(max-width: 450px) 100vw, 450px\" \/><\/div><\/li><li  class='avia-slideshow-slide av-av_slideshow-b9322e03a4210653058a8e24d6cb2194__50  slide-51 slide-odd'><div data-rel='slideshow-1' class='avia-slide-wrap '   ><img decoding=\"async\" class=\"wp-image-3719 avia-img-lazy-loading-not-3719\"  src=\"https:\/\/www.kahrglas.at\/wp-content\/uploads\/2014\/03\/Stiegengel\u00e4nder1-450x450.jpg\" width=\"450\" height=\"450\" title='Stiegengel\u00e4nder1' alt=''  itemprop=\"thumbnailUrl\" srcset=\"https:\/\/www.kahrglas.at\/wp-content\/uploads\/2014\/03\/Stiegengel\u00e4nder1-450x450.jpg 450w, https:\/\/www.kahrglas.at\/wp-content\/uploads\/2014\/03\/Stiegengel\u00e4nder1-80x80.jpg 80w, https:\/\/www.kahrglas.at\/wp-content\/uploads\/2014\/03\/Stiegengel\u00e4nder1-36x36.jpg 36w, https:\/\/www.kahrglas.at\/wp-content\/uploads\/2014\/03\/Stiegengel\u00e4nder1-180x180.jpg 180w, https:\/\/www.kahrglas.at\/wp-content\/uploads\/2014\/03\/Stiegengel\u00e4nder1-120x120.jpg 120w\" sizes=\"(max-width: 450px) 100vw, 450px\" \/><\/div><\/li><li  class='avia-slideshow-slide av-av_slideshow-b9322e03a4210653058a8e24d6cb2194__51  slide-52 slide-even'><div data-rel='slideshow-1' class='avia-slide-wrap '   ><img decoding=\"async\" class=\"wp-image-3720 avia-img-lazy-loading-not-3720\"  src=\"https:\/\/www.kahrglas.at\/wp-content\/uploads\/2014\/03\/Stiegengel\u00e4nder2-450x450.jpg\" width=\"450\" height=\"450\" title='Stiegengel\u00e4nder2' alt=''  itemprop=\"thumbnailUrl\" srcset=\"https:\/\/www.kahrglas.at\/wp-content\/uploads\/2014\/03\/Stiegengel\u00e4nder2-450x450.jpg 450w, https:\/\/www.kahrglas.at\/wp-content\/uploads\/2014\/03\/Stiegengel\u00e4nder2-80x80.jpg 80w, https:\/\/www.kahrglas.at\/wp-content\/uploads\/2014\/03\/Stiegengel\u00e4nder2-36x36.jpg 36w, https:\/\/www.kahrglas.at\/wp-content\/uploads\/2014\/03\/Stiegengel\u00e4nder2-180x180.jpg 180w, https:\/\/www.kahrglas.at\/wp-content\/uploads\/2014\/03\/Stiegengel\u00e4nder2-120x120.jpg 120w\" sizes=\"(max-width: 450px) 100vw, 450px\" \/><\/div><\/li><li  class='avia-slideshow-slide av-av_slideshow-b9322e03a4210653058a8e24d6cb2194__52  slide-53 slide-odd'><div data-rel='slideshow-1' class='avia-slide-wrap '   ><img decoding=\"async\" class=\"wp-image-3721 avia-img-lazy-loading-not-3721\"  src=\"https:\/\/www.kahrglas.at\/wp-content\/uploads\/2014\/03\/Stiegengel\u00e4nder3-450x450.jpg\" width=\"450\" height=\"450\" title='Stiegengel\u00e4nder3' alt=''  itemprop=\"thumbnailUrl\" srcset=\"https:\/\/www.kahrglas.at\/wp-content\/uploads\/2014\/03\/Stiegengel\u00e4nder3-450x450.jpg 450w, https:\/\/www.kahrglas.at\/wp-content\/uploads\/2014\/03\/Stiegengel\u00e4nder3-80x80.jpg 80w, https:\/\/www.kahrglas.at\/wp-content\/uploads\/2014\/03\/Stiegengel\u00e4nder3-36x36.jpg 36w, https:\/\/www.kahrglas.at\/wp-content\/uploads\/2014\/03\/Stiegengel\u00e4nder3-180x180.jpg 180w, https:\/\/www.kahrglas.at\/wp-content\/uploads\/2014\/03\/Stiegengel\u00e4nder3-120x120.jpg 120w\" sizes=\"(max-width: 450px) 100vw, 450px\" \/><\/div><\/li><li  class='avia-slideshow-slide av-av_slideshow-b9322e03a4210653058a8e24d6cb2194__53  slide-54 slide-even'><div data-rel='slideshow-1' class='avia-slide-wrap '   ><img decoding=\"async\" class=\"wp-image-3722 avia-img-lazy-loading-not-3722\"  src=\"https:\/\/www.kahrglas.at\/wp-content\/uploads\/2014\/03\/Stiegengel\u00e4nder4-450x450.jpg\" width=\"450\" height=\"450\" title='Stiegengel\u00e4nder4' alt=''  itemprop=\"thumbnailUrl\" srcset=\"https:\/\/www.kahrglas.at\/wp-content\/uploads\/2014\/03\/Stiegengel\u00e4nder4-450x450.jpg 450w, https:\/\/www.kahrglas.at\/wp-content\/uploads\/2014\/03\/Stiegengel\u00e4nder4-80x80.jpg 80w, https:\/\/www.kahrglas.at\/wp-content\/uploads\/2014\/03\/Stiegengel\u00e4nder4-36x36.jpg 36w, https:\/\/www.kahrglas.at\/wp-content\/uploads\/2014\/03\/Stiegengel\u00e4nder4-180x180.jpg 180w, https:\/\/www.kahrglas.at\/wp-content\/uploads\/2014\/03\/Stiegengel\u00e4nder4-120x120.jpg 120w\" sizes=\"(max-width: 450px) 100vw, 450px\" \/><\/div><\/li><li  class='avia-slideshow-slide av-av_slideshow-b9322e03a4210653058a8e24d6cb2194__54  slide-55 slide-odd'><div data-rel='slideshow-1' class='avia-slide-wrap '   ><img decoding=\"async\" class=\"wp-image-3723 avia-img-lazy-loading-not-3723\"  src=\"https:\/\/www.kahrglas.at\/wp-content\/uploads\/2014\/03\/Stiegengel\u00e4nder5-450x450.jpg\" width=\"450\" height=\"450\" title='Stiegengel\u00e4nder5' alt=''  itemprop=\"thumbnailUrl\" srcset=\"https:\/\/www.kahrglas.at\/wp-content\/uploads\/2014\/03\/Stiegengel\u00e4nder5-450x450.jpg 450w, https:\/\/www.kahrglas.at\/wp-content\/uploads\/2014\/03\/Stiegengel\u00e4nder5-80x80.jpg 80w, https:\/\/www.kahrglas.at\/wp-content\/uploads\/2014\/03\/Stiegengel\u00e4nder5-36x36.jpg 36w, https:\/\/www.kahrglas.at\/wp-content\/uploads\/2014\/03\/Stiegengel\u00e4nder5-180x180.jpg 180w, https:\/\/www.kahrglas.at\/wp-content\/uploads\/2014\/03\/Stiegengel\u00e4nder5-120x120.jpg 120w\" sizes=\"(max-width: 450px) 100vw, 450px\" \/><\/div><\/li><li  class='avia-slideshow-slide av-av_slideshow-b9322e03a4210653058a8e24d6cb2194__55  slide-56 slide-even'><div data-rel='slideshow-1' class='avia-slide-wrap '   ><img decoding=\"async\" class=\"wp-image-3724 avia-img-lazy-loading-not-3724\"  src=\"https:\/\/www.kahrglas.at\/wp-content\/uploads\/2014\/03\/Stiegengel\u00e4nder6-450x450.jpg\" width=\"450\" height=\"450\" title='Stiegengel\u00e4nder6' alt=''  itemprop=\"thumbnailUrl\" srcset=\"https:\/\/www.kahrglas.at\/wp-content\/uploads\/2014\/03\/Stiegengel\u00e4nder6-450x450.jpg 450w, https:\/\/www.kahrglas.at\/wp-content\/uploads\/2014\/03\/Stiegengel\u00e4nder6-80x80.jpg 80w, https:\/\/www.kahrglas.at\/wp-content\/uploads\/2014\/03\/Stiegengel\u00e4nder6-36x36.jpg 36w, https:\/\/www.kahrglas.at\/wp-content\/uploads\/2014\/03\/Stiegengel\u00e4nder6-180x180.jpg 180w, https:\/\/www.kahrglas.at\/wp-content\/uploads\/2014\/03\/Stiegengel\u00e4nder6-120x120.jpg 120w\" sizes=\"(max-width: 450px) 100vw, 450px\" \/><\/div><\/li><li  class='avia-slideshow-slide av-av_slideshow-b9322e03a4210653058a8e24d6cb2194__56  slide-57 slide-odd'><div data-rel='slideshow-1' class='avia-slide-wrap '   ><img decoding=\"async\" class=\"wp-image-3725 avia-img-lazy-loading-not-3725\"  src=\"https:\/\/www.kahrglas.at\/wp-content\/uploads\/2014\/03\/Stiegengel\u00e4nder8-450x450.jpg\" width=\"450\" height=\"450\" title='Stiegengel\u00e4nder8' alt=''  itemprop=\"thumbnailUrl\" srcset=\"https:\/\/www.kahrglas.at\/wp-content\/uploads\/2014\/03\/Stiegengel\u00e4nder8-450x450.jpg 450w, https:\/\/www.kahrglas.at\/wp-content\/uploads\/2014\/03\/Stiegengel\u00e4nder8-80x80.jpg 80w, https:\/\/www.kahrglas.at\/wp-content\/uploads\/2014\/03\/Stiegengel\u00e4nder8-36x36.jpg 36w, https:\/\/www.kahrglas.at\/wp-content\/uploads\/2014\/03\/Stiegengel\u00e4nder8-180x180.jpg 180w, https:\/\/www.kahrglas.at\/wp-content\/uploads\/2014\/03\/Stiegengel\u00e4nder8-120x120.jpg 120w\" sizes=\"(max-width: 450px) 100vw, 450px\" \/><\/div><\/li><\/ul><div class='avia-slideshow-arrows avia-slideshow-controls' ><a href='#prev' class='prev-slide ' aria-hidden='true' data-av_icon='\ue87c' data-av_iconfont='entypo-fontello'  tabindex='-1'>Zur\u00fcck<\/a><a href='#next' class='next-slide ' aria-hidden='true' data-av_icon='\ue87d' data-av_iconfont='entypo-fontello'  tabindex='-1'>Weiter<\/a><\/div><div class='avia-slideshow-dots avia-slideshow-controls'><a href='#1' class='goto-slide active' >1<\/a><a href='#2' class='goto-slide ' >2<\/a><a href='#3' class='goto-slide ' >3<\/a><a href='#4' class='goto-slide ' >4<\/a><a href='#5' class='goto-slide ' >5<\/a><a href='#6' class='goto-slide ' >6<\/a><a href='#7' class='goto-slide ' >7<\/a><a href='#8' class='goto-slide ' >8<\/a><a href='#9' class='goto-slide ' >9<\/a><a href='#10' class='goto-slide ' >10<\/a><a href='#11' class='goto-slide ' >11<\/a><a href='#12' class='goto-slide ' >12<\/a><a href='#13' class='goto-slide ' >13<\/a><a href='#14' class='goto-slide ' >14<\/a><a href='#15' class='goto-slide ' >15<\/a><a href='#16' class='goto-slide ' >16<\/a><a href='#17' class='goto-slide ' >17<\/a><a href='#18' class='goto-slide ' >18<\/a><a href='#19' class='goto-slide ' >19<\/a><a href='#20' class='goto-slide ' >20<\/a><a href='#21' class='goto-slide ' >21<\/a><a href='#22' class='goto-slide ' >22<\/a><a href='#23' class='goto-slide ' >23<\/a><a href='#24' class='goto-slide ' >24<\/a><a href='#25' class='goto-slide ' >25<\/a><a href='#26' class='goto-slide ' >26<\/a><a href='#27' class='goto-slide ' >27<\/a><a href='#28' class='goto-slide ' >28<\/a><a href='#29' class='goto-slide ' >29<\/a><a href='#30' class='goto-slide ' >30<\/a><a href='#31' class='goto-slide ' >31<\/a><a href='#32' class='goto-slide ' >32<\/a><a href='#33' class='goto-slide ' >33<\/a><a href='#34' class='goto-slide ' >34<\/a><a href='#35' class='goto-slide ' >35<\/a><a href='#36' class='goto-slide ' >36<\/a><a href='#37' class='goto-slide ' >37<\/a><a href='#38' class='goto-slide ' >38<\/a><a href='#39' class='goto-slide ' >39<\/a><a href='#40' class='goto-slide ' >40<\/a><a href='#41' class='goto-slide ' >41<\/a><a href='#42' class='goto-slide ' >42<\/a><a href='#43' class='goto-slide ' >43<\/a><a href='#44' class='goto-slide ' >44<\/a><a href='#45' class='goto-slide ' >45<\/a><a href='#46' class='goto-slide ' >46<\/a><a href='#47' class='goto-slide ' >47<\/a><a href='#48' class='goto-slide ' >48<\/a><a href='#49' class='goto-slide ' >49<\/a><a href='#50' class='goto-slide ' >50<\/a><a href='#51' class='goto-slide ' >51<\/a><a href='#52' class='goto-slide ' >52<\/a><a href='#53' class='goto-slide ' >53<\/a><a href='#54' class='goto-slide ' >54<\/a><a href='#55' class='goto-slide ' >55<\/a><a href='#56' class='goto-slide ' >56<\/a><a href='#57' class='goto-slide ' >57<\/a><\/div><\/div><\/div><div  class='flex_column av-av_one_third-5c3bdd854542bbc70d067b1f6b1f9883 av_one_third  avia-builder-el-2  el_after_av_two_third  el_before_av_one_full  flex_column_div  '     ><section  class='av_textblock_section av-av_textblock-aaf3a53f7e22769a7798f31e42769683 '   itemscope=\"itemscope\" itemtype=\"https:\/\/schema.org\/CreativeWork\" ><div class='avia_textblock'  itemprop=\"text\" ><h1><strong>Gel\u00e4nder Innenraum<\/strong><\/h1>\n<p dir=\"ltr\">Sicherheit und Designobjekt in einem \u2013 wir bieten hochwertige L\u00f6sungen, die Ihren Wohnraum aufwerten und luftiger erscheinen lassen, oder schlichtweg solide L\u00f6sungen f\u00fcr Stiegenh\u00e4user.<\/p>\n<ul>\n<li>Glas Gel\u00e4nder<\/li>\n<li>Glas- &amp; Metall Gel\u00e4nder<\/li>\n<\/ul>\n<\/div><\/section><\/div><\/p>\n<div  class='flex_column av-av_one_full-2a9015ff38129c418a3f2eafba3e9512 av_one_full  avia-builder-el-4  el_after_av_one_third  el_before_av_hr  first flex_column_div  column-top-margin'     ><form action=\"https:\/\/www.kahrglas.at\/?portfolio=gelaender-2\" method=\"post\" data-fields-with-error=\"Found errors in the following field(s):\" class=\"avia_ajax_form av-form-labels-visible   avia-builder-el-5  avia-builder-el-no-sibling   \" data-avia-form-id=\"1\" data-avia-redirect='' ><h3 class=''>Sie haben eine Frage zu unseren Arbeiten?<\/h3><fieldset><p class='  first_form  form_element form_fullwidth' id='element_avia_1_1'><label for=\"avia_1_1\">Name <abbr class=\"required\" title=\"ben\u00f6tigt\">*<\/abbr><\/label> <input name=\"avia_1_1\" class=\"text_input is_empty\" type=\"text\" id=\"avia_1_1\" value=\"\" \/><\/p><p class='  first_form  form_element form_fullwidth' id='element_avia_2_1'><label for=\"avia_2_1\">E-Mail <abbr class=\"required\" title=\"ben\u00f6tigt\">*<\/abbr><\/label> <input name=\"avia_2_1\" class=\"text_input is_email\" type=\"text\" id=\"avia_2_1\" value=\"\" \/><\/p><p class='  first_form  form_element form_fullwidth av-last-visible-form-element' id='element_avia_3_1'><label for=\"avia_3_1\" class=\"textare_label hidden textare_label_avia_3_1\">Nachricht <abbr class=\"required\" title=\"ben\u00f6tigt\">*<\/abbr><\/label><textarea  name=\"avia_3_1\" class=\"text_area is_empty\" cols=\"40\" rows=\"7\" id=\"avia_3_1\" ><\/textarea><\/p><p class=\"hidden\"><input type=\"text\" name=\"avia_4_1\" class=\"hidden \" id=\"avia_4_1\" value=\"\" \/><\/p><p class=\"form_element \"><input type=\"hidden\" value=\"1\" name=\"avia_generated_form1\" \/><input type=\"submit\" value=\"Anfragen\" class=\"button\"  data-sending-label=\"Sende\"\/><\/p><\/fieldset><\/form><div id=\"ajaxresponse_1\" class=\"ajaxresponse ajaxresponse_1 hidden\"><\/div><\/div>\n\n<style type=\"text\/css\" data-created_by=\"avia_inline_auto\" id=\"style-css-av-av_hr-a1c243cf92197389409c1f0baee7f17b\">\n#top .hr.hr-invisible.av-av_hr-a1c243cf92197389409c1f0baee7f17b{\nheight:30px;\n}\n<\/style>\n<div  class='hr av-av_hr-a1c243cf92197389409c1f0baee7f17b hr-invisible  avia-builder-el-6  el_after_av_one_full  el_before_av_textblock '><span class='hr-inner '><span class=\"hr-inner-style\"><\/span><\/span><\/div>\n<section  class='av_textblock_section av-av_textblock-aaf3a53f7e22769a7798f31e42769683 '   itemscope=\"itemscope\" itemtype=\"https:\/\/schema.org\/CreativeWork\" ><div class='avia_textblock'  itemprop=\"text\" ><h4 style=\"text-align: center;\">Weitere Arbeiten<\/h4>\n<\/div><\/section>\n<div  class='hr av-av_hr-4a566f4a73ae78223e1997276585dc3a hr-short  avia-builder-el-8  el_after_av_textblock  el_before_av_portfolio  avia-builder-el-last  hr-center'><span class='hr-inner '><span class=\"hr-inner-style\"><\/span><\/span><\/div>\n<div  id=\"av-sc-portfolio-1\"  class=' grid-sort-container isotope   no_margin-container with-excerpt-container grid-total-odd grid-col-4 grid-links-' data-portfolio-id='1'><div data-ajax-id='3279' class=' grid-entry flex_column isotope-item all_sort no_margin post-entry post-entry-3279 grid-entry-overview grid-loop-1 grid-parity-odd  gelaender-aussen_sort  av_one_fourth first default_av_fullwidth '><article class='main_color inner-entry'  itemscope=\"itemscope\" itemtype=\"https:\/\/schema.org\/CreativeWork\" ><a href=\"https:\/\/www.kahrglas.at\/?portfolio=gelaender-aussenbereich\" title='Gel\u00e4nder Au\u00dfenbereich'  data-rel='grid-1' class='grid-image avia-hover-fx'> <img decoding=\"async\" width=\"260\" height=\"185\" src=\"https:\/\/www.kahrglas.at\/wp-content\/uploads\/2014\/05\/geland_22-260x185.jpg\" class=\"wp-image-3286 avia-img-lazy-loading-not-3286 attachment-portfolio_small size-portfolio_small wp-post-image\" alt=\"\" \/><\/a><div class='grid-content'><div class='avia-arrow'><\/div><header class=\"entry-content-header\"><h3 class='grid-entry-title entry-title '  itemprop=\"headline\" ><a href='https:\/\/www.kahrglas.at\/?portfolio=gelaender-aussenbereich' title='Gel\u00e4nder Au\u00dfenbereich'>Gel\u00e4nder Au\u00dfenbereich<\/a><\/h3><\/header><\/div><footer class=\"entry-footer\"><\/footer><\/article><\/div><div data-ajax-id='3205' class=' grid-entry flex_column isotope-item all_sort no_margin post-entry post-entry-3205 grid-entry-overview grid-loop-2 grid-parity-even  gelaender_sort  av_one_fourth  default_av_fullwidth '><article class='main_color inner-entry'  itemscope=\"itemscope\" itemtype=\"https:\/\/schema.org\/CreativeWork\" ><a href=\"https:\/\/www.kahrglas.at\/?portfolio=gelaender-2\" title='Gel\u00e4nder Innenraum'  data-rel='grid-1' class='grid-image avia-hover-fx'> <img decoding=\"async\" width=\"260\" height=\"185\" src=\"https:\/\/www.kahrglas.at\/wp-content\/uploads\/2014\/03\/geland9-260x185.jpg\" class=\"wp-image-3249 avia-img-lazy-loading-not-3249 attachment-portfolio_small size-portfolio_small wp-post-image\" alt=\"\" \/><\/a><div class='grid-content'><div class='avia-arrow'><\/div><header class=\"entry-content-header\"><h3 class='grid-entry-title entry-title '  itemprop=\"headline\" ><a href='https:\/\/www.kahrglas.at\/?portfolio=gelaender-2' title='Gel\u00e4nder Innenraum'>Gel\u00e4nder Innenraum<\/a><\/h3><\/header><\/div><footer class=\"entry-footer\"><\/footer><\/article><\/div><div data-ajax-id='3212' class=' grid-entry flex_column isotope-item all_sort no_margin post-entry post-entry-3212 grid-entry-overview grid-loop-3 grid-parity-odd  post-entry-last  geschenkideen_sort  av_one_fourth  default_av_fullwidth '><article class='main_color inner-entry'  itemscope=\"itemscope\" itemtype=\"https:\/\/schema.org\/CreativeWork\" ><a href=\"https:\/\/www.kahrglas.at\/?portfolio=geschenkideen\" title='Geschenkideen'  data-rel='grid-1' class='grid-image avia-hover-fx'> <img decoding=\"async\" width=\"260\" height=\"185\" src=\"https:\/\/www.kahrglas.at\/wp-content\/uploads\/2014\/02\/Vase6-260x185.jpg\" class=\"wp-image-3362 avia-img-lazy-loading-not-3362 attachment-portfolio_small size-portfolio_small wp-post-image\" alt=\"\" \/><\/a><div class='grid-content'><div class='avia-arrow'><\/div><header class=\"entry-content-header\"><h3 class='grid-entry-title entry-title '  itemprop=\"headline\" ><a href='https:\/\/www.kahrglas.at\/?portfolio=geschenkideen' title='Geschenkideen'>Geschenkideen<\/a><\/h3><\/header><\/div><footer class=\"entry-footer\"><\/footer><\/article><\/div><\/div>\n","protected":false},"excerpt":{"rendered":"","protected":false},"featured_media":3249,"comment_status":"open","ping_status":"closed","template":"","tags":[],"portfolio_entries":[27],"_links":{"self":[{"href":"https:\/\/www.kahrglas.at\/index.php?rest_route=\/wp\/v2\/portfolio\/3205"}],"collection":[{"href":"https:\/\/www.kahrglas.at\/index.php?rest_route=\/wp\/v2\/portfolio"}],"about":[{"href":"https:\/\/www.kahrglas.at\/index.php?rest_route=\/wp\/v2\/types\/portfolio"}],"replies":[{"embeddable":true,"href":"https:\/\/www.kahrglas.at\/index.php?rest_route=%2Fwp%2Fv2%2Fcomments&post=3205"}],"version-history":[{"count":1,"href":"https:\/\/www.kahrglas.at\/index.php?rest_route=\/wp\/v2\/portfolio\/3205\/revisions"}],"predecessor-version":[{"id":3250,"href":"https:\/\/www.kahrglas.at\/index.php?rest_route=\/wp\/v2\/portfolio\/3205\/revisions\/3250"}],"wp:featuredmedia":[{"embeddable":true,"href":"https:\/\/www.kahrglas.at\/index.php?rest_route=\/wp\/v2\/media\/3249"}],"wp:attachment":[{"href":"https:\/\/www.kahrglas.at\/index.php?rest_route=%2Fwp%2Fv2%2Fmedia&parent=3205"}],"wp:term":[{"taxonomy":"post_tag","embeddable":true,"href":"https:\/\/www.kahrglas.at\/index.php?rest_route=%2Fwp%2Fv2%2Ftags&post=3205"},{"taxonomy":"portfolio_entries","embeddable":true,"href":"https:\/\/www.kahrglas.at\/index.php?rest_route=%2Fwp%2Fv2%2Fportfolio_entries&post=3205"}],"curies":[{"name":"wp","href":"https:\/\/api.w.org\/{rel}","templated":true}]}}