{"id":3212,"date":"2014-02-10T09:38:05","date_gmt":"2014-02-10T07:38:05","guid":{"rendered":"http:\/\/www.kahrglas.at\/?post_type=portfolio&#038;p=3212"},"modified":"2014-05-26T10:43:14","modified_gmt":"2014-05-26T08:43:14","slug":"geschenkideen","status":"publish","type":"portfolio","link":"https:\/\/www.kahrglas.at\/?portfolio=geschenkideen","title":{"rendered":"Geschenkideen"},"content":{"rendered":"<div  class='flex_column av-av_two_third-2a9015ff38129c418a3f2eafba3e9512 av_two_third  avia-builder-el-0  el_before_av_one_third  avia-builder-el-first  first flex_column_div  '     ><div  class='avia-slideshow av-av_slideshow-b9322e03a4210653058a8e24d6cb2194 avia-slideshow-shop_catalog av_slideshow avia-fade-slider  avia-builder-el-1  avia-builder-el-no-sibling  av-slideshow-ui av-control-default av-slideshow-autoplay av-loop-endless av-loop-manual-endless av-default-height-applied avia-slideshow-1' data-slideshow-options=\"{&quot;animation&quot;:&quot;fade&quot;,&quot;autoplay&quot;:true,&quot;loop_autoplay&quot;:&quot;endless&quot;,&quot;interval&quot;:5,&quot;loop_manual&quot;:&quot;manual-endless&quot;,&quot;autoplay_stopper&quot;:false,&quot;noNavigation&quot;:false,&quot;bg_slider&quot;:false,&quot;keep_padding&quot;:false,&quot;hoverpause&quot;:false,&quot;show_slide_delay&quot;:0}\"  itemprop=\"image\" itemscope=\"itemscope\" itemtype=\"https:\/\/schema.org\/ImageObject\" ><ul class='avia-slideshow-inner ' style='padding-bottom: 100%;'><li  class='avia-slideshow-slide av-av_slideshow-b9322e03a4210653058a8e24d6cb2194__0  slide-1 slide-odd'><div data-rel='slideshow-1' class='avia-slide-wrap '   ><div class='av-slideshow-caption av-av_slideshow-b9322e03a4210653058a8e24d6cb2194__0 avia-caption'><div class=\"avia-inner-caption\"><div class='avia-caption-content '  itemprop=\"description\" ><p>Vasen\/Tischdekor<\/p>\n<\/div><\/div><\/div><img decoding=\"async\" class=\"wp-image-3345 avia-img-lazy-loading-not-3345\"  src=\"https:\/\/www.kahrglas.at\/wp-content\/uploads\/2014\/02\/Vase1-450x450.jpg\" width=\"450\" height=\"450\" title='Vase1' alt=''  itemprop=\"thumbnailUrl\" srcset=\"https:\/\/www.kahrglas.at\/wp-content\/uploads\/2014\/02\/Vase1-450x450.jpg 450w, https:\/\/www.kahrglas.at\/wp-content\/uploads\/2014\/02\/Vase1-80x80.jpg 80w, https:\/\/www.kahrglas.at\/wp-content\/uploads\/2014\/02\/Vase1-36x36.jpg 36w, https:\/\/www.kahrglas.at\/wp-content\/uploads\/2014\/02\/Vase1-180x180.jpg 180w, https:\/\/www.kahrglas.at\/wp-content\/uploads\/2014\/02\/Vase1-120x120.jpg 120w\" sizes=\"(max-width: 450px) 100vw, 450px\" \/><\/div><\/li><li  class='avia-slideshow-slide av-av_slideshow-b9322e03a4210653058a8e24d6cb2194__1  slide-2 slide-even'><div data-rel='slideshow-1' class='avia-slide-wrap '   ><div class='av-slideshow-caption av-av_slideshow-b9322e03a4210653058a8e24d6cb2194__1 avia-caption'><div class=\"avia-inner-caption\"><div class='avia-caption-content '  itemprop=\"description\" ><p>Vasen\/Tischdekor<\/p>\n<\/div><\/div><\/div><img decoding=\"async\" class=\"wp-image-3362 avia-img-lazy-loading-not-3362\"  src=\"https:\/\/www.kahrglas.at\/wp-content\/uploads\/2014\/02\/Vase6-450x450.jpg\" width=\"450\" height=\"450\" title='Vase6' alt=''  itemprop=\"thumbnailUrl\" srcset=\"https:\/\/www.kahrglas.at\/wp-content\/uploads\/2014\/02\/Vase6-450x450.jpg 450w, https:\/\/www.kahrglas.at\/wp-content\/uploads\/2014\/02\/Vase6-80x80.jpg 80w, https:\/\/www.kahrglas.at\/wp-content\/uploads\/2014\/02\/Vase6-36x36.jpg 36w, https:\/\/www.kahrglas.at\/wp-content\/uploads\/2014\/02\/Vase6-180x180.jpg 180w, https:\/\/www.kahrglas.at\/wp-content\/uploads\/2014\/02\/Vase6-120x120.jpg 120w\" sizes=\"(max-width: 450px) 100vw, 450px\" \/><\/div><\/li><li  class='avia-slideshow-slide av-av_slideshow-b9322e03a4210653058a8e24d6cb2194__2  slide-3 slide-odd'><div data-rel='slideshow-1' class='avia-slide-wrap '   ><div class='av-slideshow-caption av-av_slideshow-b9322e03a4210653058a8e24d6cb2194__2 avia-caption'><div class=\"avia-inner-caption\"><div class='avia-caption-content '  itemprop=\"description\" ><p>Vasen\/Tischdekor<\/p>\n<\/div><\/div><\/div><img decoding=\"async\" class=\"wp-image-3350 avia-img-lazy-loading-not-3350\"  src=\"https:\/\/www.kahrglas.at\/wp-content\/uploads\/2014\/02\/tischdeko1-450x450.jpg\" width=\"450\" height=\"450\" title='tischdeko1' alt=''  itemprop=\"thumbnailUrl\" srcset=\"https:\/\/www.kahrglas.at\/wp-content\/uploads\/2014\/02\/tischdeko1-450x450.jpg 450w, https:\/\/www.kahrglas.at\/wp-content\/uploads\/2014\/02\/tischdeko1-80x80.jpg 80w, https:\/\/www.kahrglas.at\/wp-content\/uploads\/2014\/02\/tischdeko1-36x36.jpg 36w, https:\/\/www.kahrglas.at\/wp-content\/uploads\/2014\/02\/tischdeko1-180x180.jpg 180w, https:\/\/www.kahrglas.at\/wp-content\/uploads\/2014\/02\/tischdeko1-120x120.jpg 120w\" sizes=\"(max-width: 450px) 100vw, 450px\" \/><\/div><\/li><li  class='avia-slideshow-slide av-av_slideshow-b9322e03a4210653058a8e24d6cb2194__3  slide-4 slide-even'><div data-rel='slideshow-1' class='avia-slide-wrap '   ><div class='av-slideshow-caption av-av_slideshow-b9322e03a4210653058a8e24d6cb2194__3 avia-caption'><div class=\"avia-inner-caption\"><div class='avia-caption-content '  itemprop=\"description\" ><p>Tischdekor<\/p>\n<\/div><\/div><\/div><img decoding=\"async\" class=\"wp-image-3351 avia-img-lazy-loading-not-3351\"  src=\"https:\/\/www.kahrglas.at\/wp-content\/uploads\/2014\/02\/tischdeko2-450x450.jpg\" width=\"450\" height=\"450\" title='tischdeko2' alt=''  itemprop=\"thumbnailUrl\" srcset=\"https:\/\/www.kahrglas.at\/wp-content\/uploads\/2014\/02\/tischdeko2-450x450.jpg 450w, https:\/\/www.kahrglas.at\/wp-content\/uploads\/2014\/02\/tischdeko2-80x80.jpg 80w, https:\/\/www.kahrglas.at\/wp-content\/uploads\/2014\/02\/tischdeko2-36x36.jpg 36w, https:\/\/www.kahrglas.at\/wp-content\/uploads\/2014\/02\/tischdeko2-180x180.jpg 180w, https:\/\/www.kahrglas.at\/wp-content\/uploads\/2014\/02\/tischdeko2-120x120.jpg 120w\" sizes=\"(max-width: 450px) 100vw, 450px\" \/><\/div><\/li><li  class='avia-slideshow-slide av-av_slideshow-b9322e03a4210653058a8e24d6cb2194__4  slide-5 slide-odd'><div data-rel='slideshow-1' class='avia-slide-wrap '   ><div class='av-slideshow-caption av-av_slideshow-b9322e03a4210653058a8e24d6cb2194__4 avia-caption'><div class=\"avia-inner-caption\"><div class='avia-caption-content '  itemprop=\"description\" ><p>Tischdekor<\/p>\n<\/div><\/div><\/div><img decoding=\"async\" class=\"wp-image-3352 avia-img-lazy-loading-not-3352\"  src=\"https:\/\/www.kahrglas.at\/wp-content\/uploads\/2014\/02\/tischdeko3-450x450.jpg\" width=\"450\" height=\"450\" title='tischdeko3' alt=''  itemprop=\"thumbnailUrl\" srcset=\"https:\/\/www.kahrglas.at\/wp-content\/uploads\/2014\/02\/tischdeko3-450x450.jpg 450w, https:\/\/www.kahrglas.at\/wp-content\/uploads\/2014\/02\/tischdeko3-80x80.jpg 80w, https:\/\/www.kahrglas.at\/wp-content\/uploads\/2014\/02\/tischdeko3-36x36.jpg 36w, https:\/\/www.kahrglas.at\/wp-content\/uploads\/2014\/02\/tischdeko3-180x180.jpg 180w, https:\/\/www.kahrglas.at\/wp-content\/uploads\/2014\/02\/tischdeko3-120x120.jpg 120w\" sizes=\"(max-width: 450px) 100vw, 450px\" \/><\/div><\/li><li  class='avia-slideshow-slide av-av_slideshow-b9322e03a4210653058a8e24d6cb2194__5  slide-6 slide-even'><div data-rel='slideshow-1' class='avia-slide-wrap '   ><div class='av-slideshow-caption av-av_slideshow-b9322e03a4210653058a8e24d6cb2194__5 avia-caption'><div class=\"avia-inner-caption\"><div class='avia-caption-content '  itemprop=\"description\" ><p>Tischdekor<\/p>\n<\/div><\/div><\/div><img decoding=\"async\" class=\"wp-image-3353 avia-img-lazy-loading-not-3353\"  src=\"https:\/\/www.kahrglas.at\/wp-content\/uploads\/2014\/02\/tischdeko4-450x450.jpg\" width=\"450\" height=\"450\" title='tischdeko4' alt=''  itemprop=\"thumbnailUrl\" srcset=\"https:\/\/www.kahrglas.at\/wp-content\/uploads\/2014\/02\/tischdeko4-450x450.jpg 450w, https:\/\/www.kahrglas.at\/wp-content\/uploads\/2014\/02\/tischdeko4-80x80.jpg 80w, https:\/\/www.kahrglas.at\/wp-content\/uploads\/2014\/02\/tischdeko4-36x36.jpg 36w, https:\/\/www.kahrglas.at\/wp-content\/uploads\/2014\/02\/tischdeko4-180x180.jpg 180w, https:\/\/www.kahrglas.at\/wp-content\/uploads\/2014\/02\/tischdeko4-120x120.jpg 120w\" sizes=\"(max-width: 450px) 100vw, 450px\" \/><\/div><\/li><li  class='avia-slideshow-slide av-av_slideshow-b9322e03a4210653058a8e24d6cb2194__6  slide-7 slide-odd'><div data-rel='slideshow-1' class='avia-slide-wrap '   ><div class='av-slideshow-caption av-av_slideshow-b9322e03a4210653058a8e24d6cb2194__6 avia-caption'><div class=\"avia-inner-caption\"><div class='avia-caption-content '  itemprop=\"description\" ><p>Vasen\/Tischdekor<\/p>\n<\/div><\/div><\/div><img decoding=\"async\" class=\"wp-image-3354 avia-img-lazy-loading-not-3354\"  src=\"https:\/\/www.kahrglas.at\/wp-content\/uploads\/2014\/02\/tischdeko5-450x450.jpg\" width=\"450\" height=\"450\" title='tischdeko5' alt=''  itemprop=\"thumbnailUrl\" srcset=\"https:\/\/www.kahrglas.at\/wp-content\/uploads\/2014\/02\/tischdeko5-450x450.jpg 450w, https:\/\/www.kahrglas.at\/wp-content\/uploads\/2014\/02\/tischdeko5-80x80.jpg 80w, https:\/\/www.kahrglas.at\/wp-content\/uploads\/2014\/02\/tischdeko5-36x36.jpg 36w, https:\/\/www.kahrglas.at\/wp-content\/uploads\/2014\/02\/tischdeko5-180x180.jpg 180w, https:\/\/www.kahrglas.at\/wp-content\/uploads\/2014\/02\/tischdeko5-120x120.jpg 120w\" sizes=\"(max-width: 450px) 100vw, 450px\" \/><\/div><\/li><li  class='avia-slideshow-slide av-av_slideshow-b9322e03a4210653058a8e24d6cb2194__7  slide-8 slide-even'><div data-rel='slideshow-1' class='avia-slide-wrap '   ><div class='av-slideshow-caption av-av_slideshow-b9322e03a4210653058a8e24d6cb2194__7 avia-caption'><div class=\"avia-inner-caption\"><div class='avia-caption-content '  itemprop=\"description\" ><p>Vasen\/Tischdekor<\/p>\n<\/div><\/div><\/div><img decoding=\"async\" class=\"wp-image-3355 avia-img-lazy-loading-not-3355\"  src=\"https:\/\/www.kahrglas.at\/wp-content\/uploads\/2014\/02\/tischdeko6-450x450.jpg\" width=\"450\" height=\"450\" title='tischdeko6' alt=''  itemprop=\"thumbnailUrl\" srcset=\"https:\/\/www.kahrglas.at\/wp-content\/uploads\/2014\/02\/tischdeko6-450x450.jpg 450w, https:\/\/www.kahrglas.at\/wp-content\/uploads\/2014\/02\/tischdeko6-80x80.jpg 80w, https:\/\/www.kahrglas.at\/wp-content\/uploads\/2014\/02\/tischdeko6-36x36.jpg 36w, https:\/\/www.kahrglas.at\/wp-content\/uploads\/2014\/02\/tischdeko6-180x180.jpg 180w, https:\/\/www.kahrglas.at\/wp-content\/uploads\/2014\/02\/tischdeko6-120x120.jpg 120w\" sizes=\"(max-width: 450px) 100vw, 450px\" \/><\/div><\/li><li  class='avia-slideshow-slide av-av_slideshow-b9322e03a4210653058a8e24d6cb2194__8  slide-9 slide-odd'><div data-rel='slideshow-1' class='avia-slide-wrap '   ><img decoding=\"async\" class=\"wp-image-3358 avia-img-lazy-loading-not-3358\"  src=\"https:\/\/www.kahrglas.at\/wp-content\/uploads\/2014\/02\/Vase2-450x450.jpg\" width=\"450\" height=\"450\" title='Vase2' alt=''  itemprop=\"thumbnailUrl\" srcset=\"https:\/\/www.kahrglas.at\/wp-content\/uploads\/2014\/02\/Vase2-450x450.jpg 450w, https:\/\/www.kahrglas.at\/wp-content\/uploads\/2014\/02\/Vase2-80x80.jpg 80w, https:\/\/www.kahrglas.at\/wp-content\/uploads\/2014\/02\/Vase2-36x36.jpg 36w, https:\/\/www.kahrglas.at\/wp-content\/uploads\/2014\/02\/Vase2-180x180.jpg 180w, https:\/\/www.kahrglas.at\/wp-content\/uploads\/2014\/02\/Vase2-120x120.jpg 120w\" sizes=\"(max-width: 450px) 100vw, 450px\" \/><\/div><\/li><li  class='avia-slideshow-slide av-av_slideshow-b9322e03a4210653058a8e24d6cb2194__9  slide-10 slide-even'><div data-rel='slideshow-1' class='avia-slide-wrap '   ><div class='av-slideshow-caption av-av_slideshow-b9322e03a4210653058a8e24d6cb2194__9 avia-caption'><div class=\"avia-inner-caption\"><div class='avia-caption-content '  itemprop=\"description\" ><p>Vasen\/Tischdekor<\/p>\n<\/div><\/div><\/div><img decoding=\"async\" class=\"wp-image-3359 avia-img-lazy-loading-not-3359\"  src=\"https:\/\/www.kahrglas.at\/wp-content\/uploads\/2014\/02\/Vase3-450x450.jpg\" width=\"450\" height=\"450\" title='Vase3' alt=''  itemprop=\"thumbnailUrl\" srcset=\"https:\/\/www.kahrglas.at\/wp-content\/uploads\/2014\/02\/Vase3-450x450.jpg 450w, https:\/\/www.kahrglas.at\/wp-content\/uploads\/2014\/02\/Vase3-80x80.jpg 80w, https:\/\/www.kahrglas.at\/wp-content\/uploads\/2014\/02\/Vase3-36x36.jpg 36w, https:\/\/www.kahrglas.at\/wp-content\/uploads\/2014\/02\/Vase3-180x180.jpg 180w, https:\/\/www.kahrglas.at\/wp-content\/uploads\/2014\/02\/Vase3-120x120.jpg 120w\" sizes=\"(max-width: 450px) 100vw, 450px\" \/><\/div><\/li><li  class='avia-slideshow-slide av-av_slideshow-b9322e03a4210653058a8e24d6cb2194__10  slide-11 slide-odd'><div data-rel='slideshow-1' class='avia-slide-wrap '   ><div class='av-slideshow-caption av-av_slideshow-b9322e03a4210653058a8e24d6cb2194__10 avia-caption'><div class=\"avia-inner-caption\"><div class='avia-caption-content '  itemprop=\"description\" ><p>Vasen\/Tischdekor<\/p>\n<\/div><\/div><\/div><img decoding=\"async\" class=\"wp-image-3360 avia-img-lazy-loading-not-3360\"  src=\"https:\/\/www.kahrglas.at\/wp-content\/uploads\/2014\/02\/Vase4-450x450.jpg\" width=\"450\" height=\"450\" title='Vase4' alt=''  itemprop=\"thumbnailUrl\" srcset=\"https:\/\/www.kahrglas.at\/wp-content\/uploads\/2014\/02\/Vase4-450x450.jpg 450w, https:\/\/www.kahrglas.at\/wp-content\/uploads\/2014\/02\/Vase4-80x80.jpg 80w, https:\/\/www.kahrglas.at\/wp-content\/uploads\/2014\/02\/Vase4-36x36.jpg 36w, https:\/\/www.kahrglas.at\/wp-content\/uploads\/2014\/02\/Vase4-180x180.jpg 180w, https:\/\/www.kahrglas.at\/wp-content\/uploads\/2014\/02\/Vase4-120x120.jpg 120w\" sizes=\"(max-width: 450px) 100vw, 450px\" \/><\/div><\/li><li  class='avia-slideshow-slide av-av_slideshow-b9322e03a4210653058a8e24d6cb2194__11  slide-12 slide-even'><div data-rel='slideshow-1' class='avia-slide-wrap '   ><div class='av-slideshow-caption av-av_slideshow-b9322e03a4210653058a8e24d6cb2194__11 avia-caption'><div class=\"avia-inner-caption\"><div class='avia-caption-content '  itemprop=\"description\" ><p>Vasen\/Tischdekor<\/p>\n<\/div><\/div><\/div><img decoding=\"async\" class=\"wp-image-3361 avia-img-lazy-loading-not-3361\"  src=\"https:\/\/www.kahrglas.at\/wp-content\/uploads\/2014\/02\/Vase5-450x450.jpg\" width=\"450\" height=\"450\" title='Vase5' alt=''  itemprop=\"thumbnailUrl\" srcset=\"https:\/\/www.kahrglas.at\/wp-content\/uploads\/2014\/02\/Vase5-450x450.jpg 450w, https:\/\/www.kahrglas.at\/wp-content\/uploads\/2014\/02\/Vase5-80x80.jpg 80w, https:\/\/www.kahrglas.at\/wp-content\/uploads\/2014\/02\/Vase5-36x36.jpg 36w, https:\/\/www.kahrglas.at\/wp-content\/uploads\/2014\/02\/Vase5-180x180.jpg 180w, https:\/\/www.kahrglas.at\/wp-content\/uploads\/2014\/02\/Vase5-120x120.jpg 120w\" sizes=\"(max-width: 450px) 100vw, 450px\" \/><\/div><\/li><li  class='avia-slideshow-slide av-av_slideshow-b9322e03a4210653058a8e24d6cb2194__12  slide-13 slide-odd'><div data-rel='slideshow-1' class='avia-slide-wrap '   ><div class='av-slideshow-caption av-av_slideshow-b9322e03a4210653058a8e24d6cb2194__12 avia-caption'><div class=\"avia-inner-caption\"><div class='avia-caption-content '  itemprop=\"description\" ><p>Pokal<\/p>\n<\/div><\/div><\/div><img decoding=\"async\" class=\"wp-image-3349 avia-img-lazy-loading-not-3349\"  src=\"https:\/\/www.kahrglas.at\/wp-content\/uploads\/2014\/02\/pokal-450x450.jpg\" width=\"450\" height=\"450\" title='pokal' alt=''  itemprop=\"thumbnailUrl\" srcset=\"https:\/\/www.kahrglas.at\/wp-content\/uploads\/2014\/02\/pokal-450x450.jpg 450w, https:\/\/www.kahrglas.at\/wp-content\/uploads\/2014\/02\/pokal-80x80.jpg 80w, https:\/\/www.kahrglas.at\/wp-content\/uploads\/2014\/02\/pokal-36x36.jpg 36w, https:\/\/www.kahrglas.at\/wp-content\/uploads\/2014\/02\/pokal-180x180.jpg 180w, https:\/\/www.kahrglas.at\/wp-content\/uploads\/2014\/02\/pokal-120x120.jpg 120w\" sizes=\"(max-width: 450px) 100vw, 450px\" \/><\/div><\/li><li  class='avia-slideshow-slide av-av_slideshow-b9322e03a4210653058a8e24d6cb2194__13  slide-14 slide-even'><div data-rel='slideshow-1' class='avia-slide-wrap '   ><img decoding=\"async\" class=\"wp-image-3348 avia-img-lazy-loading-not-3348\"  src=\"https:\/\/www.kahrglas.at\/wp-content\/uploads\/2014\/02\/objekt2-450x450.jpg\" width=\"450\" height=\"450\" title='objekt2' alt=''  itemprop=\"thumbnailUrl\" srcset=\"https:\/\/www.kahrglas.at\/wp-content\/uploads\/2014\/02\/objekt2-450x450.jpg 450w, https:\/\/www.kahrglas.at\/wp-content\/uploads\/2014\/02\/objekt2-80x80.jpg 80w, https:\/\/www.kahrglas.at\/wp-content\/uploads\/2014\/02\/objekt2-36x36.jpg 36w, https:\/\/www.kahrglas.at\/wp-content\/uploads\/2014\/02\/objekt2-180x180.jpg 180w, https:\/\/www.kahrglas.at\/wp-content\/uploads\/2014\/02\/objekt2-120x120.jpg 120w\" sizes=\"(max-width: 450px) 100vw, 450px\" \/><\/div><\/li><li  class='avia-slideshow-slide av-av_slideshow-b9322e03a4210653058a8e24d6cb2194__14  slide-15 slide-odd'><div data-rel='slideshow-1' class='avia-slide-wrap '   ><div class='av-slideshow-caption av-av_slideshow-b9322e03a4210653058a8e24d6cb2194__14 avia-caption'><div class=\"avia-inner-caption\"><div class='avia-caption-content '  itemprop=\"description\" ><p>Handtuchspender<\/p>\n<\/div><\/div><\/div><img decoding=\"async\" class=\"wp-image-3347 avia-img-lazy-loading-not-3347\"  src=\"https:\/\/www.kahrglas.at\/wp-content\/uploads\/2014\/02\/Handtuchspender-450x450.jpg\" width=\"450\" height=\"450\" title='Handtuchspender' alt=''  itemprop=\"thumbnailUrl\" srcset=\"https:\/\/www.kahrglas.at\/wp-content\/uploads\/2014\/02\/Handtuchspender-450x450.jpg 450w, https:\/\/www.kahrglas.at\/wp-content\/uploads\/2014\/02\/Handtuchspender-80x80.jpg 80w, https:\/\/www.kahrglas.at\/wp-content\/uploads\/2014\/02\/Handtuchspender-36x36.jpg 36w, https:\/\/www.kahrglas.at\/wp-content\/uploads\/2014\/02\/Handtuchspender-180x180.jpg 180w, https:\/\/www.kahrglas.at\/wp-content\/uploads\/2014\/02\/Handtuchspender-120x120.jpg 120w\" sizes=\"(max-width: 450px) 100vw, 450px\" \/><\/div><\/li><\/ul><div class='avia-slideshow-arrows avia-slideshow-controls' ><a href='#prev' class='prev-slide ' aria-hidden='true' data-av_icon='\ue87c' data-av_iconfont='entypo-fontello'  tabindex='-1'>Zur\u00fcck<\/a><a href='#next' class='next-slide ' aria-hidden='true' data-av_icon='\ue87d' data-av_iconfont='entypo-fontello'  tabindex='-1'>Weiter<\/a><\/div><div class='avia-slideshow-dots avia-slideshow-controls'><a href='#1' class='goto-slide active' >1<\/a><a href='#2' class='goto-slide ' >2<\/a><a href='#3' class='goto-slide ' >3<\/a><a href='#4' class='goto-slide ' >4<\/a><a href='#5' class='goto-slide ' >5<\/a><a href='#6' class='goto-slide ' >6<\/a><a href='#7' class='goto-slide ' >7<\/a><a href='#8' class='goto-slide ' >8<\/a><a href='#9' class='goto-slide ' >9<\/a><a href='#10' class='goto-slide ' >10<\/a><a href='#11' class='goto-slide ' >11<\/a><a href='#12' class='goto-slide ' >12<\/a><a href='#13' class='goto-slide ' >13<\/a><a href='#14' class='goto-slide ' >14<\/a><a href='#15' class='goto-slide ' >15<\/a><\/div><\/div><\/div>\n<div  class='flex_column av-av_one_third-5c3bdd854542bbc70d067b1f6b1f9883 av_one_third  avia-builder-el-2  el_after_av_two_third  el_before_av_one_full  flex_column_div  '     ><section  class='av_textblock_section av-av_textblock-aaf3a53f7e22769a7798f31e42769683 '   itemscope=\"itemscope\" itemtype=\"https:\/\/schema.org\/CreativeWork\" ><div class='avia_textblock'  itemprop=\"text\" ><h1><strong>Geschenkideen<\/strong><\/h1>\n<p>Sie suchen nach einem individuellen Geschenk aus Glas? Wir bieten Ihnen zahlreiche M\u00f6glichkeiten f\u00fcr verschiedenste Anl\u00e4sse \u2013 vom verglasten Tischschmuck \u00fcber Vasen und andere Dekorationsartikel bis hin zu Pokalen\/Troph\u00e4en. Teilen Sie uns Ihre Vorstellungen mit, wir beraten Sie gerne!<\/p>\n<\/div><\/section><\/div>\n<div  class='flex_column av-av_one_full-2a9015ff38129c418a3f2eafba3e9512 av_one_full  avia-builder-el-4  el_after_av_one_third  el_before_av_hr  first flex_column_div  column-top-margin'     ><form action=\"https:\/\/www.kahrglas.at\/?portfolio=geschenkideen\" method=\"post\" data-fields-with-error=\"Found errors in the following field(s):\" class=\"avia_ajax_form av-form-labels-visible   avia-builder-el-5  avia-builder-el-no-sibling   \" data-avia-form-id=\"1\" data-avia-redirect='' ><h3 class=''>Sie haben eine Frage zu unseren Arbeiten?<\/h3><fieldset><p class='  first_form  form_element form_fullwidth' id='element_avia_1_1'><label for=\"avia_1_1\">Name <abbr class=\"required\" title=\"ben\u00f6tigt\">*<\/abbr><\/label> <input name=\"avia_1_1\" class=\"text_input is_empty\" type=\"text\" id=\"avia_1_1\" value=\"\" \/><\/p><p class='  first_form  form_element form_fullwidth' id='element_avia_2_1'><label for=\"avia_2_1\">E-Mail <abbr class=\"required\" title=\"ben\u00f6tigt\">*<\/abbr><\/label> <input name=\"avia_2_1\" class=\"text_input is_email\" type=\"text\" id=\"avia_2_1\" value=\"\" \/><\/p><p class='  first_form  form_element form_fullwidth av-last-visible-form-element' id='element_avia_3_1'><label for=\"avia_3_1\" class=\"textare_label hidden textare_label_avia_3_1\">Nachricht <abbr class=\"required\" title=\"ben\u00f6tigt\">*<\/abbr><\/label><textarea  name=\"avia_3_1\" class=\"text_area is_empty\" cols=\"40\" rows=\"7\" id=\"avia_3_1\" ><\/textarea><\/p><p class=\"hidden\"><input type=\"text\" name=\"avia_4_1\" class=\"hidden \" id=\"avia_4_1\" value=\"\" \/><\/p><p class=\"form_element \"><input type=\"hidden\" value=\"1\" name=\"avia_generated_form1\" \/><input type=\"submit\" value=\"Anfragen\" class=\"button\"  data-sending-label=\"Sende\"\/><\/p><\/fieldset><\/form><div id=\"ajaxresponse_1\" class=\"ajaxresponse ajaxresponse_1 hidden\"><\/div><\/div>\n<style type=\"text\/css\" data-created_by=\"avia_inline_auto\" id=\"style-css-av-av_hr-a1c243cf92197389409c1f0baee7f17b\">\n#top .hr.hr-invisible.av-av_hr-a1c243cf92197389409c1f0baee7f17b{\nheight:30px;\n}\n<\/style>\n<div  class='hr av-av_hr-a1c243cf92197389409c1f0baee7f17b hr-invisible  avia-builder-el-6  el_after_av_one_full  el_before_av_textblock '><span class='hr-inner '><span class=\"hr-inner-style\"><\/span><\/span><\/div><\/p>\n<section  class='av_textblock_section av-av_textblock-aaf3a53f7e22769a7798f31e42769683 '   itemscope=\"itemscope\" itemtype=\"https:\/\/schema.org\/CreativeWork\" ><div class='avia_textblock'  itemprop=\"text\" ><h4 style=\"text-align: center;\">Weitere Arbeiten<\/h4>\n<\/div><\/section>\n<div  class='hr av-av_hr-4a566f4a73ae78223e1997276585dc3a hr-short  avia-builder-el-8  el_after_av_textblock  el_before_av_portfolio  avia-builder-el-last  hr-center'><span class='hr-inner '><span class=\"hr-inner-style\"><\/span><\/span><\/div>\n<div  id=\"av-sc-portfolio-1\"  class=' grid-sort-container isotope   no_margin-container with-excerpt-container grid-total-odd grid-col-4 grid-links-' data-portfolio-id='1'><div data-ajax-id='3279' class=' grid-entry flex_column isotope-item all_sort no_margin post-entry post-entry-3279 grid-entry-overview grid-loop-1 grid-parity-odd  gelaender-aussen_sort  av_one_fourth first default_av_fullwidth '><article class='main_color inner-entry'  itemscope=\"itemscope\" itemtype=\"https:\/\/schema.org\/CreativeWork\" ><a href=\"https:\/\/www.kahrglas.at\/?portfolio=gelaender-aussenbereich\" title='Gel\u00e4nder Au\u00dfenbereich'  data-rel='grid-1' class='grid-image avia-hover-fx'> <img decoding=\"async\" width=\"260\" height=\"185\" src=\"https:\/\/www.kahrglas.at\/wp-content\/uploads\/2014\/05\/geland_22-260x185.jpg\" class=\"wp-image-3286 avia-img-lazy-loading-not-3286 attachment-portfolio_small size-portfolio_small wp-post-image\" alt=\"\" \/><\/a><div class='grid-content'><div class='avia-arrow'><\/div><header class=\"entry-content-header\"><h3 class='grid-entry-title entry-title '  itemprop=\"headline\" ><a href='https:\/\/www.kahrglas.at\/?portfolio=gelaender-aussenbereich' title='Gel\u00e4nder Au\u00dfenbereich'>Gel\u00e4nder Au\u00dfenbereich<\/a><\/h3><\/header><\/div><footer class=\"entry-footer\"><\/footer><\/article><\/div><div data-ajax-id='3205' class=' grid-entry flex_column isotope-item all_sort no_margin post-entry post-entry-3205 grid-entry-overview grid-loop-2 grid-parity-even  gelaender_sort  av_one_fourth  default_av_fullwidth '><article class='main_color inner-entry'  itemscope=\"itemscope\" itemtype=\"https:\/\/schema.org\/CreativeWork\" ><a href=\"https:\/\/www.kahrglas.at\/?portfolio=gelaender-2\" title='Gel\u00e4nder Innenraum'  data-rel='grid-1' class='grid-image avia-hover-fx'> <img decoding=\"async\" width=\"260\" height=\"185\" src=\"https:\/\/www.kahrglas.at\/wp-content\/uploads\/2014\/03\/geland9-260x185.jpg\" class=\"wp-image-3249 avia-img-lazy-loading-not-3249 attachment-portfolio_small size-portfolio_small wp-post-image\" alt=\"\" \/><\/a><div class='grid-content'><div class='avia-arrow'><\/div><header class=\"entry-content-header\"><h3 class='grid-entry-title entry-title '  itemprop=\"headline\" ><a href='https:\/\/www.kahrglas.at\/?portfolio=gelaender-2' title='Gel\u00e4nder Innenraum'>Gel\u00e4nder Innenraum<\/a><\/h3><\/header><\/div><footer class=\"entry-footer\"><\/footer><\/article><\/div><div data-ajax-id='3212' class=' grid-entry flex_column isotope-item all_sort no_margin post-entry post-entry-3212 grid-entry-overview grid-loop-3 grid-parity-odd  post-entry-last  geschenkideen_sort  av_one_fourth  default_av_fullwidth '><article class='main_color inner-entry'  itemscope=\"itemscope\" itemtype=\"https:\/\/schema.org\/CreativeWork\" ><a href=\"https:\/\/www.kahrglas.at\/?portfolio=geschenkideen\" title='Geschenkideen'  data-rel='grid-1' class='grid-image avia-hover-fx'> <img decoding=\"async\" width=\"260\" height=\"185\" src=\"https:\/\/www.kahrglas.at\/wp-content\/uploads\/2014\/02\/Vase6-260x185.jpg\" class=\"wp-image-3362 avia-img-lazy-loading-not-3362 attachment-portfolio_small size-portfolio_small wp-post-image\" alt=\"\" \/><\/a><div class='grid-content'><div class='avia-arrow'><\/div><header class=\"entry-content-header\"><h3 class='grid-entry-title entry-title '  itemprop=\"headline\" ><a href='https:\/\/www.kahrglas.at\/?portfolio=geschenkideen' title='Geschenkideen'>Geschenkideen<\/a><\/h3><\/header><\/div><footer class=\"entry-footer\"><\/footer><\/article><\/div><\/div>\n","protected":false},"excerpt":{"rendered":"","protected":false},"featured_media":3362,"comment_status":"open","ping_status":"closed","template":"","tags":[],"portfolio_entries":[41],"_links":{"self":[{"href":"https:\/\/www.kahrglas.at\/index.php?rest_route=\/wp\/v2\/portfolio\/3212"}],"collection":[{"href":"https:\/\/www.kahrglas.at\/index.php?rest_route=\/wp\/v2\/portfolio"}],"about":[{"href":"https:\/\/www.kahrglas.at\/index.php?rest_route=\/wp\/v2\/types\/portfolio"}],"replies":[{"embeddable":true,"href":"https:\/\/www.kahrglas.at\/index.php?rest_route=%2Fwp%2Fv2%2Fcomments&post=3212"}],"version-history":[{"count":1,"href":"https:\/\/www.kahrglas.at\/index.php?rest_route=\/wp\/v2\/portfolio\/3212\/revisions"}],"predecessor-version":[{"id":3346,"href":"https:\/\/www.kahrglas.at\/index.php?rest_route=\/wp\/v2\/portfolio\/3212\/revisions\/3346"}],"wp:featuredmedia":[{"embeddable":true,"href":"https:\/\/www.kahrglas.at\/index.php?rest_route=\/wp\/v2\/media\/3362"}],"wp:attachment":[{"href":"https:\/\/www.kahrglas.at\/index.php?rest_route=%2Fwp%2Fv2%2Fmedia&parent=3212"}],"wp:term":[{"taxonomy":"post_tag","embeddable":true,"href":"https:\/\/www.kahrglas.at\/index.php?rest_route=%2Fwp%2Fv2%2Ftags&post=3212"},{"taxonomy":"portfolio_entries","embeddable":true,"href":"https:\/\/www.kahrglas.at\/index.php?rest_route=%2Fwp%2Fv2%2Fportfolio_entries&post=3212"}],"curies":[{"name":"wp","href":"https:\/\/api.w.org\/{rel}","templated":true}]}}