{"id":3279,"date":"2014-05-02T11:22:22","date_gmt":"2014-05-02T09:22:22","guid":{"rendered":"http:\/\/www.kahrglas.at\/?post_type=portfolio&#038;p=3279"},"modified":"2023-01-11T15:33:57","modified_gmt":"2023-01-11T13:33:57","slug":"gelaender-aussenbereich","status":"publish","type":"portfolio","link":"https:\/\/www.kahrglas.at\/?portfolio=gelaender-aussenbereich","title":{"rendered":"Gel\u00e4nder Au\u00dfenbereich"},"content":{"rendered":"<div  class='flex_column av-av_two_third-2a9015ff38129c418a3f2eafba3e9512 av_two_third  avia-builder-el-0  el_before_av_one_third  avia-builder-el-first  first flex_column_div  '     ><div  class='avia-slideshow av-av_slideshow-b9322e03a4210653058a8e24d6cb2194 avia-slideshow-shop_catalog av_slideshow avia-fade-slider  avia-builder-el-1  avia-builder-el-no-sibling  av-slideshow-ui av-control-default av-slideshow-autoplay av-loop-endless av-loop-manual-endless av-default-height-applied avia-slideshow-1' data-slideshow-options=\"{&quot;animation&quot;:&quot;fade&quot;,&quot;autoplay&quot;:true,&quot;loop_autoplay&quot;:&quot;endless&quot;,&quot;interval&quot;:5,&quot;loop_manual&quot;:&quot;manual-endless&quot;,&quot;autoplay_stopper&quot;:false,&quot;noNavigation&quot;:false,&quot;bg_slider&quot;:false,&quot;keep_padding&quot;:false,&quot;hoverpause&quot;:false,&quot;show_slide_delay&quot;:0}\"  itemprop=\"image\" itemscope=\"itemscope\" itemtype=\"https:\/\/schema.org\/ImageObject\" ><ul class='avia-slideshow-inner ' style='padding-bottom: 100%;'><li  class='avia-slideshow-slide av-av_slideshow-b9322e03a4210653058a8e24d6cb2194__0  slide-1 slide-odd'><div data-rel='slideshow-1' class='avia-slide-wrap '   ><img decoding=\"async\" class=\"wp-image-3242 avia-img-lazy-loading-not-3242\"  src=\"https:\/\/www.kahrglas.at\/wp-content\/uploads\/2014\/03\/geland_aussen2-450x450.jpg\" width=\"450\" height=\"450\" title='geland_aussen2' alt=''  itemprop=\"thumbnailUrl\" srcset=\"https:\/\/www.kahrglas.at\/wp-content\/uploads\/2014\/03\/geland_aussen2-450x450.jpg 450w, https:\/\/www.kahrglas.at\/wp-content\/uploads\/2014\/03\/geland_aussen2-80x80.jpg 80w, https:\/\/www.kahrglas.at\/wp-content\/uploads\/2014\/03\/geland_aussen2-36x36.jpg 36w, https:\/\/www.kahrglas.at\/wp-content\/uploads\/2014\/03\/geland_aussen2-180x180.jpg 180w, https:\/\/www.kahrglas.at\/wp-content\/uploads\/2014\/03\/geland_aussen2-120x120.jpg 120w\" sizes=\"(max-width: 450px) 100vw, 450px\" \/><\/div><\/li><li  class='avia-slideshow-slide av-av_slideshow-b9322e03a4210653058a8e24d6cb2194__1  slide-2 slide-even'><div data-rel='slideshow-1' class='avia-slide-wrap '   ><img decoding=\"async\" class=\"wp-image-3241 avia-img-lazy-loading-not-3241\"  src=\"https:\/\/www.kahrglas.at\/wp-content\/uploads\/2014\/03\/geland_aussen1-450x450.jpg\" width=\"450\" height=\"450\" title='geland_aussen1' alt=''  itemprop=\"thumbnailUrl\" srcset=\"https:\/\/www.kahrglas.at\/wp-content\/uploads\/2014\/03\/geland_aussen1-450x450.jpg 450w, https:\/\/www.kahrglas.at\/wp-content\/uploads\/2014\/03\/geland_aussen1-80x80.jpg 80w, https:\/\/www.kahrglas.at\/wp-content\/uploads\/2014\/03\/geland_aussen1-36x36.jpg 36w, https:\/\/www.kahrglas.at\/wp-content\/uploads\/2014\/03\/geland_aussen1-180x180.jpg 180w, https:\/\/www.kahrglas.at\/wp-content\/uploads\/2014\/03\/geland_aussen1-120x120.jpg 120w\" sizes=\"(max-width: 450px) 100vw, 450px\" \/><\/div><\/li><li  class='avia-slideshow-slide av-av_slideshow-b9322e03a4210653058a8e24d6cb2194__2  slide-3 slide-odd'><div data-rel='slideshow-1' class='avia-slide-wrap '   ><img decoding=\"async\" class=\"wp-image-3240 avia-img-lazy-loading-not-3240\"  src=\"https:\/\/www.kahrglas.at\/wp-content\/uploads\/2014\/03\/geland_aussen_5-450x450.jpg\" width=\"450\" height=\"450\" title='geland_aussen_5' alt=''  itemprop=\"thumbnailUrl\" srcset=\"https:\/\/www.kahrglas.at\/wp-content\/uploads\/2014\/03\/geland_aussen_5-450x450.jpg 450w, https:\/\/www.kahrglas.at\/wp-content\/uploads\/2014\/03\/geland_aussen_5-80x80.jpg 80w, https:\/\/www.kahrglas.at\/wp-content\/uploads\/2014\/03\/geland_aussen_5-36x36.jpg 36w, https:\/\/www.kahrglas.at\/wp-content\/uploads\/2014\/03\/geland_aussen_5-180x180.jpg 180w, https:\/\/www.kahrglas.at\/wp-content\/uploads\/2014\/03\/geland_aussen_5-120x120.jpg 120w\" sizes=\"(max-width: 450px) 100vw, 450px\" \/><\/div><\/li><li  class='avia-slideshow-slide av-av_slideshow-b9322e03a4210653058a8e24d6cb2194__3  slide-4 slide-even'><div data-rel='slideshow-1' class='avia-slide-wrap '   ><img decoding=\"async\" class=\"wp-image-3239 avia-img-lazy-loading-not-3239\"  src=\"https:\/\/www.kahrglas.at\/wp-content\/uploads\/2014\/03\/geland_aussen_4-450x450.jpg\" width=\"450\" height=\"450\" title='geland_aussen_4' alt=''  itemprop=\"thumbnailUrl\" srcset=\"https:\/\/www.kahrglas.at\/wp-content\/uploads\/2014\/03\/geland_aussen_4-450x450.jpg 450w, https:\/\/www.kahrglas.at\/wp-content\/uploads\/2014\/03\/geland_aussen_4-80x80.jpg 80w, https:\/\/www.kahrglas.at\/wp-content\/uploads\/2014\/03\/geland_aussen_4-36x36.jpg 36w, https:\/\/www.kahrglas.at\/wp-content\/uploads\/2014\/03\/geland_aussen_4-180x180.jpg 180w, https:\/\/www.kahrglas.at\/wp-content\/uploads\/2014\/03\/geland_aussen_4-120x120.jpg 120w\" sizes=\"(max-width: 450px) 100vw, 450px\" \/><\/div><\/li><li  class='avia-slideshow-slide av-av_slideshow-b9322e03a4210653058a8e24d6cb2194__4  slide-5 slide-odd'><div data-rel='slideshow-1' class='avia-slide-wrap '   ><img decoding=\"async\" class=\"wp-image-3238 avia-img-lazy-loading-not-3238\"  src=\"https:\/\/www.kahrglas.at\/wp-content\/uploads\/2014\/03\/geland_aussen_3-450x450.jpg\" width=\"450\" height=\"450\" title='geland_aussen_3' alt=''  itemprop=\"thumbnailUrl\" srcset=\"https:\/\/www.kahrglas.at\/wp-content\/uploads\/2014\/03\/geland_aussen_3-450x450.jpg 450w, https:\/\/www.kahrglas.at\/wp-content\/uploads\/2014\/03\/geland_aussen_3-80x80.jpg 80w, https:\/\/www.kahrglas.at\/wp-content\/uploads\/2014\/03\/geland_aussen_3-36x36.jpg 36w, https:\/\/www.kahrglas.at\/wp-content\/uploads\/2014\/03\/geland_aussen_3-180x180.jpg 180w, https:\/\/www.kahrglas.at\/wp-content\/uploads\/2014\/03\/geland_aussen_3-120x120.jpg 120w\" sizes=\"(max-width: 450px) 100vw, 450px\" \/><\/div><\/li><li  class='avia-slideshow-slide av-av_slideshow-b9322e03a4210653058a8e24d6cb2194__5  slide-6 slide-even'><div data-rel='slideshow-1' class='avia-slide-wrap '   ><img decoding=\"async\" class=\"wp-image-3281 avia-img-lazy-loading-not-3281\"  src=\"https:\/\/www.kahrglas.at\/wp-content\/uploads\/2014\/05\/geland_17-450x450.jpg\" width=\"450\" height=\"450\" title='geland_17' alt=''  itemprop=\"thumbnailUrl\" srcset=\"https:\/\/www.kahrglas.at\/wp-content\/uploads\/2014\/05\/geland_17-450x450.jpg 450w, https:\/\/www.kahrglas.at\/wp-content\/uploads\/2014\/05\/geland_17-80x80.jpg 80w, https:\/\/www.kahrglas.at\/wp-content\/uploads\/2014\/05\/geland_17-36x36.jpg 36w, https:\/\/www.kahrglas.at\/wp-content\/uploads\/2014\/05\/geland_17-180x180.jpg 180w, https:\/\/www.kahrglas.at\/wp-content\/uploads\/2014\/05\/geland_17-120x120.jpg 120w\" sizes=\"(max-width: 450px) 100vw, 450px\" \/><\/div><\/li><li  class='avia-slideshow-slide av-av_slideshow-b9322e03a4210653058a8e24d6cb2194__6  slide-7 slide-odd'><div data-rel='slideshow-1' class='avia-slide-wrap '   ><img decoding=\"async\" class=\"wp-image-3282 avia-img-lazy-loading-not-3282\"  src=\"https:\/\/www.kahrglas.at\/wp-content\/uploads\/2014\/05\/geland_18-450x450.jpg\" width=\"450\" height=\"450\" title='geland_18' alt=''  itemprop=\"thumbnailUrl\" srcset=\"https:\/\/www.kahrglas.at\/wp-content\/uploads\/2014\/05\/geland_18-450x450.jpg 450w, https:\/\/www.kahrglas.at\/wp-content\/uploads\/2014\/05\/geland_18-80x80.jpg 80w, https:\/\/www.kahrglas.at\/wp-content\/uploads\/2014\/05\/geland_18-36x36.jpg 36w, https:\/\/www.kahrglas.at\/wp-content\/uploads\/2014\/05\/geland_18-180x180.jpg 180w, https:\/\/www.kahrglas.at\/wp-content\/uploads\/2014\/05\/geland_18-120x120.jpg 120w\" sizes=\"(max-width: 450px) 100vw, 450px\" \/><\/div><\/li><li  class='avia-slideshow-slide av-av_slideshow-b9322e03a4210653058a8e24d6cb2194__7  slide-8 slide-even'><div data-rel='slideshow-1' class='avia-slide-wrap '   ><img decoding=\"async\" class=\"wp-image-3283 avia-img-lazy-loading-not-3283\"  src=\"https:\/\/www.kahrglas.at\/wp-content\/uploads\/2014\/05\/geland_19-450x450.jpg\" width=\"450\" height=\"450\" title='geland_19' alt=''  itemprop=\"thumbnailUrl\" srcset=\"https:\/\/www.kahrglas.at\/wp-content\/uploads\/2014\/05\/geland_19-450x450.jpg 450w, https:\/\/www.kahrglas.at\/wp-content\/uploads\/2014\/05\/geland_19-80x80.jpg 80w, https:\/\/www.kahrglas.at\/wp-content\/uploads\/2014\/05\/geland_19-36x36.jpg 36w, https:\/\/www.kahrglas.at\/wp-content\/uploads\/2014\/05\/geland_19-180x180.jpg 180w, https:\/\/www.kahrglas.at\/wp-content\/uploads\/2014\/05\/geland_19-120x120.jpg 120w\" sizes=\"(max-width: 450px) 100vw, 450px\" \/><\/div><\/li><li  class='avia-slideshow-slide av-av_slideshow-b9322e03a4210653058a8e24d6cb2194__8  slide-9 slide-odd'><div data-rel='slideshow-1' class='avia-slide-wrap '   ><img decoding=\"async\" class=\"wp-image-3284 avia-img-lazy-loading-not-3284\"  src=\"https:\/\/www.kahrglas.at\/wp-content\/uploads\/2014\/05\/geland_20-450x450.jpg\" width=\"450\" height=\"450\" title='geland_20' alt=''  itemprop=\"thumbnailUrl\" srcset=\"https:\/\/www.kahrglas.at\/wp-content\/uploads\/2014\/05\/geland_20-450x450.jpg 450w, https:\/\/www.kahrglas.at\/wp-content\/uploads\/2014\/05\/geland_20-80x80.jpg 80w, https:\/\/www.kahrglas.at\/wp-content\/uploads\/2014\/05\/geland_20-36x36.jpg 36w, https:\/\/www.kahrglas.at\/wp-content\/uploads\/2014\/05\/geland_20-180x180.jpg 180w, https:\/\/www.kahrglas.at\/wp-content\/uploads\/2014\/05\/geland_20-120x120.jpg 120w\" sizes=\"(max-width: 450px) 100vw, 450px\" \/><\/div><\/li><li  class='avia-slideshow-slide av-av_slideshow-b9322e03a4210653058a8e24d6cb2194__9  slide-10 slide-even'><div data-rel='slideshow-1' class='avia-slide-wrap '   ><img decoding=\"async\" class=\"wp-image-3285 avia-img-lazy-loading-not-3285\"  src=\"https:\/\/www.kahrglas.at\/wp-content\/uploads\/2014\/05\/geland_21-450x450.jpg\" width=\"450\" height=\"450\" title='geland_21' alt=''  itemprop=\"thumbnailUrl\" srcset=\"https:\/\/www.kahrglas.at\/wp-content\/uploads\/2014\/05\/geland_21-450x450.jpg 450w, https:\/\/www.kahrglas.at\/wp-content\/uploads\/2014\/05\/geland_21-80x80.jpg 80w, https:\/\/www.kahrglas.at\/wp-content\/uploads\/2014\/05\/geland_21-36x36.jpg 36w, https:\/\/www.kahrglas.at\/wp-content\/uploads\/2014\/05\/geland_21-180x180.jpg 180w, https:\/\/www.kahrglas.at\/wp-content\/uploads\/2014\/05\/geland_21-120x120.jpg 120w\" sizes=\"(max-width: 450px) 100vw, 450px\" \/><\/div><\/li><li  class='avia-slideshow-slide av-av_slideshow-b9322e03a4210653058a8e24d6cb2194__10  slide-11 slide-odd'><div data-rel='slideshow-1' class='avia-slide-wrap '   ><img decoding=\"async\" class=\"wp-image-3286 avia-img-lazy-loading-not-3286\"  src=\"https:\/\/www.kahrglas.at\/wp-content\/uploads\/2014\/05\/geland_22-450x450.jpg\" width=\"450\" height=\"450\" title='geland_22' alt=''  itemprop=\"thumbnailUrl\" srcset=\"https:\/\/www.kahrglas.at\/wp-content\/uploads\/2014\/05\/geland_22-450x450.jpg 450w, https:\/\/www.kahrglas.at\/wp-content\/uploads\/2014\/05\/geland_22-80x80.jpg 80w, https:\/\/www.kahrglas.at\/wp-content\/uploads\/2014\/05\/geland_22-36x36.jpg 36w, https:\/\/www.kahrglas.at\/wp-content\/uploads\/2014\/05\/geland_22-180x180.jpg 180w, https:\/\/www.kahrglas.at\/wp-content\/uploads\/2014\/05\/geland_22-120x120.jpg 120w\" sizes=\"(max-width: 450px) 100vw, 450px\" \/><\/div><\/li><li  class='avia-slideshow-slide av-av_slideshow-b9322e03a4210653058a8e24d6cb2194__11  slide-12 slide-even'><div data-rel='slideshow-1' class='avia-slide-wrap '   ><img decoding=\"async\" class=\"wp-image-3287 avia-img-lazy-loading-not-3287\"  src=\"https:\/\/www.kahrglas.at\/wp-content\/uploads\/2014\/05\/geland_23-450x450.jpg\" width=\"450\" height=\"450\" title='geland_23' alt=''  itemprop=\"thumbnailUrl\" srcset=\"https:\/\/www.kahrglas.at\/wp-content\/uploads\/2014\/05\/geland_23-450x450.jpg 450w, https:\/\/www.kahrglas.at\/wp-content\/uploads\/2014\/05\/geland_23-80x80.jpg 80w, https:\/\/www.kahrglas.at\/wp-content\/uploads\/2014\/05\/geland_23-36x36.jpg 36w, https:\/\/www.kahrglas.at\/wp-content\/uploads\/2014\/05\/geland_23-180x180.jpg 180w, https:\/\/www.kahrglas.at\/wp-content\/uploads\/2014\/05\/geland_23-120x120.jpg 120w\" sizes=\"(max-width: 450px) 100vw, 450px\" \/><\/div><\/li><li  class='avia-slideshow-slide av-av_slideshow-b9322e03a4210653058a8e24d6cb2194__12  slide-13 slide-odd'><div data-rel='slideshow-1' class='avia-slide-wrap '   ><img decoding=\"async\" class=\"wp-image-3291 avia-img-lazy-loading-not-3291\"  src=\"https:\/\/www.kahrglas.at\/wp-content\/uploads\/2014\/05\/geland_27-450x450.jpg\" width=\"450\" height=\"450\" title='geland_27' alt=''  itemprop=\"thumbnailUrl\" srcset=\"https:\/\/www.kahrglas.at\/wp-content\/uploads\/2014\/05\/geland_27-450x450.jpg 450w, https:\/\/www.kahrglas.at\/wp-content\/uploads\/2014\/05\/geland_27-80x80.jpg 80w, https:\/\/www.kahrglas.at\/wp-content\/uploads\/2014\/05\/geland_27-36x36.jpg 36w, https:\/\/www.kahrglas.at\/wp-content\/uploads\/2014\/05\/geland_27-180x180.jpg 180w, https:\/\/www.kahrglas.at\/wp-content\/uploads\/2014\/05\/geland_27-120x120.jpg 120w\" sizes=\"(max-width: 450px) 100vw, 450px\" \/><\/div><\/li><li  class='avia-slideshow-slide av-av_slideshow-b9322e03a4210653058a8e24d6cb2194__13  slide-14 slide-even'><div data-rel='slideshow-1' class='avia-slide-wrap '   ><img decoding=\"async\" class=\"wp-image-3292 avia-img-lazy-loading-not-3292\"  src=\"https:\/\/www.kahrglas.at\/wp-content\/uploads\/2014\/05\/geland_28-450x450.jpg\" width=\"450\" height=\"450\" title='geland_28' alt=''  itemprop=\"thumbnailUrl\" srcset=\"https:\/\/www.kahrglas.at\/wp-content\/uploads\/2014\/05\/geland_28-450x450.jpg 450w, https:\/\/www.kahrglas.at\/wp-content\/uploads\/2014\/05\/geland_28-80x80.jpg 80w, https:\/\/www.kahrglas.at\/wp-content\/uploads\/2014\/05\/geland_28-36x36.jpg 36w, https:\/\/www.kahrglas.at\/wp-content\/uploads\/2014\/05\/geland_28-180x180.jpg 180w, https:\/\/www.kahrglas.at\/wp-content\/uploads\/2014\/05\/geland_28-120x120.jpg 120w\" sizes=\"(max-width: 450px) 100vw, 450px\" \/><\/div><\/li><li  class='avia-slideshow-slide av-av_slideshow-b9322e03a4210653058a8e24d6cb2194__14  slide-15 slide-odd'><div data-rel='slideshow-1' class='avia-slide-wrap '   ><img decoding=\"async\" class=\"wp-image-3293 avia-img-lazy-loading-not-3293\"  src=\"https:\/\/www.kahrglas.at\/wp-content\/uploads\/2014\/05\/geland_29-450x450.jpg\" width=\"450\" height=\"450\" title='geland_29' alt=''  itemprop=\"thumbnailUrl\" srcset=\"https:\/\/www.kahrglas.at\/wp-content\/uploads\/2014\/05\/geland_29-450x450.jpg 450w, https:\/\/www.kahrglas.at\/wp-content\/uploads\/2014\/05\/geland_29-80x80.jpg 80w, https:\/\/www.kahrglas.at\/wp-content\/uploads\/2014\/05\/geland_29-36x36.jpg 36w, https:\/\/www.kahrglas.at\/wp-content\/uploads\/2014\/05\/geland_29-180x180.jpg 180w, https:\/\/www.kahrglas.at\/wp-content\/uploads\/2014\/05\/geland_29-120x120.jpg 120w\" sizes=\"(max-width: 450px) 100vw, 450px\" \/><\/div><\/li><li  class='avia-slideshow-slide av-av_slideshow-b9322e03a4210653058a8e24d6cb2194__15  slide-16 slide-even'><div data-rel='slideshow-1' class='avia-slide-wrap '   ><img decoding=\"async\" class=\"wp-image-3294 avia-img-lazy-loading-not-3294\"  src=\"https:\/\/www.kahrglas.at\/wp-content\/uploads\/2014\/05\/geland_30-450x450.jpg\" width=\"450\" height=\"450\" title='geland_30' alt=''  itemprop=\"thumbnailUrl\" srcset=\"https:\/\/www.kahrglas.at\/wp-content\/uploads\/2014\/05\/geland_30-450x450.jpg 450w, https:\/\/www.kahrglas.at\/wp-content\/uploads\/2014\/05\/geland_30-80x80.jpg 80w, https:\/\/www.kahrglas.at\/wp-content\/uploads\/2014\/05\/geland_30-36x36.jpg 36w, https:\/\/www.kahrglas.at\/wp-content\/uploads\/2014\/05\/geland_30-180x180.jpg 180w, https:\/\/www.kahrglas.at\/wp-content\/uploads\/2014\/05\/geland_30-120x120.jpg 120w\" sizes=\"(max-width: 450px) 100vw, 450px\" \/><\/div><\/li><li  class='avia-slideshow-slide av-av_slideshow-b9322e03a4210653058a8e24d6cb2194__16  slide-17 slide-odd'><div data-rel='slideshow-1' class='avia-slide-wrap '   ><img decoding=\"async\" class=\"wp-image-3295 avia-img-lazy-loading-not-3295\"  src=\"https:\/\/www.kahrglas.at\/wp-content\/uploads\/2014\/05\/geland_31-450x450.jpg\" width=\"450\" height=\"450\" title='geland_31' alt=''  itemprop=\"thumbnailUrl\" srcset=\"https:\/\/www.kahrglas.at\/wp-content\/uploads\/2014\/05\/geland_31-450x450.jpg 450w, https:\/\/www.kahrglas.at\/wp-content\/uploads\/2014\/05\/geland_31-80x80.jpg 80w, https:\/\/www.kahrglas.at\/wp-content\/uploads\/2014\/05\/geland_31-36x36.jpg 36w, https:\/\/www.kahrglas.at\/wp-content\/uploads\/2014\/05\/geland_31-180x180.jpg 180w, https:\/\/www.kahrglas.at\/wp-content\/uploads\/2014\/05\/geland_31-120x120.jpg 120w\" sizes=\"(max-width: 450px) 100vw, 450px\" \/><\/div><\/li><li  class='avia-slideshow-slide av-av_slideshow-b9322e03a4210653058a8e24d6cb2194__17  slide-18 slide-even'><div data-rel='slideshow-1' class='avia-slide-wrap '   ><img decoding=\"async\" class=\"wp-image-3296 avia-img-lazy-loading-not-3296\"  src=\"https:\/\/www.kahrglas.at\/wp-content\/uploads\/2014\/05\/geland_32-450x450.jpg\" width=\"450\" height=\"450\" title='geland_32' alt=''  itemprop=\"thumbnailUrl\" srcset=\"https:\/\/www.kahrglas.at\/wp-content\/uploads\/2014\/05\/geland_32-450x450.jpg 450w, https:\/\/www.kahrglas.at\/wp-content\/uploads\/2014\/05\/geland_32-80x80.jpg 80w, https:\/\/www.kahrglas.at\/wp-content\/uploads\/2014\/05\/geland_32-36x36.jpg 36w, https:\/\/www.kahrglas.at\/wp-content\/uploads\/2014\/05\/geland_32-180x180.jpg 180w, https:\/\/www.kahrglas.at\/wp-content\/uploads\/2014\/05\/geland_32-120x120.jpg 120w\" sizes=\"(max-width: 450px) 100vw, 450px\" \/><\/div><\/li><li  class='avia-slideshow-slide av-av_slideshow-b9322e03a4210653058a8e24d6cb2194__18  slide-19 slide-odd'><div data-rel='slideshow-1' class='avia-slide-wrap '   ><img decoding=\"async\" class=\"wp-image-3297 avia-img-lazy-loading-not-3297\"  src=\"https:\/\/www.kahrglas.at\/wp-content\/uploads\/2014\/05\/geland_33-450x450.jpg\" width=\"450\" height=\"450\" title='geland_33' alt=''  itemprop=\"thumbnailUrl\" srcset=\"https:\/\/www.kahrglas.at\/wp-content\/uploads\/2014\/05\/geland_33-450x450.jpg 450w, https:\/\/www.kahrglas.at\/wp-content\/uploads\/2014\/05\/geland_33-80x80.jpg 80w, https:\/\/www.kahrglas.at\/wp-content\/uploads\/2014\/05\/geland_33-36x36.jpg 36w, https:\/\/www.kahrglas.at\/wp-content\/uploads\/2014\/05\/geland_33-180x180.jpg 180w, https:\/\/www.kahrglas.at\/wp-content\/uploads\/2014\/05\/geland_33-120x120.jpg 120w\" sizes=\"(max-width: 450px) 100vw, 450px\" \/><\/div><\/li><li  class='avia-slideshow-slide av-av_slideshow-b9322e03a4210653058a8e24d6cb2194__19  slide-20 slide-even'><div data-rel='slideshow-1' class='avia-slide-wrap '   ><img decoding=\"async\" class=\"wp-image-3298 avia-img-lazy-loading-not-3298\"  src=\"https:\/\/www.kahrglas.at\/wp-content\/uploads\/2014\/05\/geland_34-450x450.jpg\" width=\"450\" height=\"450\" title='geland_34' alt=''  itemprop=\"thumbnailUrl\" srcset=\"https:\/\/www.kahrglas.at\/wp-content\/uploads\/2014\/05\/geland_34-450x450.jpg 450w, https:\/\/www.kahrglas.at\/wp-content\/uploads\/2014\/05\/geland_34-80x80.jpg 80w, https:\/\/www.kahrglas.at\/wp-content\/uploads\/2014\/05\/geland_34-36x36.jpg 36w, https:\/\/www.kahrglas.at\/wp-content\/uploads\/2014\/05\/geland_34-180x180.jpg 180w, https:\/\/www.kahrglas.at\/wp-content\/uploads\/2014\/05\/geland_34-120x120.jpg 120w\" sizes=\"(max-width: 450px) 100vw, 450px\" \/><\/div><\/li><li  class='avia-slideshow-slide av-av_slideshow-b9322e03a4210653058a8e24d6cb2194__20  slide-21 slide-odd'><div data-rel='slideshow-1' class='avia-slide-wrap '   ><img decoding=\"async\" class=\"wp-image-3300 avia-img-lazy-loading-not-3300\"  src=\"https:\/\/www.kahrglas.at\/wp-content\/uploads\/2014\/05\/geland_36-450x450.jpg\" width=\"450\" height=\"450\" title='geland_36' alt=''  itemprop=\"thumbnailUrl\" srcset=\"https:\/\/www.kahrglas.at\/wp-content\/uploads\/2014\/05\/geland_36-450x450.jpg 450w, https:\/\/www.kahrglas.at\/wp-content\/uploads\/2014\/05\/geland_36-80x80.jpg 80w, https:\/\/www.kahrglas.at\/wp-content\/uploads\/2014\/05\/geland_36-36x36.jpg 36w, https:\/\/www.kahrglas.at\/wp-content\/uploads\/2014\/05\/geland_36-180x180.jpg 180w, https:\/\/www.kahrglas.at\/wp-content\/uploads\/2014\/05\/geland_36-120x120.jpg 120w\" sizes=\"(max-width: 450px) 100vw, 450px\" \/><\/div><\/li><li  class='avia-slideshow-slide av-av_slideshow-b9322e03a4210653058a8e24d6cb2194__21  slide-22 slide-even'><div data-rel='slideshow-1' class='avia-slide-wrap '   ><img decoding=\"async\" class=\"wp-image-3301 avia-img-lazy-loading-not-3301\"  src=\"https:\/\/www.kahrglas.at\/wp-content\/uploads\/2014\/05\/geland_37-450x450.jpg\" width=\"450\" height=\"450\" title='geland_37' alt=''  itemprop=\"thumbnailUrl\" srcset=\"https:\/\/www.kahrglas.at\/wp-content\/uploads\/2014\/05\/geland_37-450x450.jpg 450w, https:\/\/www.kahrglas.at\/wp-content\/uploads\/2014\/05\/geland_37-80x80.jpg 80w, https:\/\/www.kahrglas.at\/wp-content\/uploads\/2014\/05\/geland_37-36x36.jpg 36w, https:\/\/www.kahrglas.at\/wp-content\/uploads\/2014\/05\/geland_37-180x180.jpg 180w, https:\/\/www.kahrglas.at\/wp-content\/uploads\/2014\/05\/geland_37-120x120.jpg 120w\" sizes=\"(max-width: 450px) 100vw, 450px\" \/><\/div><\/li><li  class='avia-slideshow-slide av-av_slideshow-b9322e03a4210653058a8e24d6cb2194__22  slide-23 slide-odd'><div data-rel='slideshow-1' class='avia-slide-wrap '   ><img decoding=\"async\" class=\"wp-image-3302 avia-img-lazy-loading-not-3302\"  src=\"https:\/\/www.kahrglas.at\/wp-content\/uploads\/2014\/05\/geland_38-450x450.jpg\" width=\"450\" height=\"450\" title='geland_38' alt=''  itemprop=\"thumbnailUrl\" srcset=\"https:\/\/www.kahrglas.at\/wp-content\/uploads\/2014\/05\/geland_38-450x450.jpg 450w, https:\/\/www.kahrglas.at\/wp-content\/uploads\/2014\/05\/geland_38-80x80.jpg 80w, https:\/\/www.kahrglas.at\/wp-content\/uploads\/2014\/05\/geland_38-36x36.jpg 36w, https:\/\/www.kahrglas.at\/wp-content\/uploads\/2014\/05\/geland_38-180x180.jpg 180w, https:\/\/www.kahrglas.at\/wp-content\/uploads\/2014\/05\/geland_38-120x120.jpg 120w\" sizes=\"(max-width: 450px) 100vw, 450px\" \/><\/div><\/li><li  class='avia-slideshow-slide av-av_slideshow-b9322e03a4210653058a8e24d6cb2194__23  slide-24 slide-even'><div data-rel='slideshow-1' class='avia-slide-wrap '   ><img decoding=\"async\" class=\"wp-image-3303 avia-img-lazy-loading-not-3303\"  src=\"https:\/\/www.kahrglas.at\/wp-content\/uploads\/2014\/05\/geland_39-450x450.jpg\" width=\"450\" height=\"450\" title='geland_39' alt=''  itemprop=\"thumbnailUrl\" srcset=\"https:\/\/www.kahrglas.at\/wp-content\/uploads\/2014\/05\/geland_39-450x450.jpg 450w, https:\/\/www.kahrglas.at\/wp-content\/uploads\/2014\/05\/geland_39-80x80.jpg 80w, https:\/\/www.kahrglas.at\/wp-content\/uploads\/2014\/05\/geland_39-36x36.jpg 36w, https:\/\/www.kahrglas.at\/wp-content\/uploads\/2014\/05\/geland_39-180x180.jpg 180w, https:\/\/www.kahrglas.at\/wp-content\/uploads\/2014\/05\/geland_39-120x120.jpg 120w\" sizes=\"(max-width: 450px) 100vw, 450px\" \/><\/div><\/li><li  class='avia-slideshow-slide av-av_slideshow-b9322e03a4210653058a8e24d6cb2194__26  slide-25 slide-odd'><div data-rel='slideshow-1' class='avia-slide-wrap '   ><img decoding=\"async\" class=\"wp-image-3580 avia-img-lazy-loading-not-3580\"  src=\"https:\/\/www.kahrglas.at\/wp-content\/uploads\/2014\/05\/AusenGela-450x450.jpg\" width=\"450\" height=\"450\" title='AusenGela' alt=''  itemprop=\"thumbnailUrl\" srcset=\"https:\/\/www.kahrglas.at\/wp-content\/uploads\/2014\/05\/AusenGela-450x450.jpg 450w, https:\/\/www.kahrglas.at\/wp-content\/uploads\/2014\/05\/AusenGela-80x80.jpg 80w, https:\/\/www.kahrglas.at\/wp-content\/uploads\/2014\/05\/AusenGela-36x36.jpg 36w, https:\/\/www.kahrglas.at\/wp-content\/uploads\/2014\/05\/AusenGela-180x180.jpg 180w, https:\/\/www.kahrglas.at\/wp-content\/uploads\/2014\/05\/AusenGela-120x120.jpg 120w\" sizes=\"(max-width: 450px) 100vw, 450px\" \/><\/div><\/li><li  class='avia-slideshow-slide av-av_slideshow-b9322e03a4210653058a8e24d6cb2194__27  slide-26 slide-even'><div data-rel='slideshow-1' class='avia-slide-wrap '   ><img decoding=\"async\" class=\"wp-image-3581 avia-img-lazy-loading-not-3581\"  src=\"https:\/\/www.kahrglas.at\/wp-content\/uploads\/2014\/05\/Aussengel\u00e4nder-450x450.jpg\" width=\"450\" height=\"450\" title='Aussengel\u00e4nder' alt=''  itemprop=\"thumbnailUrl\" srcset=\"https:\/\/www.kahrglas.at\/wp-content\/uploads\/2014\/05\/Aussengel\u00e4nder-450x450.jpg 450w, https:\/\/www.kahrglas.at\/wp-content\/uploads\/2014\/05\/Aussengel\u00e4nder-80x80.jpg 80w, https:\/\/www.kahrglas.at\/wp-content\/uploads\/2014\/05\/Aussengel\u00e4nder-36x36.jpg 36w, https:\/\/www.kahrglas.at\/wp-content\/uploads\/2014\/05\/Aussengel\u00e4nder-180x180.jpg 180w, https:\/\/www.kahrglas.at\/wp-content\/uploads\/2014\/05\/Aussengel\u00e4nder-120x120.jpg 120w\" sizes=\"(max-width: 450px) 100vw, 450px\" \/><\/div><\/li><li  class='avia-slideshow-slide av-av_slideshow-b9322e03a4210653058a8e24d6cb2194__28  slide-27 slide-odd'><div data-rel='slideshow-1' class='avia-slide-wrap '   ><img decoding=\"async\" class=\"wp-image-3582 avia-img-lazy-loading-not-3582\"  src=\"https:\/\/www.kahrglas.at\/wp-content\/uploads\/2014\/05\/Aussengel\u00e4nder1-450x450.jpg\" width=\"450\" height=\"450\" title='Aussengel\u00e4nder1' alt=''  itemprop=\"thumbnailUrl\" srcset=\"https:\/\/www.kahrglas.at\/wp-content\/uploads\/2014\/05\/Aussengel\u00e4nder1-450x450.jpg 450w, https:\/\/www.kahrglas.at\/wp-content\/uploads\/2014\/05\/Aussengel\u00e4nder1-80x80.jpg 80w, https:\/\/www.kahrglas.at\/wp-content\/uploads\/2014\/05\/Aussengel\u00e4nder1-36x36.jpg 36w, https:\/\/www.kahrglas.at\/wp-content\/uploads\/2014\/05\/Aussengel\u00e4nder1-180x180.jpg 180w, https:\/\/www.kahrglas.at\/wp-content\/uploads\/2014\/05\/Aussengel\u00e4nder1-576x575.jpg 576w, https:\/\/www.kahrglas.at\/wp-content\/uploads\/2014\/05\/Aussengel\u00e4nder1-120x120.jpg 120w\" sizes=\"(max-width: 450px) 100vw, 450px\" \/><\/div><\/li><li  class='avia-slideshow-slide av-av_slideshow-b9322e03a4210653058a8e24d6cb2194__29  slide-28 slide-even'><div data-rel='slideshow-1' class='avia-slide-wrap '   ><img decoding=\"async\" class=\"wp-image-3583 avia-img-lazy-loading-not-3583\"  src=\"https:\/\/www.kahrglas.at\/wp-content\/uploads\/2014\/05\/CIMG4867-450x450.jpg\" width=\"450\" height=\"450\" title='CIMG4867' alt=''  itemprop=\"thumbnailUrl\" srcset=\"https:\/\/www.kahrglas.at\/wp-content\/uploads\/2014\/05\/CIMG4867-450x450.jpg 450w, https:\/\/www.kahrglas.at\/wp-content\/uploads\/2014\/05\/CIMG4867-80x80.jpg 80w, https:\/\/www.kahrglas.at\/wp-content\/uploads\/2014\/05\/CIMG4867-36x36.jpg 36w, https:\/\/www.kahrglas.at\/wp-content\/uploads\/2014\/05\/CIMG4867-180x180.jpg 180w, https:\/\/www.kahrglas.at\/wp-content\/uploads\/2014\/05\/CIMG4867-120x120.jpg 120w\" sizes=\"(max-width: 450px) 100vw, 450px\" \/><\/div><\/li><li  class='avia-slideshow-slide av-av_slideshow-b9322e03a4210653058a8e24d6cb2194__30  slide-29 slide-odd'><div data-rel='slideshow-1' class='avia-slide-wrap '   ><img decoding=\"async\" class=\"wp-image-3585 avia-img-lazy-loading-not-3585\"  src=\"https:\/\/www.kahrglas.at\/wp-content\/uploads\/2014\/05\/Gel\u00e4nder-Aussen3-450x450.jpg\" width=\"450\" height=\"450\" title='Gel\u00e4nder Aussen3' alt=''  itemprop=\"thumbnailUrl\" srcset=\"https:\/\/www.kahrglas.at\/wp-content\/uploads\/2014\/05\/Gel\u00e4nder-Aussen3-450x450.jpg 450w, https:\/\/www.kahrglas.at\/wp-content\/uploads\/2014\/05\/Gel\u00e4nder-Aussen3-80x80.jpg 80w, https:\/\/www.kahrglas.at\/wp-content\/uploads\/2014\/05\/Gel\u00e4nder-Aussen3-36x36.jpg 36w, https:\/\/www.kahrglas.at\/wp-content\/uploads\/2014\/05\/Gel\u00e4nder-Aussen3-180x180.jpg 180w, https:\/\/www.kahrglas.at\/wp-content\/uploads\/2014\/05\/Gel\u00e4nder-Aussen3-120x120.jpg 120w\" sizes=\"(max-width: 450px) 100vw, 450px\" \/><\/div><\/li><li  class='avia-slideshow-slide av-av_slideshow-b9322e03a4210653058a8e24d6cb2194__31  slide-30 slide-even'><div data-rel='slideshow-1' class='avia-slide-wrap '   ><img decoding=\"async\" class=\"wp-image-3586 avia-img-lazy-loading-not-3586\"  src=\"https:\/\/www.kahrglas.at\/wp-content\/uploads\/2014\/05\/Gel\u00e4nder-Aussen4-450x450.jpg\" width=\"450\" height=\"450\" title='Gel\u00e4nder Aussen4' alt=''  itemprop=\"thumbnailUrl\" srcset=\"https:\/\/www.kahrglas.at\/wp-content\/uploads\/2014\/05\/Gel\u00e4nder-Aussen4-450x450.jpg 450w, https:\/\/www.kahrglas.at\/wp-content\/uploads\/2014\/05\/Gel\u00e4nder-Aussen4-80x80.jpg 80w, https:\/\/www.kahrglas.at\/wp-content\/uploads\/2014\/05\/Gel\u00e4nder-Aussen4-36x36.jpg 36w, https:\/\/www.kahrglas.at\/wp-content\/uploads\/2014\/05\/Gel\u00e4nder-Aussen4-180x180.jpg 180w, https:\/\/www.kahrglas.at\/wp-content\/uploads\/2014\/05\/Gel\u00e4nder-Aussen4-120x120.jpg 120w\" sizes=\"(max-width: 450px) 100vw, 450px\" \/><\/div><\/li><li  class='avia-slideshow-slide av-av_slideshow-b9322e03a4210653058a8e24d6cb2194__32  slide-31 slide-odd'><div data-rel='slideshow-1' class='avia-slide-wrap '   ><img decoding=\"async\" class=\"wp-image-3587 avia-img-lazy-loading-not-3587\"  src=\"https:\/\/www.kahrglas.at\/wp-content\/uploads\/2014\/05\/Gel\u00e4nder-Aussen5-450x450.jpg\" width=\"450\" height=\"450\" title='Gel\u00e4nder Aussen5' alt=''  itemprop=\"thumbnailUrl\" srcset=\"https:\/\/www.kahrglas.at\/wp-content\/uploads\/2014\/05\/Gel\u00e4nder-Aussen5-450x450.jpg 450w, https:\/\/www.kahrglas.at\/wp-content\/uploads\/2014\/05\/Gel\u00e4nder-Aussen5-80x80.jpg 80w, https:\/\/www.kahrglas.at\/wp-content\/uploads\/2014\/05\/Gel\u00e4nder-Aussen5-36x36.jpg 36w, https:\/\/www.kahrglas.at\/wp-content\/uploads\/2014\/05\/Gel\u00e4nder-Aussen5-180x180.jpg 180w, https:\/\/www.kahrglas.at\/wp-content\/uploads\/2014\/05\/Gel\u00e4nder-Aussen5-120x120.jpg 120w\" sizes=\"(max-width: 450px) 100vw, 450px\" \/><\/div><\/li><li  class='avia-slideshow-slide av-av_slideshow-b9322e03a4210653058a8e24d6cb2194__33  slide-32 slide-even'><div data-rel='slideshow-1' class='avia-slide-wrap '   ><img decoding=\"async\" class=\"wp-image-3588 avia-img-lazy-loading-not-3588\"  src=\"https:\/\/www.kahrglas.at\/wp-content\/uploads\/2014\/05\/GelAspern-450x450.jpg\" width=\"450\" height=\"450\" title='GelAspern' alt=''  itemprop=\"thumbnailUrl\" srcset=\"https:\/\/www.kahrglas.at\/wp-content\/uploads\/2014\/05\/GelAspern-450x450.jpg 450w, https:\/\/www.kahrglas.at\/wp-content\/uploads\/2014\/05\/GelAspern-80x80.jpg 80w, https:\/\/www.kahrglas.at\/wp-content\/uploads\/2014\/05\/GelAspern-36x36.jpg 36w, https:\/\/www.kahrglas.at\/wp-content\/uploads\/2014\/05\/GelAspern-180x180.jpg 180w, https:\/\/www.kahrglas.at\/wp-content\/uploads\/2014\/05\/GelAspern-120x120.jpg 120w\" sizes=\"(max-width: 450px) 100vw, 450px\" \/><\/div><\/li><li  class='avia-slideshow-slide av-av_slideshow-b9322e03a4210653058a8e24d6cb2194__34  slide-33 slide-odd'><div data-rel='slideshow-1' class='avia-slide-wrap '   ><img decoding=\"async\" class=\"wp-image-3589 avia-img-lazy-loading-not-3589\"  src=\"https:\/\/www.kahrglas.at\/wp-content\/uploads\/2014\/05\/GelAspern1-450x450.jpg\" width=\"450\" height=\"450\" title='GelAspern1' alt=''  itemprop=\"thumbnailUrl\" srcset=\"https:\/\/www.kahrglas.at\/wp-content\/uploads\/2014\/05\/GelAspern1-450x450.jpg 450w, https:\/\/www.kahrglas.at\/wp-content\/uploads\/2014\/05\/GelAspern1-80x80.jpg 80w, https:\/\/www.kahrglas.at\/wp-content\/uploads\/2014\/05\/GelAspern1-36x36.jpg 36w, https:\/\/www.kahrglas.at\/wp-content\/uploads\/2014\/05\/GelAspern1-180x180.jpg 180w, https:\/\/www.kahrglas.at\/wp-content\/uploads\/2014\/05\/GelAspern1-120x120.jpg 120w\" sizes=\"(max-width: 450px) 100vw, 450px\" \/><\/div><\/li><li  class='avia-slideshow-slide av-av_slideshow-b9322e03a4210653058a8e24d6cb2194__35  slide-34 slide-even'><div data-rel='slideshow-1' class='avia-slide-wrap '   ><img decoding=\"async\" class=\"wp-image-3590 avia-img-lazy-loading-not-3590\"  src=\"https:\/\/www.kahrglas.at\/wp-content\/uploads\/2014\/05\/GelBenk\u00f62-450x450.jpg\" width=\"450\" height=\"450\" title='GelBenk\u00f62' alt=''  itemprop=\"thumbnailUrl\" srcset=\"https:\/\/www.kahrglas.at\/wp-content\/uploads\/2014\/05\/GelBenk\u00f62-450x450.jpg 450w, https:\/\/www.kahrglas.at\/wp-content\/uploads\/2014\/05\/GelBenk\u00f62-80x80.jpg 80w, https:\/\/www.kahrglas.at\/wp-content\/uploads\/2014\/05\/GelBenk\u00f62-36x36.jpg 36w, https:\/\/www.kahrglas.at\/wp-content\/uploads\/2014\/05\/GelBenk\u00f62-180x180.jpg 180w, https:\/\/www.kahrglas.at\/wp-content\/uploads\/2014\/05\/GelBenk\u00f62-120x120.jpg 120w\" sizes=\"(max-width: 450px) 100vw, 450px\" \/><\/div><\/li><li  class='avia-slideshow-slide av-av_slideshow-b9322e03a4210653058a8e24d6cb2194__36  slide-35 slide-odd'><div data-rel='slideshow-1' class='avia-slide-wrap '   ><img decoding=\"async\" class=\"wp-image-3591 avia-img-lazy-loading-not-3591\"  src=\"https:\/\/www.kahrglas.at\/wp-content\/uploads\/2014\/05\/GelBenk\u00f63-450x450.jpg\" width=\"450\" height=\"450\" title='GelBenk\u00f63' alt=''  itemprop=\"thumbnailUrl\" srcset=\"https:\/\/www.kahrglas.at\/wp-content\/uploads\/2014\/05\/GelBenk\u00f63-450x450.jpg 450w, https:\/\/www.kahrglas.at\/wp-content\/uploads\/2014\/05\/GelBenk\u00f63-80x80.jpg 80w, https:\/\/www.kahrglas.at\/wp-content\/uploads\/2014\/05\/GelBenk\u00f63-36x36.jpg 36w, https:\/\/www.kahrglas.at\/wp-content\/uploads\/2014\/05\/GelBenk\u00f63-180x180.jpg 180w, https:\/\/www.kahrglas.at\/wp-content\/uploads\/2014\/05\/GelBenk\u00f63-120x120.jpg 120w\" sizes=\"(max-width: 450px) 100vw, 450px\" \/><\/div><\/li><li  class='avia-slideshow-slide av-av_slideshow-b9322e03a4210653058a8e24d6cb2194__37  slide-36 slide-even'><div data-rel='slideshow-1' class='avia-slide-wrap '   ><img decoding=\"async\" class=\"wp-image-3592 avia-img-lazy-loading-not-3592\"  src=\"https:\/\/www.kahrglas.at\/wp-content\/uploads\/2014\/05\/GelBenk\u00f64-450x450.jpg\" width=\"450\" height=\"450\" title='GelBenk\u00f64' alt=''  itemprop=\"thumbnailUrl\" srcset=\"https:\/\/www.kahrglas.at\/wp-content\/uploads\/2014\/05\/GelBenk\u00f64-450x450.jpg 450w, https:\/\/www.kahrglas.at\/wp-content\/uploads\/2014\/05\/GelBenk\u00f64-80x80.jpg 80w, https:\/\/www.kahrglas.at\/wp-content\/uploads\/2014\/05\/GelBenk\u00f64-36x36.jpg 36w, https:\/\/www.kahrglas.at\/wp-content\/uploads\/2014\/05\/GelBenk\u00f64-180x180.jpg 180w, https:\/\/www.kahrglas.at\/wp-content\/uploads\/2014\/05\/GelBenk\u00f64-120x120.jpg 120w\" sizes=\"(max-width: 450px) 100vw, 450px\" \/><\/div><\/li><li  class='avia-slideshow-slide av-av_slideshow-b9322e03a4210653058a8e24d6cb2194__38  slide-37 slide-odd'><div data-rel='slideshow-1' class='avia-slide-wrap '   ><img decoding=\"async\" class=\"wp-image-3593 avia-img-lazy-loading-not-3593\"  src=\"https:\/\/www.kahrglas.at\/wp-content\/uploads\/2014\/05\/GelEssling-450x450.jpg\" width=\"450\" height=\"450\" title='GelEssling' alt=''  itemprop=\"thumbnailUrl\" srcset=\"https:\/\/www.kahrglas.at\/wp-content\/uploads\/2014\/05\/GelEssling-450x450.jpg 450w, https:\/\/www.kahrglas.at\/wp-content\/uploads\/2014\/05\/GelEssling-80x80.jpg 80w, https:\/\/www.kahrglas.at\/wp-content\/uploads\/2014\/05\/GelEssling-36x36.jpg 36w, https:\/\/www.kahrglas.at\/wp-content\/uploads\/2014\/05\/GelEssling-180x180.jpg 180w, https:\/\/www.kahrglas.at\/wp-content\/uploads\/2014\/05\/GelEssling-120x120.jpg 120w\" sizes=\"(max-width: 450px) 100vw, 450px\" \/><\/div><\/li><li  class='avia-slideshow-slide av-av_slideshow-b9322e03a4210653058a8e24d6cb2194__39  slide-38 slide-even'><div data-rel='slideshow-1' class='avia-slide-wrap '   ><img decoding=\"async\" class=\"wp-image-3594 avia-img-lazy-loading-not-3594\"  src=\"https:\/\/www.kahrglas.at\/wp-content\/uploads\/2014\/05\/GelLechner1-450x450.jpg\" width=\"450\" height=\"450\" title='GelLechner1' alt=''  itemprop=\"thumbnailUrl\" srcset=\"https:\/\/www.kahrglas.at\/wp-content\/uploads\/2014\/05\/GelLechner1-450x450.jpg 450w, https:\/\/www.kahrglas.at\/wp-content\/uploads\/2014\/05\/GelLechner1-80x80.jpg 80w, https:\/\/www.kahrglas.at\/wp-content\/uploads\/2014\/05\/GelLechner1-36x36.jpg 36w, https:\/\/www.kahrglas.at\/wp-content\/uploads\/2014\/05\/GelLechner1-180x180.jpg 180w, https:\/\/www.kahrglas.at\/wp-content\/uploads\/2014\/05\/GelLechner1-120x120.jpg 120w\" sizes=\"(max-width: 450px) 100vw, 450px\" \/><\/div><\/li><li  class='avia-slideshow-slide av-av_slideshow-b9322e03a4210653058a8e24d6cb2194__40  slide-39 slide-odd'><div data-rel='slideshow-1' class='avia-slide-wrap '   ><img decoding=\"async\" class=\"wp-image-3595 avia-img-lazy-loading-not-3595\"  src=\"https:\/\/www.kahrglas.at\/wp-content\/uploads\/2014\/05\/GelLechner2-450x450.jpg\" width=\"450\" height=\"450\" title='GelLechner2' alt=''  itemprop=\"thumbnailUrl\" srcset=\"https:\/\/www.kahrglas.at\/wp-content\/uploads\/2014\/05\/GelLechner2-450x450.jpg 450w, https:\/\/www.kahrglas.at\/wp-content\/uploads\/2014\/05\/GelLechner2-80x80.jpg 80w, https:\/\/www.kahrglas.at\/wp-content\/uploads\/2014\/05\/GelLechner2-36x36.jpg 36w, https:\/\/www.kahrglas.at\/wp-content\/uploads\/2014\/05\/GelLechner2-180x180.jpg 180w, https:\/\/www.kahrglas.at\/wp-content\/uploads\/2014\/05\/GelLechner2-120x120.jpg 120w\" sizes=\"(max-width: 450px) 100vw, 450px\" \/><\/div><\/li><li  class='avia-slideshow-slide av-av_slideshow-b9322e03a4210653058a8e24d6cb2194__41  slide-40 slide-even'><div data-rel='slideshow-1' class='avia-slide-wrap '   ><img decoding=\"async\" class=\"wp-image-3596 avia-img-lazy-loading-not-3596\"  src=\"https:\/\/www.kahrglas.at\/wp-content\/uploads\/2014\/05\/GelLechner4-450x450.jpg\" width=\"450\" height=\"450\" title='GelLechner4' alt=''  itemprop=\"thumbnailUrl\" srcset=\"https:\/\/www.kahrglas.at\/wp-content\/uploads\/2014\/05\/GelLechner4-450x450.jpg 450w, https:\/\/www.kahrglas.at\/wp-content\/uploads\/2014\/05\/GelLechner4-80x80.jpg 80w, https:\/\/www.kahrglas.at\/wp-content\/uploads\/2014\/05\/GelLechner4-36x36.jpg 36w, https:\/\/www.kahrglas.at\/wp-content\/uploads\/2014\/05\/GelLechner4-180x180.jpg 180w, https:\/\/www.kahrglas.at\/wp-content\/uploads\/2014\/05\/GelLechner4-120x120.jpg 120w\" sizes=\"(max-width: 450px) 100vw, 450px\" \/><\/div><\/li><li  class='avia-slideshow-slide av-av_slideshow-b9322e03a4210653058a8e24d6cb2194__42  slide-41 slide-odd'><div data-rel='slideshow-1' class='avia-slide-wrap '   ><img decoding=\"async\" class=\"wp-image-3597 avia-img-lazy-loading-not-3597\"  src=\"https:\/\/www.kahrglas.at\/wp-content\/uploads\/2014\/05\/IMG_0423-450x450.jpg\" width=\"450\" height=\"450\" title='IMG_0423' alt=''  itemprop=\"thumbnailUrl\" srcset=\"https:\/\/www.kahrglas.at\/wp-content\/uploads\/2014\/05\/IMG_0423-450x450.jpg 450w, https:\/\/www.kahrglas.at\/wp-content\/uploads\/2014\/05\/IMG_0423-80x80.jpg 80w, https:\/\/www.kahrglas.at\/wp-content\/uploads\/2014\/05\/IMG_0423-36x36.jpg 36w, https:\/\/www.kahrglas.at\/wp-content\/uploads\/2014\/05\/IMG_0423-180x180.jpg 180w, https:\/\/www.kahrglas.at\/wp-content\/uploads\/2014\/05\/IMG_0423-120x120.jpg 120w\" sizes=\"(max-width: 450px) 100vw, 450px\" \/><\/div><\/li><li  class='avia-slideshow-slide av-av_slideshow-b9322e03a4210653058a8e24d6cb2194__43  slide-42 slide-even'><div data-rel='slideshow-1' class='avia-slide-wrap '   ><img decoding=\"async\" class=\"wp-image-3598 avia-img-lazy-loading-not-3598\"  src=\"https:\/\/www.kahrglas.at\/wp-content\/uploads\/2014\/05\/IMG_1296-450x450.jpg\" width=\"450\" height=\"450\" title='IMG_1296' alt=''  itemprop=\"thumbnailUrl\" srcset=\"https:\/\/www.kahrglas.at\/wp-content\/uploads\/2014\/05\/IMG_1296-450x450.jpg 450w, https:\/\/www.kahrglas.at\/wp-content\/uploads\/2014\/05\/IMG_1296-80x80.jpg 80w, https:\/\/www.kahrglas.at\/wp-content\/uploads\/2014\/05\/IMG_1296-36x36.jpg 36w, https:\/\/www.kahrglas.at\/wp-content\/uploads\/2014\/05\/IMG_1296-180x180.jpg 180w, https:\/\/www.kahrglas.at\/wp-content\/uploads\/2014\/05\/IMG_1296-120x120.jpg 120w\" sizes=\"(max-width: 450px) 100vw, 450px\" \/><\/div><\/li><li  class='avia-slideshow-slide av-av_slideshow-b9322e03a4210653058a8e24d6cb2194__44  slide-43 slide-odd'><div data-rel='slideshow-1' class='avia-slide-wrap '   ><img decoding=\"async\" class=\"wp-image-3599 avia-img-lazy-loading-not-3599\"  src=\"https:\/\/www.kahrglas.at\/wp-content\/uploads\/2014\/05\/IMG_1377-450x450.jpg\" width=\"450\" height=\"450\" title='IMG_1377' alt=''  itemprop=\"thumbnailUrl\" srcset=\"https:\/\/www.kahrglas.at\/wp-content\/uploads\/2014\/05\/IMG_1377-450x450.jpg 450w, https:\/\/www.kahrglas.at\/wp-content\/uploads\/2014\/05\/IMG_1377-80x80.jpg 80w, https:\/\/www.kahrglas.at\/wp-content\/uploads\/2014\/05\/IMG_1377-36x36.jpg 36w, https:\/\/www.kahrglas.at\/wp-content\/uploads\/2014\/05\/IMG_1377-180x180.jpg 180w, https:\/\/www.kahrglas.at\/wp-content\/uploads\/2014\/05\/IMG_1377-120x120.jpg 120w\" sizes=\"(max-width: 450px) 100vw, 450px\" \/><\/div><\/li><li  class='avia-slideshow-slide av-av_slideshow-b9322e03a4210653058a8e24d6cb2194__45  slide-44 slide-even'><div data-rel='slideshow-1' class='avia-slide-wrap '   ><img decoding=\"async\" class=\"wp-image-3600 avia-img-lazy-loading-not-3600\"  src=\"https:\/\/www.kahrglas.at\/wp-content\/uploads\/2014\/05\/IMG_1378-450x450.jpg\" width=\"450\" height=\"450\" title='IMG_1378' alt=''  itemprop=\"thumbnailUrl\" srcset=\"https:\/\/www.kahrglas.at\/wp-content\/uploads\/2014\/05\/IMG_1378-450x450.jpg 450w, https:\/\/www.kahrglas.at\/wp-content\/uploads\/2014\/05\/IMG_1378-80x80.jpg 80w, https:\/\/www.kahrglas.at\/wp-content\/uploads\/2014\/05\/IMG_1378-36x36.jpg 36w, https:\/\/www.kahrglas.at\/wp-content\/uploads\/2014\/05\/IMG_1378-180x180.jpg 180w, https:\/\/www.kahrglas.at\/wp-content\/uploads\/2014\/05\/IMG_1378-120x120.jpg 120w\" sizes=\"(max-width: 450px) 100vw, 450px\" \/><\/div><\/li><li  class='avia-slideshow-slide av-av_slideshow-b9322e03a4210653058a8e24d6cb2194__46  slide-45 slide-odd'><div data-rel='slideshow-1' class='avia-slide-wrap '   ><img decoding=\"async\" class=\"wp-image-3601 avia-img-lazy-loading-not-3601\"  src=\"https:\/\/www.kahrglas.at\/wp-content\/uploads\/2014\/05\/IMG_1382-450x450.jpg\" width=\"450\" height=\"450\" title='IMG_1382' alt=''  itemprop=\"thumbnailUrl\" srcset=\"https:\/\/www.kahrglas.at\/wp-content\/uploads\/2014\/05\/IMG_1382-450x450.jpg 450w, https:\/\/www.kahrglas.at\/wp-content\/uploads\/2014\/05\/IMG_1382-80x80.jpg 80w, https:\/\/www.kahrglas.at\/wp-content\/uploads\/2014\/05\/IMG_1382-36x36.jpg 36w, https:\/\/www.kahrglas.at\/wp-content\/uploads\/2014\/05\/IMG_1382-180x180.jpg 180w, https:\/\/www.kahrglas.at\/wp-content\/uploads\/2014\/05\/IMG_1382-120x120.jpg 120w\" sizes=\"(max-width: 450px) 100vw, 450px\" \/><\/div><\/li><li  class='avia-slideshow-slide av-av_slideshow-b9322e03a4210653058a8e24d6cb2194__47  slide-46 slide-even'><div data-rel='slideshow-1' class='avia-slide-wrap '   ><img decoding=\"async\" class=\"wp-image-3602 avia-img-lazy-loading-not-3602\"  src=\"https:\/\/www.kahrglas.at\/wp-content\/uploads\/2014\/05\/IMG_1383-450x450.jpg\" width=\"450\" height=\"450\" title='IMG_1383' alt=''  itemprop=\"thumbnailUrl\" srcset=\"https:\/\/www.kahrglas.at\/wp-content\/uploads\/2014\/05\/IMG_1383-450x450.jpg 450w, https:\/\/www.kahrglas.at\/wp-content\/uploads\/2014\/05\/IMG_1383-80x80.jpg 80w, https:\/\/www.kahrglas.at\/wp-content\/uploads\/2014\/05\/IMG_1383-36x36.jpg 36w, https:\/\/www.kahrglas.at\/wp-content\/uploads\/2014\/05\/IMG_1383-180x180.jpg 180w, https:\/\/www.kahrglas.at\/wp-content\/uploads\/2014\/05\/IMG_1383-120x120.jpg 120w\" sizes=\"(max-width: 450px) 100vw, 450px\" \/><\/div><\/li><li  class='avia-slideshow-slide av-av_slideshow-b9322e03a4210653058a8e24d6cb2194__48  slide-47 slide-odd'><div data-rel='slideshow-1' class='avia-slide-wrap '   ><img decoding=\"async\" class=\"wp-image-3603 avia-img-lazy-loading-not-3603\"  src=\"https:\/\/www.kahrglas.at\/wp-content\/uploads\/2014\/05\/IMG_9618-450x450.jpeg\" width=\"450\" height=\"450\" title='IMG_9618' alt=''  itemprop=\"thumbnailUrl\" srcset=\"https:\/\/www.kahrglas.at\/wp-content\/uploads\/2014\/05\/IMG_9618-450x450.jpeg 450w, https:\/\/www.kahrglas.at\/wp-content\/uploads\/2014\/05\/IMG_9618-80x80.jpeg 80w, https:\/\/www.kahrglas.at\/wp-content\/uploads\/2014\/05\/IMG_9618-36x36.jpeg 36w, https:\/\/www.kahrglas.at\/wp-content\/uploads\/2014\/05\/IMG_9618-180x180.jpeg 180w, https:\/\/www.kahrglas.at\/wp-content\/uploads\/2014\/05\/IMG_9618-120x120.jpeg 120w\" sizes=\"(max-width: 450px) 100vw, 450px\" \/><\/div><\/li><li  class='avia-slideshow-slide av-av_slideshow-b9322e03a4210653058a8e24d6cb2194__49  slide-48 slide-even'><div data-rel='slideshow-1' class='avia-slide-wrap '   ><img decoding=\"async\" class=\"wp-image-3604 avia-img-lazy-loading-not-3604\"  src=\"https:\/\/www.kahrglas.at\/wp-content\/uploads\/2014\/05\/IMG_9621-450x450.jpeg\" width=\"450\" height=\"450\" title='IMG_9621' alt=''  itemprop=\"thumbnailUrl\" srcset=\"https:\/\/www.kahrglas.at\/wp-content\/uploads\/2014\/05\/IMG_9621-450x450.jpeg 450w, https:\/\/www.kahrglas.at\/wp-content\/uploads\/2014\/05\/IMG_9621-80x80.jpeg 80w, https:\/\/www.kahrglas.at\/wp-content\/uploads\/2014\/05\/IMG_9621-36x36.jpeg 36w, https:\/\/www.kahrglas.at\/wp-content\/uploads\/2014\/05\/IMG_9621-180x180.jpeg 180w, https:\/\/www.kahrglas.at\/wp-content\/uploads\/2014\/05\/IMG_9621-120x120.jpeg 120w\" sizes=\"(max-width: 450px) 100vw, 450px\" \/><\/div><\/li><li  class='avia-slideshow-slide av-av_slideshow-b9322e03a4210653058a8e24d6cb2194__50  slide-49 slide-odd'><div data-rel='slideshow-1' class='avia-slide-wrap '   ><img decoding=\"async\" class=\"wp-image-3605 avia-img-lazy-loading-not-3605\"  src=\"https:\/\/www.kahrglas.at\/wp-content\/uploads\/2014\/05\/IMG_9622-450x450.jpeg\" width=\"450\" height=\"450\" title='IMG_9622' alt=''  itemprop=\"thumbnailUrl\" srcset=\"https:\/\/www.kahrglas.at\/wp-content\/uploads\/2014\/05\/IMG_9622-450x450.jpeg 450w, https:\/\/www.kahrglas.at\/wp-content\/uploads\/2014\/05\/IMG_9622-80x80.jpeg 80w, https:\/\/www.kahrglas.at\/wp-content\/uploads\/2014\/05\/IMG_9622-36x36.jpeg 36w, https:\/\/www.kahrglas.at\/wp-content\/uploads\/2014\/05\/IMG_9622-180x180.jpeg 180w, https:\/\/www.kahrglas.at\/wp-content\/uploads\/2014\/05\/IMG_9622-120x120.jpeg 120w\" sizes=\"(max-width: 450px) 100vw, 450px\" \/><\/div><\/li><li  class='avia-slideshow-slide av-av_slideshow-b9322e03a4210653058a8e24d6cb2194__51  slide-50 slide-even'><div data-rel='slideshow-1' class='avia-slide-wrap '   ><img decoding=\"async\" class=\"wp-image-3606 avia-img-lazy-loading-not-3606\"  src=\"https:\/\/www.kahrglas.at\/wp-content\/uploads\/2014\/05\/Lutz2-450x450.jpg\" width=\"450\" height=\"450\" title='Lutz2' alt=''  itemprop=\"thumbnailUrl\" srcset=\"https:\/\/www.kahrglas.at\/wp-content\/uploads\/2014\/05\/Lutz2-450x450.jpg 450w, https:\/\/www.kahrglas.at\/wp-content\/uploads\/2014\/05\/Lutz2-80x80.jpg 80w, https:\/\/www.kahrglas.at\/wp-content\/uploads\/2014\/05\/Lutz2-36x36.jpg 36w, https:\/\/www.kahrglas.at\/wp-content\/uploads\/2014\/05\/Lutz2-180x180.jpg 180w, https:\/\/www.kahrglas.at\/wp-content\/uploads\/2014\/05\/Lutz2-120x120.jpg 120w\" sizes=\"(max-width: 450px) 100vw, 450px\" \/><\/div><\/li><li  class='avia-slideshow-slide av-av_slideshow-b9322e03a4210653058a8e24d6cb2194__52  slide-51 slide-odd'><div data-rel='slideshow-1' class='avia-slide-wrap '   ><img decoding=\"async\" class=\"wp-image-3607 avia-img-lazy-loading-not-3607\"  src=\"https:\/\/www.kahrglas.at\/wp-content\/uploads\/2014\/05\/Lutz3-450x450.jpg\" width=\"450\" height=\"450\" title='Lutz3' alt=''  itemprop=\"thumbnailUrl\" srcset=\"https:\/\/www.kahrglas.at\/wp-content\/uploads\/2014\/05\/Lutz3-450x450.jpg 450w, https:\/\/www.kahrglas.at\/wp-content\/uploads\/2014\/05\/Lutz3-80x80.jpg 80w, https:\/\/www.kahrglas.at\/wp-content\/uploads\/2014\/05\/Lutz3-36x36.jpg 36w, https:\/\/www.kahrglas.at\/wp-content\/uploads\/2014\/05\/Lutz3-180x180.jpg 180w, https:\/\/www.kahrglas.at\/wp-content\/uploads\/2014\/05\/Lutz3-120x120.jpg 120w\" sizes=\"(max-width: 450px) 100vw, 450px\" \/><\/div><\/li><li  class='avia-slideshow-slide av-av_slideshow-b9322e03a4210653058a8e24d6cb2194__53  slide-52 slide-even'><div data-rel='slideshow-1' class='avia-slide-wrap '   ><img decoding=\"async\" class=\"wp-image-3579 avia-img-lazy-loading-not-3579\"  src=\"https:\/\/www.kahrglas.at\/wp-content\/uploads\/2023\/01\/Windfang-Haider-450x450.jpg\" width=\"450\" height=\"450\" title='Windfang Haider' alt=''  itemprop=\"thumbnailUrl\" srcset=\"https:\/\/www.kahrglas.at\/wp-content\/uploads\/2023\/01\/Windfang-Haider-450x450.jpg 450w, https:\/\/www.kahrglas.at\/wp-content\/uploads\/2023\/01\/Windfang-Haider-80x80.jpg 80w, https:\/\/www.kahrglas.at\/wp-content\/uploads\/2023\/01\/Windfang-Haider-36x36.jpg 36w, https:\/\/www.kahrglas.at\/wp-content\/uploads\/2023\/01\/Windfang-Haider-180x180.jpg 180w, https:\/\/www.kahrglas.at\/wp-content\/uploads\/2023\/01\/Windfang-Haider-120x120.jpg 120w\" sizes=\"(max-width: 450px) 100vw, 450px\" \/><\/div><\/li><li  class='avia-slideshow-slide av-av_slideshow-b9322e03a4210653058a8e24d6cb2194__54  slide-53 slide-odd'><div data-rel='slideshow-1' class='avia-slide-wrap '   ><img decoding=\"async\" class=\"wp-image-3550 avia-img-lazy-loading-not-3550\"  src=\"https:\/\/www.kahrglas.at\/wp-content\/uploads\/2023\/01\/Gel\u00e4nder-Aussen2-450x450.jpg\" width=\"450\" height=\"450\" title='Gel\u00e4nder Aussen2' alt=''  itemprop=\"thumbnailUrl\" srcset=\"https:\/\/www.kahrglas.at\/wp-content\/uploads\/2023\/01\/Gel\u00e4nder-Aussen2-450x450.jpg 450w, https:\/\/www.kahrglas.at\/wp-content\/uploads\/2023\/01\/Gel\u00e4nder-Aussen2-80x80.jpg 80w, https:\/\/www.kahrglas.at\/wp-content\/uploads\/2023\/01\/Gel\u00e4nder-Aussen2-36x36.jpg 36w, https:\/\/www.kahrglas.at\/wp-content\/uploads\/2023\/01\/Gel\u00e4nder-Aussen2-180x180.jpg 180w, https:\/\/www.kahrglas.at\/wp-content\/uploads\/2023\/01\/Gel\u00e4nder-Aussen2-120x120.jpg 120w\" sizes=\"(max-width: 450px) 100vw, 450px\" \/><\/div><\/li><li  class='avia-slideshow-slide av-av_slideshow-b9322e03a4210653058a8e24d6cb2194__55  slide-54 slide-even'><div data-rel='slideshow-1' class='avia-slide-wrap '   ><img decoding=\"async\" class=\"wp-image-3766 avia-img-lazy-loading-not-3766\"  src=\"https:\/\/www.kahrglas.at\/wp-content\/uploads\/2014\/05\/Aussenanlagen1-450x450.jpg\" width=\"450\" height=\"450\" title='Aussenanlagen1' alt=''  itemprop=\"thumbnailUrl\" srcset=\"https:\/\/www.kahrglas.at\/wp-content\/uploads\/2014\/05\/Aussenanlagen1-450x450.jpg 450w, https:\/\/www.kahrglas.at\/wp-content\/uploads\/2014\/05\/Aussenanlagen1-80x80.jpg 80w, https:\/\/www.kahrglas.at\/wp-content\/uploads\/2014\/05\/Aussenanlagen1-36x36.jpg 36w, https:\/\/www.kahrglas.at\/wp-content\/uploads\/2014\/05\/Aussenanlagen1-180x180.jpg 180w, https:\/\/www.kahrglas.at\/wp-content\/uploads\/2014\/05\/Aussenanlagen1-120x120.jpg 120w\" sizes=\"(max-width: 450px) 100vw, 450px\" \/><\/div><\/li><li  class='avia-slideshow-slide av-av_slideshow-b9322e03a4210653058a8e24d6cb2194__56  slide-55 slide-odd'><div data-rel='slideshow-1' class='avia-slide-wrap '   ><img decoding=\"async\" class=\"wp-image-3767 avia-img-lazy-loading-not-3767\"  src=\"https:\/\/www.kahrglas.at\/wp-content\/uploads\/2014\/05\/SchiebeAussenUnter-450x450.jpg\" width=\"450\" height=\"450\" title='SchiebeAussenUnter' alt=''  itemprop=\"thumbnailUrl\" srcset=\"https:\/\/www.kahrglas.at\/wp-content\/uploads\/2014\/05\/SchiebeAussenUnter-450x450.jpg 450w, https:\/\/www.kahrglas.at\/wp-content\/uploads\/2014\/05\/SchiebeAussenUnter-80x80.jpg 80w, https:\/\/www.kahrglas.at\/wp-content\/uploads\/2014\/05\/SchiebeAussenUnter-36x36.jpg 36w, https:\/\/www.kahrglas.at\/wp-content\/uploads\/2014\/05\/SchiebeAussenUnter-180x180.jpg 180w, https:\/\/www.kahrglas.at\/wp-content\/uploads\/2014\/05\/SchiebeAussenUnter-120x120.jpg 120w\" sizes=\"(max-width: 450px) 100vw, 450px\" \/><\/div><\/li><li  class='avia-slideshow-slide av-av_slideshow-b9322e03a4210653058a8e24d6cb2194__57  slide-56 slide-even'><div data-rel='slideshow-1' class='avia-slide-wrap '   ><img decoding=\"async\" class=\"wp-image-3768 avia-img-lazy-loading-not-3768\"  src=\"https:\/\/www.kahrglas.at\/wp-content\/uploads\/2014\/05\/Schiebew\u00e4nde-450x450.jpg\" width=\"450\" height=\"450\" title='Schiebew\u00e4nde' alt=''  itemprop=\"thumbnailUrl\" srcset=\"https:\/\/www.kahrglas.at\/wp-content\/uploads\/2014\/05\/Schiebew\u00e4nde-450x450.jpg 450w, https:\/\/www.kahrglas.at\/wp-content\/uploads\/2014\/05\/Schiebew\u00e4nde-80x80.jpg 80w, https:\/\/www.kahrglas.at\/wp-content\/uploads\/2014\/05\/Schiebew\u00e4nde-36x36.jpg 36w, https:\/\/www.kahrglas.at\/wp-content\/uploads\/2014\/05\/Schiebew\u00e4nde-180x180.jpg 180w, https:\/\/www.kahrglas.at\/wp-content\/uploads\/2014\/05\/Schiebew\u00e4nde-120x120.jpg 120w\" sizes=\"(max-width: 450px) 100vw, 450px\" \/><\/div><\/li><li  class='avia-slideshow-slide av-av_slideshow-b9322e03a4210653058a8e24d6cb2194__58  slide-57 slide-odd'><div data-rel='slideshow-1' class='avia-slide-wrap '   ><img decoding=\"async\" class=\"wp-image-3769 avia-img-lazy-loading-not-3769\"  src=\"https:\/\/www.kahrglas.at\/wp-content\/uploads\/2014\/05\/Schiebew\u00e4nde2-450x450.jpg\" width=\"450\" height=\"450\" title='Schiebew\u00e4nde2' alt=''  itemprop=\"thumbnailUrl\" srcset=\"https:\/\/www.kahrglas.at\/wp-content\/uploads\/2014\/05\/Schiebew\u00e4nde2-450x450.jpg 450w, https:\/\/www.kahrglas.at\/wp-content\/uploads\/2014\/05\/Schiebew\u00e4nde2-80x80.jpg 80w, https:\/\/www.kahrglas.at\/wp-content\/uploads\/2014\/05\/Schiebew\u00e4nde2-36x36.jpg 36w, https:\/\/www.kahrglas.at\/wp-content\/uploads\/2014\/05\/Schiebew\u00e4nde2-180x180.jpg 180w, https:\/\/www.kahrglas.at\/wp-content\/uploads\/2014\/05\/Schiebew\u00e4nde2-120x120.jpg 120w\" sizes=\"(max-width: 450px) 100vw, 450px\" \/><\/div><\/li><li  class='avia-slideshow-slide av-av_slideshow-b9322e03a4210653058a8e24d6cb2194__59  slide-58 slide-even'><div data-rel='slideshow-1' class='avia-slide-wrap '   ><img decoding=\"async\" class=\"wp-image-3770 avia-img-lazy-loading-not-3770\"  src=\"https:\/\/www.kahrglas.at\/wp-content\/uploads\/2014\/05\/Schmied-450x450.jpg\" width=\"450\" height=\"450\" title='Schmied' alt=''  itemprop=\"thumbnailUrl\" srcset=\"https:\/\/www.kahrglas.at\/wp-content\/uploads\/2014\/05\/Schmied-450x450.jpg 450w, https:\/\/www.kahrglas.at\/wp-content\/uploads\/2014\/05\/Schmied-80x80.jpg 80w, https:\/\/www.kahrglas.at\/wp-content\/uploads\/2014\/05\/Schmied-36x36.jpg 36w, https:\/\/www.kahrglas.at\/wp-content\/uploads\/2014\/05\/Schmied-180x180.jpg 180w, https:\/\/www.kahrglas.at\/wp-content\/uploads\/2014\/05\/Schmied-120x120.jpg 120w\" sizes=\"(max-width: 450px) 100vw, 450px\" \/><\/div><\/li><li  class='avia-slideshow-slide av-av_slideshow-b9322e03a4210653058a8e24d6cb2194__60  slide-59 slide-odd'><div data-rel='slideshow-1' class='avia-slide-wrap '   ><img decoding=\"async\" class=\"wp-image-3771 avia-img-lazy-loading-not-3771\"  src=\"https:\/\/www.kahrglas.at\/wp-content\/uploads\/2014\/05\/Schmied2-450x450.jpg\" width=\"450\" height=\"450\" title='Schmied2' alt=''  itemprop=\"thumbnailUrl\" srcset=\"https:\/\/www.kahrglas.at\/wp-content\/uploads\/2014\/05\/Schmied2-450x450.jpg 450w, https:\/\/www.kahrglas.at\/wp-content\/uploads\/2014\/05\/Schmied2-80x80.jpg 80w, https:\/\/www.kahrglas.at\/wp-content\/uploads\/2014\/05\/Schmied2-36x36.jpg 36w, https:\/\/www.kahrglas.at\/wp-content\/uploads\/2014\/05\/Schmied2-180x180.jpg 180w, https:\/\/www.kahrglas.at\/wp-content\/uploads\/2014\/05\/Schmied2-120x120.jpg 120w\" sizes=\"(max-width: 450px) 100vw, 450px\" \/><\/div><\/li><\/ul><div class='avia-slideshow-arrows avia-slideshow-controls' ><a href='#prev' class='prev-slide ' aria-hidden='true' data-av_icon='\ue87c' data-av_iconfont='entypo-fontello'  tabindex='-1'>Zur\u00fcck<\/a><a href='#next' class='next-slide ' aria-hidden='true' data-av_icon='\ue87d' data-av_iconfont='entypo-fontello'  tabindex='-1'>Weiter<\/a><\/div><div class='avia-slideshow-dots avia-slideshow-controls'><a href='#1' class='goto-slide active' >1<\/a><a href='#2' class='goto-slide ' >2<\/a><a href='#3' class='goto-slide ' >3<\/a><a href='#4' class='goto-slide ' >4<\/a><a href='#5' class='goto-slide ' >5<\/a><a href='#6' class='goto-slide ' >6<\/a><a href='#7' class='goto-slide ' >7<\/a><a href='#8' class='goto-slide ' >8<\/a><a href='#9' class='goto-slide ' >9<\/a><a href='#10' class='goto-slide ' >10<\/a><a href='#11' class='goto-slide ' >11<\/a><a href='#12' class='goto-slide ' >12<\/a><a href='#13' class='goto-slide ' >13<\/a><a href='#14' class='goto-slide ' >14<\/a><a href='#15' class='goto-slide ' >15<\/a><a href='#16' class='goto-slide ' >16<\/a><a href='#17' class='goto-slide ' >17<\/a><a href='#18' class='goto-slide ' >18<\/a><a href='#19' class='goto-slide ' >19<\/a><a href='#20' class='goto-slide ' >20<\/a><a href='#21' class='goto-slide ' >21<\/a><a href='#22' class='goto-slide ' >22<\/a><a href='#23' class='goto-slide ' >23<\/a><a href='#24' class='goto-slide ' >24<\/a><a href='#25' class='goto-slide ' >25<\/a><a href='#26' class='goto-slide ' >26<\/a><a href='#27' class='goto-slide ' >27<\/a><a href='#28' class='goto-slide ' >28<\/a><a href='#29' class='goto-slide ' >29<\/a><a href='#30' class='goto-slide ' >30<\/a><a href='#31' class='goto-slide ' >31<\/a><a href='#32' class='goto-slide ' >32<\/a><a href='#33' class='goto-slide ' >33<\/a><a href='#34' class='goto-slide ' >34<\/a><a href='#35' class='goto-slide ' >35<\/a><a href='#36' class='goto-slide ' >36<\/a><a href='#37' class='goto-slide ' >37<\/a><a href='#38' class='goto-slide ' >38<\/a><a href='#39' class='goto-slide ' >39<\/a><a href='#40' class='goto-slide ' >40<\/a><a href='#41' class='goto-slide ' >41<\/a><a href='#42' class='goto-slide ' >42<\/a><a href='#43' class='goto-slide ' >43<\/a><a href='#44' class='goto-slide ' >44<\/a><a href='#45' class='goto-slide ' >45<\/a><a href='#46' class='goto-slide ' >46<\/a><a href='#47' class='goto-slide ' >47<\/a><a href='#48' class='goto-slide ' >48<\/a><a href='#49' class='goto-slide ' >49<\/a><a href='#50' class='goto-slide ' >50<\/a><a href='#51' class='goto-slide ' >51<\/a><a href='#52' class='goto-slide ' >52<\/a><a href='#53' class='goto-slide ' >53<\/a><a href='#54' class='goto-slide ' >54<\/a><a href='#55' class='goto-slide ' >55<\/a><a href='#56' class='goto-slide ' >56<\/a><a href='#57' class='goto-slide ' >57<\/a><a href='#58' class='goto-slide ' >58<\/a><a href='#59' class='goto-slide ' >59<\/a><\/div><\/div><\/div>\n<div  class='flex_column av-av_one_third-5c3bdd854542bbc70d067b1f6b1f9883 av_one_third  avia-builder-el-2  el_after_av_two_third  el_before_av_one_full  flex_column_div  '     ><section  class='av_textblock_section av-av_textblock-aaf3a53f7e22769a7798f31e42769683 '   itemscope=\"itemscope\" itemtype=\"https:\/\/schema.org\/CreativeWork\" ><div class='avia_textblock'  itemprop=\"text\" ><h1><strong>Gel\u00e4nder Au\u00dfenbereich<\/strong><\/h1>\n<p dir=\"ltr\">Sicherheits- und Designobjekt in einem \u2013 werten Sie Ihren Balkon, Ihre Loggia oder Terrasse mit hochwertigen L\u00f6sungen aus Glas und Metall auf. Gerne auch als Sichtschutz eingesetzt, liefern wir elegante L\u00f6sungen f\u00fcr den Au\u00dfenbereich ganz nach Ma\u00df.<\/p>\n<ul>\n<li dir=\"ltr\">\n<p dir=\"ltr\">Glas Gel\u00e4nder<\/p>\n<\/li>\n<li dir=\"ltr\">\n<p dir=\"ltr\">Glas- &amp; Metall-Gel\u00e4nder<\/p>\n<\/li>\n<li dir=\"ltr\">Glasanlage komplett<\/li>\n<\/ul>\n<\/div><\/section><\/div><div  class='flex_column av-av_one_full-2a9015ff38129c418a3f2eafba3e9512 av_one_full  avia-builder-el-4  el_after_av_one_third  el_before_av_hr  first flex_column_div  column-top-margin'     ><form action=\"https:\/\/www.kahrglas.at\/?portfolio=gelaender-aussenbereich\" method=\"post\" data-fields-with-error=\"Found errors in the following field(s):\" class=\"avia_ajax_form av-form-labels-visible   avia-builder-el-5  avia-builder-el-no-sibling   \" data-avia-form-id=\"1\" data-avia-redirect='' ><h3 class=''>Sie haben eine Frage zu unseren Arbeiten?<\/h3><fieldset><p class='  first_form  form_element form_fullwidth' id='element_avia_1_1'><label for=\"avia_1_1\">Name <abbr class=\"required\" title=\"ben\u00f6tigt\">*<\/abbr><\/label> <input name=\"avia_1_1\" class=\"text_input is_empty\" type=\"text\" id=\"avia_1_1\" value=\"\" \/><\/p><p class='  first_form  form_element form_fullwidth' id='element_avia_2_1'><label for=\"avia_2_1\">E-Mail <abbr class=\"required\" title=\"ben\u00f6tigt\">*<\/abbr><\/label> <input name=\"avia_2_1\" class=\"text_input is_email\" type=\"text\" id=\"avia_2_1\" value=\"\" \/><\/p><p class='  first_form  form_element form_fullwidth av-last-visible-form-element' id='element_avia_3_1'><label for=\"avia_3_1\" class=\"textare_label hidden textare_label_avia_3_1\">Nachricht <abbr class=\"required\" title=\"ben\u00f6tigt\">*<\/abbr><\/label><textarea  name=\"avia_3_1\" class=\"text_area is_empty\" cols=\"40\" rows=\"7\" id=\"avia_3_1\" ><\/textarea><\/p><p class=\"hidden\"><input type=\"text\" name=\"avia_4_1\" class=\"hidden \" id=\"avia_4_1\" value=\"\" \/><\/p><p class=\"form_element \"><input type=\"hidden\" value=\"1\" name=\"avia_generated_form1\" \/><input type=\"submit\" value=\"Anfragen\" class=\"button\"  data-sending-label=\"Sende\"\/><\/p><\/fieldset><\/form><div id=\"ajaxresponse_1\" class=\"ajaxresponse ajaxresponse_1 hidden\"><\/div><\/div><\/p>\n\n<style type=\"text\/css\" data-created_by=\"avia_inline_auto\" id=\"style-css-av-av_hr-a1c243cf92197389409c1f0baee7f17b\">\n#top .hr.hr-invisible.av-av_hr-a1c243cf92197389409c1f0baee7f17b{\nheight:30px;\n}\n<\/style>\n<div  class='hr av-av_hr-a1c243cf92197389409c1f0baee7f17b hr-invisible  avia-builder-el-6  el_after_av_one_full  el_before_av_textblock '><span class='hr-inner '><span class=\"hr-inner-style\"><\/span><\/span><\/div>\n<section  class='av_textblock_section av-av_textblock-aaf3a53f7e22769a7798f31e42769683 '   itemscope=\"itemscope\" itemtype=\"https:\/\/schema.org\/CreativeWork\" ><div class='avia_textblock'  itemprop=\"text\" ><h4 style=\"text-align: center;\">Weitere Arbeiten<\/h4>\n<\/div><\/section>\n<div  class='hr av-av_hr-4a566f4a73ae78223e1997276585dc3a hr-short  avia-builder-el-8  el_after_av_textblock  el_before_av_portfolio  avia-builder-el-last  hr-center'><span class='hr-inner '><span class=\"hr-inner-style\"><\/span><\/span><\/div>\n<div  id=\"av-sc-portfolio-1\"  class=' grid-sort-container isotope   no_margin-container with-excerpt-container grid-total-odd grid-col-4 grid-links-' data-portfolio-id='1'><div data-ajax-id='3279' class=' grid-entry flex_column isotope-item all_sort no_margin post-entry post-entry-3279 grid-entry-overview grid-loop-1 grid-parity-odd  gelaender-aussen_sort  av_one_fourth first default_av_fullwidth '><article class='main_color inner-entry'  itemscope=\"itemscope\" itemtype=\"https:\/\/schema.org\/CreativeWork\" ><a href=\"https:\/\/www.kahrglas.at\/?portfolio=gelaender-aussenbereich\" title='Gel\u00e4nder Au\u00dfenbereich'  data-rel='grid-1' class='grid-image avia-hover-fx'> <img decoding=\"async\" width=\"260\" height=\"185\" src=\"https:\/\/www.kahrglas.at\/wp-content\/uploads\/2014\/05\/geland_22-260x185.jpg\" class=\"wp-image-3286 avia-img-lazy-loading-not-3286 attachment-portfolio_small size-portfolio_small wp-post-image\" alt=\"\" \/><\/a><div class='grid-content'><div class='avia-arrow'><\/div><header class=\"entry-content-header\"><h3 class='grid-entry-title entry-title '  itemprop=\"headline\" ><a href='https:\/\/www.kahrglas.at\/?portfolio=gelaender-aussenbereich' title='Gel\u00e4nder Au\u00dfenbereich'>Gel\u00e4nder Au\u00dfenbereich<\/a><\/h3><\/header><\/div><footer class=\"entry-footer\"><\/footer><\/article><\/div><div data-ajax-id='3205' class=' grid-entry flex_column isotope-item all_sort no_margin post-entry post-entry-3205 grid-entry-overview grid-loop-2 grid-parity-even  gelaender_sort  av_one_fourth  default_av_fullwidth '><article class='main_color inner-entry'  itemscope=\"itemscope\" itemtype=\"https:\/\/schema.org\/CreativeWork\" ><a href=\"https:\/\/www.kahrglas.at\/?portfolio=gelaender-2\" title='Gel\u00e4nder Innenraum'  data-rel='grid-1' class='grid-image avia-hover-fx'> <img decoding=\"async\" width=\"260\" height=\"185\" src=\"https:\/\/www.kahrglas.at\/wp-content\/uploads\/2014\/03\/geland9-260x185.jpg\" class=\"wp-image-3249 avia-img-lazy-loading-not-3249 attachment-portfolio_small size-portfolio_small wp-post-image\" alt=\"\" \/><\/a><div class='grid-content'><div class='avia-arrow'><\/div><header class=\"entry-content-header\"><h3 class='grid-entry-title entry-title '  itemprop=\"headline\" ><a href='https:\/\/www.kahrglas.at\/?portfolio=gelaender-2' title='Gel\u00e4nder Innenraum'>Gel\u00e4nder Innenraum<\/a><\/h3><\/header><\/div><footer class=\"entry-footer\"><\/footer><\/article><\/div><div data-ajax-id='3212' class=' grid-entry flex_column isotope-item all_sort no_margin post-entry post-entry-3212 grid-entry-overview grid-loop-3 grid-parity-odd  post-entry-last  geschenkideen_sort  av_one_fourth  default_av_fullwidth '><article class='main_color inner-entry'  itemscope=\"itemscope\" itemtype=\"https:\/\/schema.org\/CreativeWork\" ><a href=\"https:\/\/www.kahrglas.at\/?portfolio=geschenkideen\" title='Geschenkideen'  data-rel='grid-1' class='grid-image avia-hover-fx'> <img decoding=\"async\" width=\"260\" height=\"185\" src=\"https:\/\/www.kahrglas.at\/wp-content\/uploads\/2014\/02\/Vase6-260x185.jpg\" class=\"wp-image-3362 avia-img-lazy-loading-not-3362 attachment-portfolio_small size-portfolio_small wp-post-image\" alt=\"\" \/><\/a><div class='grid-content'><div class='avia-arrow'><\/div><header class=\"entry-content-header\"><h3 class='grid-entry-title entry-title '  itemprop=\"headline\" ><a href='https:\/\/www.kahrglas.at\/?portfolio=geschenkideen' title='Geschenkideen'>Geschenkideen<\/a><\/h3><\/header><\/div><footer class=\"entry-footer\"><\/footer><\/article><\/div><\/div>\n","protected":false},"excerpt":{"rendered":"","protected":false},"featured_media":3286,"comment_status":"open","ping_status":"closed","template":"","tags":[],"portfolio_entries":[38],"_links":{"self":[{"href":"https:\/\/www.kahrglas.at\/index.php?rest_route=\/wp\/v2\/portfolio\/3279"}],"collection":[{"href":"https:\/\/www.kahrglas.at\/index.php?rest_route=\/wp\/v2\/portfolio"}],"about":[{"href":"https:\/\/www.kahrglas.at\/index.php?rest_route=\/wp\/v2\/types\/portfolio"}],"replies":[{"embeddable":true,"href":"https:\/\/www.kahrglas.at\/index.php?rest_route=%2Fwp%2Fv2%2Fcomments&post=3279"}],"version-history":[{"count":1,"href":"https:\/\/www.kahrglas.at\/index.php?rest_route=\/wp\/v2\/portfolio\/3279\/revisions"}],"predecessor-version":[{"id":3280,"href":"https:\/\/www.kahrglas.at\/index.php?rest_route=\/wp\/v2\/portfolio\/3279\/revisions\/3280"}],"wp:featuredmedia":[{"embeddable":true,"href":"https:\/\/www.kahrglas.at\/index.php?rest_route=\/wp\/v2\/media\/3286"}],"wp:attachment":[{"href":"https:\/\/www.kahrglas.at\/index.php?rest_route=%2Fwp%2Fv2%2Fmedia&parent=3279"}],"wp:term":[{"taxonomy":"post_tag","embeddable":true,"href":"https:\/\/www.kahrglas.at\/index.php?rest_route=%2Fwp%2Fv2%2Ftags&post=3279"},{"taxonomy":"portfolio_entries","embeddable":true,"href":"https:\/\/www.kahrglas.at\/index.php?rest_route=%2Fwp%2Fv2%2Fportfolio_entries&post=3279"}],"curies":[{"name":"wp","href":"https:\/\/api.w.org\/{rel}","templated":true}]}}