{"id":41,"date":"2014-04-29T00:59:46","date_gmt":"2014-04-28T22:59:46","guid":{"rendered":"http:\/\/www.kriesi.at\/themes\/propulsion\/?post_type=portfolio&#038;p=41"},"modified":"2023-06-07T12:40:15","modified_gmt":"2023-06-07T10:40:15","slug":"portfolio-big","status":"publish","type":"portfolio","link":"https:\/\/www.kahrglas.at\/?portfolio=portfolio-big","title":{"rendered":"B\u00e4der"},"content":{"rendered":"<div  class='flex_column av-av_two_third-2a9015ff38129c418a3f2eafba3e9512 av_two_third  avia-builder-el-0  el_before_av_one_third  avia-builder-el-first  first flex_column_div  '     ><div  class='avia-slideshow av-av_slideshow-6c572db213749e5cdf71a75f5ab6725b avia-slideshow-no scaling av_slideshow avia-fade-slider  avia-builder-el-1  avia-builder-el-no-sibling  av-slideshow-ui av-control-default av-slideshow-autoplay av-loop-endless av-loop-manual-endless av-default-height-applied avia-slideshow-1' data-slideshow-options=\"{&quot;animation&quot;:&quot;fade&quot;,&quot;autoplay&quot;:true,&quot;loop_autoplay&quot;:&quot;endless&quot;,&quot;interval&quot;:3,&quot;loop_manual&quot;:&quot;manual-endless&quot;,&quot;autoplay_stopper&quot;:false,&quot;noNavigation&quot;:false,&quot;bg_slider&quot;:false,&quot;keep_padding&quot;:false,&quot;hoverpause&quot;:false,&quot;show_slide_delay&quot;:0}\"  itemprop=\"image\" itemscope=\"itemscope\" itemtype=\"https:\/\/schema.org\/ImageObject\" ><ul class='avia-slideshow-inner ' style='padding-bottom: 133.33333333333%;'><li  class='avia-slideshow-slide av-av_slideshow-6c572db213749e5cdf71a75f5ab6725b__0  slide-1 slide-odd'><div data-rel='slideshow-1' class='avia-slide-wrap '   ><div class='av-slideshow-caption av-av_slideshow-6c572db213749e5cdf71a75f5ab6725b__0 avia-caption'><div class=\"avia-inner-caption\"><div class='avia-caption-content '  itemprop=\"description\" ><p>Duschanlagen<\/p>\n<\/div><\/div><\/div><img decoding=\"async\" class=\"wp-image-3159 avia-img-lazy-loading-not-3159\"  src=\"https:\/\/www.kahrglas.at\/wp-content\/uploads\/2011\/12\/IMG_0842.jpg\" width=\"750\" height=\"1000\" title='IMG_0842' alt=''  itemprop=\"thumbnailUrl\" srcset=\"https:\/\/www.kahrglas.at\/wp-content\/uploads\/2011\/12\/IMG_0842.jpg 750w, https:\/\/www.kahrglas.at\/wp-content\/uploads\/2011\/12\/IMG_0842-225x300.jpg 225w, https:\/\/www.kahrglas.at\/wp-content\/uploads\/2011\/12\/IMG_0842-528x705.jpg 528w, https:\/\/www.kahrglas.at\/wp-content\/uploads\/2011\/12\/IMG_0842-450x600.jpg 450w\" sizes=\"(max-width: 750px) 100vw, 750px\" \/><\/div><\/li><li  class='avia-slideshow-slide av-av_slideshow-6c572db213749e5cdf71a75f5ab6725b__1  slide-2 slide-even'><div data-rel='slideshow-1' class='avia-slide-wrap '   ><div class='av-slideshow-caption av-av_slideshow-6c572db213749e5cdf71a75f5ab6725b__1 avia-caption'><div class=\"avia-inner-caption\"><div class='avia-caption-content '  itemprop=\"description\" ><p>Duschanlagen<\/p>\n<\/div><\/div><\/div><img decoding=\"async\" class=\"wp-image-3160 avia-img-lazy-loading-not-3160\"  src=\"https:\/\/www.kahrglas.at\/wp-content\/uploads\/2011\/12\/IMG_0488.jpg\" width=\"747\" height=\"1000\" title='IMG_0488' alt=''  itemprop=\"thumbnailUrl\" srcset=\"https:\/\/www.kahrglas.at\/wp-content\/uploads\/2011\/12\/IMG_0488.jpg 747w, https:\/\/www.kahrglas.at\/wp-content\/uploads\/2011\/12\/IMG_0488-224x300.jpg 224w, https:\/\/www.kahrglas.at\/wp-content\/uploads\/2011\/12\/IMG_0488-526x705.jpg 526w, https:\/\/www.kahrglas.at\/wp-content\/uploads\/2011\/12\/IMG_0488-450x602.jpg 450w\" sizes=\"(max-width: 747px) 100vw, 747px\" \/><\/div><\/li><li  class='avia-slideshow-slide av-av_slideshow-6c572db213749e5cdf71a75f5ab6725b__2  slide-3 slide-odd'><div data-rel='slideshow-1' class='avia-slide-wrap '   ><div class='av-slideshow-caption av-av_slideshow-6c572db213749e5cdf71a75f5ab6725b__2 avia-caption'><div class=\"avia-inner-caption\"><div class='avia-caption-content '  itemprop=\"description\" ><p>Duschanlage<\/p>\n<\/div><\/div><\/div><img decoding=\"async\" class=\"wp-image-3169 avia-img-lazy-loading-not-3169\"  src=\"https:\/\/www.kahrglas.at\/wp-content\/uploads\/2011\/12\/dusch3.jpg\" width=\"750\" height=\"1000\" title='dusch3' alt=''  itemprop=\"thumbnailUrl\" srcset=\"https:\/\/www.kahrglas.at\/wp-content\/uploads\/2011\/12\/dusch3.jpg 750w, https:\/\/www.kahrglas.at\/wp-content\/uploads\/2011\/12\/dusch3-225x300.jpg 225w, https:\/\/www.kahrglas.at\/wp-content\/uploads\/2011\/12\/dusch3-528x705.jpg 528w, https:\/\/www.kahrglas.at\/wp-content\/uploads\/2011\/12\/dusch3-450x600.jpg 450w\" sizes=\"(max-width: 750px) 100vw, 750px\" \/><\/div><\/li><li  class='avia-slideshow-slide av-av_slideshow-6c572db213749e5cdf71a75f5ab6725b__3  slide-4 slide-even'><div data-rel='slideshow-1' class='avia-slide-wrap '   ><div class='av-slideshow-caption av-av_slideshow-6c572db213749e5cdf71a75f5ab6725b__3 avia-caption'><div class=\"avia-inner-caption\"><div class='avia-caption-content '  itemprop=\"description\" ><p>Duschanlage<\/p>\n<\/div><\/div><\/div><img decoding=\"async\" class=\"wp-image-3170 avia-img-lazy-loading-not-3170\"  src=\"https:\/\/www.kahrglas.at\/wp-content\/uploads\/2011\/12\/dusch4.jpg\" width=\"563\" height=\"1000\" title='dusch4' alt=''  itemprop=\"thumbnailUrl\" srcset=\"https:\/\/www.kahrglas.at\/wp-content\/uploads\/2011\/12\/dusch4.jpg 563w, https:\/\/www.kahrglas.at\/wp-content\/uploads\/2011\/12\/dusch4-450x799.jpg 450w\" sizes=\"(max-width: 563px) 100vw, 563px\" \/><\/div><\/li><li  class='avia-slideshow-slide av-av_slideshow-6c572db213749e5cdf71a75f5ab6725b__4  slide-5 slide-odd'><div data-rel='slideshow-1' class='avia-slide-wrap '   ><div class='av-slideshow-caption av-av_slideshow-6c572db213749e5cdf71a75f5ab6725b__4 avia-caption'><div class=\"avia-inner-caption\"><div class='avia-caption-content '  itemprop=\"description\" ><p>Duschanlage<\/p>\n<\/div><\/div><\/div><img decoding=\"async\" class=\"wp-image-3181 avia-img-lazy-loading-not-3181\"  src=\"https:\/\/www.kahrglas.at\/wp-content\/uploads\/2011\/12\/dusch5.jpg\" width=\"750\" height=\"1000\" title='dusch5' alt=''  itemprop=\"thumbnailUrl\" srcset=\"https:\/\/www.kahrglas.at\/wp-content\/uploads\/2011\/12\/dusch5.jpg 750w, https:\/\/www.kahrglas.at\/wp-content\/uploads\/2011\/12\/dusch5-225x300.jpg 225w, https:\/\/www.kahrglas.at\/wp-content\/uploads\/2011\/12\/dusch5-528x705.jpg 528w, https:\/\/www.kahrglas.at\/wp-content\/uploads\/2011\/12\/dusch5-450x600.jpg 450w\" sizes=\"(max-width: 750px) 100vw, 750px\" \/><\/div><\/li><li  class='avia-slideshow-slide av-av_slideshow-6c572db213749e5cdf71a75f5ab6725b__5  slide-6 slide-even'><div data-rel='slideshow-1' class='avia-slide-wrap '   ><div class='av-slideshow-caption av-av_slideshow-6c572db213749e5cdf71a75f5ab6725b__5 avia-caption'><div class=\"avia-inner-caption\"><div class='avia-caption-content '  itemprop=\"description\" ><p>Duschanlage<\/p>\n<\/div><\/div><\/div><img decoding=\"async\" class=\"wp-image-3182 avia-img-lazy-loading-not-3182\"  src=\"https:\/\/www.kahrglas.at\/wp-content\/uploads\/2011\/12\/dusch6.jpg\" width=\"750\" height=\"1000\" title='dusch6' alt=''  itemprop=\"thumbnailUrl\" srcset=\"https:\/\/www.kahrglas.at\/wp-content\/uploads\/2011\/12\/dusch6.jpg 750w, https:\/\/www.kahrglas.at\/wp-content\/uploads\/2011\/12\/dusch6-225x300.jpg 225w, https:\/\/www.kahrglas.at\/wp-content\/uploads\/2011\/12\/dusch6-528x705.jpg 528w, https:\/\/www.kahrglas.at\/wp-content\/uploads\/2011\/12\/dusch6-450x600.jpg 450w\" sizes=\"(max-width: 750px) 100vw, 750px\" \/><\/div><\/li><li  class='avia-slideshow-slide av-av_slideshow-6c572db213749e5cdf71a75f5ab6725b__6  slide-7 slide-odd'><div data-rel='slideshow-1' class='avia-slide-wrap '   ><div class='av-slideshow-caption av-av_slideshow-6c572db213749e5cdf71a75f5ab6725b__6 avia-caption'><div class=\"avia-inner-caption\"><div class='avia-caption-content '  itemprop=\"description\" ><p>Duschanlage<\/p>\n<\/div><\/div><\/div><img decoding=\"async\" class=\"wp-image-3183 avia-img-lazy-loading-not-3183\"  src=\"https:\/\/www.kahrglas.at\/wp-content\/uploads\/2011\/12\/dusch7.jpg\" width=\"1000\" height=\"750\" title='dusch7' alt=''  itemprop=\"thumbnailUrl\" srcset=\"https:\/\/www.kahrglas.at\/wp-content\/uploads\/2011\/12\/dusch7.jpg 1000w, https:\/\/www.kahrglas.at\/wp-content\/uploads\/2011\/12\/dusch7-300x225.jpg 300w, https:\/\/www.kahrglas.at\/wp-content\/uploads\/2011\/12\/dusch7-705x528.jpg 705w, https:\/\/www.kahrglas.at\/wp-content\/uploads\/2011\/12\/dusch7-450x337.jpg 450w\" sizes=\"(max-width: 1000px) 100vw, 1000px\" \/><\/div><\/li><li  class='avia-slideshow-slide av-av_slideshow-6c572db213749e5cdf71a75f5ab6725b__7  slide-8 slide-even'><div data-rel='slideshow-1' class='avia-slide-wrap '   ><div class='av-slideshow-caption av-av_slideshow-6c572db213749e5cdf71a75f5ab6725b__7 avia-caption'><div class=\"avia-inner-caption\"><div class='avia-caption-content '  itemprop=\"description\" ><p>Duschanlagen<\/p>\n<\/div><\/div><\/div><img decoding=\"async\" class=\"wp-image-3185 avia-img-lazy-loading-not-3185\"  src=\"https:\/\/www.kahrglas.at\/wp-content\/uploads\/2011\/12\/dusch8.jpg\" width=\"750\" height=\"1000\" title='dusch8' alt=''  itemprop=\"thumbnailUrl\" srcset=\"https:\/\/www.kahrglas.at\/wp-content\/uploads\/2011\/12\/dusch8.jpg 750w, https:\/\/www.kahrglas.at\/wp-content\/uploads\/2011\/12\/dusch8-225x300.jpg 225w, https:\/\/www.kahrglas.at\/wp-content\/uploads\/2011\/12\/dusch8-528x705.jpg 528w, https:\/\/www.kahrglas.at\/wp-content\/uploads\/2011\/12\/dusch8-450x600.jpg 450w\" sizes=\"(max-width: 750px) 100vw, 750px\" \/><\/div><\/li><li  class='avia-slideshow-slide av-av_slideshow-6c572db213749e5cdf71a75f5ab6725b__8  slide-9 slide-odd'><div data-rel='slideshow-1' class='avia-slide-wrap '   ><div class='av-slideshow-caption av-av_slideshow-6c572db213749e5cdf71a75f5ab6725b__8 avia-caption'><div class=\"avia-inner-caption\"><div class='avia-caption-content '  itemprop=\"description\" ><p>Duschanlagen<\/p>\n<\/div><\/div><\/div><img decoding=\"async\" class=\"wp-image-3194 avia-img-lazy-loading-not-3194\"  src=\"https:\/\/www.kahrglas.at\/wp-content\/uploads\/2011\/12\/duschx12.jpg\" width=\"747\" height=\"1000\" title='duschx12' alt=''  itemprop=\"thumbnailUrl\" srcset=\"https:\/\/www.kahrglas.at\/wp-content\/uploads\/2011\/12\/duschx12.jpg 747w, https:\/\/www.kahrglas.at\/wp-content\/uploads\/2011\/12\/duschx12-224x300.jpg 224w, https:\/\/www.kahrglas.at\/wp-content\/uploads\/2011\/12\/duschx12-526x705.jpg 526w, https:\/\/www.kahrglas.at\/wp-content\/uploads\/2011\/12\/duschx12-450x602.jpg 450w\" sizes=\"(max-width: 747px) 100vw, 747px\" \/><\/div><\/li><li  class='avia-slideshow-slide av-av_slideshow-6c572db213749e5cdf71a75f5ab6725b__9  slide-10 slide-even'><div data-rel='slideshow-1' class='avia-slide-wrap '   ><div class='av-slideshow-caption av-av_slideshow-6c572db213749e5cdf71a75f5ab6725b__9 avia-caption'><div class=\"avia-inner-caption\"><div class='avia-caption-content '  itemprop=\"description\" ><p>Duschanlagen<\/p>\n<\/div><\/div><\/div><img decoding=\"async\" class=\"wp-image-3195 avia-img-lazy-loading-not-3195\"  src=\"https:\/\/www.kahrglas.at\/wp-content\/uploads\/2011\/12\/duschx13.jpg\" width=\"747\" height=\"1000\" title='duschx13' alt=''  itemprop=\"thumbnailUrl\" srcset=\"https:\/\/www.kahrglas.at\/wp-content\/uploads\/2011\/12\/duschx13.jpg 747w, https:\/\/www.kahrglas.at\/wp-content\/uploads\/2011\/12\/duschx13-224x300.jpg 224w, https:\/\/www.kahrglas.at\/wp-content\/uploads\/2011\/12\/duschx13-526x705.jpg 526w, https:\/\/www.kahrglas.at\/wp-content\/uploads\/2011\/12\/duschx13-450x602.jpg 450w\" sizes=\"(max-width: 747px) 100vw, 747px\" \/><\/div><\/li><li  class='avia-slideshow-slide av-av_slideshow-6c572db213749e5cdf71a75f5ab6725b__10  slide-11 slide-odd'><div data-rel='slideshow-1' class='avia-slide-wrap '   ><div class='av-slideshow-caption av-av_slideshow-6c572db213749e5cdf71a75f5ab6725b__10 avia-caption'><div class=\"avia-inner-caption\"><div class='avia-caption-content '  itemprop=\"description\" ><p>Duschanlagen<\/p>\n<\/div><\/div><\/div><img decoding=\"async\" class=\"wp-image-3193 avia-img-lazy-loading-not-3193\"  src=\"https:\/\/www.kahrglas.at\/wp-content\/uploads\/2011\/12\/duschx11.jpg\" width=\"750\" height=\"1000\" title='duschx11' alt=''  itemprop=\"thumbnailUrl\" srcset=\"https:\/\/www.kahrglas.at\/wp-content\/uploads\/2011\/12\/duschx11.jpg 750w, https:\/\/www.kahrglas.at\/wp-content\/uploads\/2011\/12\/duschx11-225x300.jpg 225w, https:\/\/www.kahrglas.at\/wp-content\/uploads\/2011\/12\/duschx11-528x705.jpg 528w, https:\/\/www.kahrglas.at\/wp-content\/uploads\/2011\/12\/duschx11-450x600.jpg 450w\" sizes=\"(max-width: 750px) 100vw, 750px\" \/><\/div><\/li><li  class='avia-slideshow-slide av-av_slideshow-6c572db213749e5cdf71a75f5ab6725b__11  slide-12 slide-even'><div data-rel='slideshow-1' class='avia-slide-wrap '   ><div class='av-slideshow-caption av-av_slideshow-6c572db213749e5cdf71a75f5ab6725b__11 avia-caption'><div class=\"avia-inner-caption\"><div class='avia-caption-content '  itemprop=\"description\" ><p>Duschanlagen<\/p>\n<\/div><\/div><\/div><img decoding=\"async\" class=\"wp-image-3196 avia-img-lazy-loading-not-3196\"  src=\"https:\/\/www.kahrglas.at\/wp-content\/uploads\/2011\/12\/duschx14.jpg\" width=\"750\" height=\"1000\" title='duschx14' alt=''  itemprop=\"thumbnailUrl\" srcset=\"https:\/\/www.kahrglas.at\/wp-content\/uploads\/2011\/12\/duschx14.jpg 750w, https:\/\/www.kahrglas.at\/wp-content\/uploads\/2011\/12\/duschx14-225x300.jpg 225w, https:\/\/www.kahrglas.at\/wp-content\/uploads\/2011\/12\/duschx14-528x705.jpg 528w, https:\/\/www.kahrglas.at\/wp-content\/uploads\/2011\/12\/duschx14-450x600.jpg 450w\" sizes=\"(max-width: 750px) 100vw, 750px\" \/><\/div><\/li><li  class='avia-slideshow-slide av-av_slideshow-6c572db213749e5cdf71a75f5ab6725b__12  slide-13 slide-odd'><div data-rel='slideshow-1' class='avia-slide-wrap '   ><div class='av-slideshow-caption av-av_slideshow-6c572db213749e5cdf71a75f5ab6725b__12 avia-caption'><div class=\"avia-inner-caption\"><div class='avia-caption-content '  itemprop=\"description\" ><p>Duschanlagen<\/p>\n<\/div><\/div><\/div><img decoding=\"async\" class=\"wp-image-3202 avia-img-lazy-loading-not-3202\"  src=\"https:\/\/www.kahrglas.at\/wp-content\/uploads\/2011\/12\/duschx20.jpg\" width=\"747\" height=\"1000\" title='duschx20' alt=''  itemprop=\"thumbnailUrl\" srcset=\"https:\/\/www.kahrglas.at\/wp-content\/uploads\/2011\/12\/duschx20.jpg 747w, https:\/\/www.kahrglas.at\/wp-content\/uploads\/2011\/12\/duschx20-224x300.jpg 224w, https:\/\/www.kahrglas.at\/wp-content\/uploads\/2011\/12\/duschx20-526x705.jpg 526w, https:\/\/www.kahrglas.at\/wp-content\/uploads\/2011\/12\/duschx20-450x602.jpg 450w\" sizes=\"(max-width: 747px) 100vw, 747px\" \/><\/div><\/li><li  class='avia-slideshow-slide av-av_slideshow-6c572db213749e5cdf71a75f5ab6725b__13  slide-14 slide-even'><div data-rel='slideshow-1' class='avia-slide-wrap '   ><div class='av-slideshow-caption av-av_slideshow-6c572db213749e5cdf71a75f5ab6725b__13 avia-caption'><div class=\"avia-inner-caption\"><div class='avia-caption-content '  itemprop=\"description\" ><p>Duschanlagen<\/p>\n<\/div><\/div><\/div><img decoding=\"async\" class=\"wp-image-3201 avia-img-lazy-loading-not-3201\"  src=\"https:\/\/www.kahrglas.at\/wp-content\/uploads\/2011\/12\/duschx19.jpg\" width=\"747\" height=\"1000\" title='duschx19' alt=''  itemprop=\"thumbnailUrl\" srcset=\"https:\/\/www.kahrglas.at\/wp-content\/uploads\/2011\/12\/duschx19.jpg 747w, https:\/\/www.kahrglas.at\/wp-content\/uploads\/2011\/12\/duschx19-224x300.jpg 224w, https:\/\/www.kahrglas.at\/wp-content\/uploads\/2011\/12\/duschx19-526x705.jpg 526w, https:\/\/www.kahrglas.at\/wp-content\/uploads\/2011\/12\/duschx19-450x602.jpg 450w\" sizes=\"(max-width: 747px) 100vw, 747px\" \/><\/div><\/li><li  class='avia-slideshow-slide av-av_slideshow-6c572db213749e5cdf71a75f5ab6725b__14  slide-15 slide-odd'><div data-rel='slideshow-1' class='avia-slide-wrap '   ><div class='av-slideshow-caption av-av_slideshow-6c572db213749e5cdf71a75f5ab6725b__14 avia-caption'><div class=\"avia-inner-caption\"><div class='avia-caption-content '  itemprop=\"description\" ><p>Duschanlagen<\/p>\n<\/div><\/div><\/div><img decoding=\"async\" class=\"wp-image-3198 avia-img-lazy-loading-not-3198\"  src=\"https:\/\/www.kahrglas.at\/wp-content\/uploads\/2011\/12\/duschx16.jpg\" width=\"747\" height=\"1000\" title='duschx16' alt=''  itemprop=\"thumbnailUrl\" srcset=\"https:\/\/www.kahrglas.at\/wp-content\/uploads\/2011\/12\/duschx16.jpg 747w, https:\/\/www.kahrglas.at\/wp-content\/uploads\/2011\/12\/duschx16-224x300.jpg 224w, https:\/\/www.kahrglas.at\/wp-content\/uploads\/2011\/12\/duschx16-526x705.jpg 526w, https:\/\/www.kahrglas.at\/wp-content\/uploads\/2011\/12\/duschx16-450x602.jpg 450w\" sizes=\"(max-width: 747px) 100vw, 747px\" \/><\/div><\/li><li  class='avia-slideshow-slide av-av_slideshow-6c572db213749e5cdf71a75f5ab6725b__15  slide-16 slide-even'><div data-rel='slideshow-1' class='avia-slide-wrap '   ><div class='av-slideshow-caption av-av_slideshow-6c572db213749e5cdf71a75f5ab6725b__15 avia-caption'><div class=\"avia-inner-caption\"><div class='avia-caption-content '  itemprop=\"description\" ><p>Spiegel<\/p>\n<\/div><\/div><\/div><img decoding=\"async\" class=\"wp-image-3168 avia-img-lazy-loading-not-3168\"  src=\"https:\/\/www.kahrglas.at\/wp-content\/uploads\/2011\/12\/spiegel.jpg\" width=\"694\" height=\"1000\" title='spiegel' alt=''  itemprop=\"thumbnailUrl\" srcset=\"https:\/\/www.kahrglas.at\/wp-content\/uploads\/2011\/12\/spiegel.jpg 694w, https:\/\/www.kahrglas.at\/wp-content\/uploads\/2011\/12\/spiegel-208x300.jpg 208w, https:\/\/www.kahrglas.at\/wp-content\/uploads\/2011\/12\/spiegel-489x705.jpg 489w, https:\/\/www.kahrglas.at\/wp-content\/uploads\/2011\/12\/spiegel-450x648.jpg 450w\" sizes=\"(max-width: 694px) 100vw, 694px\" \/><\/div><\/li><li  class='avia-slideshow-slide av-av_slideshow-6c572db213749e5cdf71a75f5ab6725b__16  slide-17 slide-odd'><div data-rel='slideshow-1' class='avia-slide-wrap '   ><div class='av-slideshow-caption av-av_slideshow-6c572db213749e5cdf71a75f5ab6725b__16 avia-caption'><div class=\"avia-inner-caption\"><div class='avia-caption-content '  itemprop=\"description\" ><p>Glasfl\u00e4chen<\/p>\n<\/div><\/div><\/div><img decoding=\"async\" class=\"wp-image-3179 avia-img-lazy-loading-not-3179\"  src=\"https:\/\/www.kahrglas.at\/wp-content\/uploads\/2011\/12\/bad0.jpg\" width=\"1000\" height=\"563\" title='bad0' alt=''  itemprop=\"thumbnailUrl\" srcset=\"https:\/\/www.kahrglas.at\/wp-content\/uploads\/2011\/12\/bad0.jpg 1000w, https:\/\/www.kahrglas.at\/wp-content\/uploads\/2011\/12\/bad0-300x168.jpg 300w, https:\/\/www.kahrglas.at\/wp-content\/uploads\/2011\/12\/bad0-705x396.jpg 705w, https:\/\/www.kahrglas.at\/wp-content\/uploads\/2011\/12\/bad0-450x253.jpg 450w\" sizes=\"(max-width: 1000px) 100vw, 1000px\" \/><\/div><\/li><li  class='avia-slideshow-slide av-av_slideshow-6c572db213749e5cdf71a75f5ab6725b__17  slide-18 slide-even'><div data-rel='slideshow-1' class='avia-slide-wrap '   ><div class='av-slideshow-caption av-av_slideshow-6c572db213749e5cdf71a75f5ab6725b__17 avia-caption'><div class=\"avia-inner-caption\"><div class='avia-caption-content '  itemprop=\"description\" ><p>Glasfl\u00e4chen<\/p>\n<\/div><\/div><\/div><img decoding=\"async\" class=\"wp-image-3180 avia-img-lazy-loading-not-3180\"  src=\"https:\/\/www.kahrglas.at\/wp-content\/uploads\/2011\/12\/bad1.jpg\" width=\"1000\" height=\"750\" title='bad1' alt=''  itemprop=\"thumbnailUrl\" srcset=\"https:\/\/www.kahrglas.at\/wp-content\/uploads\/2011\/12\/bad1.jpg 1000w, https:\/\/www.kahrglas.at\/wp-content\/uploads\/2011\/12\/bad1-300x225.jpg 300w, https:\/\/www.kahrglas.at\/wp-content\/uploads\/2011\/12\/bad1-705x528.jpg 705w, https:\/\/www.kahrglas.at\/wp-content\/uploads\/2011\/12\/bad1-450x337.jpg 450w\" sizes=\"(max-width: 1000px) 100vw, 1000px\" \/><\/div><\/li><li  class='avia-slideshow-slide av-av_slideshow-6c572db213749e5cdf71a75f5ab6725b__18  slide-19 slide-odd'><div data-rel='slideshow-1' class='avia-slide-wrap '   ><div class='av-slideshow-caption av-av_slideshow-6c572db213749e5cdf71a75f5ab6725b__18 avia-caption'><div class=\"avia-inner-caption\"><div class='avia-caption-content '  itemprop=\"description\" ><p>Glasfl\u00e4chen<\/p>\n<\/div><\/div><\/div><img decoding=\"async\" class=\"wp-image-3190 avia-img-lazy-loading-not-3190\"  src=\"https:\/\/www.kahrglas.at\/wp-content\/uploads\/2014\/04\/spiegel1.jpg\" width=\"1000\" height=\"750\" title='spiegel1' alt=''  itemprop=\"thumbnailUrl\" srcset=\"https:\/\/www.kahrglas.at\/wp-content\/uploads\/2014\/04\/spiegel1.jpg 1000w, https:\/\/www.kahrglas.at\/wp-content\/uploads\/2014\/04\/spiegel1-300x225.jpg 300w, https:\/\/www.kahrglas.at\/wp-content\/uploads\/2014\/04\/spiegel1-705x528.jpg 705w, https:\/\/www.kahrglas.at\/wp-content\/uploads\/2014\/04\/spiegel1-450x337.jpg 450w\" sizes=\"(max-width: 1000px) 100vw, 1000px\" \/><\/div><\/li><li  class='avia-slideshow-slide av-av_slideshow-6c572db213749e5cdf71a75f5ab6725b__19  slide-20 slide-even'><div data-rel='slideshow-1' class='avia-slide-wrap '   ><div class='av-slideshow-caption av-av_slideshow-6c572db213749e5cdf71a75f5ab6725b__19 avia-caption'><div class=\"avia-inner-caption\"><div class='avia-caption-content '  itemprop=\"description\" ><p>Glasfl\u00e4chen<\/p>\n<\/div><\/div><\/div><img decoding=\"async\" class=\"wp-image-3191 avia-img-lazy-loading-not-3191\"  src=\"https:\/\/www.kahrglas.at\/wp-content\/uploads\/2011\/12\/duschx10.jpg\" width=\"1000\" height=\"750\" title='duschx10' alt=''  itemprop=\"thumbnailUrl\" srcset=\"https:\/\/www.kahrglas.at\/wp-content\/uploads\/2011\/12\/duschx10.jpg 1000w, https:\/\/www.kahrglas.at\/wp-content\/uploads\/2011\/12\/duschx10-300x225.jpg 300w, https:\/\/www.kahrglas.at\/wp-content\/uploads\/2011\/12\/duschx10-705x528.jpg 705w, https:\/\/www.kahrglas.at\/wp-content\/uploads\/2011\/12\/duschx10-450x337.jpg 450w\" sizes=\"(max-width: 1000px) 100vw, 1000px\" \/><\/div><\/li><li  class='avia-slideshow-slide av-av_slideshow-6c572db213749e5cdf71a75f5ab6725b__20  slide-21 slide-odd'><div data-rel='slideshow-1' class='avia-slide-wrap '   ><div class='av-slideshow-caption av-av_slideshow-6c572db213749e5cdf71a75f5ab6725b__20 avia-caption'><div class=\"avia-inner-caption\"><div class='avia-caption-content '  itemprop=\"description\" ><p>Glasw\u00e4nde<\/p>\n<\/div><\/div><\/div><img decoding=\"async\" class=\"wp-image-3184 avia-img-lazy-loading-not-3184\"  src=\"https:\/\/www.kahrglas.at\/wp-content\/uploads\/2011\/12\/wand7.jpg\" width=\"1000\" height=\"750\" title='wand7' alt=''  itemprop=\"thumbnailUrl\" srcset=\"https:\/\/www.kahrglas.at\/wp-content\/uploads\/2011\/12\/wand7.jpg 1000w, https:\/\/www.kahrglas.at\/wp-content\/uploads\/2011\/12\/wand7-300x225.jpg 300w, https:\/\/www.kahrglas.at\/wp-content\/uploads\/2011\/12\/wand7-705x528.jpg 705w, https:\/\/www.kahrglas.at\/wp-content\/uploads\/2011\/12\/wand7-450x337.jpg 450w\" sizes=\"(max-width: 1000px) 100vw, 1000px\" \/><\/div><\/li><li  class='avia-slideshow-slide av-av_slideshow-6c572db213749e5cdf71a75f5ab6725b__21  slide-22 slide-even'><div data-rel='slideshow-1' class='avia-slide-wrap '   ><div class='av-slideshow-caption av-av_slideshow-6c572db213749e5cdf71a75f5ab6725b__21 avia-caption'><div class=\"avia-inner-caption\"><div class='avia-caption-content '  itemprop=\"description\" ><p>Glasw\u00e4nde<\/p>\n<\/div><\/div><\/div><img decoding=\"async\" class=\"wp-image-3186 avia-img-lazy-loading-not-3186\"  src=\"https:\/\/www.kahrglas.at\/wp-content\/uploads\/2011\/12\/dusch9.jpg\" width=\"866\" height=\"1000\" title='dusch9' alt=''  itemprop=\"thumbnailUrl\" srcset=\"https:\/\/www.kahrglas.at\/wp-content\/uploads\/2011\/12\/dusch9.jpg 866w, https:\/\/www.kahrglas.at\/wp-content\/uploads\/2011\/12\/dusch9-259x300.jpg 259w, https:\/\/www.kahrglas.at\/wp-content\/uploads\/2011\/12\/dusch9-610x705.jpg 610w, https:\/\/www.kahrglas.at\/wp-content\/uploads\/2011\/12\/dusch9-450x519.jpg 450w\" sizes=\"(max-width: 866px) 100vw, 866px\" \/><\/div><\/li><li  class='avia-slideshow-slide av-av_slideshow-6c572db213749e5cdf71a75f5ab6725b__22  slide-23 slide-odd'><div data-rel='slideshow-1' class='avia-slide-wrap '   ><div class='av-slideshow-caption av-av_slideshow-6c572db213749e5cdf71a75f5ab6725b__22 avia-caption'><div class=\"avia-inner-caption\"><div class='avia-caption-content '  itemprop=\"description\" ><p>Glasw\u00e4nde<\/p>\n<\/div><\/div><\/div><img decoding=\"async\" class=\"wp-image-3200 avia-img-lazy-loading-not-3200\"  src=\"https:\/\/www.kahrglas.at\/wp-content\/uploads\/2011\/12\/duschx18.jpg\" width=\"747\" height=\"1000\" title='duschx18' alt=''  itemprop=\"thumbnailUrl\" srcset=\"https:\/\/www.kahrglas.at\/wp-content\/uploads\/2011\/12\/duschx18.jpg 747w, https:\/\/www.kahrglas.at\/wp-content\/uploads\/2011\/12\/duschx18-224x300.jpg 224w, https:\/\/www.kahrglas.at\/wp-content\/uploads\/2011\/12\/duschx18-526x705.jpg 526w, https:\/\/www.kahrglas.at\/wp-content\/uploads\/2011\/12\/duschx18-450x602.jpg 450w\" sizes=\"(max-width: 747px) 100vw, 747px\" \/><\/div><\/li><li  class='avia-slideshow-slide av-av_slideshow-6c572db213749e5cdf71a75f5ab6725b__23  slide-24 slide-even'><div data-rel='slideshow-1' class='avia-slide-wrap '   ><div class='av-slideshow-caption av-av_slideshow-6c572db213749e5cdf71a75f5ab6725b__23 avia-caption'><div class=\"avia-inner-caption\"><div class='avia-caption-content '  itemprop=\"description\" ><p>Glasw\u00e4nde<\/p>\n<\/div><\/div><\/div><img decoding=\"async\" class=\"wp-image-3199 avia-img-lazy-loading-not-3199\"  src=\"https:\/\/www.kahrglas.at\/wp-content\/uploads\/2011\/12\/duschx17.jpg\" width=\"747\" height=\"1000\" title='duschx17' alt=''  itemprop=\"thumbnailUrl\" srcset=\"https:\/\/www.kahrglas.at\/wp-content\/uploads\/2011\/12\/duschx17.jpg 747w, https:\/\/www.kahrglas.at\/wp-content\/uploads\/2011\/12\/duschx17-224x300.jpg 224w, https:\/\/www.kahrglas.at\/wp-content\/uploads\/2011\/12\/duschx17-526x705.jpg 526w, https:\/\/www.kahrglas.at\/wp-content\/uploads\/2011\/12\/duschx17-450x602.jpg 450w\" sizes=\"(max-width: 747px) 100vw, 747px\" \/><\/div><\/li><li  class='avia-slideshow-slide av-av_slideshow-6c572db213749e5cdf71a75f5ab6725b__24  slide-25 slide-odd'><div data-rel='slideshow-1' class='avia-slide-wrap '   ><img decoding=\"async\" class=\"wp-image-3657 avia-img-lazy-loading-not-3657\"  src=\"https:\/\/www.kahrglas.at\/wp-content\/uploads\/2014\/04\/18102010711.jpg\" width=\"2250\" height=\"4000\" title='18102010711' alt=''  itemprop=\"thumbnailUrl\" srcset=\"https:\/\/www.kahrglas.at\/wp-content\/uploads\/2014\/04\/18102010711.jpg 2250w, https:\/\/www.kahrglas.at\/wp-content\/uploads\/2014\/04\/18102010711-168x300.jpg 168w, https:\/\/www.kahrglas.at\/wp-content\/uploads\/2014\/04\/18102010711-579x1030.jpg 579w, https:\/\/www.kahrglas.at\/wp-content\/uploads\/2014\/04\/18102010711-843x1500.jpg 843w, https:\/\/www.kahrglas.at\/wp-content\/uploads\/2014\/04\/18102010711-396x705.jpg 396w, https:\/\/www.kahrglas.at\/wp-content\/uploads\/2014\/04\/18102010711-450x800.jpg 450w\" sizes=\"(max-width: 2250px) 100vw, 2250px\" \/><\/div><\/li><li  class='avia-slideshow-slide av-av_slideshow-6c572db213749e5cdf71a75f5ab6725b__25  slide-26 slide-even'><div data-rel='slideshow-1' class='avia-slide-wrap '   ><img decoding=\"async\" class=\"wp-image-3658 avia-img-lazy-loading-not-3658\"  src=\"https:\/\/www.kahrglas.at\/wp-content\/uploads\/2014\/04\/Bad.jpg\" width=\"4032\" height=\"3024\" title='Bad' alt=''  itemprop=\"thumbnailUrl\" srcset=\"https:\/\/www.kahrglas.at\/wp-content\/uploads\/2014\/04\/Bad.jpg 4032w, https:\/\/www.kahrglas.at\/wp-content\/uploads\/2014\/04\/Bad-300x225.jpg 300w, https:\/\/www.kahrglas.at\/wp-content\/uploads\/2014\/04\/Bad-1030x772.jpg 1030w, https:\/\/www.kahrglas.at\/wp-content\/uploads\/2014\/04\/Bad-1500x1125.jpg 1500w, https:\/\/www.kahrglas.at\/wp-content\/uploads\/2014\/04\/Bad-705x528.jpg 705w, https:\/\/www.kahrglas.at\/wp-content\/uploads\/2014\/04\/Bad-450x337.jpg 450w\" sizes=\"(max-width: 4032px) 100vw, 4032px\" \/><\/div><\/li><li  class='avia-slideshow-slide av-av_slideshow-6c572db213749e5cdf71a75f5ab6725b__26  slide-27 slide-odd'><div data-rel='slideshow-1' class='avia-slide-wrap '   ><img decoding=\"async\" class=\"wp-image-3659 avia-img-lazy-loading-not-3659\"  src=\"https:\/\/www.kahrglas.at\/wp-content\/uploads\/2014\/04\/Bad3.jpg\" width=\"4032\" height=\"3024\" title='Bad3' alt=''  itemprop=\"thumbnailUrl\" srcset=\"https:\/\/www.kahrglas.at\/wp-content\/uploads\/2014\/04\/Bad3.jpg 4032w, https:\/\/www.kahrglas.at\/wp-content\/uploads\/2014\/04\/Bad3-300x225.jpg 300w, https:\/\/www.kahrglas.at\/wp-content\/uploads\/2014\/04\/Bad3-1030x772.jpg 1030w, https:\/\/www.kahrglas.at\/wp-content\/uploads\/2014\/04\/Bad3-1500x1125.jpg 1500w, https:\/\/www.kahrglas.at\/wp-content\/uploads\/2014\/04\/Bad3-705x528.jpg 705w, https:\/\/www.kahrglas.at\/wp-content\/uploads\/2014\/04\/Bad3-450x337.jpg 450w\" sizes=\"(max-width: 4032px) 100vw, 4032px\" \/><\/div><\/li><li  class='avia-slideshow-slide av-av_slideshow-6c572db213749e5cdf71a75f5ab6725b__27  slide-28 slide-even'><div data-rel='slideshow-1' class='avia-slide-wrap '   ><img decoding=\"async\" class=\"wp-image-3661 avia-img-lazy-loading-not-3661\"  src=\"https:\/\/www.kahrglas.at\/wp-content\/uploads\/2014\/04\/BadBinder2.jpg\" width=\"4032\" height=\"3024\" title='BadBinder2' alt=''  itemprop=\"thumbnailUrl\" srcset=\"https:\/\/www.kahrglas.at\/wp-content\/uploads\/2014\/04\/BadBinder2.jpg 4032w, https:\/\/www.kahrglas.at\/wp-content\/uploads\/2014\/04\/BadBinder2-300x225.jpg 300w, https:\/\/www.kahrglas.at\/wp-content\/uploads\/2014\/04\/BadBinder2-1030x772.jpg 1030w, https:\/\/www.kahrglas.at\/wp-content\/uploads\/2014\/04\/BadBinder2-1500x1125.jpg 1500w, https:\/\/www.kahrglas.at\/wp-content\/uploads\/2014\/04\/BadBinder2-705x528.jpg 705w, https:\/\/www.kahrglas.at\/wp-content\/uploads\/2014\/04\/BadBinder2-450x337.jpg 450w\" sizes=\"(max-width: 4032px) 100vw, 4032px\" \/><\/div><\/li><li  class='avia-slideshow-slide av-av_slideshow-6c572db213749e5cdf71a75f5ab6725b__28  slide-29 slide-odd'><div data-rel='slideshow-1' class='avia-slide-wrap '   ><img decoding=\"async\" class=\"wp-image-3662 avia-img-lazy-loading-not-3662\"  src=\"https:\/\/www.kahrglas.at\/wp-content\/uploads\/2014\/04\/BadbLume1.jpg\" width=\"4032\" height=\"3024\" title='BadbLume1' alt=''  itemprop=\"thumbnailUrl\" srcset=\"https:\/\/www.kahrglas.at\/wp-content\/uploads\/2014\/04\/BadbLume1.jpg 4032w, https:\/\/www.kahrglas.at\/wp-content\/uploads\/2014\/04\/BadbLume1-300x225.jpg 300w, https:\/\/www.kahrglas.at\/wp-content\/uploads\/2014\/04\/BadbLume1-1030x772.jpg 1030w, https:\/\/www.kahrglas.at\/wp-content\/uploads\/2014\/04\/BadbLume1-1500x1125.jpg 1500w, https:\/\/www.kahrglas.at\/wp-content\/uploads\/2014\/04\/BadbLume1-705x528.jpg 705w, https:\/\/www.kahrglas.at\/wp-content\/uploads\/2014\/04\/BadbLume1-450x337.jpg 450w\" sizes=\"(max-width: 4032px) 100vw, 4032px\" \/><\/div><\/li><li  class='avia-slideshow-slide av-av_slideshow-6c572db213749e5cdf71a75f5ab6725b__29  slide-30 slide-even'><div data-rel='slideshow-1' class='avia-slide-wrap '   ><img decoding=\"async\" class=\"wp-image-3663 avia-img-lazy-loading-not-3663\"  src=\"https:\/\/www.kahrglas.at\/wp-content\/uploads\/2014\/04\/B\u00e4der.jpg\" width=\"4032\" height=\"3024\" title='B\u00e4der' alt=''  itemprop=\"thumbnailUrl\" srcset=\"https:\/\/www.kahrglas.at\/wp-content\/uploads\/2014\/04\/B\u00e4der.jpg 4032w, https:\/\/www.kahrglas.at\/wp-content\/uploads\/2014\/04\/B\u00e4der-300x225.jpg 300w, https:\/\/www.kahrglas.at\/wp-content\/uploads\/2014\/04\/B\u00e4der-1030x772.jpg 1030w, https:\/\/www.kahrglas.at\/wp-content\/uploads\/2014\/04\/B\u00e4der-1500x1125.jpg 1500w, https:\/\/www.kahrglas.at\/wp-content\/uploads\/2014\/04\/B\u00e4der-705x528.jpg 705w, https:\/\/www.kahrglas.at\/wp-content\/uploads\/2014\/04\/B\u00e4der-450x337.jpg 450w\" sizes=\"(max-width: 4032px) 100vw, 4032px\" \/><\/div><\/li><li  class='avia-slideshow-slide av-av_slideshow-6c572db213749e5cdf71a75f5ab6725b__30  slide-31 slide-odd'><div data-rel='slideshow-1' class='avia-slide-wrap '   ><img decoding=\"async\" class=\"wp-image-3664 avia-img-lazy-loading-not-3664\"  src=\"https:\/\/www.kahrglas.at\/wp-content\/uploads\/2014\/04\/B\u00e4der2.jpg\" width=\"4032\" height=\"3024\" title='B\u00e4der2' alt=''  itemprop=\"thumbnailUrl\" srcset=\"https:\/\/www.kahrglas.at\/wp-content\/uploads\/2014\/04\/B\u00e4der2.jpg 4032w, https:\/\/www.kahrglas.at\/wp-content\/uploads\/2014\/04\/B\u00e4der2-300x225.jpg 300w, https:\/\/www.kahrglas.at\/wp-content\/uploads\/2014\/04\/B\u00e4der2-1030x772.jpg 1030w, https:\/\/www.kahrglas.at\/wp-content\/uploads\/2014\/04\/B\u00e4der2-1500x1125.jpg 1500w, https:\/\/www.kahrglas.at\/wp-content\/uploads\/2014\/04\/B\u00e4der2-705x528.jpg 705w, https:\/\/www.kahrglas.at\/wp-content\/uploads\/2014\/04\/B\u00e4der2-450x337.jpg 450w\" sizes=\"(max-width: 4032px) 100vw, 4032px\" \/><\/div><\/li><li  class='avia-slideshow-slide av-av_slideshow-6c572db213749e5cdf71a75f5ab6725b__31  slide-32 slide-even'><div data-rel='slideshow-1' class='avia-slide-wrap '   ><img decoding=\"async\" class=\"wp-image-3665 avia-img-lazy-loading-not-3665\"  src=\"https:\/\/www.kahrglas.at\/wp-content\/uploads\/2014\/04\/B\u00e4der3.jpg\" width=\"4032\" height=\"3024\" title='B\u00e4der3' alt=''  itemprop=\"thumbnailUrl\" srcset=\"https:\/\/www.kahrglas.at\/wp-content\/uploads\/2014\/04\/B\u00e4der3.jpg 4032w, https:\/\/www.kahrglas.at\/wp-content\/uploads\/2014\/04\/B\u00e4der3-300x225.jpg 300w, https:\/\/www.kahrglas.at\/wp-content\/uploads\/2014\/04\/B\u00e4der3-1030x772.jpg 1030w, https:\/\/www.kahrglas.at\/wp-content\/uploads\/2014\/04\/B\u00e4der3-1500x1125.jpg 1500w, https:\/\/www.kahrglas.at\/wp-content\/uploads\/2014\/04\/B\u00e4der3-705x528.jpg 705w, https:\/\/www.kahrglas.at\/wp-content\/uploads\/2014\/04\/B\u00e4der3-450x337.jpg 450w\" sizes=\"(max-width: 4032px) 100vw, 4032px\" \/><\/div><\/li><li  class='avia-slideshow-slide av-av_slideshow-6c572db213749e5cdf71a75f5ab6725b__32  slide-33 slide-odd'><div data-rel='slideshow-1' class='avia-slide-wrap '   ><img decoding=\"async\" class=\"wp-image-3666 avia-img-lazy-loading-not-3666\"  src=\"https:\/\/www.kahrglas.at\/wp-content\/uploads\/2014\/04\/Badi.jpg\" width=\"4032\" height=\"3024\" title='Badi' alt=''  itemprop=\"thumbnailUrl\" srcset=\"https:\/\/www.kahrglas.at\/wp-content\/uploads\/2014\/04\/Badi.jpg 4032w, https:\/\/www.kahrglas.at\/wp-content\/uploads\/2014\/04\/Badi-300x225.jpg 300w, https:\/\/www.kahrglas.at\/wp-content\/uploads\/2014\/04\/Badi-1030x772.jpg 1030w, https:\/\/www.kahrglas.at\/wp-content\/uploads\/2014\/04\/Badi-1500x1125.jpg 1500w, https:\/\/www.kahrglas.at\/wp-content\/uploads\/2014\/04\/Badi-705x528.jpg 705w, https:\/\/www.kahrglas.at\/wp-content\/uploads\/2014\/04\/Badi-450x337.jpg 450w\" sizes=\"(max-width: 4032px) 100vw, 4032px\" \/><\/div><\/li><li  class='avia-slideshow-slide av-av_slideshow-6c572db213749e5cdf71a75f5ab6725b__33  slide-34 slide-even'><div data-rel='slideshow-1' class='avia-slide-wrap '   ><img decoding=\"async\" class=\"wp-image-3667 avia-img-lazy-loading-not-3667\"  src=\"https:\/\/www.kahrglas.at\/wp-content\/uploads\/2014\/04\/Badi1.jpg\" width=\"4032\" height=\"3024\" title='Badi1' alt=''  itemprop=\"thumbnailUrl\" srcset=\"https:\/\/www.kahrglas.at\/wp-content\/uploads\/2014\/04\/Badi1.jpg 4032w, https:\/\/www.kahrglas.at\/wp-content\/uploads\/2014\/04\/Badi1-300x225.jpg 300w, https:\/\/www.kahrglas.at\/wp-content\/uploads\/2014\/04\/Badi1-1030x772.jpg 1030w, https:\/\/www.kahrglas.at\/wp-content\/uploads\/2014\/04\/Badi1-1500x1125.jpg 1500w, https:\/\/www.kahrglas.at\/wp-content\/uploads\/2014\/04\/Badi1-705x528.jpg 705w, https:\/\/www.kahrglas.at\/wp-content\/uploads\/2014\/04\/Badi1-450x337.jpg 450w\" sizes=\"(max-width: 4032px) 100vw, 4032px\" \/><\/div><\/li><li  class='avia-slideshow-slide av-av_slideshow-6c572db213749e5cdf71a75f5ab6725b__34  slide-35 slide-odd'><div data-rel='slideshow-1' class='avia-slide-wrap '   ><img decoding=\"async\" class=\"wp-image-3668 avia-img-lazy-loading-not-3668\"  src=\"https:\/\/www.kahrglas.at\/wp-content\/uploads\/2014\/04\/BadKA.jpg\" width=\"4032\" height=\"3024\" title='BadKA' alt=''  itemprop=\"thumbnailUrl\" srcset=\"https:\/\/www.kahrglas.at\/wp-content\/uploads\/2014\/04\/BadKA.jpg 4032w, https:\/\/www.kahrglas.at\/wp-content\/uploads\/2014\/04\/BadKA-300x225.jpg 300w, https:\/\/www.kahrglas.at\/wp-content\/uploads\/2014\/04\/BadKA-1030x772.jpg 1030w, https:\/\/www.kahrglas.at\/wp-content\/uploads\/2014\/04\/BadKA-1500x1125.jpg 1500w, https:\/\/www.kahrglas.at\/wp-content\/uploads\/2014\/04\/BadKA-705x528.jpg 705w, https:\/\/www.kahrglas.at\/wp-content\/uploads\/2014\/04\/BadKA-450x337.jpg 450w\" sizes=\"(max-width: 4032px) 100vw, 4032px\" \/><\/div><\/li><li  class='avia-slideshow-slide av-av_slideshow-6c572db213749e5cdf71a75f5ab6725b__35  slide-36 slide-even'><div data-rel='slideshow-1' class='avia-slide-wrap '   ><img decoding=\"async\" class=\"wp-image-3669 avia-img-lazy-loading-not-3669\"  src=\"https:\/\/www.kahrglas.at\/wp-content\/uploads\/2014\/04\/BadkA1.jpg\" width=\"4032\" height=\"3024\" title='BadkA1' alt=''  itemprop=\"thumbnailUrl\" srcset=\"https:\/\/www.kahrglas.at\/wp-content\/uploads\/2014\/04\/BadkA1.jpg 4032w, https:\/\/www.kahrglas.at\/wp-content\/uploads\/2014\/04\/BadkA1-300x225.jpg 300w, https:\/\/www.kahrglas.at\/wp-content\/uploads\/2014\/04\/BadkA1-1030x772.jpg 1030w, https:\/\/www.kahrglas.at\/wp-content\/uploads\/2014\/04\/BadkA1-1500x1125.jpg 1500w, https:\/\/www.kahrglas.at\/wp-content\/uploads\/2014\/04\/BadkA1-705x528.jpg 705w, https:\/\/www.kahrglas.at\/wp-content\/uploads\/2014\/04\/BadkA1-450x337.jpg 450w\" sizes=\"(max-width: 4032px) 100vw, 4032px\" \/><\/div><\/li><li  class='avia-slideshow-slide av-av_slideshow-6c572db213749e5cdf71a75f5ab6725b__36  slide-37 slide-odd'><div data-rel='slideshow-1' class='avia-slide-wrap '   ><img decoding=\"async\" class=\"wp-image-3670 avia-img-lazy-loading-not-3670\"  src=\"https:\/\/www.kahrglas.at\/wp-content\/uploads\/2014\/04\/BadKabine.jpg\" width=\"4032\" height=\"3024\" title='BadKabine' alt=''  itemprop=\"thumbnailUrl\" srcset=\"https:\/\/www.kahrglas.at\/wp-content\/uploads\/2014\/04\/BadKabine.jpg 4032w, https:\/\/www.kahrglas.at\/wp-content\/uploads\/2014\/04\/BadKabine-300x225.jpg 300w, https:\/\/www.kahrglas.at\/wp-content\/uploads\/2014\/04\/BadKabine-1030x772.jpg 1030w, https:\/\/www.kahrglas.at\/wp-content\/uploads\/2014\/04\/BadKabine-1500x1125.jpg 1500w, https:\/\/www.kahrglas.at\/wp-content\/uploads\/2014\/04\/BadKabine-705x528.jpg 705w, https:\/\/www.kahrglas.at\/wp-content\/uploads\/2014\/04\/BadKabine-450x337.jpg 450w\" sizes=\"(max-width: 4032px) 100vw, 4032px\" \/><\/div><\/li><li  class='avia-slideshow-slide av-av_slideshow-6c572db213749e5cdf71a75f5ab6725b__37  slide-38 slide-even'><div data-rel='slideshow-1' class='avia-slide-wrap '   ><img decoding=\"async\" class=\"wp-image-3671 avia-img-lazy-loading-not-3671\"  src=\"https:\/\/www.kahrglas.at\/wp-content\/uploads\/2014\/04\/BadWann.jpg\" width=\"4032\" height=\"3024\" title='BadWann' alt=''  itemprop=\"thumbnailUrl\" srcset=\"https:\/\/www.kahrglas.at\/wp-content\/uploads\/2014\/04\/BadWann.jpg 4032w, https:\/\/www.kahrglas.at\/wp-content\/uploads\/2014\/04\/BadWann-300x225.jpg 300w, https:\/\/www.kahrglas.at\/wp-content\/uploads\/2014\/04\/BadWann-1030x772.jpg 1030w, https:\/\/www.kahrglas.at\/wp-content\/uploads\/2014\/04\/BadWann-1500x1125.jpg 1500w, https:\/\/www.kahrglas.at\/wp-content\/uploads\/2014\/04\/BadWann-705x528.jpg 705w, https:\/\/www.kahrglas.at\/wp-content\/uploads\/2014\/04\/BadWann-450x337.jpg 450w\" sizes=\"(max-width: 4032px) 100vw, 4032px\" \/><\/div><\/li><li  class='avia-slideshow-slide av-av_slideshow-6c572db213749e5cdf71a75f5ab6725b__38  slide-39 slide-odd'><div data-rel='slideshow-1' class='avia-slide-wrap '   ><img decoding=\"async\" class=\"wp-image-3672 avia-img-lazy-loading-not-3672\"  src=\"https:\/\/www.kahrglas.at\/wp-content\/uploads\/2014\/04\/DSC00139.jpg\" width=\"1536\" height=\"2048\" title='DSC00139' alt=''  itemprop=\"thumbnailUrl\" srcset=\"https:\/\/www.kahrglas.at\/wp-content\/uploads\/2014\/04\/DSC00139.jpg 1536w, https:\/\/www.kahrglas.at\/wp-content\/uploads\/2014\/04\/DSC00139-225x300.jpg 225w, https:\/\/www.kahrglas.at\/wp-content\/uploads\/2014\/04\/DSC00139-772x1030.jpg 772w, https:\/\/www.kahrglas.at\/wp-content\/uploads\/2014\/04\/DSC00139-1125x1500.jpg 1125w, https:\/\/www.kahrglas.at\/wp-content\/uploads\/2014\/04\/DSC00139-528x705.jpg 528w, https:\/\/www.kahrglas.at\/wp-content\/uploads\/2014\/04\/DSC00139-450x600.jpg 450w\" sizes=\"(max-width: 1536px) 100vw, 1536px\" \/><\/div><\/li><li  class='avia-slideshow-slide av-av_slideshow-6c572db213749e5cdf71a75f5ab6725b__39  slide-40 slide-even'><div data-rel='slideshow-1' class='avia-slide-wrap '   ><img decoding=\"async\" class=\"wp-image-3673 avia-img-lazy-loading-not-3673\"  src=\"https:\/\/www.kahrglas.at\/wp-content\/uploads\/2014\/04\/DuschAW1.jpg\" width=\"3264\" height=\"2448\" title='DuschAW1' alt=''  itemprop=\"thumbnailUrl\" srcset=\"https:\/\/www.kahrglas.at\/wp-content\/uploads\/2014\/04\/DuschAW1.jpg 3264w, https:\/\/www.kahrglas.at\/wp-content\/uploads\/2014\/04\/DuschAW1-300x225.jpg 300w, https:\/\/www.kahrglas.at\/wp-content\/uploads\/2014\/04\/DuschAW1-1030x772.jpg 1030w, https:\/\/www.kahrglas.at\/wp-content\/uploads\/2014\/04\/DuschAW1-1500x1125.jpg 1500w, https:\/\/www.kahrglas.at\/wp-content\/uploads\/2014\/04\/DuschAW1-705x528.jpg 705w, https:\/\/www.kahrglas.at\/wp-content\/uploads\/2014\/04\/DuschAW1-450x337.jpg 450w\" sizes=\"(max-width: 3264px) 100vw, 3264px\" \/><\/div><\/li><li  class='avia-slideshow-slide av-av_slideshow-6c572db213749e5cdf71a75f5ab6725b__40  slide-41 slide-odd'><div data-rel='slideshow-1' class='avia-slide-wrap '   ><img decoding=\"async\" class=\"wp-image-3674 avia-img-lazy-loading-not-3674\"  src=\"https:\/\/www.kahrglas.at\/wp-content\/uploads\/2014\/04\/Dusche_WagnerCharly1.jpg\" width=\"1536\" height=\"2048\" title='Dusche_WagnerCharly1' alt=''  itemprop=\"thumbnailUrl\" srcset=\"https:\/\/www.kahrglas.at\/wp-content\/uploads\/2014\/04\/Dusche_WagnerCharly1.jpg 1536w, https:\/\/www.kahrglas.at\/wp-content\/uploads\/2014\/04\/Dusche_WagnerCharly1-225x300.jpg 225w, https:\/\/www.kahrglas.at\/wp-content\/uploads\/2014\/04\/Dusche_WagnerCharly1-772x1030.jpg 772w, https:\/\/www.kahrglas.at\/wp-content\/uploads\/2014\/04\/Dusche_WagnerCharly1-1125x1500.jpg 1125w, https:\/\/www.kahrglas.at\/wp-content\/uploads\/2014\/04\/Dusche_WagnerCharly1-528x705.jpg 528w, https:\/\/www.kahrglas.at\/wp-content\/uploads\/2014\/04\/Dusche_WagnerCharly1-450x600.jpg 450w\" sizes=\"(max-width: 1536px) 100vw, 1536px\" \/><\/div><\/li><li  class='avia-slideshow-slide av-av_slideshow-6c572db213749e5cdf71a75f5ab6725b__41  slide-42 slide-even'><div data-rel='slideshow-1' class='avia-slide-wrap '   ><img decoding=\"async\" class=\"wp-image-3675 avia-img-lazy-loading-not-3675\"  src=\"https:\/\/www.kahrglas.at\/wp-content\/uploads\/2014\/04\/Duschegelb.jpg\" width=\"4032\" height=\"3024\" title='Duschegelb' alt=''  itemprop=\"thumbnailUrl\" srcset=\"https:\/\/www.kahrglas.at\/wp-content\/uploads\/2014\/04\/Duschegelb.jpg 4032w, https:\/\/www.kahrglas.at\/wp-content\/uploads\/2014\/04\/Duschegelb-300x225.jpg 300w, https:\/\/www.kahrglas.at\/wp-content\/uploads\/2014\/04\/Duschegelb-1030x772.jpg 1030w, https:\/\/www.kahrglas.at\/wp-content\/uploads\/2014\/04\/Duschegelb-1500x1125.jpg 1500w, https:\/\/www.kahrglas.at\/wp-content\/uploads\/2014\/04\/Duschegelb-705x528.jpg 705w, https:\/\/www.kahrglas.at\/wp-content\/uploads\/2014\/04\/Duschegelb-450x337.jpg 450w\" sizes=\"(max-width: 4032px) 100vw, 4032px\" \/><\/div><\/li><li  class='avia-slideshow-slide av-av_slideshow-6c572db213749e5cdf71a75f5ab6725b__42  slide-43 slide-odd'><div data-rel='slideshow-1' class='avia-slide-wrap '   ><img decoding=\"async\" class=\"wp-image-3676 avia-img-lazy-loading-not-3676\"  src=\"https:\/\/www.kahrglas.at\/wp-content\/uploads\/2014\/04\/Duschwand.jpg\" width=\"4032\" height=\"3024\" title='Duschwand' alt=''  itemprop=\"thumbnailUrl\" srcset=\"https:\/\/www.kahrglas.at\/wp-content\/uploads\/2014\/04\/Duschwand.jpg 4032w, https:\/\/www.kahrglas.at\/wp-content\/uploads\/2014\/04\/Duschwand-300x225.jpg 300w, https:\/\/www.kahrglas.at\/wp-content\/uploads\/2014\/04\/Duschwand-1030x772.jpg 1030w, https:\/\/www.kahrglas.at\/wp-content\/uploads\/2014\/04\/Duschwand-1500x1125.jpg 1500w, https:\/\/www.kahrglas.at\/wp-content\/uploads\/2014\/04\/Duschwand-705x528.jpg 705w, https:\/\/www.kahrglas.at\/wp-content\/uploads\/2014\/04\/Duschwand-450x337.jpg 450w\" sizes=\"(max-width: 4032px) 100vw, 4032px\" \/><\/div><\/li><li  class='avia-slideshow-slide av-av_slideshow-6c572db213749e5cdf71a75f5ab6725b__43  slide-44 slide-even'><div data-rel='slideshow-1' class='avia-slide-wrap '   ><img decoding=\"async\" class=\"wp-image-3677 avia-img-lazy-loading-not-3677\"  src=\"https:\/\/www.kahrglas.at\/wp-content\/uploads\/2014\/04\/DWphuuu.jpg\" width=\"3264\" height=\"2448\" title='DWphuuu' alt=''  itemprop=\"thumbnailUrl\" srcset=\"https:\/\/www.kahrglas.at\/wp-content\/uploads\/2014\/04\/DWphuuu.jpg 3264w, https:\/\/www.kahrglas.at\/wp-content\/uploads\/2014\/04\/DWphuuu-300x225.jpg 300w, https:\/\/www.kahrglas.at\/wp-content\/uploads\/2014\/04\/DWphuuu-1030x772.jpg 1030w, https:\/\/www.kahrglas.at\/wp-content\/uploads\/2014\/04\/DWphuuu-1500x1125.jpg 1500w, https:\/\/www.kahrglas.at\/wp-content\/uploads\/2014\/04\/DWphuuu-705x528.jpg 705w, https:\/\/www.kahrglas.at\/wp-content\/uploads\/2014\/04\/DWphuuu-450x337.jpg 450w\" sizes=\"(max-width: 3264px) 100vw, 3264px\" \/><\/div><\/li><li  class='avia-slideshow-slide av-av_slideshow-6c572db213749e5cdf71a75f5ab6725b__44  slide-45 slide-odd'><div data-rel='slideshow-1' class='avia-slide-wrap '   ><img decoding=\"async\" class=\"wp-image-3678 avia-img-lazy-loading-not-3678\"  src=\"https:\/\/www.kahrglas.at\/wp-content\/uploads\/2014\/04\/IMG_0824.jpg\" width=\"3264\" height=\"2448\" title='IMG_0824' alt=''  itemprop=\"thumbnailUrl\" srcset=\"https:\/\/www.kahrglas.at\/wp-content\/uploads\/2014\/04\/IMG_0824.jpg 3264w, https:\/\/www.kahrglas.at\/wp-content\/uploads\/2014\/04\/IMG_0824-300x225.jpg 300w, https:\/\/www.kahrglas.at\/wp-content\/uploads\/2014\/04\/IMG_0824-1030x772.jpg 1030w, https:\/\/www.kahrglas.at\/wp-content\/uploads\/2014\/04\/IMG_0824-1500x1125.jpg 1500w, https:\/\/www.kahrglas.at\/wp-content\/uploads\/2014\/04\/IMG_0824-705x528.jpg 705w, https:\/\/www.kahrglas.at\/wp-content\/uploads\/2014\/04\/IMG_0824-450x337.jpg 450w\" sizes=\"(max-width: 3264px) 100vw, 3264px\" \/><\/div><\/li><li  class='avia-slideshow-slide av-av_slideshow-6c572db213749e5cdf71a75f5ab6725b__45  slide-46 slide-even'><div data-rel='slideshow-1' class='avia-slide-wrap '   ><img decoding=\"async\" class=\"wp-image-3679 avia-img-lazy-loading-not-3679\"  src=\"https:\/\/www.kahrglas.at\/wp-content\/uploads\/2014\/04\/IMG_1088.jpg\" width=\"2448\" height=\"3264\" title='IMG_1088' alt=''  itemprop=\"thumbnailUrl\" srcset=\"https:\/\/www.kahrglas.at\/wp-content\/uploads\/2014\/04\/IMG_1088.jpg 2448w, https:\/\/www.kahrglas.at\/wp-content\/uploads\/2014\/04\/IMG_1088-225x300.jpg 225w, https:\/\/www.kahrglas.at\/wp-content\/uploads\/2014\/04\/IMG_1088-772x1030.jpg 772w, https:\/\/www.kahrglas.at\/wp-content\/uploads\/2014\/04\/IMG_1088-1125x1500.jpg 1125w, https:\/\/www.kahrglas.at\/wp-content\/uploads\/2014\/04\/IMG_1088-528x705.jpg 528w, https:\/\/www.kahrglas.at\/wp-content\/uploads\/2014\/04\/IMG_1088-450x600.jpg 450w\" sizes=\"(max-width: 2448px) 100vw, 2448px\" \/><\/div><\/li><li  class='avia-slideshow-slide av-av_slideshow-6c572db213749e5cdf71a75f5ab6725b__46  slide-47 slide-odd'><div data-rel='slideshow-1' class='avia-slide-wrap '   ><img decoding=\"async\" class=\"wp-image-3680 avia-img-lazy-loading-not-3680\"  src=\"https:\/\/www.kahrglas.at\/wp-content\/uploads\/2014\/04\/IMG_1089.jpg\" width=\"2448\" height=\"3264\" title='IMG_1089' alt=''  itemprop=\"thumbnailUrl\" srcset=\"https:\/\/www.kahrglas.at\/wp-content\/uploads\/2014\/04\/IMG_1089.jpg 2448w, https:\/\/www.kahrglas.at\/wp-content\/uploads\/2014\/04\/IMG_1089-225x300.jpg 225w, https:\/\/www.kahrglas.at\/wp-content\/uploads\/2014\/04\/IMG_1089-772x1030.jpg 772w, https:\/\/www.kahrglas.at\/wp-content\/uploads\/2014\/04\/IMG_1089-1125x1500.jpg 1125w, https:\/\/www.kahrglas.at\/wp-content\/uploads\/2014\/04\/IMG_1089-528x705.jpg 528w, https:\/\/www.kahrglas.at\/wp-content\/uploads\/2014\/04\/IMG_1089-450x600.jpg 450w\" sizes=\"(max-width: 2448px) 100vw, 2448px\" \/><\/div><\/li><li  class='avia-slideshow-slide av-av_slideshow-6c572db213749e5cdf71a75f5ab6725b__47  slide-48 slide-even'><div data-rel='slideshow-1' class='avia-slide-wrap '   ><img decoding=\"async\" class=\"wp-image-3681 avia-img-lazy-loading-not-3681\"  src=\"https:\/\/www.kahrglas.at\/wp-content\/uploads\/2014\/04\/IMG_1094.jpg\" width=\"2448\" height=\"3264\" title='IMG_1094' alt=''  itemprop=\"thumbnailUrl\" srcset=\"https:\/\/www.kahrglas.at\/wp-content\/uploads\/2014\/04\/IMG_1094.jpg 2448w, https:\/\/www.kahrglas.at\/wp-content\/uploads\/2014\/04\/IMG_1094-225x300.jpg 225w, https:\/\/www.kahrglas.at\/wp-content\/uploads\/2014\/04\/IMG_1094-772x1030.jpg 772w, https:\/\/www.kahrglas.at\/wp-content\/uploads\/2014\/04\/IMG_1094-1125x1500.jpg 1125w, https:\/\/www.kahrglas.at\/wp-content\/uploads\/2014\/04\/IMG_1094-528x705.jpg 528w, https:\/\/www.kahrglas.at\/wp-content\/uploads\/2014\/04\/IMG_1094-450x600.jpg 450w\" sizes=\"(max-width: 2448px) 100vw, 2448px\" \/><\/div><\/li><li  class='avia-slideshow-slide av-av_slideshow-6c572db213749e5cdf71a75f5ab6725b__48  slide-49 slide-odd'><div data-rel='slideshow-1' class='avia-slide-wrap '   ><img decoding=\"async\" class=\"wp-image-3682 avia-img-lazy-loading-not-3682\"  src=\"https:\/\/www.kahrglas.at\/wp-content\/uploads\/2014\/04\/IMG_1275.jpg\" width=\"2448\" height=\"3264\" title='IMG_1275' alt=''  itemprop=\"thumbnailUrl\" srcset=\"https:\/\/www.kahrglas.at\/wp-content\/uploads\/2014\/04\/IMG_1275.jpg 2448w, https:\/\/www.kahrglas.at\/wp-content\/uploads\/2014\/04\/IMG_1275-225x300.jpg 225w, https:\/\/www.kahrglas.at\/wp-content\/uploads\/2014\/04\/IMG_1275-772x1030.jpg 772w, https:\/\/www.kahrglas.at\/wp-content\/uploads\/2014\/04\/IMG_1275-1125x1500.jpg 1125w, https:\/\/www.kahrglas.at\/wp-content\/uploads\/2014\/04\/IMG_1275-528x705.jpg 528w, https:\/\/www.kahrglas.at\/wp-content\/uploads\/2014\/04\/IMG_1275-450x600.jpg 450w\" sizes=\"(max-width: 2448px) 100vw, 2448px\" \/><\/div><\/li><li  class='avia-slideshow-slide av-av_slideshow-6c572db213749e5cdf71a75f5ab6725b__49  slide-50 slide-even'><div data-rel='slideshow-1' class='avia-slide-wrap '   ><img decoding=\"async\" class=\"wp-image-3683 avia-img-lazy-loading-not-3683\"  src=\"https:\/\/www.kahrglas.at\/wp-content\/uploads\/2014\/04\/IMG_1276.jpg\" width=\"2448\" height=\"3264\" title='IMG_1276' alt=''  itemprop=\"thumbnailUrl\" srcset=\"https:\/\/www.kahrglas.at\/wp-content\/uploads\/2014\/04\/IMG_1276.jpg 2448w, https:\/\/www.kahrglas.at\/wp-content\/uploads\/2014\/04\/IMG_1276-225x300.jpg 225w, https:\/\/www.kahrglas.at\/wp-content\/uploads\/2014\/04\/IMG_1276-772x1030.jpg 772w, https:\/\/www.kahrglas.at\/wp-content\/uploads\/2014\/04\/IMG_1276-1125x1500.jpg 1125w, https:\/\/www.kahrglas.at\/wp-content\/uploads\/2014\/04\/IMG_1276-528x705.jpg 528w, https:\/\/www.kahrglas.at\/wp-content\/uploads\/2014\/04\/IMG_1276-450x600.jpg 450w\" sizes=\"(max-width: 2448px) 100vw, 2448px\" \/><\/div><\/li><li  class='avia-slideshow-slide av-av_slideshow-6c572db213749e5cdf71a75f5ab6725b__50  slide-51 slide-odd'><div data-rel='slideshow-1' class='avia-slide-wrap '   ><img decoding=\"async\" class=\"wp-image-3684 avia-img-lazy-loading-not-3684\"  src=\"https:\/\/www.kahrglas.at\/wp-content\/uploads\/2014\/04\/IMG_1427.jpg\" width=\"2448\" height=\"3264\" title='IMG_1427' alt=''  itemprop=\"thumbnailUrl\" srcset=\"https:\/\/www.kahrglas.at\/wp-content\/uploads\/2014\/04\/IMG_1427.jpg 2448w, https:\/\/www.kahrglas.at\/wp-content\/uploads\/2014\/04\/IMG_1427-225x300.jpg 225w, https:\/\/www.kahrglas.at\/wp-content\/uploads\/2014\/04\/IMG_1427-772x1030.jpg 772w, https:\/\/www.kahrglas.at\/wp-content\/uploads\/2014\/04\/IMG_1427-1125x1500.jpg 1125w, https:\/\/www.kahrglas.at\/wp-content\/uploads\/2014\/04\/IMG_1427-528x705.jpg 528w, https:\/\/www.kahrglas.at\/wp-content\/uploads\/2014\/04\/IMG_1427-450x600.jpg 450w\" sizes=\"(max-width: 2448px) 100vw, 2448px\" \/><\/div><\/li><li  class='avia-slideshow-slide av-av_slideshow-6c572db213749e5cdf71a75f5ab6725b__51  slide-52 slide-even'><div data-rel='slideshow-1' class='avia-slide-wrap '   ><img decoding=\"async\" class=\"wp-image-3685 avia-img-lazy-loading-not-3685\"  src=\"https:\/\/www.kahrglas.at\/wp-content\/uploads\/2014\/04\/IMG_2116.jpg\" width=\"2448\" height=\"3264\" title='IMG_2116' alt=''  itemprop=\"thumbnailUrl\" srcset=\"https:\/\/www.kahrglas.at\/wp-content\/uploads\/2014\/04\/IMG_2116.jpg 2448w, https:\/\/www.kahrglas.at\/wp-content\/uploads\/2014\/04\/IMG_2116-225x300.jpg 225w, https:\/\/www.kahrglas.at\/wp-content\/uploads\/2014\/04\/IMG_2116-772x1030.jpg 772w, https:\/\/www.kahrglas.at\/wp-content\/uploads\/2014\/04\/IMG_2116-1125x1500.jpg 1125w, https:\/\/www.kahrglas.at\/wp-content\/uploads\/2014\/04\/IMG_2116-528x705.jpg 528w, https:\/\/www.kahrglas.at\/wp-content\/uploads\/2014\/04\/IMG_2116-450x600.jpg 450w\" sizes=\"(max-width: 2448px) 100vw, 2448px\" \/><\/div><\/li><\/ul><div class='avia-slideshow-arrows avia-slideshow-controls' ><a href='#prev' class='prev-slide ' aria-hidden='true' data-av_icon='\ue87c' data-av_iconfont='entypo-fontello'  tabindex='-1'>Zur\u00fcck<\/a><a href='#next' class='next-slide ' aria-hidden='true' data-av_icon='\ue87d' data-av_iconfont='entypo-fontello'  tabindex='-1'>Weiter<\/a><\/div><div class='avia-slideshow-dots avia-slideshow-controls'><a href='#1' class='goto-slide active' >1<\/a><a href='#2' class='goto-slide ' >2<\/a><a href='#3' class='goto-slide ' >3<\/a><a href='#4' class='goto-slide ' >4<\/a><a href='#5' class='goto-slide ' >5<\/a><a href='#6' class='goto-slide ' >6<\/a><a href='#7' class='goto-slide ' >7<\/a><a href='#8' class='goto-slide ' >8<\/a><a href='#9' class='goto-slide ' >9<\/a><a href='#10' class='goto-slide ' >10<\/a><a href='#11' class='goto-slide ' >11<\/a><a href='#12' class='goto-slide ' >12<\/a><a href='#13' class='goto-slide ' >13<\/a><a href='#14' class='goto-slide ' >14<\/a><a href='#15' class='goto-slide ' >15<\/a><a href='#16' class='goto-slide ' >16<\/a><a href='#17' class='goto-slide ' >17<\/a><a href='#18' class='goto-slide ' >18<\/a><a href='#19' class='goto-slide ' >19<\/a><a href='#20' class='goto-slide ' >20<\/a><a href='#21' class='goto-slide ' >21<\/a><a href='#22' class='goto-slide ' >22<\/a><a href='#23' class='goto-slide ' >23<\/a><a href='#24' class='goto-slide ' >24<\/a><a href='#25' class='goto-slide ' >25<\/a><a href='#26' class='goto-slide ' >26<\/a><a href='#27' class='goto-slide ' >27<\/a><a href='#28' class='goto-slide ' >28<\/a><a href='#29' class='goto-slide ' >29<\/a><a href='#30' class='goto-slide ' >30<\/a><a href='#31' class='goto-slide ' >31<\/a><a href='#32' class='goto-slide ' >32<\/a><a href='#33' class='goto-slide ' >33<\/a><a href='#34' class='goto-slide ' >34<\/a><a href='#35' class='goto-slide ' >35<\/a><a href='#36' class='goto-slide ' >36<\/a><a href='#37' class='goto-slide ' >37<\/a><a href='#38' class='goto-slide ' >38<\/a><a href='#39' class='goto-slide ' >39<\/a><a href='#40' class='goto-slide ' >40<\/a><a href='#41' class='goto-slide ' >41<\/a><a href='#42' class='goto-slide ' >42<\/a><a href='#43' class='goto-slide ' >43<\/a><a href='#44' class='goto-slide ' >44<\/a><a href='#45' class='goto-slide ' >45<\/a><a href='#46' class='goto-slide ' >46<\/a><a href='#47' class='goto-slide ' >47<\/a><a href='#48' class='goto-slide ' >48<\/a><a href='#49' class='goto-slide ' >49<\/a><a href='#50' class='goto-slide ' >50<\/a><a href='#51' class='goto-slide ' >51<\/a><a href='#52' class='goto-slide ' >52<\/a><\/div><\/div><\/div><div  class='flex_column av-av_one_third-5c3bdd854542bbc70d067b1f6b1f9883 av_one_third  avia-builder-el-2  el_after_av_two_third  el_before_av_one_full  flex_column_div  '     ><section  class='av_textblock_section av-av_textblock-aaf3a53f7e22769a7798f31e42769683 '   itemscope=\"itemscope\" itemtype=\"https:\/\/schema.org\/CreativeWork\" ><div class='avia_textblock'  itemprop=\"text\" ><h1><strong>Verglasung von B\u00e4dern\u00a0<\/strong><\/h1>\n<p dir=\"ltr\">Wir bieten geeignete L\u00f6sungen, um Ihre Sanit\u00e4rbereiche gr\u00f6\u00dfer, offener und hochwertiger erscheinen zu lassen.<br \/>\nModernes Design mit unkomplizierter Montage und verl\u00e4sslicher Haltbarkeit f\u00fcr viele Jahre.<\/p>\n<p dir=\"ltr\">L\u00f6sungen zu nachstehenden Bereichen finden Sie in unserer Bildgalerie.<\/p>\n<ul>\n<li>Duschanlagen<\/li>\n<li>Spiegel<\/li>\n<li>Glasw\u00e4nde<\/li>\n<li>Glasfl\u00e4chen<\/li>\n<\/ul>\n<\/div><\/section><\/div><\/p>\n<div  class='flex_column av-av_one_full-2a9015ff38129c418a3f2eafba3e9512 av_one_full  avia-builder-el-4  el_after_av_one_third  el_before_av_hr  first flex_column_div  column-top-margin'     ><form action=\"https:\/\/www.kahrglas.at\/?portfolio=portfolio-big\" method=\"post\" data-fields-with-error=\"Found errors in the following field(s):\" class=\"avia_ajax_form av-form-labels-visible   avia-builder-el-5  avia-builder-el-no-sibling   \" data-avia-form-id=\"1\" data-avia-redirect='' ><h3 class=''>Sie haben eine Frage zu unseren Arbeiten?<\/h3><fieldset><p class='  first_form  form_element form_fullwidth' id='element_avia_1_1'><label for=\"avia_1_1\">Name <abbr class=\"required\" title=\"ben\u00f6tigt\">*<\/abbr><\/label> <input name=\"avia_1_1\" class=\"text_input is_empty\" type=\"text\" id=\"avia_1_1\" value=\"\" \/><\/p><p class='  first_form  form_element form_fullwidth' id='element_avia_2_1'><label for=\"avia_2_1\">E-Mail <abbr class=\"required\" title=\"ben\u00f6tigt\">*<\/abbr><\/label> <input name=\"avia_2_1\" class=\"text_input is_email\" type=\"text\" id=\"avia_2_1\" value=\"\" \/><\/p><p class='  first_form  form_element form_fullwidth av-last-visible-form-element' id='element_avia_3_1'><label for=\"avia_3_1\" class=\"textare_label hidden textare_label_avia_3_1\">Nachricht <abbr class=\"required\" title=\"ben\u00f6tigt\">*<\/abbr><\/label><textarea  name=\"avia_3_1\" class=\"text_area is_empty\" cols=\"40\" rows=\"7\" id=\"avia_3_1\" ><\/textarea><\/p><p class=\"hidden\"><input type=\"text\" name=\"avia_4_1\" class=\"hidden \" id=\"avia_4_1\" value=\"\" \/><\/p><p class=\"form_element \"><input type=\"hidden\" value=\"1\" name=\"avia_generated_form1\" \/><input type=\"submit\" value=\"Anfragen\" class=\"button\"  data-sending-label=\"Sende\"\/><\/p><\/fieldset><\/form><div id=\"ajaxresponse_1\" class=\"ajaxresponse ajaxresponse_1 hidden\"><\/div><\/div>\n\n<style type=\"text\/css\" data-created_by=\"avia_inline_auto\" id=\"style-css-av-av_hr-a1c243cf92197389409c1f0baee7f17b\">\n#top .hr.hr-invisible.av-av_hr-a1c243cf92197389409c1f0baee7f17b{\nheight:30px;\n}\n<\/style>\n<div  class='hr av-av_hr-a1c243cf92197389409c1f0baee7f17b hr-invisible  avia-builder-el-6  el_after_av_one_full  el_before_av_textblock '><span class='hr-inner '><span class=\"hr-inner-style\"><\/span><\/span><\/div>\n<section  class='av_textblock_section av-av_textblock-aaf3a53f7e22769a7798f31e42769683 '   itemscope=\"itemscope\" itemtype=\"https:\/\/schema.org\/CreativeWork\" ><div class='avia_textblock'  itemprop=\"text\" ><h4 style=\"text-align: center;\">Weitere Arbeiten<\/h4>\n<\/div><\/section>\n<div  class='hr av-av_hr-4a566f4a73ae78223e1997276585dc3a hr-short  avia-builder-el-8  el_after_av_textblock  el_before_av_portfolio  avia-builder-el-last  hr-center'><span class='hr-inner '><span class=\"hr-inner-style\"><\/span><\/span><\/div>\n<div  id=\"av-sc-portfolio-1\"  class=' grid-sort-container isotope   no_margin-container with-excerpt-container grid-total-odd grid-col-4 grid-links-' data-portfolio-id='1'><div data-ajax-id='3279' class=' grid-entry flex_column isotope-item all_sort no_margin post-entry post-entry-3279 grid-entry-overview grid-loop-1 grid-parity-odd  gelaender-aussen_sort  av_one_fourth first default_av_fullwidth '><article class='main_color inner-entry'  itemscope=\"itemscope\" itemtype=\"https:\/\/schema.org\/CreativeWork\" ><a href=\"https:\/\/www.kahrglas.at\/?portfolio=gelaender-aussenbereich\" title='Gel\u00e4nder Au\u00dfenbereich'  data-rel='grid-1' class='grid-image avia-hover-fx'> <img decoding=\"async\" width=\"260\" height=\"185\" src=\"https:\/\/www.kahrglas.at\/wp-content\/uploads\/2014\/05\/geland_22-260x185.jpg\" class=\"wp-image-3286 avia-img-lazy-loading-not-3286 attachment-portfolio_small size-portfolio_small wp-post-image\" alt=\"\" \/><\/a><div class='grid-content'><div class='avia-arrow'><\/div><header class=\"entry-content-header\"><h3 class='grid-entry-title entry-title '  itemprop=\"headline\" ><a href='https:\/\/www.kahrglas.at\/?portfolio=gelaender-aussenbereich' title='Gel\u00e4nder Au\u00dfenbereich'>Gel\u00e4nder Au\u00dfenbereich<\/a><\/h3><\/header><\/div><footer class=\"entry-footer\"><\/footer><\/article><\/div><div data-ajax-id='3205' class=' grid-entry flex_column isotope-item all_sort no_margin post-entry post-entry-3205 grid-entry-overview grid-loop-2 grid-parity-even  gelaender_sort  av_one_fourth  default_av_fullwidth '><article class='main_color inner-entry'  itemscope=\"itemscope\" itemtype=\"https:\/\/schema.org\/CreativeWork\" ><a href=\"https:\/\/www.kahrglas.at\/?portfolio=gelaender-2\" title='Gel\u00e4nder Innenraum'  data-rel='grid-1' class='grid-image avia-hover-fx'> <img decoding=\"async\" width=\"260\" height=\"185\" src=\"https:\/\/www.kahrglas.at\/wp-content\/uploads\/2014\/03\/geland9-260x185.jpg\" class=\"wp-image-3249 avia-img-lazy-loading-not-3249 attachment-portfolio_small size-portfolio_small wp-post-image\" alt=\"\" \/><\/a><div class='grid-content'><div class='avia-arrow'><\/div><header class=\"entry-content-header\"><h3 class='grid-entry-title entry-title '  itemprop=\"headline\" ><a href='https:\/\/www.kahrglas.at\/?portfolio=gelaender-2' title='Gel\u00e4nder Innenraum'>Gel\u00e4nder Innenraum<\/a><\/h3><\/header><\/div><footer class=\"entry-footer\"><\/footer><\/article><\/div><div data-ajax-id='3212' class=' grid-entry flex_column isotope-item all_sort no_margin post-entry post-entry-3212 grid-entry-overview grid-loop-3 grid-parity-odd  post-entry-last  geschenkideen_sort  av_one_fourth  default_av_fullwidth '><article class='main_color inner-entry'  itemscope=\"itemscope\" itemtype=\"https:\/\/schema.org\/CreativeWork\" ><a href=\"https:\/\/www.kahrglas.at\/?portfolio=geschenkideen\" title='Geschenkideen'  data-rel='grid-1' class='grid-image avia-hover-fx'> <img decoding=\"async\" width=\"260\" height=\"185\" src=\"https:\/\/www.kahrglas.at\/wp-content\/uploads\/2014\/02\/Vase6-260x185.jpg\" class=\"wp-image-3362 avia-img-lazy-loading-not-3362 attachment-portfolio_small size-portfolio_small wp-post-image\" alt=\"\" \/><\/a><div class='grid-content'><div class='avia-arrow'><\/div><header class=\"entry-content-header\"><h3 class='grid-entry-title entry-title '  itemprop=\"headline\" ><a href='https:\/\/www.kahrglas.at\/?portfolio=geschenkideen' title='Geschenkideen'>Geschenkideen<\/a><\/h3><\/header><\/div><footer class=\"entry-footer\"><\/footer><\/article><\/div><\/div>\n","protected":false},"excerpt":{"rendered":"<p>fire\/water<\/p>\n","protected":false},"featured_media":3159,"comment_status":"open","ping_status":"closed","template":"","tags":[],"portfolio_entries":[23],"_links":{"self":[{"href":"https:\/\/www.kahrglas.at\/index.php?rest_route=\/wp\/v2\/portfolio\/41"}],"collection":[{"href":"https:\/\/www.kahrglas.at\/index.php?rest_route=\/wp\/v2\/portfolio"}],"about":[{"href":"https:\/\/www.kahrglas.at\/index.php?rest_route=\/wp\/v2\/types\/portfolio"}],"replies":[{"embeddable":true,"href":"https:\/\/www.kahrglas.at\/index.php?rest_route=%2Fwp%2Fv2%2Fcomments&post=41"}],"version-history":[{"count":0,"href":"https:\/\/www.kahrglas.at\/index.php?rest_route=\/wp\/v2\/portfolio\/41\/revisions"}],"wp:featuredmedia":[{"embeddable":true,"href":"https:\/\/www.kahrglas.at\/index.php?rest_route=\/wp\/v2\/media\/3159"}],"wp:attachment":[{"href":"https:\/\/www.kahrglas.at\/index.php?rest_route=%2Fwp%2Fv2%2Fmedia&parent=41"}],"wp:term":[{"taxonomy":"post_tag","embeddable":true,"href":"https:\/\/www.kahrglas.at\/index.php?rest_route=%2Fwp%2Fv2%2Ftags&post=41"},{"taxonomy":"portfolio_entries","embeddable":true,"href":"https:\/\/www.kahrglas.at\/index.php?rest_route=%2Fwp%2Fv2%2Fportfolio_entries&post=41"}],"curies":[{"name":"wp","href":"https:\/\/api.w.org\/{rel}","templated":true}]}}